{"id":8332,"date":"2022-10-18T09:00:02","date_gmt":"2022-10-18T07:00:02","guid":{"rendered":"http:\/\/dev.editorialclaret.cat\/producte\/repensar-leconomia-a-partir-de-la-pandemia\/"},"modified":"2024-07-12T16:35:22","modified_gmt":"2024-07-12T14:35:22","slug":"repensar-leconomia-a-partir-de-la-pandemia-9788491363491","status":"publish","type":"product","link":"https:\/\/www.editorialclaret.cat\/es\/producto\/repensar-leconomia-a-partir-de-la-pandemia-9788491363491\/","title":{"rendered":"REPENSAR L&#8217;ECONOMIA A PARTIR DE LA PAND\u00c8MIA"},"content":{"rendered":"<p>Aquest llibre, amb els articles de Guillem L\u00f3pez Casasnovas, Adela Su\u00f1er, Lucia Caram, Enrique Lluc i Bernat Sellar\u00e8s, junt amb el primer n\u00famero d\u2019aquesta col\u00b7lecci\u00f3 Oikos de l\u2019editorial Claret, d\u2019Eduard Ib\u00e1\u00f1ez, amb el t\u00edtol, \u00abL\u2019economia de Francesc\u00bb, volen ser una resposta a la petici\u00f3 del sant Pare, d\u2019homes i dones que no volen donar l\u2019esquena a la situaci\u00f3 que, malgrat que ja era present, s\u2019ha agreujat amb la pand\u00e8mia de la Covid-19. Al llarg de les seves p\u00e0gines llegirem frases que s\u00f3n alhora interpel\u00b7lacions per a tots, per als responsables dels Estats i de les empreses, per a tots els treballadors i consumidors. El canvi de l\u2019economia que exigeix el sant Pare requereix tamb\u00e9 un canvi en la nostra comprensi\u00f3 del m\u00f3n material en qu\u00e8 vivim. De fet, com comenta en el seu article d\u2019aquest llibre en Bernat Sellar\u00e8s, el nostre model econ\u00f2mic est\u00e0 molt lligat a qu\u00e8 entenem per riquesa i en com entenem qu\u00e8 \u00e9s all\u00f2 que ens fa veritablement rics. Cal recordar aquelles paraules del Mestre quan deman\u00e0 d\u2019atresorar tresors al Cel: \u00abReuniu<br \/>tresors al cel, on ni les arnes ni els corcs no els fan malb\u00e9 i els lladres no entren ni els roben. Perqu\u00e8 on tens el tresor, hi tindr\u00e0s el cor\u00bb (Mt 6, 20-21).<\/p>\n<p>Pots veure la presentaci\u00f3 del llibre aqu\u00ed:<\/p>\n","protected":false},"excerpt":{"rendered":"<p>CARAM, LUC\u00cdA; LLUCH, ENRIQUE, L\u00d3PEZ, GUILLEM; SELLAR\u00c8S, BERNAT; SU\u00d1ER, ADELA<\/p>\n","protected":false},"featured_media":66721,"template":"","meta":{"_acf_changed":false,"rs_blank_template":"","rs_page_bg_color":"","slide_template_v7":"","inline_featured_image":false,"_monsterinsights_skip_tracking":false,"_monsterinsights_sitenote_active":false,"_monsterinsights_sitenote_note":"","_monsterinsights_sitenote_category":0},"product_brand":[],"product_cat":[899,1136,1289,1292],"product_tag":[],"class_list":{"0":"post-8332","1":"product","2":"type-product","3":"status-publish","4":"has-post-thumbnail","6":"product_cat-economica-i-politica","7":"product_cat-economica-y-politica","8":"product_cat-oikos","9":"product_cat-oikos-2","11":"first","12":"instock","13":"taxable","14":"shipping-taxable","15":"purchasable","16":"product-type-simple"},"acf":{"autor":"CARAM, LUC\u00cdA; LLUCH, ENRIQUE, L\u00d3PEZ, GUILLEM; SELLAR\u00c8S, BERNAT; SU\u00d1ER, ADELA","codart":"849136349","libros-coleccion":"FORA DE COL.LECCI\u00d3","ediciones":"1","encuadernacion":"R\u00fastica","fecha_de_publicacion":"25\/03\/2021","novedad":"0","paginas":"94","subtitulo":"","orden":"0","portada":"0","idioma":"cat","autores-libros":[{"ID":46593,"post_author":"3","post_date":"2022-10-24 13:04:07","post_date_gmt":"2022-10-24 11:04:07","post_content":"","post_title":"LUC\u00cdA CARAM","post_excerpt":"","post_status":"publish","comment_status":"closed","ping_status":"closed","post_password":"","post_name":"lucia-caram","to_ping":"","pinged":"","post_modified":"2022-10-24 13:04:07","post_modified_gmt":"2022-10-24 11:04:07","post_content_filtered":"","post_parent":0,"guid":"http:\/\/dev.editorialclaret.cat\/autor\/lucia-caram\/","menu_order":0,"post_type":"autor","post_mime_type":"","comment_count":"0","filter":"raw"},{"ID":46546,"post_author":"3","post_date":"2022-10-24 13:03:33","post_date_gmt":"2022-10-24 11:03:33","post_content":"","post_title":"ENRIQUE LLUCH","post_excerpt":"","post_status":"publish","comment_status":"closed","ping_status":"closed","post_password":"","post_name":"enrique-lluch","to_ping":"","pinged":"","post_modified":"2022-10-24 13:03:33","post_modified_gmt":"2022-10-24 11:03:33","post_content_filtered":"","post_parent":0,"guid":"http:\/\/dev.editorialclaret.cat\/autor\/enrique-lluch\/","menu_order":0,"post_type":"autor","post_mime_type":"","comment_count":"0","filter":"raw"},{"ID":46527,"post_author":"3","post_date":"2022-10-24 13:03:21","post_date_gmt":"2022-10-24 11:03:21","post_content":"<section class=\"col-md-9 \">\r\n<div id=\"main\" class=\"clearfix\">\r\n<div id=\"content-wrapper\">\r\n<div class=\"region region-content\">\r\n<div id=\"block-system-main\" class=\"block block-system clearfix\">\r\n<div class=\"content\"><article id=\"node-24966\" class=\"node node-directorio clearfix\">\r\n<div class=\"content\">\r\n<div class=\"field field-name-field-ent-curriculum-t field-type-text-long field-label-hidden\">\r\n<div class=\"field-items\">\r\n\r\nEconomista i fil\u00f2sof, <strong>Bernat Sellar\u00e8s<\/strong> \u00e9s gerent de l'Ateneu Universitari Sant Paci\u00e0 i professor a l'URL i la UAB d'Hist\u00f2ria del pensament econ\u00f2mic i pol\u00edtic. La seva traject\u00f2ria professional passa tamb\u00e9 per algunes empreses multinacionals del sector digital i l'ecommerce. Actualment, tamb\u00e9 \u00e9s membre del consell assessor de la C\u00e0tedra de pensament i acci\u00f3 social de l'Esgl\u00e9sia (Facultat de Teologia de Catalunya), del consell de redacci\u00f3 de la Revista Serra d'Or i organitzador del moviment Economy of Francesco promogut pel papa Francesc.\r\n\r\nEntre d'altres, ha publicat<a href=\"https:\/\/www.claret.cat\/llibre\/economia-i-ecologia-9788491364054\/?c=\"><em> Economia i ecologia <\/em><\/a>(Editorial Claret, 2022) o <a href=\"https:\/\/www.claret.cat\/llibre\/repensar-leconomia-a-partir-de-la-pandemia-9788491363491\/?c=\"><em>Repensar l'economia a partir de la pand\u00e8mia<\/em><\/a> (Editorial Claret, 2021).\r\n\r\n<\/div>\r\n<\/div>\r\n<\/div>\r\n<\/article><\/div>\r\n<\/div>\r\n<\/div>\r\n<\/div>\r\n<\/div>\r\n<\/section>\r\n<div class=\"background-aside\"><\/div>\r\n<aside class=\"col-md-3 \">\r\n<div class=\"boto-aside\"><\/div>\r\n<section id=\"sidebar-second\" class=\"sidebar clearfix \">\r\n<div class=\"region region-sidebar-second\">\r\n<div id=\"block-block-9\" class=\"block block-block clearfix\">\r\n<div class=\"content\"><\/div>\r\n<\/div>\r\n<\/div>\r\n<\/section><\/aside>","post_title":"BERNAT SELLAR\u00c8S","post_excerpt":"","post_status":"publish","comment_status":"closed","ping_status":"closed","post_password":"","post_name":"bernat-sellares","to_ping":"","pinged":"","post_modified":"2024-10-10 12:46:43","post_modified_gmt":"2024-10-10 10:46:43","post_content_filtered":"","post_parent":0,"guid":"http:\/\/dev.editorialclaret.cat\/autor\/bernat-sellares\/","menu_order":0,"post_type":"autor","post_mime_type":"","comment_count":"0","filter":"raw"},{"ID":46515,"post_author":"3","post_date":"2022-10-24 13:03:12","post_date_gmt":"2022-10-24 11:03:12","post_content":"","post_title":"ADELA SU\u00d1ER","post_excerpt":"","post_status":"publish","comment_status":"closed","ping_status":"closed","post_password":"","post_name":"adela-suner","to_ping":"","pinged":"","post_modified":"2022-10-24 13:03:12","post_modified_gmt":"2022-10-24 11:03:12","post_content_filtered":"","post_parent":0,"guid":"http:\/\/dev.editorialclaret.cat\/autor\/adela-suner\/","menu_order":0,"post_type":"autor","post_mime_type":"","comment_count":"0","filter":"raw"}],"booktrailer":"","linkebook":"","ficha":"849136349_1689075124.pdf","muestra":"","precioebook":"0","presentacion":"","resenas":""},"yoast_head":"<!-- This site is optimized with the Yoast SEO plugin v27.3 - https:\/\/yoast.com\/product\/yoast-seo-wordpress\/ -->\n<title>Editorial Claret<\/title>\n<meta name=\"robots\" content=\"noindex, follow, max-snippet:-1, max-image-preview:large, max-video-preview:-1\" \/>\n<meta property=\"og:locale\" content=\"es_ES\" \/>\n<meta property=\"og:type\" content=\"article\" \/>\n<meta property=\"og:title\" content=\"REPENSAR L&#039;ECONOMIA A PARTIR DE LA PAND\u00c8MIA - Editorial Claret\" \/>\n<meta property=\"og:description\" content=\"CARAM, LUC\u00cdA; LLUCH, ENRIQUE, L\u00d3PEZ, GUILLEM; SELLAR\u00c8S, BERNAT; SU\u00d1ER, ADELA\" \/>\n<meta property=\"og:url\" content=\"https:\/\/www.editorialclaret.cat\/producte\/repensar-leconomia-a-partir-de-la-pandemia-9788491363491\/\" \/>\n<meta property=\"og:site_name\" content=\"Editorial Claret\" \/>\n<meta property=\"article:modified_time\" content=\"2024-07-12T14:35:22+00:00\" \/>\n<meta property=\"og:image\" content=\"https:\/\/www.editorialclaret.cat\/wp-content\/uploads\/9788491363491-1.jpg\" \/>\n\t<meta property=\"og:image:width\" content=\"350\" \/>\n\t<meta property=\"og:image:height\" content=\"519\" \/>\n\t<meta property=\"og:image:type\" content=\"image\/jpeg\" \/>\n<meta name=\"twitter:card\" content=\"summary_large_image\" \/>\n<meta name=\"twitter:label1\" content=\"Tiempo de lectura\" \/>\n\t<meta name=\"twitter:data1\" content=\"1 minuto\" \/>\n<script type=\"application\/ld+json\" class=\"yoast-schema-graph\">{\"@context\":\"https:\\\/\\\/schema.org\",\"@graph\":[{\"@type\":\"WebPage\",\"@id\":\"https:\\\/\\\/www.editorialclaret.cat\\\/producte\\\/repensar-leconomia-a-partir-de-la-pandemia-9788491363491\\\/\",\"url\":\"https:\\\/\\\/www.editorialclaret.cat\\\/producte\\\/repensar-leconomia-a-partir-de-la-pandemia-9788491363491\\\/\",\"name\":\"REPENSAR L'ECONOMIA A PARTIR DE LA PAND\u00c8MIA - Editorial Claret\",\"isPartOf\":{\"@id\":\"https:\\\/\\\/www.editorialclaret.cat\\\/#website\"},\"primaryImageOfPage\":{\"@id\":\"https:\\\/\\\/www.editorialclaret.cat\\\/producte\\\/repensar-leconomia-a-partir-de-la-pandemia-9788491363491\\\/#primaryimage\"},\"image\":{\"@id\":\"https:\\\/\\\/www.editorialclaret.cat\\\/producte\\\/repensar-leconomia-a-partir-de-la-pandemia-9788491363491\\\/#primaryimage\"},\"thumbnailUrl\":\"https:\\\/\\\/www.editorialclaret.cat\\\/wp-content\\\/uploads\\\/9788491363491-1.jpg\",\"datePublished\":\"2022-10-18T07:00:02+00:00\",\"dateModified\":\"2024-07-12T14:35:22+00:00\",\"breadcrumb\":{\"@id\":\"https:\\\/\\\/www.editorialclaret.cat\\\/producte\\\/repensar-leconomia-a-partir-de-la-pandemia-9788491363491\\\/#breadcrumb\"},\"inLanguage\":\"es\",\"potentialAction\":[{\"@type\":\"ReadAction\",\"target\":[\"https:\\\/\\\/www.editorialclaret.cat\\\/producte\\\/repensar-leconomia-a-partir-de-la-pandemia-9788491363491\\\/\"]}]},{\"@type\":\"ImageObject\",\"inLanguage\":\"es\",\"@id\":\"https:\\\/\\\/www.editorialclaret.cat\\\/producte\\\/repensar-leconomia-a-partir-de-la-pandemia-9788491363491\\\/#primaryimage\",\"url\":\"https:\\\/\\\/www.editorialclaret.cat\\\/wp-content\\\/uploads\\\/9788491363491-1.jpg\",\"contentUrl\":\"https:\\\/\\\/www.editorialclaret.cat\\\/wp-content\\\/uploads\\\/9788491363491-1.jpg\",\"width\":350,\"height\":519,\"caption\":\"9788491363491.jpg\"},{\"@type\":\"BreadcrumbList\",\"@id\":\"https:\\\/\\\/www.editorialclaret.cat\\\/producte\\\/repensar-leconomia-a-partir-de-la-pandemia-9788491363491\\\/#breadcrumb\",\"itemListElement\":[{\"@type\":\"ListItem\",\"position\":1,\"name\":\"Portada\",\"item\":\"https:\\\/\\\/www.editorialclaret.cat\\\/es\\\/\"},{\"@type\":\"ListItem\",\"position\":2,\"name\":\"Botiga\",\"item\":\"https:\\\/\\\/www.editorialclaret.cat\\\/?page_id=16\"},{\"@type\":\"ListItem\",\"position\":3,\"name\":\"REPENSAR L&#8217;ECONOMIA A PARTIR DE LA PAND\u00c8MIA\"}]},{\"@type\":\"WebSite\",\"@id\":\"https:\\\/\\\/www.editorialclaret.cat\\\/#website\",\"url\":\"https:\\\/\\\/www.editorialclaret.cat\\\/\",\"name\":\"Editorial Claret\",\"description\":\"\",\"publisher\":{\"@id\":\"https:\\\/\\\/www.editorialclaret.cat\\\/#organization\"},\"potentialAction\":[{\"@type\":\"SearchAction\",\"target\":{\"@type\":\"EntryPoint\",\"urlTemplate\":\"https:\\\/\\\/www.editorialclaret.cat\\\/?s={search_term_string}\"},\"query-input\":{\"@type\":\"PropertyValueSpecification\",\"valueRequired\":true,\"valueName\":\"search_term_string\"}}],\"inLanguage\":\"es\"},{\"@type\":\"Organization\",\"@id\":\"https:\\\/\\\/www.editorialclaret.cat\\\/#organization\",\"name\":\"Editorial Claret\",\"url\":\"https:\\\/\\\/www.editorialclaret.cat\\\/\",\"logo\":{\"@type\":\"ImageObject\",\"inLanguage\":\"es\",\"@id\":\"https:\\\/\\\/www.editorialclaret.cat\\\/#\\\/schema\\\/logo\\\/image\\\/\",\"url\":\"https:\\\/\\\/www.editorialclaret.cat\\\/wp-content\\\/uploads\\\/.\\\/logo-claret.png\",\"contentUrl\":\"https:\\\/\\\/www.editorialclaret.cat\\\/wp-content\\\/uploads\\\/.\\\/logo-claret.png\",\"width\":194,\"height\":79,\"caption\":\"Editorial Claret\"},\"image\":{\"@id\":\"https:\\\/\\\/www.editorialclaret.cat\\\/#\\\/schema\\\/logo\\\/image\\\/\"}}]}<\/script>\n<!-- \/ Yoast SEO plugin. -->","yoast_head_json":{"title":"Editorial Claret","robots":{"index":"noindex","follow":"follow","max-snippet":"max-snippet:-1","max-image-preview":"max-image-preview:large","max-video-preview":"max-video-preview:-1"},"og_locale":"es_ES","og_type":"article","og_title":"REPENSAR L'ECONOMIA A PARTIR DE LA PAND\u00c8MIA - Editorial Claret","og_description":"CARAM, LUC\u00cdA; LLUCH, ENRIQUE, L\u00d3PEZ, GUILLEM; SELLAR\u00c8S, BERNAT; SU\u00d1ER, ADELA","og_url":"https:\/\/www.editorialclaret.cat\/producte\/repensar-leconomia-a-partir-de-la-pandemia-9788491363491\/","og_site_name":"Editorial Claret","article_modified_time":"2024-07-12T14:35:22+00:00","og_image":[{"width":350,"height":519,"url":"https:\/\/www.editorialclaret.cat\/wp-content\/uploads\/9788491363491-1.jpg","type":"image\/jpeg"}],"twitter_card":"summary_large_image","twitter_misc":{"Tiempo de lectura":"1 minuto"},"schema":{"@context":"https:\/\/schema.org","@graph":[{"@type":"WebPage","@id":"https:\/\/www.editorialclaret.cat\/producte\/repensar-leconomia-a-partir-de-la-pandemia-9788491363491\/","url":"https:\/\/www.editorialclaret.cat\/producte\/repensar-leconomia-a-partir-de-la-pandemia-9788491363491\/","name":"REPENSAR L'ECONOMIA A PARTIR DE LA PAND\u00c8MIA - Editorial Claret","isPartOf":{"@id":"https:\/\/www.editorialclaret.cat\/#website"},"primaryImageOfPage":{"@id":"https:\/\/www.editorialclaret.cat\/producte\/repensar-leconomia-a-partir-de-la-pandemia-9788491363491\/#primaryimage"},"image":{"@id":"https:\/\/www.editorialclaret.cat\/producte\/repensar-leconomia-a-partir-de-la-pandemia-9788491363491\/#primaryimage"},"thumbnailUrl":"https:\/\/www.editorialclaret.cat\/wp-content\/uploads\/9788491363491-1.jpg","datePublished":"2022-10-18T07:00:02+00:00","dateModified":"2024-07-12T14:35:22+00:00","breadcrumb":{"@id":"https:\/\/www.editorialclaret.cat\/producte\/repensar-leconomia-a-partir-de-la-pandemia-9788491363491\/#breadcrumb"},"inLanguage":"es","potentialAction":[{"@type":"ReadAction","target":["https:\/\/www.editorialclaret.cat\/producte\/repensar-leconomia-a-partir-de-la-pandemia-9788491363491\/"]}]},{"@type":"ImageObject","inLanguage":"es","@id":"https:\/\/www.editorialclaret.cat\/producte\/repensar-leconomia-a-partir-de-la-pandemia-9788491363491\/#primaryimage","url":"https:\/\/www.editorialclaret.cat\/wp-content\/uploads\/9788491363491-1.jpg","contentUrl":"https:\/\/www.editorialclaret.cat\/wp-content\/uploads\/9788491363491-1.jpg","width":350,"height":519,"caption":"9788491363491.jpg"},{"@type":"BreadcrumbList","@id":"https:\/\/www.editorialclaret.cat\/producte\/repensar-leconomia-a-partir-de-la-pandemia-9788491363491\/#breadcrumb","itemListElement":[{"@type":"ListItem","position":1,"name":"Portada","item":"https:\/\/www.editorialclaret.cat\/es\/"},{"@type":"ListItem","position":2,"name":"Botiga","item":"https:\/\/www.editorialclaret.cat\/?page_id=16"},{"@type":"ListItem","position":3,"name":"REPENSAR L&#8217;ECONOMIA A PARTIR DE LA PAND\u00c8MIA"}]},{"@type":"WebSite","@id":"https:\/\/www.editorialclaret.cat\/#website","url":"https:\/\/www.editorialclaret.cat\/","name":"Editorial Claret","description":"","publisher":{"@id":"https:\/\/www.editorialclaret.cat\/#organization"},"potentialAction":[{"@type":"SearchAction","target":{"@type":"EntryPoint","urlTemplate":"https:\/\/www.editorialclaret.cat\/?s={search_term_string}"},"query-input":{"@type":"PropertyValueSpecification","valueRequired":true,"valueName":"search_term_string"}}],"inLanguage":"es"},{"@type":"Organization","@id":"https:\/\/www.editorialclaret.cat\/#organization","name":"Editorial Claret","url":"https:\/\/www.editorialclaret.cat\/","logo":{"@type":"ImageObject","inLanguage":"es","@id":"https:\/\/www.editorialclaret.cat\/#\/schema\/logo\/image\/","url":"https:\/\/www.editorialclaret.cat\/wp-content\/uploads\/.\/logo-claret.png","contentUrl":"https:\/\/www.editorialclaret.cat\/wp-content\/uploads\/.\/logo-claret.png","width":194,"height":79,"caption":"Editorial Claret"},"image":{"@id":"https:\/\/www.editorialclaret.cat\/#\/schema\/logo\/image\/"}}]}},"_links":{"self":[{"href":"https:\/\/www.editorialclaret.cat\/es\/wp-json\/wp\/v2\/product\/8332","targetHints":{"allow":["GET"]}}],"collection":[{"href":"https:\/\/www.editorialclaret.cat\/es\/wp-json\/wp\/v2\/product"}],"about":[{"href":"https:\/\/www.editorialclaret.cat\/es\/wp-json\/wp\/v2\/types\/product"}],"wp:featuredmedia":[{"embeddable":true,"href":"https:\/\/www.editorialclaret.cat\/es\/wp-json\/wp\/v2\/media\/66721"}],"wp:attachment":[{"href":"https:\/\/www.editorialclaret.cat\/es\/wp-json\/wp\/v2\/media?parent=8332"}],"wp:term":[{"taxonomy":"product_brand","embeddable":true,"href":"https:\/\/www.editorialclaret.cat\/es\/wp-json\/wp\/v2\/product_brand?post=8332"},{"taxonomy":"product_cat","embeddable":true,"href":"https:\/\/www.editorialclaret.cat\/es\/wp-json\/wp\/v2\/product_cat?post=8332"},{"taxonomy":"product_tag","embeddable":true,"href":"https:\/\/www.editorialclaret.cat\/es\/wp-json\/wp\/v2\/product_tag?post=8332"}],"curies":[{"name":"wp","href":"https:\/\/api.w.org\/{rel}","templated":true}]}}