{"id":70565,"date":"2026-03-17T09:40:02","date_gmt":"2026-03-17T08:40:02","guid":{"rendered":"https:\/\/www.editorialclaret.cat\/producte\/tots-els-dracs-de-sant-jordi-9788491366461\/"},"modified":"2026-04-30T22:31:13","modified_gmt":"2026-04-30T20:31:13","slug":"tots-els-dracs-de-sant-jordi-9788491366461","status":"publish","type":"product","link":"https:\/\/www.editorialclaret.cat\/es\/producto\/tots-els-dracs-de-sant-jordi-9788491366461\/","title":{"rendered":"TOTS ELS DRACS DE SANT JORDI"},"content":{"rendered":"<p>Els dracs ens visiten i intenten distreure\u2019ns, ens fan entrebancar i ens porten a fer coses que no volem\u2026 Alguns s\u00f3n trapelles, d\u2019altres dolents i perillosos. Sigui com sigui, dels dracs no ens n\u2019hem de fiar mai. Aquesta<strong> guia infantil sobre dracs <\/strong>est\u00e0 escrita pel mateix Sant Jordi per ajudar les nenes i els nens (i tamb\u00e9 els adults) a con\u00e8ixer els dracs i aprendre a dominar-los.<\/p>\n<p><\/p>\n<p>Segons ens explica Sant Jordi, va lluitar contra molts dracs, tot i que<strong> la<\/strong> <strong>llegenda de Sant Jordi<\/strong> nom\u00e9s parla d\u2019una de les seves aventures m\u00e9s conegudes. Un llibre ple d\u2019<strong>aventures<\/strong>, <strong>valors<\/strong> i <strong>aprenentatges emocionals<\/strong>, ideal per introduir els m\u00e9s petits en el m\u00f3n de la <strong>fantasia<\/strong>, la <strong>superaci\u00f3 personal<\/strong> i la <strong>gesti\u00f3 de les emocions<\/strong> a trav\u00e9s de la met\u00e0fora dels dracs interiors.<\/p>\n<p><\/p>\n<p>Un llibre ideal:<\/p>\n<ul>\n<li>Per a nens i nenes que busquen viure grans aventures a trav\u00e9s de la lectura.<\/li>\n<li>Per a escoles, esplais i altres centres educatius que volen indagar en la llegenda de Sant Jordi.<\/li>\n<li>Per a regalar el dia de la rosa i el llibre.<\/li>\n<\/ul>\n<p><\/p>\n<p><em>*Aquest llibre ha estat impr\u00e8s amb paper certificat pel&nbsp;<\/em><span>&nbsp;<\/span><a href='https:\/\/fsc.org\/en' rel='noopener noreferrer' target='_blank'><em>Forest Stewardship Council (FSC)<\/em><\/a><span>&nbsp;<\/span><em>, que compleix amb els principis de gesti\u00f3 econ\u00f2mica, social i ambiental sostenibles.<\/em><\/p>\n","protected":false},"excerpt":{"rendered":"<p>LONG\u00c1S BOSCH, XAVIER; BOSCH MESTRES, ROSER<\/p>\n","protected":false},"featured_media":70714,"template":"","meta":{"_acf_changed":false,"rs_blank_template":"","rs_page_bg_color":"","slide_template_v7":"","inline_featured_image":false,"_monsterinsights_skip_tracking":false,"_monsterinsights_sitenote_active":false,"_monsterinsights_sitenote_note":"","_monsterinsights_sitenote_category":0},"product_brand":[],"product_cat":[869,1106],"product_tag":[],"class_list":{"0":"post-70565","1":"product","2":"type-product","3":"status-publish","4":"has-post-thumbnail","6":"product_cat-contes-per-infants-0-6-anys","7":"product_cat-cuentos-para-ninos-0-6-anos","9":"first","10":"outofstock","11":"taxable","12":"shipping-taxable","13":"purchasable","14":"product-type-simple"},"acf":{"autor":"LONG\u00c1S BOSCH, XAVIER; BOSCH MESTRES, ROSER","codart":"849136646","libros-coleccion":"FORA DE COL.LECCI\u00d3","ediciones":"1","encuadernacion":"Carton\u00e9","fecha_de_publicacion":"31\/03\/2026","novedad":"1","paginas":"32","subtitulo":"","orden":"0","portada":"1","idioma":"cat","booktrailer":"<iframe width=\"948\" height=\"533\" src=\"https:\/\/www.youtube.com\/embed\/xsdxyLEj6pM?si=Po4deqjKQguy6f0Y\" title=\"YouTube video player\" frameborder=\"0\" allow=\"accelerometer; autoplay; clipboard-write; encrypted-media; gyroscope; picture-in-picture; web-share\" referrerpolicy=\"strict-origin-when-cross-origin\" allowfullscreen><\/iframe>","resenas":"<p>Catalunya Religi\u00f3, 07\/04\/2026<\/p>\n<p><a href=\"https:\/\/www.catalunyareligio.cat\/ca\/blog\/llibres-recomanats\/tots-dracs-sant-jordi-326341\" rel=\"noopener noreferrer\" target=\"_blank\">https:\/\/www.catalunyareligio.cat\/ca\/blog\/llibres-recomanats\/tots-dracs-sant-jordi-326341<\/a><\/p>\n<p><\/p>\n<p>La Selva (3cat), 23\/04\/2026 &#8211; A partir del minut 1:47:14<\/p>\n<p><a href=\"https:\/\/www.3cat.cat\/3cat\/23042026\/video\/6400131\/\" rel=\"noopener noreferrer\" target=\"_blank\">https:\/\/www.3cat.cat\/3cat\/23042026\/video\/6400131\/<\/a><\/p>\n<p><\/p>\n<p>R\u00e0dio Estel (Sense Dist\u00e0ncia), 23\/04\/2026 &#8211; A partir del minut 28:35<\/p>\n<p><a href=\"https:\/\/www.estelfitxers.com\/audio\/2025-2026\/20260423-13_15SENSEDISTANCIA.MP3\" rel=\"noopener noreferrer\" target=\"_blank\">https:\/\/www.estelfitxers.com\/audio\/2025-2026\/20260423-13_15SENSEDISTANCIA.MP3<\/a><\/p>\n<p><\/p>\n<p>Catalunya Cristiana, 03\/05\/2026<\/p>\n<p><a href=\"https:\/\/drive.google.com\/file\/d\/14HorT-R0YYcT_ckyvdzRougKR-edeB6B\/view?usp=sharing\" rel=\"noopener noreferrer\" target=\"_blank\">https:\/\/drive.google.com\/file\/d\/14HorT-R0YYcT_ckyvdzRougKR-edeB6B\/view?usp=sharing<\/a><\/p>\n<p><\/p>\n<p>Catalunya Cristiana (castell\u00e0), 03\/05\/2026<\/p>\n<p><a href=\"https:\/\/drive.google.com\/file\/d\/1yU5Uxw-uh1njQ2K8jw3aIu5I7mVKHoHc\/view?usp=sharing\" rel=\"noopener noreferrer\" target=\"_blank\">https:\/\/drive.google.com\/file\/d\/1yU5Uxw-uh1njQ2K8jw3aIu5I7mVKHoHc\/view?usp=sharing<\/a><\/p>\n","autores-libros":[{"ID":70604,"post_author":"3","post_date":"2026-03-17 11:12:17","post_date_gmt":"2026-03-17 10:12:17","post_content":"<div class=\"datos\">\r\n\r\nXavier Long\u00e1s Bosch \u00e9s periodista i graduat en comunicaci\u00f3 audiovisual. Es dedica professionalment a la producci\u00f3 de cinema i tamb\u00e9 treballa com a il\u00b7lustrador.\r\n\r\n<\/div>","post_title":"XAVIER LONG\u00c1S BOSCH","post_excerpt":"","post_status":"publish","comment_status":"closed","ping_status":"closed","post_password":"","post_name":"xavier-longas-bosch","to_ping":"","pinged":"","post_modified":"2026-04-22 12:48:32","post_modified_gmt":"2026-04-22 10:48:32","post_content_filtered":"","post_parent":0,"guid":"https:\/\/www.editorialclaret.cat\/autor\/xavier-longas-bosch\/","menu_order":0,"post_type":"autor","post_mime_type":"","comment_count":"0","filter":"raw"},{"ID":70603,"post_author":"3","post_date":"2026-03-17 11:12:14","post_date_gmt":"2026-03-17 10:12:14","post_content":"Roser Bosch Mestres \u00e9s il\u00b7lustradora i professora, m\u00e0ster en did\u00e0ctica.\r\n\r\nJunts han explorat el m\u00f3n de l\u2019educaci\u00f3 emocional amb les ganes de traslladar-lo als m\u00e9s petits a trav\u00e9s de la il\u00b7lustraci\u00f3. Un di\u00e0leg entre mare i fill, des de generacions i visions complement\u00e0ries.","post_title":"ROSER  BOSCH MESTRES","post_excerpt":"","post_status":"publish","comment_status":"closed","ping_status":"closed","post_password":"","post_name":"roser-bosch-mestres-34","to_ping":"","pinged":"","post_modified":"2026-04-22 12:06:00","post_modified_gmt":"2026-04-22 10:06:00","post_content_filtered":"","post_parent":0,"guid":"https:\/\/www.editorialclaret.cat\/autor\/roser-bosch-mestres-34\/","menu_order":0,"post_type":"autor","post_mime_type":"","comment_count":"0","filter":"raw"}],"linkebook":"","ficha":"849136646_1774006118.pdf","muestra":"","precioebook":"0","presentacion":""},"yoast_head":"<!-- This site is optimized with the Yoast SEO plugin v27.3 - https:\/\/yoast.com\/product\/yoast-seo-wordpress\/ -->\n<title>Editorial Claret<\/title>\n<meta name=\"robots\" content=\"noindex, follow, max-snippet:-1, max-image-preview:large, max-video-preview:-1\" \/>\n<meta property=\"og:locale\" content=\"es_ES\" \/>\n<meta property=\"og:type\" content=\"article\" \/>\n<meta property=\"og:title\" content=\"TOTS ELS DRACS DE SANT JORDI - Editorial Claret\" \/>\n<meta property=\"og:description\" content=\"LONG\u00c1S BOSCH, XAVIER; BOSCH MESTRES, ROSER\" \/>\n<meta property=\"og:url\" content=\"https:\/\/www.editorialclaret.cat\/producte\/tots-els-dracs-de-sant-jordi-9788491366461\/\" \/>\n<meta property=\"og:site_name\" content=\"Editorial Claret\" \/>\n<meta property=\"article:modified_time\" content=\"2026-04-30T20:31:13+00:00\" \/>\n<meta property=\"og:image\" content=\"https:\/\/www.editorialclaret.cat\/wp-content\/uploads\/9788491366461-6.jpg\" \/>\n\t<meta property=\"og:image:width\" content=\"250\" \/>\n\t<meta property=\"og:image:height\" content=\"229\" \/>\n\t<meta property=\"og:image:type\" content=\"image\/jpeg\" \/>\n<meta name=\"twitter:card\" content=\"summary_large_image\" \/>\n<meta name=\"twitter:label1\" content=\"Tiempo de lectura\" \/>\n\t<meta name=\"twitter:data1\" content=\"1 minuto\" \/>\n<script type=\"application\/ld+json\" class=\"yoast-schema-graph\">{\"@context\":\"https:\\\/\\\/schema.org\",\"@graph\":[{\"@type\":\"WebPage\",\"@id\":\"https:\\\/\\\/www.editorialclaret.cat\\\/producte\\\/tots-els-dracs-de-sant-jordi-9788491366461\\\/\",\"url\":\"https:\\\/\\\/www.editorialclaret.cat\\\/producte\\\/tots-els-dracs-de-sant-jordi-9788491366461\\\/\",\"name\":\"TOTS ELS DRACS DE SANT JORDI - Editorial Claret\",\"isPartOf\":{\"@id\":\"https:\\\/\\\/www.editorialclaret.cat\\\/#website\"},\"primaryImageOfPage\":{\"@id\":\"https:\\\/\\\/www.editorialclaret.cat\\\/producte\\\/tots-els-dracs-de-sant-jordi-9788491366461\\\/#primaryimage\"},\"image\":{\"@id\":\"https:\\\/\\\/www.editorialclaret.cat\\\/producte\\\/tots-els-dracs-de-sant-jordi-9788491366461\\\/#primaryimage\"},\"thumbnailUrl\":\"https:\\\/\\\/www.editorialclaret.cat\\\/wp-content\\\/uploads\\\/9788491366461-6.jpg\",\"datePublished\":\"2026-03-17T08:40:02+00:00\",\"dateModified\":\"2026-04-30T20:31:13+00:00\",\"breadcrumb\":{\"@id\":\"https:\\\/\\\/www.editorialclaret.cat\\\/producte\\\/tots-els-dracs-de-sant-jordi-9788491366461\\\/#breadcrumb\"},\"inLanguage\":\"es\",\"potentialAction\":[{\"@type\":\"ReadAction\",\"target\":[\"https:\\\/\\\/www.editorialclaret.cat\\\/producte\\\/tots-els-dracs-de-sant-jordi-9788491366461\\\/\"]}]},{\"@type\":\"ImageObject\",\"inLanguage\":\"es\",\"@id\":\"https:\\\/\\\/www.editorialclaret.cat\\\/producte\\\/tots-els-dracs-de-sant-jordi-9788491366461\\\/#primaryimage\",\"url\":\"https:\\\/\\\/www.editorialclaret.cat\\\/wp-content\\\/uploads\\\/9788491366461-6.jpg\",\"contentUrl\":\"https:\\\/\\\/www.editorialclaret.cat\\\/wp-content\\\/uploads\\\/9788491366461-6.jpg\",\"width\":250,\"height\":229,\"caption\":\"9788491366461.jpg\"},{\"@type\":\"BreadcrumbList\",\"@id\":\"https:\\\/\\\/www.editorialclaret.cat\\\/producte\\\/tots-els-dracs-de-sant-jordi-9788491366461\\\/#breadcrumb\",\"itemListElement\":[{\"@type\":\"ListItem\",\"position\":1,\"name\":\"Portada\",\"item\":\"https:\\\/\\\/www.editorialclaret.cat\\\/es\\\/\"},{\"@type\":\"ListItem\",\"position\":2,\"name\":\"Botiga\",\"item\":\"https:\\\/\\\/www.editorialclaret.cat\\\/?page_id=16\"},{\"@type\":\"ListItem\",\"position\":3,\"name\":\"TOTS ELS DRACS DE SANT JORDI\"}]},{\"@type\":\"WebSite\",\"@id\":\"https:\\\/\\\/www.editorialclaret.cat\\\/#website\",\"url\":\"https:\\\/\\\/www.editorialclaret.cat\\\/\",\"name\":\"Editorial Claret\",\"description\":\"\",\"publisher\":{\"@id\":\"https:\\\/\\\/www.editorialclaret.cat\\\/#organization\"},\"potentialAction\":[{\"@type\":\"SearchAction\",\"target\":{\"@type\":\"EntryPoint\",\"urlTemplate\":\"https:\\\/\\\/www.editorialclaret.cat\\\/?s={search_term_string}\"},\"query-input\":{\"@type\":\"PropertyValueSpecification\",\"valueRequired\":true,\"valueName\":\"search_term_string\"}}],\"inLanguage\":\"es\"},{\"@type\":\"Organization\",\"@id\":\"https:\\\/\\\/www.editorialclaret.cat\\\/#organization\",\"name\":\"Editorial Claret\",\"url\":\"https:\\\/\\\/www.editorialclaret.cat\\\/\",\"logo\":{\"@type\":\"ImageObject\",\"inLanguage\":\"es\",\"@id\":\"https:\\\/\\\/www.editorialclaret.cat\\\/#\\\/schema\\\/logo\\\/image\\\/\",\"url\":\"https:\\\/\\\/www.editorialclaret.cat\\\/wp-content\\\/uploads\\\/.\\\/logo-claret.png\",\"contentUrl\":\"https:\\\/\\\/www.editorialclaret.cat\\\/wp-content\\\/uploads\\\/.\\\/logo-claret.png\",\"width\":194,\"height\":79,\"caption\":\"Editorial Claret\"},\"image\":{\"@id\":\"https:\\\/\\\/www.editorialclaret.cat\\\/#\\\/schema\\\/logo\\\/image\\\/\"}}]}<\/script>\n<!-- \/ Yoast SEO plugin. -->","yoast_head_json":{"title":"Editorial Claret","robots":{"index":"noindex","follow":"follow","max-snippet":"max-snippet:-1","max-image-preview":"max-image-preview:large","max-video-preview":"max-video-preview:-1"},"og_locale":"es_ES","og_type":"article","og_title":"TOTS ELS DRACS DE SANT JORDI - Editorial Claret","og_description":"LONG\u00c1S BOSCH, XAVIER; BOSCH MESTRES, ROSER","og_url":"https:\/\/www.editorialclaret.cat\/producte\/tots-els-dracs-de-sant-jordi-9788491366461\/","og_site_name":"Editorial Claret","article_modified_time":"2026-04-30T20:31:13+00:00","og_image":[{"width":250,"height":229,"url":"https:\/\/www.editorialclaret.cat\/wp-content\/uploads\/9788491366461-6.jpg","type":"image\/jpeg"}],"twitter_card":"summary_large_image","twitter_misc":{"Tiempo de lectura":"1 minuto"},"schema":{"@context":"https:\/\/schema.org","@graph":[{"@type":"WebPage","@id":"https:\/\/www.editorialclaret.cat\/producte\/tots-els-dracs-de-sant-jordi-9788491366461\/","url":"https:\/\/www.editorialclaret.cat\/producte\/tots-els-dracs-de-sant-jordi-9788491366461\/","name":"TOTS ELS DRACS DE SANT JORDI - Editorial Claret","isPartOf":{"@id":"https:\/\/www.editorialclaret.cat\/#website"},"primaryImageOfPage":{"@id":"https:\/\/www.editorialclaret.cat\/producte\/tots-els-dracs-de-sant-jordi-9788491366461\/#primaryimage"},"image":{"@id":"https:\/\/www.editorialclaret.cat\/producte\/tots-els-dracs-de-sant-jordi-9788491366461\/#primaryimage"},"thumbnailUrl":"https:\/\/www.editorialclaret.cat\/wp-content\/uploads\/9788491366461-6.jpg","datePublished":"2026-03-17T08:40:02+00:00","dateModified":"2026-04-30T20:31:13+00:00","breadcrumb":{"@id":"https:\/\/www.editorialclaret.cat\/producte\/tots-els-dracs-de-sant-jordi-9788491366461\/#breadcrumb"},"inLanguage":"es","potentialAction":[{"@type":"ReadAction","target":["https:\/\/www.editorialclaret.cat\/producte\/tots-els-dracs-de-sant-jordi-9788491366461\/"]}]},{"@type":"ImageObject","inLanguage":"es","@id":"https:\/\/www.editorialclaret.cat\/producte\/tots-els-dracs-de-sant-jordi-9788491366461\/#primaryimage","url":"https:\/\/www.editorialclaret.cat\/wp-content\/uploads\/9788491366461-6.jpg","contentUrl":"https:\/\/www.editorialclaret.cat\/wp-content\/uploads\/9788491366461-6.jpg","width":250,"height":229,"caption":"9788491366461.jpg"},{"@type":"BreadcrumbList","@id":"https:\/\/www.editorialclaret.cat\/producte\/tots-els-dracs-de-sant-jordi-9788491366461\/#breadcrumb","itemListElement":[{"@type":"ListItem","position":1,"name":"Portada","item":"https:\/\/www.editorialclaret.cat\/es\/"},{"@type":"ListItem","position":2,"name":"Botiga","item":"https:\/\/www.editorialclaret.cat\/?page_id=16"},{"@type":"ListItem","position":3,"name":"TOTS ELS DRACS DE SANT JORDI"}]},{"@type":"WebSite","@id":"https:\/\/www.editorialclaret.cat\/#website","url":"https:\/\/www.editorialclaret.cat\/","name":"Editorial Claret","description":"","publisher":{"@id":"https:\/\/www.editorialclaret.cat\/#organization"},"potentialAction":[{"@type":"SearchAction","target":{"@type":"EntryPoint","urlTemplate":"https:\/\/www.editorialclaret.cat\/?s={search_term_string}"},"query-input":{"@type":"PropertyValueSpecification","valueRequired":true,"valueName":"search_term_string"}}],"inLanguage":"es"},{"@type":"Organization","@id":"https:\/\/www.editorialclaret.cat\/#organization","name":"Editorial Claret","url":"https:\/\/www.editorialclaret.cat\/","logo":{"@type":"ImageObject","inLanguage":"es","@id":"https:\/\/www.editorialclaret.cat\/#\/schema\/logo\/image\/","url":"https:\/\/www.editorialclaret.cat\/wp-content\/uploads\/.\/logo-claret.png","contentUrl":"https:\/\/www.editorialclaret.cat\/wp-content\/uploads\/.\/logo-claret.png","width":194,"height":79,"caption":"Editorial Claret"},"image":{"@id":"https:\/\/www.editorialclaret.cat\/#\/schema\/logo\/image\/"}}]}},"_links":{"self":[{"href":"https:\/\/www.editorialclaret.cat\/es\/wp-json\/wp\/v2\/product\/70565","targetHints":{"allow":["GET"]}}],"collection":[{"href":"https:\/\/www.editorialclaret.cat\/es\/wp-json\/wp\/v2\/product"}],"about":[{"href":"https:\/\/www.editorialclaret.cat\/es\/wp-json\/wp\/v2\/types\/product"}],"wp:featuredmedia":[{"embeddable":true,"href":"https:\/\/www.editorialclaret.cat\/es\/wp-json\/wp\/v2\/media\/70714"}],"wp:attachment":[{"href":"https:\/\/www.editorialclaret.cat\/es\/wp-json\/wp\/v2\/media?parent=70565"}],"wp:term":[{"taxonomy":"product_brand","embeddable":true,"href":"https:\/\/www.editorialclaret.cat\/es\/wp-json\/wp\/v2\/product_brand?post=70565"},{"taxonomy":"product_cat","embeddable":true,"href":"https:\/\/www.editorialclaret.cat\/es\/wp-json\/wp\/v2\/product_cat?post=70565"},{"taxonomy":"product_tag","embeddable":true,"href":"https:\/\/www.editorialclaret.cat\/es\/wp-json\/wp\/v2\/product_tag?post=70565"}],"curies":[{"name":"wp","href":"https:\/\/api.w.org\/{rel}","templated":true}]}}