{"id":69798,"date":"2025-11-18T16:05:02","date_gmt":"2025-11-18T15:05:02","guid":{"rendered":"https:\/\/www.editorialclaret.cat\/producte\/pregar-amb-gaudi-des-de-la-familia-9788491366010\/"},"modified":"2026-04-24T13:25:41","modified_gmt":"2026-04-24T11:25:41","slug":"pregar-amb-gaudi-des-de-la-sagrada-familia-9788491366010","status":"publish","type":"product","link":"https:\/\/www.editorialclaret.cat\/es\/producto\/pregar-amb-gaudi-des-de-la-sagrada-familia-9788491366010\/","title":{"rendered":"PREGAR AMB GAUD\u00cd DES DE LA SAGRADA FAM\u00cdLIA"},"content":{"rendered":"<p><strong>Antoni Gaud\u00ed<\/strong> va ser <strong>profundament cristi\u00e0<\/strong>, <strong>humilment cristi\u00e0<\/strong> i <strong>imaginativament cristi\u00e0<\/strong>, i <strong>Crist<\/strong> es va convertir en la seva refer\u00e8ncia inequ\u00edvoca, especialment en els darrers anys de la seva vida.<\/p>\n<p><\/p>\n<p>Tot en la <strong>Sagrada Fam\u00edlia<\/strong>, tan rica en <strong>detalls<\/strong>, <strong>s\u00edmbols<\/strong> i <strong>suggeriments espirituals<\/strong>, expressa aquesta inspiraci\u00f3 profunda.<\/p>\n<p><\/p>\n<p>La <strong>bas\u00edlica de la Sagrada Fam\u00edlia<\/strong> \u00e9s, a trav\u00e9s dels seus s\u00edmbols i formes arquitect\u00f2niques, una <strong>immensa oraci\u00f3<\/strong> feta pedra, dirigida a <strong>D\u00e9u<\/strong> i destinada a <strong>inspirar el visitant<\/strong> a descobrir-lo i celebrar-lo.<\/p>\n<p><\/p>\n<p>Aquest llibre s\u2019adre\u00e7a a un <strong>p\u00fablic ampli per\u00f2 profundament sensible<\/strong>, interessat en l\u2019espiritualitat, l\u2019art i la reflexi\u00f3 interior, que cerca una experi\u00e8ncia de lectura contemplativa m\u00e9s que no pas un assaig acad\u00e8mic o una guia tur\u00edstica. En concret, pot interessar especialment a:<\/p>\n<p><\/p>\n<ul>\n<li><strong>Creients i persones en recerca espiritual<\/strong>, que volen aprofundir en la preg\u00e0ria a trav\u00e9s de camins no convencionals, utilitzant la bellesa, el simbolisme i l\u2019arquitectura com a vies d\u2019acc\u00e9s a D\u00e9u.<\/li>\n<li><strong>Lectors interessats en Antoni Gaud\u00ed i la Sagrada Fam\u00edlia<\/strong>, no des d\u2019una perspectiva t\u00e8cnica o hist\u00f2rica, sin\u00f3 com una experi\u00e8ncia espiritual i simb\u00f2lica, on el temple \u00e9s ent\u00e8s com una gran preg\u00e0ria feta pedra, llum i forma.<\/li>\n<li><strong>Amants de la poesia i del llenguatge meditatiu<\/strong>, que valoren textos breus, l\u00edrics i densos de significat, adequats per al silenci, la contemplaci\u00f3 i l\u2019escolta interior.<\/li>\n<li><strong>Persones vinculades a la pastoral, la catequesi o l\u2019acompanyament espiritual<\/strong>, que poden trobar en el llibre un recurs inspirador per a la preg\u00e0ria personal o comunit\u00e0ria.<\/li>\n<li><strong>Lectors interessats en el di\u00e0leg entre fe, art i cultura<\/strong>, especialment aquells que aprecien la integraci\u00f3 entre pensament, sensibilitat est\u00e8tica i experi\u00e8ncia religiosa.<\/li>\n<li><strong>Visitants de la Sagrada Fam\u00edlia<\/strong> que vulguin prolongar o aprofundir la viv\u00e8ncia del temple m\u00e9s enll\u00e0 de la visita f\u00edsica, transformant-la en un recorregut interior i espiritual.<\/li>\n<\/ul>\n<p><\/p>\n<p><em>*Aquest llibre ha estat impr\u00e8s amb paper certificat pel&nbsp;<\/em><span>&nbsp;<\/span><a href='https:\/\/fsc.org\/en' rel='noopener noreferrer' target='_blank'><em>Forest Stewardship Council (FSC)<\/em><\/a><span>&nbsp;<\/span><em>, que compleix amb els principis de gesti\u00f3 econ\u00f2mica, social i ambiental sostenibles.<\/em><\/p>\n<p><\/p>\n<p><span>Tamb\u00e9 disponible <\/span><a href='https:\/\/www.claret.cat\/llibre\/rezar-con-gaudi-desde-la-sagrada-familia-9788491366027\/' rel='noopener noreferrer' target='_blank'><strong>en castell\u00e0<\/strong><\/a> i <a href='https:\/\/www.claret.cat\/llibre\/praying-with-gaudi-from-the-sagrada-familia-9788491366034\/' rel='noopener noreferrer' target='_blank'><strong>en angl\u00e8s<\/strong><\/a><\/p>\n","protected":false},"excerpt":{"rendered":"<p>JOU, DAVID<\/p>\n","protected":false},"featured_media":70242,"template":"","meta":{"_acf_changed":false,"rs_blank_template":"","rs_page_bg_color":"","slide_template_v7":"","inline_featured_image":false,"_monsterinsights_skip_tracking":false,"_monsterinsights_sitenote_active":false,"_monsterinsights_sitenote_note":"","_monsterinsights_sitenote_category":0},"product_brand":[],"product_cat":[1204,967,1041,811],"product_tag":[],"class_list":{"0":"post-69798","1":"product","2":"type-product","3":"status-publish","4":"has-post-thumbnail","6":"product_cat-autores-espiritualidad-espiritualidad","7":"product_cat-autors-espiritualitat-espiritualitat","8":"product_cat-catala","9":"product_cat-els-mes-venuts","11":"first","12":"instock","13":"taxable","14":"shipping-taxable","15":"purchasable","16":"product-type-simple"},"acf":{"autor":"JOU, DAVID","codart":"849136601","libros-coleccion":"FORA DE COL.LECCI\u00d3","ediciones":"1","encuadernacion":"R\u00fastica","fecha_de_publicacion":"02\/12\/2025","novedad":"1","paginas":"86","subtitulo":"","orden":"7","portada":"1","idioma":"cat","booktrailer":"<iframe width=\"949\" height=\"433\" src=\"https:\/\/www.youtube.com\/embed\/_z8e7YIxlNU?si=p1ZExPsvw9TeTsSe\" title=\"YouTube video player\" frameborder=\"0\" allow=\"accelerometer; autoplay; clipboard-write; encrypted-media; gyroscope; picture-in-picture; web-share\" referrerpolicy=\"strict-origin-when-cross-origin\" allowfullscreen><\/iframe>","resenas":"<p>Catalunya Religi\u00f3, 28\/11\/2025<\/p>\n<p><a href=\"https:\/\/www.catalunyareligio.cat\/ca\/david-jou-convida-pregar-gaudi-en-viatge-poetic\" rel=\"noopener noreferrer\" target=\"_blank\">https:\/\/www.catalunyareligio.cat\/ca\/david-jou-convida-pregar-gaudi-en-viatge-poetic<\/a><\/p>\n<p><\/p>\n<p>Catalunya Religi\u00f3, 02\/12\/2025<\/p>\n<p><a href=\"https:\/\/www.catalunyareligio.cat\/ca\/blog\/llibres-recomanats\/pregar-gaudi-sagrada-familia-323497\" rel=\"noopener noreferrer\" target=\"_blank\">https:\/\/www.catalunyareligio.cat\/ca\/blog\/llibres-recomanats\/pregar-gaudi-sagrada-familia-323497<\/a><\/p>\n<p><\/p>\n<p>Cope  Catalunya, 05\/12\/2025 (a partir del minut 3:15)<\/p>\n<p><a href=\"https:\/\/www.cope.es\/emisoras\/catalunya\/podcast\/episodios\/13-33-h-05-desembre-2025-mirall-20251205_3265896.html\" rel=\"noopener noreferrer\" target=\"_blank\">https:\/\/www.cope.es\/emisoras\/catalunya\/podcast\/episodios\/13-33-h-05-desembre-2025-mirall-20251205_3265896.html<\/a><\/p>\n<p><\/p>\n<p>L&#8217;Eco de Sitges, 07\/12\/2025<\/p>\n<p><a href=\"https:\/\/drive.google.com\/file\/d\/1Z9AwEL-fveSSiwdFlFG9Rzxw3FrNiVnY\/view?usp=sharing\" rel=\"noopener noreferrer\" target=\"_blank\">https:\/\/drive.google.com\/file\/d\/1Z9AwEL-fveSSiwdFlFG9Rzxw3FrNiVnY\/view?usp=sharing<\/a><\/p>\n<p><\/p>\n<p>Catalunya Cristiana, 21\/12\/2025<\/p>\n<p><a href=\"https:\/\/drive.google.com\/file\/d\/1NxVqgtcHSSK2BMkTyOurof0tsfFlMOK0\/view?usp=sharing\" rel=\"noopener noreferrer\" target=\"_blank\">https:\/\/drive.google.com\/file\/d\/1NxVqgtcHSSK2BMkTyOurof0tsfFlMOK0\/view?usp=sharing<\/a><\/p>\n<p><\/p>\n<p>Ag\u00e8ncia Flama, 16\/12\/2025<\/p>\n<p><a href=\"https:\/\/www.agenciaflama.cat\/david-jou-eco-sagrada-familia-gaudi\/\" rel=\"noopener noreferrer\" target=\"_blank\">https:\/\/www.agenciaflama.cat\/david-jou-eco-sagrada-familia-gaudi\/<\/a><\/p>\n<p><\/p>\n<p>Foc Nou, 29\/12\/2025<\/p>\n<p><a href=\"https:\/\/www.focnou.cat\/david-jou-s-endinsa-en-l-obra-d-antoni-gaudi-amb-ulls-transparent-i-cor-ardent\/\" rel=\"noopener noreferrer\" target=\"_blank\">https:\/\/www.focnou.cat\/david-jou-s-endinsa-en-l-obra-d-antoni-gaudi-amb-ulls-transparent-i-cor-ardent\/<\/a><\/p>\n<p><\/p>\n<p>Arquebisbat de Barcelona, 02\/01\/2026<\/p>\n<p><a href=\"https:\/\/esglesia.barcelona\/actualitat\/12-recomanacions-de-llibres-religiosos-per-al-nadal\/\" rel=\"noopener noreferrer\" target=\"_blank\">https:\/\/esglesia.barcelona\/actualitat\/12-recomanacions-de-llibres-religiosos-per-al-nadal\/<\/a><\/p>\n<p><\/p>\n<p>La Vanguardia (catal\u00e0), 04\/01\/2026<\/p>\n<p><a href=\"https:\/\/drive.google.com\/file\/d\/1d8mCx3tW8ZK9GynQikF_kgOVEU4qfPPc\/view?usp=sharing\" rel=\"noopener noreferrer\" target=\"_blank\">https:\/\/drive.google.com\/file\/d\/1d8mCx3tW8ZK9GynQikF_kgOVEU4qfPPc\/view?usp=sharing<\/a><\/p>\n<p><\/p>\n<p>La Vanguardia (castell\u00e0), 04\/01\/2026<\/p>\n<p><a href=\"https:\/\/drive.google.com\/file\/d\/1_VdDN1BZVXaqRSeelKAWe_wFz7vbGyRX\/view?usp=sharing\" rel=\"noopener noreferrer\" target=\"_blank\">https:\/\/drive.google.com\/file\/d\/1_VdDN1BZVXaqRSeelKAWe_wFz7vbGyRX\/view?usp=sharing<\/a><\/p>\n<p><\/p>\n<p>El Debate, 03\/01\/2025<\/p>\n<p><a href=\"https:\/\/www.eldebate.com\/espana\/cataluna\/barcelona\/20260103\/rezar-gaudi-redescubrir-eucaristia-arzobispado-barcelona-recomienda-12-libros-navidad_370822_amp.html\" rel=\"noopener noreferrer\" target=\"_blank\">https:\/\/www.eldebate.com\/espana\/cataluna\/barcelona\/20260103\/rezar-gaudi-redescubrir-eucaristia-arzobispado-barcelona-recomienda-12-libros-navidad_370822_amp.html<\/a><\/p>\n<p><\/p>\n<p>Catalunya Cristiana, 11\/01\/2026<\/p>\n<p><a href=\"https:\/\/drive.google.com\/file\/d\/15-zxaOrabnYG2J7ChX4bqvtB7W4VBQ89\/view?usp=sharing\" rel=\"noopener noreferrer\" target=\"_blank\">https:\/\/drive.google.com\/file\/d\/15-zxaOrabnYG2J7ChX4bqvtB7W4VBQ89\/view?usp=sharing<\/a><\/p>\n<p><\/p>\n<p>Catalunya Cristiana, 14\/01\/2026<\/p>\n<p><a href=\"https:\/\/www.catalunyacristiana.cat\/david-jou-la-basilica-de-la-sagrada-familia-te-una-dimensio-teologica-molt-rica\/\" rel=\"noopener noreferrer\" target=\"_blank\">https:\/\/www.catalunyacristiana.cat\/david-jou-la-basilica-de-la-sagrada-familia-te-una-dimensio-teologica-molt-rica\/<\/a><\/p>\n<p><\/p>\n<p>Religi\u00f3n Confidencial, 15\/01\/2026<\/p>\n<p><a href=\"https:\/\/www.elconfidencialdigital.com\/religion\/articulo\/en-voz-baja\/libro-rezar-gaudi-sagrada-familia-conmemora-centenario-muerte-arquitecto-dios\/20260115051229054932.html\" rel=\"noopener noreferrer\" target=\"_blank\">https:\/\/www.elconfidencialdigital.com\/religion\/articulo\/en-voz-baja\/libro-rezar-gaudi-sagrada-familia-conmemora-centenario-muerte-arquitecto-dios\/20260115051229054932.html<\/a><\/p>\n<p><\/p>\n<p>La Vanguardia (catal\u00e0), 25\/01\/2026<\/p>\n<p><a href=\"https:\/\/drive.google.com\/file\/d\/1zTxBOo7KQXzhoyfxPoz_oT8Ad7tg5xcb\/view?usp=sharing\" rel=\"noopener noreferrer\" target=\"_blank\">https:\/\/drive.google.com\/file\/d\/1zTxBOo7KQXzhoyfxPoz_oT8Ad7tg5xcb\/view?usp=sharing<\/a><\/p>\n<p><\/p>\n<p>La Vanguardia (castell\u00e0), 25\/01\/2026<\/p>\n<p><a href=\"https:\/\/drive.google.com\/file\/d\/1Vj-tiimAeSBg3EnCUP7-y7mQesxHPlc2\/view?usp=sharing\" rel=\"noopener noreferrer\" target=\"_blank\">https:\/\/drive.google.com\/file\/d\/1Vj-tiimAeSBg3EnCUP7-y7mQesxHPlc2\/view?usp=sharing<\/a><\/p>\n<p><\/p>\n<p>Catalunya Cristiana, 01\/02\/2026<\/p>\n<p><a href=\"https:\/\/drive.google.com\/file\/d\/1faTM_jh9Z22YDTcX13p2hkTDvN_IpVnu\/view?usp=sharing\" rel=\"noopener noreferrer\" target=\"_blank\">https:\/\/drive.google.com\/file\/d\/1faTM_jh9Z22YDTcX13p2hkTDvN_IpVnu\/view?usp=sharing<\/a><\/p>\n<p><\/p>\n<p>Catalunya Cristiana (castell\u00e0), 01\/02\/2026<\/p>\n<p><a href=\"https:\/\/drive.google.com\/file\/d\/1oSOIA9-hYksgs5hPiNQIpHxTu5x7Wj1K\/view?usp=sharing\" rel=\"noopener noreferrer\" target=\"_blank\">https:\/\/drive.google.com\/file\/d\/1oSOIA9-hYksgs5hPiNQIpHxTu5x7Wj1K\/view?usp=sharing<\/a><\/p>\n<p><\/p>\n<p>Catalunya Cristiana, 08\/02\/2026<\/p>\n<p><a href=\"https:\/\/drive.google.com\/file\/d\/1GyaWr2NjU0vu69YrsVyPWxrWVVS1fS4W\/view?usp=sharing\" rel=\"noopener noreferrer\" target=\"_blank\">https:\/\/drive.google.com\/file\/d\/1GyaWr2NjU0vu69YrsVyPWxrWVVS1fS4W\/view?usp=sharing<\/a><\/p>\n<p><\/p>\n<p>Revista Foc Nou, 01\/02\/2026<\/p>\n<p><a href=\"https:\/\/drive.google.com\/file\/d\/1N0nH1WYeaS1QXyW1gfBlQEvv343KfnbS\/view?usp=sharing\" rel=\"noopener noreferrer\" target=\"_blank\">https:\/\/drive.google.com\/file\/d\/1N0nH1WYeaS1QXyW1gfBlQEvv343KfnbS\/view?usp=sharing<\/a><\/p>\n<p><\/p>\n<p>R\u00e0dio Maricel, 11\/03\/2026<\/p>\n<p><a href=\"https:\/\/www.radiomaricel.cat\/dissabte-al-vinyet-es-presenta-el-darrer-poemari-de-david-jou-dedicat-a-gaudi-i-a-la-sagrada-familia\/\" rel=\"noopener noreferrer\" target=\"_blank\">https:\/\/www.radiomaricel.cat\/dissabte-al-vinyet-es-presenta-el-darrer-poemari-de-david-jou-dedicat-a-gaudi-i-a-la-sagrada-familia\/<\/a><\/p>\n<p><\/p>\n<p>Catalunya Cristiana, 19\/04\/2026<\/p>\n<p><a href=\"https:\/\/drive.google.com\/file\/d\/13rpc2lPeoru5AkHU1thWLc2HRDdvK6db\/view?usp=sharing\" rel=\"noopener noreferrer\" target=\"_blank\">https:\/\/drive.google.com\/file\/d\/13rpc2lPeoru5AkHU1thWLc2HRDdvK6db\/view?usp=sharing<\/a><\/p>\n","autores-libros":[{"ID":13813,"post_author":"3","post_date":"2022-10-19 00:48:04","post_date_gmt":"2022-10-18 22:48:04","post_content":"<strong>David Jou i Mirabent<\/strong> (Sitges, 1953) \u00e9s f\u00edsic, poeta i assagista. Catedr\u00e0tic de F\u00edsica a la Universitat Aut\u00f2noma de Barcelona durant m\u00e9s de trenta anys, \u00e9s autor d\u2019una obra de recerca en termodin\u00e0mica fora de l\u2019equilibri reconeguda internacionalment. Ha publicat una \u00e0mplia obra po\u00e8tica de tem\u00e0tica cient\u00edfica i religiosa. Els seus assaigs combinen ci\u00e8ncia, humanisme i religi\u00f3. Ha estat membre del Patronat de la Fundaci\u00f3 Joan Maragall (Cristianisme i cultura) durant uns trenta anys.","post_title":"DAVID JOU","post_excerpt":"","post_status":"publish","comment_status":"closed","ping_status":"closed","post_password":"","post_name":"david-jou","to_ping":"","pinged":"","post_modified":"2026-01-14 12:24:23","post_modified_gmt":"2026-01-14 11:24:23","post_content_filtered":"","post_parent":0,"guid":"http:\/\/dev.editorialclaret.cat\/autor\/david-jou\/","menu_order":0,"post_type":"autor","post_mime_type":"","comment_count":"0","filter":"raw"}],"linkebook":"","ficha":"849136601_1763546825.pdf","muestra":"","precioebook":"0","presentacion":"<iframe width=\"949\" height=\"433\" src=\"https:\/\/www.youtube.com\/embed\/5QfGW1nHNXA?si=RUUAwWKTRQicrnJA\" title=\"YouTube video player\" frameborder=\"0\" allow=\"accelerometer; autoplay; clipboard-write; encrypted-media; gyroscope; picture-in-picture; web-share\" referrerpolicy=\"strict-origin-when-cross-origin\" allowfullscreen><\/iframe>"},"yoast_head":"<!-- This site is optimized with the Yoast SEO plugin v27.3 - https:\/\/yoast.com\/product\/yoast-seo-wordpress\/ -->\n<title>Editorial Claret<\/title>\n<meta name=\"robots\" content=\"noindex, follow, max-snippet:-1, max-image-preview:large, max-video-preview:-1\" \/>\n<meta property=\"og:locale\" content=\"es_ES\" \/>\n<meta property=\"og:type\" content=\"article\" \/>\n<meta property=\"og:title\" content=\"PREGAR AMB GAUD\u00cd DES DE LA SAGRADA FAM\u00cdLIA - Editorial Claret\" \/>\n<meta property=\"og:description\" content=\"JOU, DAVID\" \/>\n<meta property=\"og:url\" content=\"https:\/\/www.editorialclaret.cat\/producte\/pregar-amb-gaudi-des-de-la-sagrada-familia-9788491366010\/\" \/>\n<meta property=\"og:site_name\" content=\"Editorial Claret\" \/>\n<meta property=\"article:modified_time\" content=\"2026-04-24T11:25:41+00:00\" \/>\n<meta property=\"og:image\" content=\"https:\/\/www.editorialclaret.cat\/wp-content\/uploads\/9788491366010-6.jpg\" \/>\n\t<meta property=\"og:image:width\" content=\"250\" \/>\n\t<meta property=\"og:image:height\" content=\"389\" \/>\n\t<meta property=\"og:image:type\" content=\"image\/jpeg\" \/>\n<meta name=\"twitter:card\" content=\"summary_large_image\" \/>\n<meta name=\"twitter:label1\" content=\"Tiempo de lectura\" \/>\n\t<meta name=\"twitter:data1\" content=\"2 minutos\" \/>\n<script type=\"application\/ld+json\" class=\"yoast-schema-graph\">{\"@context\":\"https:\\\/\\\/schema.org\",\"@graph\":[{\"@type\":\"WebPage\",\"@id\":\"https:\\\/\\\/www.editorialclaret.cat\\\/producte\\\/pregar-amb-gaudi-des-de-la-sagrada-familia-9788491366010\\\/\",\"url\":\"https:\\\/\\\/www.editorialclaret.cat\\\/producte\\\/pregar-amb-gaudi-des-de-la-sagrada-familia-9788491366010\\\/\",\"name\":\"PREGAR AMB GAUD\u00cd DES DE LA SAGRADA FAM\u00cdLIA - Editorial Claret\",\"isPartOf\":{\"@id\":\"https:\\\/\\\/www.editorialclaret.cat\\\/#website\"},\"primaryImageOfPage\":{\"@id\":\"https:\\\/\\\/www.editorialclaret.cat\\\/producte\\\/pregar-amb-gaudi-des-de-la-sagrada-familia-9788491366010\\\/#primaryimage\"},\"image\":{\"@id\":\"https:\\\/\\\/www.editorialclaret.cat\\\/producte\\\/pregar-amb-gaudi-des-de-la-sagrada-familia-9788491366010\\\/#primaryimage\"},\"thumbnailUrl\":\"https:\\\/\\\/www.editorialclaret.cat\\\/wp-content\\\/uploads\\\/9788491366010-6.jpg\",\"datePublished\":\"2025-11-18T15:05:02+00:00\",\"dateModified\":\"2026-04-24T11:25:41+00:00\",\"breadcrumb\":{\"@id\":\"https:\\\/\\\/www.editorialclaret.cat\\\/producte\\\/pregar-amb-gaudi-des-de-la-sagrada-familia-9788491366010\\\/#breadcrumb\"},\"inLanguage\":\"es\",\"potentialAction\":[{\"@type\":\"ReadAction\",\"target\":[\"https:\\\/\\\/www.editorialclaret.cat\\\/producte\\\/pregar-amb-gaudi-des-de-la-sagrada-familia-9788491366010\\\/\"]}]},{\"@type\":\"ImageObject\",\"inLanguage\":\"es\",\"@id\":\"https:\\\/\\\/www.editorialclaret.cat\\\/producte\\\/pregar-amb-gaudi-des-de-la-sagrada-familia-9788491366010\\\/#primaryimage\",\"url\":\"https:\\\/\\\/www.editorialclaret.cat\\\/wp-content\\\/uploads\\\/9788491366010-6.jpg\",\"contentUrl\":\"https:\\\/\\\/www.editorialclaret.cat\\\/wp-content\\\/uploads\\\/9788491366010-6.jpg\",\"width\":250,\"height\":389,\"caption\":\"9788491366010.jpg\"},{\"@type\":\"BreadcrumbList\",\"@id\":\"https:\\\/\\\/www.editorialclaret.cat\\\/producte\\\/pregar-amb-gaudi-des-de-la-sagrada-familia-9788491366010\\\/#breadcrumb\",\"itemListElement\":[{\"@type\":\"ListItem\",\"position\":1,\"name\":\"Portada\",\"item\":\"https:\\\/\\\/www.editorialclaret.cat\\\/es\\\/\"},{\"@type\":\"ListItem\",\"position\":2,\"name\":\"Botiga\",\"item\":\"https:\\\/\\\/www.editorialclaret.cat\\\/?page_id=16\"},{\"@type\":\"ListItem\",\"position\":3,\"name\":\"PREGAR AMB GAUD\u00cd DES DE LA SAGRADA FAM\u00cdLIA\"}]},{\"@type\":\"WebSite\",\"@id\":\"https:\\\/\\\/www.editorialclaret.cat\\\/#website\",\"url\":\"https:\\\/\\\/www.editorialclaret.cat\\\/\",\"name\":\"Editorial Claret\",\"description\":\"\",\"publisher\":{\"@id\":\"https:\\\/\\\/www.editorialclaret.cat\\\/#organization\"},\"potentialAction\":[{\"@type\":\"SearchAction\",\"target\":{\"@type\":\"EntryPoint\",\"urlTemplate\":\"https:\\\/\\\/www.editorialclaret.cat\\\/?s={search_term_string}\"},\"query-input\":{\"@type\":\"PropertyValueSpecification\",\"valueRequired\":true,\"valueName\":\"search_term_string\"}}],\"inLanguage\":\"es\"},{\"@type\":\"Organization\",\"@id\":\"https:\\\/\\\/www.editorialclaret.cat\\\/#organization\",\"name\":\"Editorial Claret\",\"url\":\"https:\\\/\\\/www.editorialclaret.cat\\\/\",\"logo\":{\"@type\":\"ImageObject\",\"inLanguage\":\"es\",\"@id\":\"https:\\\/\\\/www.editorialclaret.cat\\\/#\\\/schema\\\/logo\\\/image\\\/\",\"url\":\"https:\\\/\\\/www.editorialclaret.cat\\\/wp-content\\\/uploads\\\/.\\\/logo-claret.png\",\"contentUrl\":\"https:\\\/\\\/www.editorialclaret.cat\\\/wp-content\\\/uploads\\\/.\\\/logo-claret.png\",\"width\":194,\"height\":79,\"caption\":\"Editorial Claret\"},\"image\":{\"@id\":\"https:\\\/\\\/www.editorialclaret.cat\\\/#\\\/schema\\\/logo\\\/image\\\/\"}}]}<\/script>\n<!-- \/ Yoast SEO plugin. -->","yoast_head_json":{"title":"Editorial Claret","robots":{"index":"noindex","follow":"follow","max-snippet":"max-snippet:-1","max-image-preview":"max-image-preview:large","max-video-preview":"max-video-preview:-1"},"og_locale":"es_ES","og_type":"article","og_title":"PREGAR AMB GAUD\u00cd DES DE LA SAGRADA FAM\u00cdLIA - Editorial Claret","og_description":"JOU, DAVID","og_url":"https:\/\/www.editorialclaret.cat\/producte\/pregar-amb-gaudi-des-de-la-sagrada-familia-9788491366010\/","og_site_name":"Editorial Claret","article_modified_time":"2026-04-24T11:25:41+00:00","og_image":[{"width":250,"height":389,"url":"https:\/\/www.editorialclaret.cat\/wp-content\/uploads\/9788491366010-6.jpg","type":"image\/jpeg"}],"twitter_card":"summary_large_image","twitter_misc":{"Tiempo de lectura":"2 minutos"},"schema":{"@context":"https:\/\/schema.org","@graph":[{"@type":"WebPage","@id":"https:\/\/www.editorialclaret.cat\/producte\/pregar-amb-gaudi-des-de-la-sagrada-familia-9788491366010\/","url":"https:\/\/www.editorialclaret.cat\/producte\/pregar-amb-gaudi-des-de-la-sagrada-familia-9788491366010\/","name":"PREGAR AMB GAUD\u00cd DES DE LA SAGRADA FAM\u00cdLIA - Editorial Claret","isPartOf":{"@id":"https:\/\/www.editorialclaret.cat\/#website"},"primaryImageOfPage":{"@id":"https:\/\/www.editorialclaret.cat\/producte\/pregar-amb-gaudi-des-de-la-sagrada-familia-9788491366010\/#primaryimage"},"image":{"@id":"https:\/\/www.editorialclaret.cat\/producte\/pregar-amb-gaudi-des-de-la-sagrada-familia-9788491366010\/#primaryimage"},"thumbnailUrl":"https:\/\/www.editorialclaret.cat\/wp-content\/uploads\/9788491366010-6.jpg","datePublished":"2025-11-18T15:05:02+00:00","dateModified":"2026-04-24T11:25:41+00:00","breadcrumb":{"@id":"https:\/\/www.editorialclaret.cat\/producte\/pregar-amb-gaudi-des-de-la-sagrada-familia-9788491366010\/#breadcrumb"},"inLanguage":"es","potentialAction":[{"@type":"ReadAction","target":["https:\/\/www.editorialclaret.cat\/producte\/pregar-amb-gaudi-des-de-la-sagrada-familia-9788491366010\/"]}]},{"@type":"ImageObject","inLanguage":"es","@id":"https:\/\/www.editorialclaret.cat\/producte\/pregar-amb-gaudi-des-de-la-sagrada-familia-9788491366010\/#primaryimage","url":"https:\/\/www.editorialclaret.cat\/wp-content\/uploads\/9788491366010-6.jpg","contentUrl":"https:\/\/www.editorialclaret.cat\/wp-content\/uploads\/9788491366010-6.jpg","width":250,"height":389,"caption":"9788491366010.jpg"},{"@type":"BreadcrumbList","@id":"https:\/\/www.editorialclaret.cat\/producte\/pregar-amb-gaudi-des-de-la-sagrada-familia-9788491366010\/#breadcrumb","itemListElement":[{"@type":"ListItem","position":1,"name":"Portada","item":"https:\/\/www.editorialclaret.cat\/es\/"},{"@type":"ListItem","position":2,"name":"Botiga","item":"https:\/\/www.editorialclaret.cat\/?page_id=16"},{"@type":"ListItem","position":3,"name":"PREGAR AMB GAUD\u00cd DES DE LA SAGRADA FAM\u00cdLIA"}]},{"@type":"WebSite","@id":"https:\/\/www.editorialclaret.cat\/#website","url":"https:\/\/www.editorialclaret.cat\/","name":"Editorial Claret","description":"","publisher":{"@id":"https:\/\/www.editorialclaret.cat\/#organization"},"potentialAction":[{"@type":"SearchAction","target":{"@type":"EntryPoint","urlTemplate":"https:\/\/www.editorialclaret.cat\/?s={search_term_string}"},"query-input":{"@type":"PropertyValueSpecification","valueRequired":true,"valueName":"search_term_string"}}],"inLanguage":"es"},{"@type":"Organization","@id":"https:\/\/www.editorialclaret.cat\/#organization","name":"Editorial Claret","url":"https:\/\/www.editorialclaret.cat\/","logo":{"@type":"ImageObject","inLanguage":"es","@id":"https:\/\/www.editorialclaret.cat\/#\/schema\/logo\/image\/","url":"https:\/\/www.editorialclaret.cat\/wp-content\/uploads\/.\/logo-claret.png","contentUrl":"https:\/\/www.editorialclaret.cat\/wp-content\/uploads\/.\/logo-claret.png","width":194,"height":79,"caption":"Editorial Claret"},"image":{"@id":"https:\/\/www.editorialclaret.cat\/#\/schema\/logo\/image\/"}}]}},"_links":{"self":[{"href":"https:\/\/www.editorialclaret.cat\/es\/wp-json\/wp\/v2\/product\/69798","targetHints":{"allow":["GET"]}}],"collection":[{"href":"https:\/\/www.editorialclaret.cat\/es\/wp-json\/wp\/v2\/product"}],"about":[{"href":"https:\/\/www.editorialclaret.cat\/es\/wp-json\/wp\/v2\/types\/product"}],"wp:featuredmedia":[{"embeddable":true,"href":"https:\/\/www.editorialclaret.cat\/es\/wp-json\/wp\/v2\/media\/70242"}],"wp:attachment":[{"href":"https:\/\/www.editorialclaret.cat\/es\/wp-json\/wp\/v2\/media?parent=69798"}],"wp:term":[{"taxonomy":"product_brand","embeddable":true,"href":"https:\/\/www.editorialclaret.cat\/es\/wp-json\/wp\/v2\/product_brand?post=69798"},{"taxonomy":"product_cat","embeddable":true,"href":"https:\/\/www.editorialclaret.cat\/es\/wp-json\/wp\/v2\/product_cat?post=69798"},{"taxonomy":"product_tag","embeddable":true,"href":"https:\/\/www.editorialclaret.cat\/es\/wp-json\/wp\/v2\/product_tag?post=69798"}],"curies":[{"name":"wp","href":"https:\/\/api.w.org\/{rel}","templated":true}]}}