{"id":68261,"date":"2025-03-05T10:05:02","date_gmt":"2025-03-05T09:05:02","guid":{"rendered":"https:\/\/www.editorialclaret.cat\/producte\/carta-dun-capella-jubilat-als-seus-amics-9788491365877\/"},"modified":"2026-03-02T12:45:53","modified_gmt":"2026-03-02T11:45:53","slug":"carta-dun-capella-jubilat-als-seus-amics-9788491365877","status":"publish","type":"product","link":"https:\/\/www.editorialclaret.cat\/es\/producto\/carta-dun-capella-jubilat-als-seus-amics-9788491365877\/","title":{"rendered":"CARTA D&#8217;UN CAPELL\u00c0 JUBILAT ALS SEUS AMICS"},"content":{"rendered":"<p><strong class='ql-size-large'>La vida i el llegat de moss\u00e8n Ramon Rossell: traject\u00f2ria, reflexions i testimonis.<\/strong><\/p>\n<p>Descobreix la hist\u00f2ria de moss\u00e8n<strong> Ramon de Canillo<\/strong>, des dels seus anys de joventut fins a la seva arribada a Andorra, en un relat que barreja biografia, pensament i testimoniatges d\u2019amics que han compartit cam\u00ed amb ell.<\/p>\n<p><strong>Un capell\u00e0 humil amb una visi\u00f3 clara del segle XXI<\/strong>, que reflexiona sobre q\u00fcestions universals des de la seva experi\u00e8ncia i vocaci\u00f3.<\/p>\n<p><strong>Un llibre \u00edntim i inspirador<\/strong>, que combina records personals amb reflexions profundes sobre la vida, la fe i la societat actual.<\/p>\n<p><em>*Aquest llibre ha estat impr\u00e8s amb&nbsp;<\/em><a href='https:\/\/www.claret.cat\/ecoedicio\/' rel='noopener noreferrer' target='_blank'><em>paper certificat&nbsp;<\/em><\/a><em>pel Forest Stewardship Council (FSC), que compleix amb els principis de gesti\u00f3 econ\u00f2mica, social i ambiental sostenibles.<\/em><\/p>\n","protected":false},"excerpt":{"rendered":"<p>ROSSELL SERRA, RAMON<\/p>\n","protected":false},"featured_media":68333,"template":"","meta":{"_acf_changed":false,"rs_blank_template":"","rs_page_bg_color":"","slide_template_v7":"","inline_featured_image":false,"_monsterinsights_skip_tracking":false,"_monsterinsights_sitenote_active":false,"_monsterinsights_sitenote_note":"","_monsterinsights_sitenote_category":0},"product_brand":[],"product_cat":[1041,1208,971,830,1067],"product_tag":[],"class_list":{"0":"post-68261","1":"product","2":"type-product","3":"status-publish","4":"has-post-thumbnail","6":"product_cat-catala","7":"product_cat-vida-cotidiana","8":"product_cat-vida-quotidiana","9":"product_cat-vida-religiosa","10":"product_cat-vida-religiosa-espiritualidad","12":"first","13":"instock","14":"taxable","15":"shipping-taxable","16":"purchasable","17":"product-type-simple"},"acf":{"autor":"ROSSELL SERRA, RAMON","codart":"849136587","libros-coleccion":"FORA DE COL.LECCI\u00d3","ediciones":"1","encuadernacion":"R\u00fastica","fecha_de_publicacion":"01\/04\/2025","novedad":"1","paginas":"222","subtitulo":"","orden":"37","portada":"1","idioma":"cat","autores-libros":[{"ID":68266,"post_author":"3","post_date":"2025-03-05 10:10:52","post_date_gmt":"2025-03-05 09:10:52","post_content":"Nascut a Bellcaire el 1939,\u00a0<strong>Ramon Rossell Serra<\/strong>\u00a0curs\u00e0 els estudis al Seminari de la Seu d\u2019Urgell 1950-1963. Ordenat sacerdot a la Pobla de Segur fou nomenat vicari d\u2019Organy\u00e0. El juliol de 1966 fou nomenat rector de Canillo. Ja a Andorra es va convertir en una figura clau del m\u00f3n cat\u00f2lic andorr\u00e0 on cre\u00e0 AINA (Any Internacional Nen@ Andorra 1979). Avui en dia \u00e9s un referent per a molta gent del pa\u00eds i m\u00e9s enll\u00e0.","post_title":"RAMON ROSSELL SERRA","post_excerpt":"","post_status":"publish","comment_status":"closed","ping_status":"closed","post_password":"","post_name":"ramon-rossell-serra-3","to_ping":"","pinged":"","post_modified":"2025-04-16 14:21:15","post_modified_gmt":"2025-04-16 12:21:15","post_content_filtered":"","post_parent":0,"guid":"https:\/\/www.editorialclaret.cat\/autor\/ramon-rossell-serra-3\/","menu_order":0,"post_type":"autor","post_mime_type":"","comment_count":"0","filter":"raw"}],"booktrailer":"<iframe width=\"949\" height=\"433\" src=\"https:\/\/www.youtube.com\/embed\/ijbK8OHCZG8?si=LcWw-XZo_5rqhv-l\" title=\"YouTube video player\" frameborder=\"0\" allow=\"accelerometer; autoplay; clipboard-write; encrypted-media; gyroscope; picture-in-picture; web-share\" referrerpolicy=\"strict-origin-when-cross-origin\" allowfullscreen><\/iframe>","linkebook":"","ficha":"849136587_1741176942.pdf","muestra":"","precioebook":"0","presentacion":"<iframe width=\"949\" height=\"433\" src=\"https:\/\/www.youtube.com\/embed\/EE4ldZUuTCw?si=boAD4J1NLPiNJ6Jc\" title=\"YouTube video player\" frameborder=\"0\" allow=\"accelerometer; autoplay; clipboard-write; encrypted-media; gyroscope; picture-in-picture; web-share\" referrerpolicy=\"strict-origin-when-cross-origin\" allowfullscreen><\/iframe>","resenas":"<p>Diari digital Bondia (Andorra), 27\/03\/2025<\/p>\n<p><a href=\"https:\/\/www.bondia.ad\/cultura\/ramon-abans-de-ser-mossen\" rel=\"noopener noreferrer\" target=\"_blank\">https:\/\/www.bondia.ad\/cultura\/ramon-abans-de-ser-mossen<\/a><\/p>\n<p><\/p>\n<p>El Peri\u00f2dic d&#8217;Andorra, 01\/04\/2025<\/p>\n<p><a href=\"https:\/\/elperiodic.ad\/cultura\/la-vida-i-el-llegat-de-mossen-ramon-rossell-recollits-sota-el-titol-carta-dun-capella-jubilat-als-seus-amics\/\" rel=\"noopener noreferrer\" target=\"_blank\">https:\/\/elperiodic.ad\/cultura\/la-vida-i-el-llegat-de-mossen-ramon-rossell-recollits-sota-el-titol-carta-dun-capella-jubilat-als-seus-amics\/<\/a><\/p>\n<p><\/p>\n<p>R\u00e0dio Valira, 01\/04\/2025<\/p>\n<p><a href=\"https:\/\/radiovalira.ad\/2025\/03\/27\/les-memories-de-mossen-ramon-de-canillo-recollides-en-un-llibre\/\" rel=\"noopener noreferrer\" target=\"_blank\">https:\/\/radiovalira.ad\/2025\/03\/27\/les-memories-de-mossen-ramon-de-canillo-recollides-en-un-llibre\/<\/a><\/p>\n<p><\/p>\n<p>Cultur\u00e0lia, 01\/04\/2025<\/p>\n<p><a href=\"https:\/\/www.culturalia.ad\/noticia\/100674\/les-memories-de-mossen-ramon-de-canillo-recollides-en-un-llibre\" rel=\"noopener noreferrer\" target=\"_blank\">https:\/\/www.culturalia.ad\/noticia\/100674\/les-memories-de-mossen-ramon-de-canillo-recollides-en-un-llibre<\/a><\/p>\n<p><\/p>\n<p>Catalunya Religi\u00f3, 02\/04\/2025<\/p>\n<p><a href=\"https:\/\/www.catalunyareligio.cat\/ca\/editorial-claret-publica-memories-mossen-ramon\" rel=\"noopener noreferrer\" target=\"_blank\">https:\/\/www.catalunyareligio.cat\/ca\/editorial-claret-publica-memories-mossen-ramon<\/a><\/p>\n<p><\/p>\n<p>Catalunya Cristiana, 08\/04\/2025<\/p>\n<p><a href=\"https:\/\/www.catalunyacristiana.cat\/novetats-literaries-de-tematica-religiosa-en-catala\/\" rel=\"noopener noreferrer\" target=\"_blank\">https:\/\/www.catalunyacristiana.cat\/novetats-literaries-de-tematica-religiosa-en-catala\/<\/a><\/p>\n<p><\/p>\n<p>Diari d&#8217;Andorra, 10\/04\/2025<\/p>\n<p><a href=\"https:\/\/www.diariandorra.ad\/nacional\/250411\/crit-d-alegria-d-capella-estimat_170871.html\" rel=\"noopener noreferrer\" target=\"_blank\">https:\/\/www.diariandorra.ad\/nacional\/250411\/crit-d-alegria-d-capella-estimat_170871.html<\/a><\/p>\n<p><\/p>\n<p>Altaveu, 10\/04\/2025<\/p>\n<p><a href=\"https:\/\/www.altaveu.com\/reportatges\/mossen-ramon-fa-cami-mai-camina-sol_65665_102.html\" rel=\"noopener noreferrer\" target=\"_blank\">https:\/\/www.altaveu.com\/reportatges\/mossen-ramon-fa-cami-mai-camina-sol_65665_102.html<\/a><\/p>\n<p><\/p>\n<p>Diari Bondia, 10\/04\/2025<\/p>\n<p><a href=\"https:\/\/www.bondia.ad\/cultura\/abrincourt-capital-canillo\" rel=\"noopener noreferrer\" target=\"_blank\">https:\/\/www.bondia.ad\/cultura\/abrincourt-capital-canillo<\/a><\/p>\n<p><\/p>\n<p>Andorra Difusi\u00f3, 10\/04\/2025<\/p>\n<p><a href=\"https:\/\/www.andorradifusio.ad\/noticies\/mossen-ramon-omple-vestibul-consell-general\" rel=\"noopener noreferrer\" target=\"_blank\">https:\/\/www.andorradifusio.ad\/noticies\/mossen-ramon-omple-vestibul-consell-general<\/a><\/p>\n<p><\/p>\n<p>Catalunya Cristiana, 14\/04\/2025<\/p>\n<p><a href=\" https:\/\/www.catalunyacristiana.cat\/mossen-ramon-rossell-serra-presenta-les-seves-memories-a-canillo\/\" rel=\"noopener noreferrer\" target=\"_blank\">https:\/\/www.catalunyacristiana.cat\/mossen-ramon-rossell-serra-presenta-les-seves-memories-a-canillo\/<\/a><\/p>\n<p><\/p>\n<p>Catalunya Cristiana (catal\u00e0), 04\/05\/2025<\/p>\n<p><a href=\"https:\/\/drive.google.com\/file\/d\/1Szje7aZfEqVVJ7OHDIvylZSBRDAJQbqZ\/view?usp=sharing\" rel=\"noopener noreferrer\" target=\"_blank\">https:\/\/drive.google.com\/file\/d\/1Szje7aZfEqVVJ7OHDIvylZSBRDAJQbqZ\/view?usp=sharing<\/a><\/p>\n<p><\/p>\n<p>Catalunya Cristiana (castell\u00e0), 04\/05\/2025<\/p>\n<p><a href=\"https:\/\/drive.google.com\/file\/d\/1iTikxrccuTRKwOcvih7Z65SXQ9F2TkHF\/view?usp=sharing\" rel=\"noopener noreferrer\" target=\"_blank\">https:\/\/drive.google.com\/file\/d\/1iTikxrccuTRKwOcvih7Z65SXQ9F2TkHF\/view?usp=sharing<\/a><\/p>\n<p><\/p>\n<p>Bon Dia Andorra, 02\/05\/2025<\/p>\n<p><a href=\"https:\/\/www.bondia.ad\/opinio\/els-petits-miracles-de-mossen-ramon\" rel=\"noopener noreferrer\" target=\"_blank\">https:\/\/www.bondia.ad\/opinio\/els-petits-miracles-de-mossen-ramon<\/a><\/p>\n<p><\/p>\n<p>El Bon Pastor, 08\/06\/2025<\/p>\n<p><a href=\"https:\/\/drive.google.com\/file\/d\/1S8l0BQCjh0guHYjp1urIDcyn4hz1DuPt\/view?usp=sharing\" rel=\"noopener noreferrer\" target=\"_blank\">https:\/\/drive.google.com\/file\/d\/1S8l0BQCjh0guHYjp1urIDcyn4hz1DuPt\/view?usp=sharing<\/a><\/p>\n<p><\/p>\n<p>Bondia Andorra, 13\/06\/2025<\/p>\n<p><a href=\"https:\/\/www.bondia.ad\/societat\/mossen-ramon-rossell-les-medalles-que-m-emocionen-son-la-de-meritxell-i-la-de-la-primera-comunio#google_vignette\" rel=\"noopener noreferrer\" target=\"_blank\">https:\/\/www.bondia.ad\/societat\/mossen-ramon-rossell-les-medalles-que-m-emocionen-son-la-de-meritxell-i-la-de-la-primera-comunio#google_vignette<\/a><\/p>\n<p><\/p>\n<p>Ag\u00e8ncia Flama, 23\/06\/2025<\/p>\n<p><a href=\"https:\/\/www.agenciaflama.cat\/ramon-rossell-rector-de-canillo-deu-mha-regalat-el-privilegi-de-ser-mossen-duna-de-les-parroquies-mes-altes-deuropa\/\" rel=\"noopener noreferrer\" target=\"_blank\">https:\/\/www.agenciaflama.cat\/ramon-rossell-rector-de-canillo-deu-mha-regalat-el-privilegi-de-ser-mossen-duna-de-les-parroquies-mes-altes-deuropa\/<\/a><\/p>\n<p><\/p>\n<p>Catalunya Cristiana, 08\/06\/2025<\/p>\n<p><a href=\"https:\/\/drive.google.com\/file\/d\/1WcXCVYGB7xA4sIH6Mg_NPD63MhvH83Ve\/view?usp=sharing\" rel=\"noopener noreferrer\" target=\"_blank\">https:\/\/drive.google.com\/file\/d\/1WcXCVYGB7xA4sIH6Mg_NPD63MhvH83Ve\/view?usp=sharing<\/a><\/p>\n"},"yoast_head":"<!-- This site is optimized with the Yoast SEO plugin v27.3 - https:\/\/yoast.com\/product\/yoast-seo-wordpress\/ -->\n<title>Editorial Claret<\/title>\n<meta name=\"robots\" content=\"noindex, follow, max-snippet:-1, max-image-preview:large, max-video-preview:-1\" \/>\n<meta property=\"og:locale\" content=\"es_ES\" \/>\n<meta property=\"og:type\" content=\"article\" \/>\n<meta property=\"og:title\" content=\"CARTA D&#039;UN CAPELL\u00c0 JUBILAT ALS SEUS AMICS - Editorial Claret\" \/>\n<meta property=\"og:description\" content=\"ROSSELL SERRA, RAMON\" \/>\n<meta property=\"og:url\" content=\"https:\/\/www.editorialclaret.cat\/producte\/carta-dun-capella-jubilat-als-seus-amics-9788491365877\/\" \/>\n<meta property=\"og:site_name\" content=\"Editorial Claret\" \/>\n<meta property=\"article:modified_time\" content=\"2026-03-02T11:45:53+00:00\" \/>\n<meta property=\"og:image\" content=\"https:\/\/www.editorialclaret.cat\/wp-content\/uploads\/9788491365877-4.jpg\" \/>\n\t<meta property=\"og:image:width\" content=\"250\" \/>\n\t<meta property=\"og:image:height\" content=\"389\" \/>\n\t<meta property=\"og:image:type\" content=\"image\/jpeg\" \/>\n<meta name=\"twitter:card\" content=\"summary_large_image\" \/>\n<meta name=\"twitter:label1\" content=\"Tiempo de lectura\" \/>\n\t<meta name=\"twitter:data1\" content=\"1 minuto\" \/>\n<script type=\"application\/ld+json\" class=\"yoast-schema-graph\">{\"@context\":\"https:\\\/\\\/schema.org\",\"@graph\":[{\"@type\":\"WebPage\",\"@id\":\"https:\\\/\\\/www.editorialclaret.cat\\\/producte\\\/carta-dun-capella-jubilat-als-seus-amics-9788491365877\\\/\",\"url\":\"https:\\\/\\\/www.editorialclaret.cat\\\/producte\\\/carta-dun-capella-jubilat-als-seus-amics-9788491365877\\\/\",\"name\":\"CARTA D'UN CAPELL\u00c0 JUBILAT ALS SEUS AMICS - Editorial Claret\",\"isPartOf\":{\"@id\":\"https:\\\/\\\/www.editorialclaret.cat\\\/#website\"},\"primaryImageOfPage\":{\"@id\":\"https:\\\/\\\/www.editorialclaret.cat\\\/producte\\\/carta-dun-capella-jubilat-als-seus-amics-9788491365877\\\/#primaryimage\"},\"image\":{\"@id\":\"https:\\\/\\\/www.editorialclaret.cat\\\/producte\\\/carta-dun-capella-jubilat-als-seus-amics-9788491365877\\\/#primaryimage\"},\"thumbnailUrl\":\"https:\\\/\\\/www.editorialclaret.cat\\\/wp-content\\\/uploads\\\/9788491365877-4.jpg\",\"datePublished\":\"2025-03-05T09:05:02+00:00\",\"dateModified\":\"2026-03-02T11:45:53+00:00\",\"breadcrumb\":{\"@id\":\"https:\\\/\\\/www.editorialclaret.cat\\\/producte\\\/carta-dun-capella-jubilat-als-seus-amics-9788491365877\\\/#breadcrumb\"},\"inLanguage\":\"es\",\"potentialAction\":[{\"@type\":\"ReadAction\",\"target\":[\"https:\\\/\\\/www.editorialclaret.cat\\\/producte\\\/carta-dun-capella-jubilat-als-seus-amics-9788491365877\\\/\"]}]},{\"@type\":\"ImageObject\",\"inLanguage\":\"es\",\"@id\":\"https:\\\/\\\/www.editorialclaret.cat\\\/producte\\\/carta-dun-capella-jubilat-als-seus-amics-9788491365877\\\/#primaryimage\",\"url\":\"https:\\\/\\\/www.editorialclaret.cat\\\/wp-content\\\/uploads\\\/9788491365877-4.jpg\",\"contentUrl\":\"https:\\\/\\\/www.editorialclaret.cat\\\/wp-content\\\/uploads\\\/9788491365877-4.jpg\",\"width\":250,\"height\":389,\"caption\":\"9788491365877.jpg\"},{\"@type\":\"BreadcrumbList\",\"@id\":\"https:\\\/\\\/www.editorialclaret.cat\\\/producte\\\/carta-dun-capella-jubilat-als-seus-amics-9788491365877\\\/#breadcrumb\",\"itemListElement\":[{\"@type\":\"ListItem\",\"position\":1,\"name\":\"Portada\",\"item\":\"https:\\\/\\\/www.editorialclaret.cat\\\/es\\\/\"},{\"@type\":\"ListItem\",\"position\":2,\"name\":\"Botiga\",\"item\":\"https:\\\/\\\/www.editorialclaret.cat\\\/?page_id=16\"},{\"@type\":\"ListItem\",\"position\":3,\"name\":\"CARTA D&#8217;UN CAPELL\u00c0 JUBILAT ALS SEUS AMICS\"}]},{\"@type\":\"WebSite\",\"@id\":\"https:\\\/\\\/www.editorialclaret.cat\\\/#website\",\"url\":\"https:\\\/\\\/www.editorialclaret.cat\\\/\",\"name\":\"Editorial Claret\",\"description\":\"\",\"publisher\":{\"@id\":\"https:\\\/\\\/www.editorialclaret.cat\\\/#organization\"},\"potentialAction\":[{\"@type\":\"SearchAction\",\"target\":{\"@type\":\"EntryPoint\",\"urlTemplate\":\"https:\\\/\\\/www.editorialclaret.cat\\\/?s={search_term_string}\"},\"query-input\":{\"@type\":\"PropertyValueSpecification\",\"valueRequired\":true,\"valueName\":\"search_term_string\"}}],\"inLanguage\":\"es\"},{\"@type\":\"Organization\",\"@id\":\"https:\\\/\\\/www.editorialclaret.cat\\\/#organization\",\"name\":\"Editorial Claret\",\"url\":\"https:\\\/\\\/www.editorialclaret.cat\\\/\",\"logo\":{\"@type\":\"ImageObject\",\"inLanguage\":\"es\",\"@id\":\"https:\\\/\\\/www.editorialclaret.cat\\\/#\\\/schema\\\/logo\\\/image\\\/\",\"url\":\"https:\\\/\\\/www.editorialclaret.cat\\\/wp-content\\\/uploads\\\/.\\\/logo-claret.png\",\"contentUrl\":\"https:\\\/\\\/www.editorialclaret.cat\\\/wp-content\\\/uploads\\\/.\\\/logo-claret.png\",\"width\":194,\"height\":79,\"caption\":\"Editorial Claret\"},\"image\":{\"@id\":\"https:\\\/\\\/www.editorialclaret.cat\\\/#\\\/schema\\\/logo\\\/image\\\/\"}}]}<\/script>\n<!-- \/ Yoast SEO plugin. -->","yoast_head_json":{"title":"Editorial Claret","robots":{"index":"noindex","follow":"follow","max-snippet":"max-snippet:-1","max-image-preview":"max-image-preview:large","max-video-preview":"max-video-preview:-1"},"og_locale":"es_ES","og_type":"article","og_title":"CARTA D'UN CAPELL\u00c0 JUBILAT ALS SEUS AMICS - Editorial Claret","og_description":"ROSSELL SERRA, RAMON","og_url":"https:\/\/www.editorialclaret.cat\/producte\/carta-dun-capella-jubilat-als-seus-amics-9788491365877\/","og_site_name":"Editorial Claret","article_modified_time":"2026-03-02T11:45:53+00:00","og_image":[{"width":250,"height":389,"url":"https:\/\/www.editorialclaret.cat\/wp-content\/uploads\/9788491365877-4.jpg","type":"image\/jpeg"}],"twitter_card":"summary_large_image","twitter_misc":{"Tiempo de lectura":"1 minuto"},"schema":{"@context":"https:\/\/schema.org","@graph":[{"@type":"WebPage","@id":"https:\/\/www.editorialclaret.cat\/producte\/carta-dun-capella-jubilat-als-seus-amics-9788491365877\/","url":"https:\/\/www.editorialclaret.cat\/producte\/carta-dun-capella-jubilat-als-seus-amics-9788491365877\/","name":"CARTA D'UN CAPELL\u00c0 JUBILAT ALS SEUS AMICS - Editorial Claret","isPartOf":{"@id":"https:\/\/www.editorialclaret.cat\/#website"},"primaryImageOfPage":{"@id":"https:\/\/www.editorialclaret.cat\/producte\/carta-dun-capella-jubilat-als-seus-amics-9788491365877\/#primaryimage"},"image":{"@id":"https:\/\/www.editorialclaret.cat\/producte\/carta-dun-capella-jubilat-als-seus-amics-9788491365877\/#primaryimage"},"thumbnailUrl":"https:\/\/www.editorialclaret.cat\/wp-content\/uploads\/9788491365877-4.jpg","datePublished":"2025-03-05T09:05:02+00:00","dateModified":"2026-03-02T11:45:53+00:00","breadcrumb":{"@id":"https:\/\/www.editorialclaret.cat\/producte\/carta-dun-capella-jubilat-als-seus-amics-9788491365877\/#breadcrumb"},"inLanguage":"es","potentialAction":[{"@type":"ReadAction","target":["https:\/\/www.editorialclaret.cat\/producte\/carta-dun-capella-jubilat-als-seus-amics-9788491365877\/"]}]},{"@type":"ImageObject","inLanguage":"es","@id":"https:\/\/www.editorialclaret.cat\/producte\/carta-dun-capella-jubilat-als-seus-amics-9788491365877\/#primaryimage","url":"https:\/\/www.editorialclaret.cat\/wp-content\/uploads\/9788491365877-4.jpg","contentUrl":"https:\/\/www.editorialclaret.cat\/wp-content\/uploads\/9788491365877-4.jpg","width":250,"height":389,"caption":"9788491365877.jpg"},{"@type":"BreadcrumbList","@id":"https:\/\/www.editorialclaret.cat\/producte\/carta-dun-capella-jubilat-als-seus-amics-9788491365877\/#breadcrumb","itemListElement":[{"@type":"ListItem","position":1,"name":"Portada","item":"https:\/\/www.editorialclaret.cat\/es\/"},{"@type":"ListItem","position":2,"name":"Botiga","item":"https:\/\/www.editorialclaret.cat\/?page_id=16"},{"@type":"ListItem","position":3,"name":"CARTA D&#8217;UN CAPELL\u00c0 JUBILAT ALS SEUS AMICS"}]},{"@type":"WebSite","@id":"https:\/\/www.editorialclaret.cat\/#website","url":"https:\/\/www.editorialclaret.cat\/","name":"Editorial Claret","description":"","publisher":{"@id":"https:\/\/www.editorialclaret.cat\/#organization"},"potentialAction":[{"@type":"SearchAction","target":{"@type":"EntryPoint","urlTemplate":"https:\/\/www.editorialclaret.cat\/?s={search_term_string}"},"query-input":{"@type":"PropertyValueSpecification","valueRequired":true,"valueName":"search_term_string"}}],"inLanguage":"es"},{"@type":"Organization","@id":"https:\/\/www.editorialclaret.cat\/#organization","name":"Editorial Claret","url":"https:\/\/www.editorialclaret.cat\/","logo":{"@type":"ImageObject","inLanguage":"es","@id":"https:\/\/www.editorialclaret.cat\/#\/schema\/logo\/image\/","url":"https:\/\/www.editorialclaret.cat\/wp-content\/uploads\/.\/logo-claret.png","contentUrl":"https:\/\/www.editorialclaret.cat\/wp-content\/uploads\/.\/logo-claret.png","width":194,"height":79,"caption":"Editorial Claret"},"image":{"@id":"https:\/\/www.editorialclaret.cat\/#\/schema\/logo\/image\/"}}]}},"_links":{"self":[{"href":"https:\/\/www.editorialclaret.cat\/es\/wp-json\/wp\/v2\/product\/68261","targetHints":{"allow":["GET"]}}],"collection":[{"href":"https:\/\/www.editorialclaret.cat\/es\/wp-json\/wp\/v2\/product"}],"about":[{"href":"https:\/\/www.editorialclaret.cat\/es\/wp-json\/wp\/v2\/types\/product"}],"wp:featuredmedia":[{"embeddable":true,"href":"https:\/\/www.editorialclaret.cat\/es\/wp-json\/wp\/v2\/media\/68333"}],"wp:attachment":[{"href":"https:\/\/www.editorialclaret.cat\/es\/wp-json\/wp\/v2\/media?parent=68261"}],"wp:term":[{"taxonomy":"product_brand","embeddable":true,"href":"https:\/\/www.editorialclaret.cat\/es\/wp-json\/wp\/v2\/product_brand?post=68261"},{"taxonomy":"product_cat","embeddable":true,"href":"https:\/\/www.editorialclaret.cat\/es\/wp-json\/wp\/v2\/product_cat?post=68261"},{"taxonomy":"product_tag","embeddable":true,"href":"https:\/\/www.editorialclaret.cat\/es\/wp-json\/wp\/v2\/product_tag?post=68261"}],"curies":[{"name":"wp","href":"https:\/\/api.w.org\/{rel}","templated":true}]}}