{"id":67948,"date":"2025-02-03T10:55:12","date_gmt":"2025-02-03T09:55:12","guid":{"rendered":"https:\/\/www.editorialclaret.cat\/producte\/fuego-en-el-desierto-9788491365860\/"},"modified":"2026-01-14T14:36:38","modified_gmt":"2026-01-14T13:36:38","slug":"fuego-en-el-desierto-9788491365860","status":"publish","type":"product","link":"https:\/\/www.editorialclaret.cat\/es\/producto\/fuego-en-el-desierto-9788491365860\/","title":{"rendered":"FUEGO EN EL DESIERTO"},"content":{"rendered":"<p><em>Fuego en el desierto<\/em> es una novela hist\u00f3rica que recrea el relato b\u00edblico del <strong>\u00c9xodo<\/strong>, narrando el nacimiento del <strong>pueblo de Israel<\/strong> y la epopeya de <strong>Mois\u00e9s<\/strong>. Desde su infancia en la corte egipcia hasta su exilio en Madi\u00e1n y su regreso como l\u00edder, la historia sigue momentos clave como la <strong>huida de Egipto<\/strong>, el <strong>cruce del Mar Rojo<\/strong> y la traves\u00eda por el <strong>desierto del Sina\u00ed<\/strong>. En su camino hacia la <strong>Tierra Prometida<\/strong>, el pueblo hebreo enfrenta desaf\u00edos que ponen a prueba su fe y unidad. Una apasionante novela sobre la lucha por la libertad, el liderazgo y el destino de una naci\u00f3n.<\/p>\n<p><\/p>\n<p>El libro perfecto para:<\/p>\n<ul>\n<li><strong>Amantes de la novela hist\u00f3rica y b\u00edblica<\/strong>, especialmente interesados en recreaciones rigurosas del Antiguo Oriente. <\/li>\n<li><strong>Lectores que buscan personajes femeninos fuertes<\/strong>, protagonistas de resistencia, valent\u00eda y compasi\u00f3n en medio de la violencia y la injusticia.<\/li>\n<li><strong>Personas interesadas en la Biblia desde una perspectiva literaria<\/strong>, que desean profundizar en los textos sagrados a trav\u00e9s de la ficci\u00f3n narrativa.<\/li>\n<li><strong>Educadores, catequistas y animadores culturales<\/strong>, que pueden utilizar esta novela como recurso para sus sesiones.<\/li>\n<\/ul>\n<p><\/p>\n<p><em>*Este&nbsp;libro ha sido imprimido con <\/em><a href='https:\/\/www.claret.cat\/es\/ecoedicion\/' rel='noopener noreferrer' target='_blank'><strong><em>papel certificado <\/em><\/strong><\/a><em>por el Forest Stewardship&nbsp;Council&nbsp;(FSC), que cumple con los principios de gesti\u00f3n econ\u00f3mica, social y ambiental sostenibles.<\/em><\/p>\n","protected":false},"excerpt":{"rendered":"<p>DE PAZ, MONTSE<\/p>\n","protected":false},"featured_media":70258,"template":"","meta":{"_acf_changed":false,"rs_blank_template":"","rs_page_bg_color":"","slide_template_v7":"","inline_featured_image":false,"_monsterinsights_skip_tracking":false,"_monsterinsights_sitenote_active":false,"_monsterinsights_sitenote_note":"","_monsterinsights_sitenote_category":0},"product_brand":[],"product_cat":[1042,931,1168,868,1105],"product_tag":[],"class_list":{"0":"post-67948","1":"product","2":"type-product","3":"status-publish","4":"has-post-thumbnail","6":"product_cat-castella","7":"product_cat-introduccio-a-t","8":"product_cat-introduccion-a-t","9":"product_cat-novella-historica-i-ficcio","10":"product_cat-novela-historica-y-ficcion","12":"first","13":"instock","14":"taxable","15":"shipping-taxable","16":"purchasable","17":"product-type-simple"},"acf":{"autor":"DE PAZ, MONTSE","codart":"849136586","libros-coleccion":"","ediciones":"1","encuadernacion":"R\u00fastica","fecha_de_publicacion":"04\/03\/2025","novedad":"1","paginas":"600","subtitulo":"","orden":"17","portada":"1","idioma":"spa","autores-libros":[{"ID":67953,"post_author":"3","post_date":"2025-02-03 11:02:14","post_date_gmt":"2025-02-03 10:02:14","post_content":"Licenciada en Filolog\u00eda Inglesa, ha dedicado gran parte de su vida a las causas humanitarias y al servicio comunitario en diversas parroquias. Desde temprana edad, su vocaci\u00f3n por la escritura se aliment\u00f3 de las ricas experiencias obtenidas en su labor social. Ha publicado varias novelas, relatos cortos y obras de espiritualidad y autoayuda.","post_title":"MONTSE DE PAZ","post_excerpt":"","post_status":"publish","comment_status":"closed","ping_status":"closed","post_password":"","post_name":"montse-de-paz-3","to_ping":"","pinged":"","post_modified":"2025-02-19 14:23:02","post_modified_gmt":"2025-02-19 13:23:02","post_content_filtered":"","post_parent":0,"guid":"https:\/\/www.editorialclaret.cat\/autor\/montse-de-paz-3\/","menu_order":0,"post_type":"autor","post_mime_type":"","comment_count":"0","filter":"raw"}],"booktrailer":"","linkebook":"","ficha":"849136586_1738583109.pdf","muestra":"","precioebook":"0","presentacion":"","resenas":"<p>Catalunya Cristiana, 3\/03\/2025<\/p>\n<p><a href=\"https:\/\/www.catalunyacristiana.cat\/montse-de-paz-novella-moises-exode\/\" rel=\"noopener noreferrer\" target=\"_blank\">https:\/\/www.catalunyacristiana.cat\/montse-de-paz-novella-moises-exode\/<\/a><\/p>\n<p><\/p>\n<p>Catalunya Cristiana (catal\u00e0), 16\/03\/2025<\/p>\n<p><a href=\"https:\/\/drive.google.com\/file\/d\/1Ks7BHg3zoJx05e6QQGEIgFy_XSRrJlpj\/view?usp=sharing\" rel=\"noopener noreferrer\" target=\"_blank\">https:\/\/drive.google.com\/file\/d\/1Ks7BHg3zoJx05e6QQGEIgFy_XSRrJlpj\/view?usp=sharing<\/a><\/p>\n<p><\/p>\n<p>Catalunya Cristiana (castell\u00e0), 16\/03\/2025<\/p>\n<p><a href=\"https:\/\/drive.google.com\/file\/d\/1rNMJHfUUw7kn9OKcV4Nn7N5DlKJ2xV-I\/view?usp=sharing\" rel=\"noopener noreferrer\" target=\"_blank\">https:\/\/drive.google.com\/file\/d\/1rNMJHfUUw7kn9OKcV4Nn7N5DlKJ2xV-I\/view?usp=sharing<\/a><\/p>\n<p><\/p>\n<p>Catalunya Religi\u00f3, 17\/03\/2025<\/p>\n<p><a href=\"https:\/\/www.catalunyareligio.cat\/ca\/blog\/llibres-recomanats\/fuego-en-desierto-318441\" rel=\"noopener noreferrer\" target=\"_blank\">https:\/\/www.catalunyareligio.cat\/ca\/blog\/llibres-recomanats\/fuego-en-desierto-318441<\/a><\/p>\n<p><\/p>\n<p>Catalunya Cristiana, 15\/04\/2025<\/p>\n<p><a href=\"https:\/\/www.catalunyacristiana.cat\/montse-de-paz-la-missio-impossible-es-fa-possible-quan-la-persona-salia-amb-deu\/\" rel=\"noopener noreferrer\" target=\"_blank\">https:\/\/www.catalunyacristiana.cat\/montse-de-paz-la-missio-impossible-es-fa-possible-quan-la-persona-salia-amb-deu\/<\/a><\/p>\n<p><\/p>\n<p>Catalunya Cristiana (catal\u00e0), 20\/04\/2025<\/p>\n<p><a href=\"https:\/\/drive.google.com\/file\/d\/1jLQXJE_InAtTrMINxKkqq4hOi3cU1Ven\/view?usp=sharing\" rel=\"noopener noreferrer\" target=\"_blank\">https:\/\/drive.google.com\/file\/d\/1jLQXJE_InAtTrMINxKkqq4hOi3cU1Ven\/view?usp=sharing<\/a><\/p>\n<p><\/p>\n<p>Catalunya Cristiana (castellano), 20\/04\/2025<\/p>\n<p><a href=\"https:\/\/drive.google.com\/file\/d\/1yj_Lo1f_vGrGI7xUlm_3v5-BV8qkjswy\/view?usp=sharing\" rel=\"noopener noreferrer\" target=\"_blank\">https:\/\/drive.google.com\/file\/d\/1yj_Lo1f_vGrGI7xUlm_3v5-BV8qkjswy\/view?usp=sharing<\/a><\/p>\n<p><\/p>\n<p>Catalunya Cristiana (castellano), 14\/09\/2025<\/p>\n<p><a href=\"https:\/\/drive.google.com\/file\/d\/1JRgHkRTlUJWbqluGDiEcCctR9RMmu7Gm\/view?usp=sharing\" rel=\"noopener noreferrer\" target=\"_blank\">https:\/\/drive.google.com\/file\/d\/1JRgHkRTlUJWbqluGDiEcCctR9RMmu7Gm\/view?usp=sharing<\/a><\/p>\n<p><\/p>\n<p>Catalunya Cristiana (castellano), 09\/11\/2025<\/p>\n<p><a href=\"https:\/\/drive.google.com\/file\/d\/1DqMbW6oANtHY_hz_M5pdqmms1lFJFqxF\/view?usp=sharing\" rel=\"noopener noreferrer\" target=\"_blank\">https:\/\/drive.google.com\/file\/d\/1DqMbW6oANtHY_hz_M5pdqmms1lFJFqxF\/view?usp=sharing<\/a><\/p>\n<p><\/p>\n<p>Catalunya Cristiana (castellano), 14\/12\/2025<\/p>\n<p><a href=\"https:\/\/drive.google.com\/file\/d\/1r1Rrod1qKpB6amgqqjK_ifj908dYb8Nh\/view?usp=sharing\" rel=\"noopener noreferrer\" target=\"_blank\">https:\/\/drive.google.com\/file\/d\/1r1Rrod1qKpB6amgqqjK_ifj908dYb8Nh\/view?usp=sharing<\/a><\/p>\n"},"yoast_head":"<!-- This site is optimized with the Yoast SEO plugin v27.3 - https:\/\/yoast.com\/product\/yoast-seo-wordpress\/ -->\n<title>Editorial Claret<\/title>\n<meta name=\"robots\" content=\"noindex, follow, max-snippet:-1, max-image-preview:large, max-video-preview:-1\" \/>\n<meta property=\"og:locale\" content=\"es_ES\" \/>\n<meta property=\"og:type\" content=\"article\" \/>\n<meta property=\"og:title\" content=\"FUEGO EN EL DESIERTO - Editorial Claret\" \/>\n<meta property=\"og:description\" content=\"DE PAZ, MONTSE\" \/>\n<meta property=\"og:url\" content=\"https:\/\/www.editorialclaret.cat\/producte\/fuego-en-el-desierto-9788491365860\/\" \/>\n<meta property=\"og:site_name\" content=\"Editorial Claret\" \/>\n<meta property=\"article:modified_time\" content=\"2026-01-14T13:36:38+00:00\" \/>\n<meta property=\"og:image\" content=\"https:\/\/www.editorialclaret.cat\/wp-content\/uploads\/9788491365860-6.jpg\" \/>\n\t<meta property=\"og:image:width\" content=\"250\" \/>\n\t<meta property=\"og:image:height\" content=\"389\" \/>\n\t<meta property=\"og:image:type\" content=\"image\/jpeg\" \/>\n<meta name=\"twitter:card\" content=\"summary_large_image\" \/>\n<meta name=\"twitter:label1\" content=\"Tiempo de lectura\" \/>\n\t<meta name=\"twitter:data1\" content=\"1 minuto\" \/>\n<script type=\"application\/ld+json\" class=\"yoast-schema-graph\">{\"@context\":\"https:\\\/\\\/schema.org\",\"@graph\":[{\"@type\":\"WebPage\",\"@id\":\"https:\\\/\\\/www.editorialclaret.cat\\\/producte\\\/fuego-en-el-desierto-9788491365860\\\/\",\"url\":\"https:\\\/\\\/www.editorialclaret.cat\\\/producte\\\/fuego-en-el-desierto-9788491365860\\\/\",\"name\":\"FUEGO EN EL DESIERTO - Editorial Claret\",\"isPartOf\":{\"@id\":\"https:\\\/\\\/www.editorialclaret.cat\\\/#website\"},\"primaryImageOfPage\":{\"@id\":\"https:\\\/\\\/www.editorialclaret.cat\\\/producte\\\/fuego-en-el-desierto-9788491365860\\\/#primaryimage\"},\"image\":{\"@id\":\"https:\\\/\\\/www.editorialclaret.cat\\\/producte\\\/fuego-en-el-desierto-9788491365860\\\/#primaryimage\"},\"thumbnailUrl\":\"https:\\\/\\\/www.editorialclaret.cat\\\/wp-content\\\/uploads\\\/9788491365860-6.jpg\",\"datePublished\":\"2025-02-03T09:55:12+00:00\",\"dateModified\":\"2026-01-14T13:36:38+00:00\",\"breadcrumb\":{\"@id\":\"https:\\\/\\\/www.editorialclaret.cat\\\/producte\\\/fuego-en-el-desierto-9788491365860\\\/#breadcrumb\"},\"inLanguage\":\"es\",\"potentialAction\":[{\"@type\":\"ReadAction\",\"target\":[\"https:\\\/\\\/www.editorialclaret.cat\\\/producte\\\/fuego-en-el-desierto-9788491365860\\\/\"]}]},{\"@type\":\"ImageObject\",\"inLanguage\":\"es\",\"@id\":\"https:\\\/\\\/www.editorialclaret.cat\\\/producte\\\/fuego-en-el-desierto-9788491365860\\\/#primaryimage\",\"url\":\"https:\\\/\\\/www.editorialclaret.cat\\\/wp-content\\\/uploads\\\/9788491365860-6.jpg\",\"contentUrl\":\"https:\\\/\\\/www.editorialclaret.cat\\\/wp-content\\\/uploads\\\/9788491365860-6.jpg\",\"width\":250,\"height\":389,\"caption\":\"9788491365860.jpg\"},{\"@type\":\"BreadcrumbList\",\"@id\":\"https:\\\/\\\/www.editorialclaret.cat\\\/producte\\\/fuego-en-el-desierto-9788491365860\\\/#breadcrumb\",\"itemListElement\":[{\"@type\":\"ListItem\",\"position\":1,\"name\":\"Portada\",\"item\":\"https:\\\/\\\/www.editorialclaret.cat\\\/es\\\/\"},{\"@type\":\"ListItem\",\"position\":2,\"name\":\"Botiga\",\"item\":\"https:\\\/\\\/www.editorialclaret.cat\\\/?page_id=16\"},{\"@type\":\"ListItem\",\"position\":3,\"name\":\"FUEGO EN EL DESIERTO\"}]},{\"@type\":\"WebSite\",\"@id\":\"https:\\\/\\\/www.editorialclaret.cat\\\/#website\",\"url\":\"https:\\\/\\\/www.editorialclaret.cat\\\/\",\"name\":\"Editorial Claret\",\"description\":\"\",\"publisher\":{\"@id\":\"https:\\\/\\\/www.editorialclaret.cat\\\/#organization\"},\"potentialAction\":[{\"@type\":\"SearchAction\",\"target\":{\"@type\":\"EntryPoint\",\"urlTemplate\":\"https:\\\/\\\/www.editorialclaret.cat\\\/?s={search_term_string}\"},\"query-input\":{\"@type\":\"PropertyValueSpecification\",\"valueRequired\":true,\"valueName\":\"search_term_string\"}}],\"inLanguage\":\"es\"},{\"@type\":\"Organization\",\"@id\":\"https:\\\/\\\/www.editorialclaret.cat\\\/#organization\",\"name\":\"Editorial Claret\",\"url\":\"https:\\\/\\\/www.editorialclaret.cat\\\/\",\"logo\":{\"@type\":\"ImageObject\",\"inLanguage\":\"es\",\"@id\":\"https:\\\/\\\/www.editorialclaret.cat\\\/#\\\/schema\\\/logo\\\/image\\\/\",\"url\":\"https:\\\/\\\/www.editorialclaret.cat\\\/wp-content\\\/uploads\\\/.\\\/logo-claret.png\",\"contentUrl\":\"https:\\\/\\\/www.editorialclaret.cat\\\/wp-content\\\/uploads\\\/.\\\/logo-claret.png\",\"width\":194,\"height\":79,\"caption\":\"Editorial Claret\"},\"image\":{\"@id\":\"https:\\\/\\\/www.editorialclaret.cat\\\/#\\\/schema\\\/logo\\\/image\\\/\"}}]}<\/script>\n<!-- \/ Yoast SEO plugin. -->","yoast_head_json":{"title":"Editorial Claret","robots":{"index":"noindex","follow":"follow","max-snippet":"max-snippet:-1","max-image-preview":"max-image-preview:large","max-video-preview":"max-video-preview:-1"},"og_locale":"es_ES","og_type":"article","og_title":"FUEGO EN EL DESIERTO - Editorial Claret","og_description":"DE PAZ, MONTSE","og_url":"https:\/\/www.editorialclaret.cat\/producte\/fuego-en-el-desierto-9788491365860\/","og_site_name":"Editorial Claret","article_modified_time":"2026-01-14T13:36:38+00:00","og_image":[{"width":250,"height":389,"url":"https:\/\/www.editorialclaret.cat\/wp-content\/uploads\/9788491365860-6.jpg","type":"image\/jpeg"}],"twitter_card":"summary_large_image","twitter_misc":{"Tiempo de lectura":"1 minuto"},"schema":{"@context":"https:\/\/schema.org","@graph":[{"@type":"WebPage","@id":"https:\/\/www.editorialclaret.cat\/producte\/fuego-en-el-desierto-9788491365860\/","url":"https:\/\/www.editorialclaret.cat\/producte\/fuego-en-el-desierto-9788491365860\/","name":"FUEGO EN EL DESIERTO - Editorial Claret","isPartOf":{"@id":"https:\/\/www.editorialclaret.cat\/#website"},"primaryImageOfPage":{"@id":"https:\/\/www.editorialclaret.cat\/producte\/fuego-en-el-desierto-9788491365860\/#primaryimage"},"image":{"@id":"https:\/\/www.editorialclaret.cat\/producte\/fuego-en-el-desierto-9788491365860\/#primaryimage"},"thumbnailUrl":"https:\/\/www.editorialclaret.cat\/wp-content\/uploads\/9788491365860-6.jpg","datePublished":"2025-02-03T09:55:12+00:00","dateModified":"2026-01-14T13:36:38+00:00","breadcrumb":{"@id":"https:\/\/www.editorialclaret.cat\/producte\/fuego-en-el-desierto-9788491365860\/#breadcrumb"},"inLanguage":"es","potentialAction":[{"@type":"ReadAction","target":["https:\/\/www.editorialclaret.cat\/producte\/fuego-en-el-desierto-9788491365860\/"]}]},{"@type":"ImageObject","inLanguage":"es","@id":"https:\/\/www.editorialclaret.cat\/producte\/fuego-en-el-desierto-9788491365860\/#primaryimage","url":"https:\/\/www.editorialclaret.cat\/wp-content\/uploads\/9788491365860-6.jpg","contentUrl":"https:\/\/www.editorialclaret.cat\/wp-content\/uploads\/9788491365860-6.jpg","width":250,"height":389,"caption":"9788491365860.jpg"},{"@type":"BreadcrumbList","@id":"https:\/\/www.editorialclaret.cat\/producte\/fuego-en-el-desierto-9788491365860\/#breadcrumb","itemListElement":[{"@type":"ListItem","position":1,"name":"Portada","item":"https:\/\/www.editorialclaret.cat\/es\/"},{"@type":"ListItem","position":2,"name":"Botiga","item":"https:\/\/www.editorialclaret.cat\/?page_id=16"},{"@type":"ListItem","position":3,"name":"FUEGO EN EL DESIERTO"}]},{"@type":"WebSite","@id":"https:\/\/www.editorialclaret.cat\/#website","url":"https:\/\/www.editorialclaret.cat\/","name":"Editorial Claret","description":"","publisher":{"@id":"https:\/\/www.editorialclaret.cat\/#organization"},"potentialAction":[{"@type":"SearchAction","target":{"@type":"EntryPoint","urlTemplate":"https:\/\/www.editorialclaret.cat\/?s={search_term_string}"},"query-input":{"@type":"PropertyValueSpecification","valueRequired":true,"valueName":"search_term_string"}}],"inLanguage":"es"},{"@type":"Organization","@id":"https:\/\/www.editorialclaret.cat\/#organization","name":"Editorial Claret","url":"https:\/\/www.editorialclaret.cat\/","logo":{"@type":"ImageObject","inLanguage":"es","@id":"https:\/\/www.editorialclaret.cat\/#\/schema\/logo\/image\/","url":"https:\/\/www.editorialclaret.cat\/wp-content\/uploads\/.\/logo-claret.png","contentUrl":"https:\/\/www.editorialclaret.cat\/wp-content\/uploads\/.\/logo-claret.png","width":194,"height":79,"caption":"Editorial Claret"},"image":{"@id":"https:\/\/www.editorialclaret.cat\/#\/schema\/logo\/image\/"}}]}},"_links":{"self":[{"href":"https:\/\/www.editorialclaret.cat\/es\/wp-json\/wp\/v2\/product\/67948","targetHints":{"allow":["GET"]}}],"collection":[{"href":"https:\/\/www.editorialclaret.cat\/es\/wp-json\/wp\/v2\/product"}],"about":[{"href":"https:\/\/www.editorialclaret.cat\/es\/wp-json\/wp\/v2\/types\/product"}],"wp:featuredmedia":[{"embeddable":true,"href":"https:\/\/www.editorialclaret.cat\/es\/wp-json\/wp\/v2\/media\/70258"}],"wp:attachment":[{"href":"https:\/\/www.editorialclaret.cat\/es\/wp-json\/wp\/v2\/media?parent=67948"}],"wp:term":[{"taxonomy":"product_brand","embeddable":true,"href":"https:\/\/www.editorialclaret.cat\/es\/wp-json\/wp\/v2\/product_brand?post=67948"},{"taxonomy":"product_cat","embeddable":true,"href":"https:\/\/www.editorialclaret.cat\/es\/wp-json\/wp\/v2\/product_cat?post=67948"},{"taxonomy":"product_tag","embeddable":true,"href":"https:\/\/www.editorialclaret.cat\/es\/wp-json\/wp\/v2\/product_tag?post=67948"}],"curies":[{"name":"wp","href":"https:\/\/api.w.org\/{rel}","templated":true}]}}