{"id":67250,"date":"2024-11-05T17:50:26","date_gmt":"2024-11-05T16:50:26","guid":{"rendered":"https:\/\/www.editorialclaret.cat\/producte\/laudato-si-9788491365532\/"},"modified":"2025-12-27T13:45:37","modified_gmt":"2025-12-27T12:45:37","slug":"laudato-si-9788491365532","status":"publish","type":"product","link":"https:\/\/www.editorialclaret.cat\/es\/producto\/laudato-si-9788491365532\/","title":{"rendered":"LAUDATO SI&#8217;"},"content":{"rendered":"<p>En el marc del projecte <strong>Parr\u00f2quies Ecosolid\u00e0ries<\/strong>, neix la iniciativa <strong>Laudato si\u2019. Reflexions per a les celebracions dominicals<\/strong>, una obra que proposa una profunda connexi\u00f3 entre l\u2019<strong>Evangeli dominical<\/strong> i les ensenyances de l\u2019enc\u00edclica <strong>Laudato si\u2019<\/strong> del Papa Francesc. Aquest llibre ofereix suggeriments per aprofundir en el text evang\u00e8lic de cada diumenge del <strong>Cicle C<\/strong>, amb una cita relacionada de l\u2019enc\u00edclica, un comentari reflexiu, preguntes per a la meditaci\u00f3 i una breu preg\u00e0ria.<\/p>\n<p>Ideal per preparar <strong>celebracions lit\u00fargiques<\/strong>, <strong>hom\u00edlies<\/strong>, <strong>preg\u00e0ries<\/strong> o <strong>revisi\u00f3 de vida<\/strong>, aquest recull tamb\u00e9 \u00e9s \u00fatil per a la <strong>catequesi d\u2019adults<\/strong>, <strong>estudi de l\u2019Evangeli<\/strong> en petit grup o com a eina de <strong>meditaci\u00f3 personal<\/strong>. Cada reflexi\u00f3 connecta els ensenyaments socials i ecol\u00f2gics de l\u2019enc\u00edclica amb el missatge del <strong>Crist<\/strong> en els textos dominicals, fomentant una <strong>fe compromesa amb la cura de la Creaci\u00f3<\/strong>.<\/p>\n<p><em>*Aquest llibre ha estat impr\u00e8s amb <\/em><a href='https:\/\/www.claret.cat\/ecoedicio\/' rel='noopener noreferrer' target='_blank'><strong><em>paper certificat <\/em><\/strong><\/a><em>pel Forest Stewardship Council (FSC), que compleix amb els principis de gesti\u00f3 econ\u00f2mica, social i ambiental sostenibles.<\/em><\/p>\n<p><\/p>\n","protected":false},"excerpt":{"rendered":"<p>En el marc del projecte Parr\u00f2quies Ecosolid\u00e0ries, neix la iniciativa Laudato si\u2019. Reflexions per a les celebracions dominicals, una obra que proposa una profunda connexi\u00f3 entre l\u2019Evangeli dominical i les ensenyances de l\u2019enc\u00edclica Laudato si\u2019 del Papa Francesc. Aquest llibre ofereix suggeriments per aprofundir en el text evang\u00e8lic de cada diumenge del Cicle C, amb [&hellip;]<\/p>\n","protected":false},"featured_media":67969,"template":"","meta":{"_acf_changed":false,"rs_blank_template":"","rs_page_bg_color":"","slide_template_v7":"","inline_featured_image":false,"_monsterinsights_skip_tracking":false,"_monsterinsights_sitenote_active":false,"_monsterinsights_sitenote_note":"","_monsterinsights_sitenote_category":0},"product_brand":[],"product_cat":[988,1225],"product_tag":[],"class_list":{"0":"post-67250","1":"product","2":"type-product","3":"status-publish","4":"has-post-thumbnail","6":"product_cat-any-liturgic","7":"product_cat-any-liturgic-liturgia-espiritualidad","9":"first","10":"instock","11":"taxable","12":"shipping-taxable","13":"purchasable","14":"product-type-simple"},"acf":{"autor":"","codart":"849136553","libros-coleccion":"FORA DE COL.LECCI\u00d3","ediciones":"1","encuadernacion":"R\u00fastica","fecha_de_publicacion":"19\/11\/2024","novedad":"1","paginas":"310","subtitulo":"REFLEXIONS PER A LES CELEBRACIONS DOMINICALS. CICLE C","orden":"0","portada":"1","idioma":"cat","autores-libros":[{"ID":46561,"post_author":"3","post_date":"2022-10-24 13:03:44","post_date_gmt":"2022-10-24 11:03:44","post_content":"<div class=\"datos\">\r\n\r\nMoss\u00e8n Jaume Duch Fumad\u00f3 va n\u00e9ixer a Sant Vicen\u00e7 dels Horts el 1934. Va ser ordenat prevere de la di\u00f2cesi de Barcelona l\u2019any1959 i ha exercit el seu servei pastoral durant cinquanta anys en diverses parr\u00f2quies de la ciutat de Barcelona i en altres comunitats del territori dioces\u00e0. Actualment jubilat, col\u00b7labora amb JP participant en el grup de treball que impulsa el projecte ECOPARR\u00d2QUIA.\r\n\r\n<\/div>","post_title":"JAUME DUCH FUMAD\u00d3","post_excerpt":"","post_status":"publish","comment_status":"closed","ping_status":"closed","post_password":"","post_name":"jaume-duch-fumado","to_ping":"","pinged":"","post_modified":"2024-12-12 11:01:19","post_modified_gmt":"2024-12-12 10:01:19","post_content_filtered":"","post_parent":0,"guid":"http:\/\/dev.editorialclaret.cat\/autor\/jaume-duch-fumado\/","menu_order":0,"post_type":"autor","post_mime_type":"","comment_count":"0","filter":"raw"},{"ID":46598,"post_author":"3","post_date":"2022-10-24 13:04:10","post_date_gmt":"2022-10-24 11:04:10","post_content":"<div class=\"bio\">\r\n<div class=\"col-full\">\r\n<div class=\"datos\">\r\n\r\nMaria Bargall\u00f3 Castell\u00f3n va n\u00e9ixer a Molins de Rei l\u2019any 1955. Est\u00e0 casada, t\u00e9 quatre filles i deu nets. \u00c9s llicenciada en biologia i ha dedicat la major part de la seva vida professional a l\u2019educaci\u00f3. Vinculada als Moviments d\u2019Acci\u00f3 Cat\u00f2lica Obrera des de l\u2019any 1977, ha estat consili\u00e0ria de grups de la JOBAC, de la JOC i d\u2019ACO. Actualment \u00e9s vicepresidenta de JP i coordina el grup de treball que impulsa el projecte ECOPARR\u00d2QUIA.\r\n\r\n&nbsp;\r\n\r\n<\/div>\r\n<\/div>\r\n<\/div>\r\n<div class=\"libros\">\r\n<div class=\"col-full\"><\/div>\r\n<\/div>","post_title":"MARIA BARGALL\u00d3 CASTELL\u00d3N","post_excerpt":"","post_status":"publish","comment_status":"closed","ping_status":"closed","post_password":"","post_name":"maria-bargallo-castellon","to_ping":"","pinged":"","post_modified":"2024-12-12 11:16:33","post_modified_gmt":"2024-12-12 10:16:33","post_content_filtered":"","post_parent":0,"guid":"http:\/\/dev.editorialclaret.cat\/autor\/maria-bargallo-castellon\/","menu_order":0,"post_type":"autor","post_mime_type":"","comment_count":"0","filter":"raw"}],"booktrailer":"","linkebook":"","ficha":"849136553_1732103607.pdf","muestra":"","precioebook":"0","presentacion":"","resenas":"<p>Catalunya Religi\u00f3, 19\/11\/2024<\/p>\n<p><a href=\"https:\/\/www.catalunyareligio.cat\/ca\/blog\/llibres-recomanats\/laudato-si-reflexions-celebracions-dominicals-316587\" rel=\"noopener noreferrer\" target=\"_blank\">https:\/\/www.catalunyareligio.cat\/ca\/blog\/llibres-recomanats\/laudato-si-reflexions-celebracions-dominicals-316587<\/a><\/p>\n<p><\/p>\n<p>Ag\u00e8ncia Flama, 01\/12\/2024<\/p>\n<p><a href=\"https:\/\/www.agenciaflama.cat\/leditorial-claret-publica-un-llibre-dhomilies-del-sacerdot-claretia-jaume-sidera\/\" rel=\"noopener noreferrer\" target=\"_blank\">https:\/\/www.agenciaflama.cat\/leditorial-claret-publica-un-llibre-dhomilies-del-sacerdot-claretia-jaume-sidera\/<\/a><\/p>\n"},"yoast_head":"<!-- This site is optimized with the Yoast SEO plugin v27.3 - https:\/\/yoast.com\/product\/yoast-seo-wordpress\/ -->\n<title>Editorial Claret<\/title>\n<meta name=\"robots\" content=\"noindex, follow, max-snippet:-1, max-image-preview:large, max-video-preview:-1\" \/>\n<meta property=\"og:locale\" content=\"es_ES\" \/>\n<meta property=\"og:type\" content=\"article\" \/>\n<meta property=\"og:title\" content=\"LAUDATO SI&#039; - Editorial Claret\" \/>\n<meta property=\"og:description\" content=\"En el marc del projecte Parr\u00f2quies Ecosolid\u00e0ries, neix la iniciativa Laudato si\u2019. Reflexions per a les celebracions dominicals, una obra que proposa una profunda connexi\u00f3 entre l\u2019Evangeli dominical i les ensenyances de l\u2019enc\u00edclica Laudato si\u2019 del Papa Francesc. Aquest llibre ofereix suggeriments per aprofundir en el text evang\u00e8lic de cada diumenge del Cicle C, amb [&hellip;]\" \/>\n<meta property=\"og:url\" content=\"https:\/\/www.editorialclaret.cat\/producte\/laudato-si-9788491365532\/\" \/>\n<meta property=\"og:site_name\" content=\"Editorial Claret\" \/>\n<meta property=\"article:modified_time\" content=\"2025-12-27T12:45:37+00:00\" \/>\n<meta property=\"og:image\" content=\"https:\/\/www.editorialclaret.cat\/wp-content\/uploads\/9788491365532-6.jpg\" \/>\n\t<meta property=\"og:image:width\" content=\"250\" \/>\n\t<meta property=\"og:image:height\" content=\"389\" \/>\n\t<meta property=\"og:image:type\" content=\"image\/jpeg\" \/>\n<meta name=\"twitter:card\" content=\"summary_large_image\" \/>\n<meta name=\"twitter:label1\" content=\"Tiempo de lectura\" \/>\n\t<meta name=\"twitter:data1\" content=\"1 minuto\" \/>\n<script type=\"application\/ld+json\" class=\"yoast-schema-graph\">{\"@context\":\"https:\\\/\\\/schema.org\",\"@graph\":[{\"@type\":\"WebPage\",\"@id\":\"https:\\\/\\\/www.editorialclaret.cat\\\/producte\\\/laudato-si-9788491365532\\\/\",\"url\":\"https:\\\/\\\/www.editorialclaret.cat\\\/producte\\\/laudato-si-9788491365532\\\/\",\"name\":\"LAUDATO SI' - Editorial Claret\",\"isPartOf\":{\"@id\":\"https:\\\/\\\/www.editorialclaret.cat\\\/#website\"},\"primaryImageOfPage\":{\"@id\":\"https:\\\/\\\/www.editorialclaret.cat\\\/producte\\\/laudato-si-9788491365532\\\/#primaryimage\"},\"image\":{\"@id\":\"https:\\\/\\\/www.editorialclaret.cat\\\/producte\\\/laudato-si-9788491365532\\\/#primaryimage\"},\"thumbnailUrl\":\"https:\\\/\\\/www.editorialclaret.cat\\\/wp-content\\\/uploads\\\/9788491365532-6.jpg\",\"datePublished\":\"2024-11-05T16:50:26+00:00\",\"dateModified\":\"2025-12-27T12:45:37+00:00\",\"breadcrumb\":{\"@id\":\"https:\\\/\\\/www.editorialclaret.cat\\\/producte\\\/laudato-si-9788491365532\\\/#breadcrumb\"},\"inLanguage\":\"es\",\"potentialAction\":[{\"@type\":\"ReadAction\",\"target\":[\"https:\\\/\\\/www.editorialclaret.cat\\\/producte\\\/laudato-si-9788491365532\\\/\"]}]},{\"@type\":\"ImageObject\",\"inLanguage\":\"es\",\"@id\":\"https:\\\/\\\/www.editorialclaret.cat\\\/producte\\\/laudato-si-9788491365532\\\/#primaryimage\",\"url\":\"https:\\\/\\\/www.editorialclaret.cat\\\/wp-content\\\/uploads\\\/9788491365532-6.jpg\",\"contentUrl\":\"https:\\\/\\\/www.editorialclaret.cat\\\/wp-content\\\/uploads\\\/9788491365532-6.jpg\",\"width\":250,\"height\":389,\"caption\":\"9788491365532.jpg\"},{\"@type\":\"BreadcrumbList\",\"@id\":\"https:\\\/\\\/www.editorialclaret.cat\\\/producte\\\/laudato-si-9788491365532\\\/#breadcrumb\",\"itemListElement\":[{\"@type\":\"ListItem\",\"position\":1,\"name\":\"Portada\",\"item\":\"https:\\\/\\\/www.editorialclaret.cat\\\/es\\\/\"},{\"@type\":\"ListItem\",\"position\":2,\"name\":\"Botiga\",\"item\":\"https:\\\/\\\/www.editorialclaret.cat\\\/?page_id=16\"},{\"@type\":\"ListItem\",\"position\":3,\"name\":\"LAUDATO SI&#8217;\"}]},{\"@type\":\"WebSite\",\"@id\":\"https:\\\/\\\/www.editorialclaret.cat\\\/#website\",\"url\":\"https:\\\/\\\/www.editorialclaret.cat\\\/\",\"name\":\"Editorial Claret\",\"description\":\"\",\"publisher\":{\"@id\":\"https:\\\/\\\/www.editorialclaret.cat\\\/#organization\"},\"potentialAction\":[{\"@type\":\"SearchAction\",\"target\":{\"@type\":\"EntryPoint\",\"urlTemplate\":\"https:\\\/\\\/www.editorialclaret.cat\\\/?s={search_term_string}\"},\"query-input\":{\"@type\":\"PropertyValueSpecification\",\"valueRequired\":true,\"valueName\":\"search_term_string\"}}],\"inLanguage\":\"es\"},{\"@type\":\"Organization\",\"@id\":\"https:\\\/\\\/www.editorialclaret.cat\\\/#organization\",\"name\":\"Editorial Claret\",\"url\":\"https:\\\/\\\/www.editorialclaret.cat\\\/\",\"logo\":{\"@type\":\"ImageObject\",\"inLanguage\":\"es\",\"@id\":\"https:\\\/\\\/www.editorialclaret.cat\\\/#\\\/schema\\\/logo\\\/image\\\/\",\"url\":\"https:\\\/\\\/www.editorialclaret.cat\\\/wp-content\\\/uploads\\\/.\\\/logo-claret.png\",\"contentUrl\":\"https:\\\/\\\/www.editorialclaret.cat\\\/wp-content\\\/uploads\\\/.\\\/logo-claret.png\",\"width\":194,\"height\":79,\"caption\":\"Editorial Claret\"},\"image\":{\"@id\":\"https:\\\/\\\/www.editorialclaret.cat\\\/#\\\/schema\\\/logo\\\/image\\\/\"}}]}<\/script>\n<!-- \/ Yoast SEO plugin. -->","yoast_head_json":{"title":"Editorial Claret","robots":{"index":"noindex","follow":"follow","max-snippet":"max-snippet:-1","max-image-preview":"max-image-preview:large","max-video-preview":"max-video-preview:-1"},"og_locale":"es_ES","og_type":"article","og_title":"LAUDATO SI' - Editorial Claret","og_description":"En el marc del projecte Parr\u00f2quies Ecosolid\u00e0ries, neix la iniciativa Laudato si\u2019. Reflexions per a les celebracions dominicals, una obra que proposa una profunda connexi\u00f3 entre l\u2019Evangeli dominical i les ensenyances de l\u2019enc\u00edclica Laudato si\u2019 del Papa Francesc. Aquest llibre ofereix suggeriments per aprofundir en el text evang\u00e8lic de cada diumenge del Cicle C, amb [&hellip;]","og_url":"https:\/\/www.editorialclaret.cat\/producte\/laudato-si-9788491365532\/","og_site_name":"Editorial Claret","article_modified_time":"2025-12-27T12:45:37+00:00","og_image":[{"width":250,"height":389,"url":"https:\/\/www.editorialclaret.cat\/wp-content\/uploads\/9788491365532-6.jpg","type":"image\/jpeg"}],"twitter_card":"summary_large_image","twitter_misc":{"Tiempo de lectura":"1 minuto"},"schema":{"@context":"https:\/\/schema.org","@graph":[{"@type":"WebPage","@id":"https:\/\/www.editorialclaret.cat\/producte\/laudato-si-9788491365532\/","url":"https:\/\/www.editorialclaret.cat\/producte\/laudato-si-9788491365532\/","name":"LAUDATO SI' - Editorial Claret","isPartOf":{"@id":"https:\/\/www.editorialclaret.cat\/#website"},"primaryImageOfPage":{"@id":"https:\/\/www.editorialclaret.cat\/producte\/laudato-si-9788491365532\/#primaryimage"},"image":{"@id":"https:\/\/www.editorialclaret.cat\/producte\/laudato-si-9788491365532\/#primaryimage"},"thumbnailUrl":"https:\/\/www.editorialclaret.cat\/wp-content\/uploads\/9788491365532-6.jpg","datePublished":"2024-11-05T16:50:26+00:00","dateModified":"2025-12-27T12:45:37+00:00","breadcrumb":{"@id":"https:\/\/www.editorialclaret.cat\/producte\/laudato-si-9788491365532\/#breadcrumb"},"inLanguage":"es","potentialAction":[{"@type":"ReadAction","target":["https:\/\/www.editorialclaret.cat\/producte\/laudato-si-9788491365532\/"]}]},{"@type":"ImageObject","inLanguage":"es","@id":"https:\/\/www.editorialclaret.cat\/producte\/laudato-si-9788491365532\/#primaryimage","url":"https:\/\/www.editorialclaret.cat\/wp-content\/uploads\/9788491365532-6.jpg","contentUrl":"https:\/\/www.editorialclaret.cat\/wp-content\/uploads\/9788491365532-6.jpg","width":250,"height":389,"caption":"9788491365532.jpg"},{"@type":"BreadcrumbList","@id":"https:\/\/www.editorialclaret.cat\/producte\/laudato-si-9788491365532\/#breadcrumb","itemListElement":[{"@type":"ListItem","position":1,"name":"Portada","item":"https:\/\/www.editorialclaret.cat\/es\/"},{"@type":"ListItem","position":2,"name":"Botiga","item":"https:\/\/www.editorialclaret.cat\/?page_id=16"},{"@type":"ListItem","position":3,"name":"LAUDATO SI&#8217;"}]},{"@type":"WebSite","@id":"https:\/\/www.editorialclaret.cat\/#website","url":"https:\/\/www.editorialclaret.cat\/","name":"Editorial Claret","description":"","publisher":{"@id":"https:\/\/www.editorialclaret.cat\/#organization"},"potentialAction":[{"@type":"SearchAction","target":{"@type":"EntryPoint","urlTemplate":"https:\/\/www.editorialclaret.cat\/?s={search_term_string}"},"query-input":{"@type":"PropertyValueSpecification","valueRequired":true,"valueName":"search_term_string"}}],"inLanguage":"es"},{"@type":"Organization","@id":"https:\/\/www.editorialclaret.cat\/#organization","name":"Editorial Claret","url":"https:\/\/www.editorialclaret.cat\/","logo":{"@type":"ImageObject","inLanguage":"es","@id":"https:\/\/www.editorialclaret.cat\/#\/schema\/logo\/image\/","url":"https:\/\/www.editorialclaret.cat\/wp-content\/uploads\/.\/logo-claret.png","contentUrl":"https:\/\/www.editorialclaret.cat\/wp-content\/uploads\/.\/logo-claret.png","width":194,"height":79,"caption":"Editorial Claret"},"image":{"@id":"https:\/\/www.editorialclaret.cat\/#\/schema\/logo\/image\/"}}]}},"_links":{"self":[{"href":"https:\/\/www.editorialclaret.cat\/es\/wp-json\/wp\/v2\/product\/67250","targetHints":{"allow":["GET"]}}],"collection":[{"href":"https:\/\/www.editorialclaret.cat\/es\/wp-json\/wp\/v2\/product"}],"about":[{"href":"https:\/\/www.editorialclaret.cat\/es\/wp-json\/wp\/v2\/types\/product"}],"wp:featuredmedia":[{"embeddable":true,"href":"https:\/\/www.editorialclaret.cat\/es\/wp-json\/wp\/v2\/media\/67969"}],"wp:attachment":[{"href":"https:\/\/www.editorialclaret.cat\/es\/wp-json\/wp\/v2\/media?parent=67250"}],"wp:term":[{"taxonomy":"product_brand","embeddable":true,"href":"https:\/\/www.editorialclaret.cat\/es\/wp-json\/wp\/v2\/product_brand?post=67250"},{"taxonomy":"product_cat","embeddable":true,"href":"https:\/\/www.editorialclaret.cat\/es\/wp-json\/wp\/v2\/product_cat?post=67250"},{"taxonomy":"product_tag","embeddable":true,"href":"https:\/\/www.editorialclaret.cat\/es\/wp-json\/wp\/v2\/product_tag?post=67250"}],"curies":[{"name":"wp","href":"https:\/\/api.w.org\/{rel}","templated":true}]}}