{"id":66776,"date":"2024-07-18T10:45:04","date_gmt":"2024-07-18T08:45:04","guid":{"rendered":"https:\/\/www.editorialclaret.cat\/producte\/memoria-i-reconciliacio-8482974343\/"},"modified":"2024-07-18T10:45:20","modified_gmt":"2024-07-18T08:45:20","slug":"memoria-i-reconciliacio-8482974343","status":"publish","type":"product","link":"https:\/\/www.editorialclaret.cat\/es\/producto\/memoria-i-reconciliacio-8482974343\/","title":{"rendered":"MEM\u00d2RIA I RECONCILIACI\u00d3"},"content":{"rendered":"<p>No s\u00f3n a\u00efllades les veus que afirmen que el gest de Joan Pau II, el dia 12 de mar\u00e7 de l&#8217;any sant del 2000, demanant perd\u00f3 per les culpes de l&#8217;Esgl\u00e9sia ser\u00e0 una de les fites cabdals del seu pontificat.<br \/>No ha estat un rampell papal, sin\u00f3 la culminaci\u00f3 d&#8217;una l\u00ednia d&#8217;actuacions preparat\u00f2ries que ha marcat els darrers anys del seu pontificat.<br \/>Amb el m\u00e8rit afegit que ha estat una obstinada decisi\u00f3 personal del papa en contra del parer (i les traves) dels sectors m\u00e9s conservadors de la c\u00faria i del col\u00b7legi de cardenals.<br \/>En la Butlla de convocat\u00f2ria del Jubileu del 2000, Joan Pau II assenyalava ja la \u00abpurificaci\u00f3 de la mem\u00f2ria\u00bb com un dels signes que \u00abpodien servir per viure amb m\u00e9s intensitat la gr\u00e0cia insigne del Jubileu\u00bb.<br \/>La Comissi\u00f3 Teol\u00f2gica Internacional va rebre l&#8217;enc\u00e0rrec de fer una valoraci\u00f3 hist\u00f2rica i teol\u00f2gica dels esdeveniments implicats en aquesta \u00abpurificaci\u00f3 de la mem\u00f2ria\u00bb. Aquest document recull les conclusions de la Comissi\u00f3.<\/p>\n","protected":false},"excerpt":{"rendered":"<p>COMISSIO TEOLOGICA INTERN<\/p>\n","protected":false},"featured_media":66777,"template":"","meta":{"_acf_changed":false,"rs_blank_template":"","rs_page_bg_color":"","slide_template_v7":"","inline_featured_image":false,"_monsterinsights_skip_tracking":false,"_monsterinsights_sitenote_active":false,"_monsterinsights_sitenote_note":"","_monsterinsights_sitenote_category":0},"product_brand":[],"product_cat":[1254,1017,1137,900],"product_tag":[],"class_list":{"0":"post-66776","1":"product","2":"type-product","3":"status-publish","4":"has-post-thumbnail","6":"product_cat-eclesiologia-teologia-espiritualidad","7":"product_cat-eclesiologia-teologia","8":"product_cat-valores-y-convivencia","9":"product_cat-valors-i-convivencia","11":"first","12":"instock","13":"taxable","14":"shipping-taxable","15":"purchasable","16":"product-type-simple"},"acf":{"autor":"COMISSIO TEOLOGICA INTERN","codart":"848297434","libros-coleccion":"GLOSSA","ediciones":"1","encuadernacion":"R\u00fastica","fecha_de_publicacion":"01\/05\/2000","novedad":"0","paginas":"96","subtitulo":"L'ESGL\u00c9SIA I LES CULPES DEL PASSAT","orden":"999","portada":"0","idioma":"cat","autores-libros":[{"ID":9812,"post_author":"3","post_date":"2022-10-18 21:30:50","post_date_gmt":"2022-10-18 19:30:50","post_content":"","post_title":"[COMISSI\u00d3 TEOL\u00d2GICA INTERNACIONAL]","post_excerpt":"","post_status":"publish","comment_status":"closed","ping_status":"closed","post_password":"","post_name":"comissio-teologica-internacional","to_ping":"","pinged":"","post_modified":"2022-10-18 21:30:50","post_modified_gmt":"2022-10-18 19:30:50","post_content_filtered":"","post_parent":0,"guid":"http:\/\/dev.editorialclaret.cat\/autor\/comissio-teologica-internacional\/","menu_order":0,"post_type":"autor","post_mime_type":"","comment_count":"0","filter":"raw"}]},"yoast_head":"<!-- This site is optimized with the Yoast SEO plugin v27.3 - https:\/\/yoast.com\/product\/yoast-seo-wordpress\/ -->\n<title>Editorial Claret<\/title>\n<meta name=\"robots\" content=\"noindex, follow, max-snippet:-1, max-image-preview:large, max-video-preview:-1\" \/>\n<meta property=\"og:locale\" content=\"es_ES\" \/>\n<meta property=\"og:type\" content=\"article\" \/>\n<meta property=\"og:title\" content=\"MEM\u00d2RIA I RECONCILIACI\u00d3 - Editorial Claret\" \/>\n<meta property=\"og:description\" content=\"COMISSIO TEOLOGICA INTERN\" \/>\n<meta property=\"og:url\" content=\"https:\/\/www.editorialclaret.cat\/producte\/memoria-i-reconciliacio-8482974343\/\" \/>\n<meta property=\"og:site_name\" content=\"Editorial Claret\" \/>\n<meta property=\"article:modified_time\" content=\"2024-07-18T08:45:20+00:00\" \/>\n<meta property=\"og:image\" content=\"https:\/\/www.editorialclaret.cat\/wp-content\/uploads\/9788482974347.jpg\" \/>\n\t<meta property=\"og:image:width\" content=\"1300\" \/>\n\t<meta property=\"og:image:height\" content=\"2102\" \/>\n\t<meta property=\"og:image:type\" content=\"image\/jpeg\" \/>\n<meta name=\"twitter:card\" content=\"summary_large_image\" \/>\n<meta name=\"twitter:label1\" content=\"Tiempo de lectura\" \/>\n\t<meta name=\"twitter:data1\" content=\"1 minuto\" \/>\n<script type=\"application\/ld+json\" class=\"yoast-schema-graph\">{\"@context\":\"https:\\\/\\\/schema.org\",\"@graph\":[{\"@type\":\"WebPage\",\"@id\":\"https:\\\/\\\/www.editorialclaret.cat\\\/producte\\\/memoria-i-reconciliacio-8482974343\\\/\",\"url\":\"https:\\\/\\\/www.editorialclaret.cat\\\/producte\\\/memoria-i-reconciliacio-8482974343\\\/\",\"name\":\"MEM\u00d2RIA I RECONCILIACI\u00d3 - Editorial Claret\",\"isPartOf\":{\"@id\":\"https:\\\/\\\/www.editorialclaret.cat\\\/#website\"},\"primaryImageOfPage\":{\"@id\":\"https:\\\/\\\/www.editorialclaret.cat\\\/producte\\\/memoria-i-reconciliacio-8482974343\\\/#primaryimage\"},\"image\":{\"@id\":\"https:\\\/\\\/www.editorialclaret.cat\\\/producte\\\/memoria-i-reconciliacio-8482974343\\\/#primaryimage\"},\"thumbnailUrl\":\"https:\\\/\\\/www.editorialclaret.cat\\\/wp-content\\\/uploads\\\/9788482974347.jpg\",\"datePublished\":\"2024-07-18T08:45:04+00:00\",\"dateModified\":\"2024-07-18T08:45:20+00:00\",\"breadcrumb\":{\"@id\":\"https:\\\/\\\/www.editorialclaret.cat\\\/producte\\\/memoria-i-reconciliacio-8482974343\\\/#breadcrumb\"},\"inLanguage\":\"es\",\"potentialAction\":[{\"@type\":\"ReadAction\",\"target\":[\"https:\\\/\\\/www.editorialclaret.cat\\\/producte\\\/memoria-i-reconciliacio-8482974343\\\/\"]}]},{\"@type\":\"ImageObject\",\"inLanguage\":\"es\",\"@id\":\"https:\\\/\\\/www.editorialclaret.cat\\\/producte\\\/memoria-i-reconciliacio-8482974343\\\/#primaryimage\",\"url\":\"https:\\\/\\\/www.editorialclaret.cat\\\/wp-content\\\/uploads\\\/9788482974347.jpg\",\"contentUrl\":\"https:\\\/\\\/www.editorialclaret.cat\\\/wp-content\\\/uploads\\\/9788482974347.jpg\",\"width\":1300,\"height\":2102,\"caption\":\"9788482974347.jpg\"},{\"@type\":\"BreadcrumbList\",\"@id\":\"https:\\\/\\\/www.editorialclaret.cat\\\/producte\\\/memoria-i-reconciliacio-8482974343\\\/#breadcrumb\",\"itemListElement\":[{\"@type\":\"ListItem\",\"position\":1,\"name\":\"Portada\",\"item\":\"https:\\\/\\\/www.editorialclaret.cat\\\/es\\\/\"},{\"@type\":\"ListItem\",\"position\":2,\"name\":\"Botiga\",\"item\":\"https:\\\/\\\/www.editorialclaret.cat\\\/?page_id=16\"},{\"@type\":\"ListItem\",\"position\":3,\"name\":\"MEM\u00d2RIA I RECONCILIACI\u00d3\"}]},{\"@type\":\"WebSite\",\"@id\":\"https:\\\/\\\/www.editorialclaret.cat\\\/#website\",\"url\":\"https:\\\/\\\/www.editorialclaret.cat\\\/\",\"name\":\"Editorial Claret\",\"description\":\"\",\"publisher\":{\"@id\":\"https:\\\/\\\/www.editorialclaret.cat\\\/#organization\"},\"potentialAction\":[{\"@type\":\"SearchAction\",\"target\":{\"@type\":\"EntryPoint\",\"urlTemplate\":\"https:\\\/\\\/www.editorialclaret.cat\\\/?s={search_term_string}\"},\"query-input\":{\"@type\":\"PropertyValueSpecification\",\"valueRequired\":true,\"valueName\":\"search_term_string\"}}],\"inLanguage\":\"es\"},{\"@type\":\"Organization\",\"@id\":\"https:\\\/\\\/www.editorialclaret.cat\\\/#organization\",\"name\":\"Editorial Claret\",\"url\":\"https:\\\/\\\/www.editorialclaret.cat\\\/\",\"logo\":{\"@type\":\"ImageObject\",\"inLanguage\":\"es\",\"@id\":\"https:\\\/\\\/www.editorialclaret.cat\\\/#\\\/schema\\\/logo\\\/image\\\/\",\"url\":\"https:\\\/\\\/www.editorialclaret.cat\\\/wp-content\\\/uploads\\\/.\\\/logo-claret.png\",\"contentUrl\":\"https:\\\/\\\/www.editorialclaret.cat\\\/wp-content\\\/uploads\\\/.\\\/logo-claret.png\",\"width\":194,\"height\":79,\"caption\":\"Editorial Claret\"},\"image\":{\"@id\":\"https:\\\/\\\/www.editorialclaret.cat\\\/#\\\/schema\\\/logo\\\/image\\\/\"}}]}<\/script>\n<!-- \/ Yoast SEO plugin. -->","yoast_head_json":{"title":"Editorial Claret","robots":{"index":"noindex","follow":"follow","max-snippet":"max-snippet:-1","max-image-preview":"max-image-preview:large","max-video-preview":"max-video-preview:-1"},"og_locale":"es_ES","og_type":"article","og_title":"MEM\u00d2RIA I RECONCILIACI\u00d3 - Editorial Claret","og_description":"COMISSIO TEOLOGICA INTERN","og_url":"https:\/\/www.editorialclaret.cat\/producte\/memoria-i-reconciliacio-8482974343\/","og_site_name":"Editorial Claret","article_modified_time":"2024-07-18T08:45:20+00:00","og_image":[{"width":1300,"height":2102,"url":"https:\/\/www.editorialclaret.cat\/wp-content\/uploads\/9788482974347.jpg","type":"image\/jpeg"}],"twitter_card":"summary_large_image","twitter_misc":{"Tiempo de lectura":"1 minuto"},"schema":{"@context":"https:\/\/schema.org","@graph":[{"@type":"WebPage","@id":"https:\/\/www.editorialclaret.cat\/producte\/memoria-i-reconciliacio-8482974343\/","url":"https:\/\/www.editorialclaret.cat\/producte\/memoria-i-reconciliacio-8482974343\/","name":"MEM\u00d2RIA I RECONCILIACI\u00d3 - Editorial Claret","isPartOf":{"@id":"https:\/\/www.editorialclaret.cat\/#website"},"primaryImageOfPage":{"@id":"https:\/\/www.editorialclaret.cat\/producte\/memoria-i-reconciliacio-8482974343\/#primaryimage"},"image":{"@id":"https:\/\/www.editorialclaret.cat\/producte\/memoria-i-reconciliacio-8482974343\/#primaryimage"},"thumbnailUrl":"https:\/\/www.editorialclaret.cat\/wp-content\/uploads\/9788482974347.jpg","datePublished":"2024-07-18T08:45:04+00:00","dateModified":"2024-07-18T08:45:20+00:00","breadcrumb":{"@id":"https:\/\/www.editorialclaret.cat\/producte\/memoria-i-reconciliacio-8482974343\/#breadcrumb"},"inLanguage":"es","potentialAction":[{"@type":"ReadAction","target":["https:\/\/www.editorialclaret.cat\/producte\/memoria-i-reconciliacio-8482974343\/"]}]},{"@type":"ImageObject","inLanguage":"es","@id":"https:\/\/www.editorialclaret.cat\/producte\/memoria-i-reconciliacio-8482974343\/#primaryimage","url":"https:\/\/www.editorialclaret.cat\/wp-content\/uploads\/9788482974347.jpg","contentUrl":"https:\/\/www.editorialclaret.cat\/wp-content\/uploads\/9788482974347.jpg","width":1300,"height":2102,"caption":"9788482974347.jpg"},{"@type":"BreadcrumbList","@id":"https:\/\/www.editorialclaret.cat\/producte\/memoria-i-reconciliacio-8482974343\/#breadcrumb","itemListElement":[{"@type":"ListItem","position":1,"name":"Portada","item":"https:\/\/www.editorialclaret.cat\/es\/"},{"@type":"ListItem","position":2,"name":"Botiga","item":"https:\/\/www.editorialclaret.cat\/?page_id=16"},{"@type":"ListItem","position":3,"name":"MEM\u00d2RIA I RECONCILIACI\u00d3"}]},{"@type":"WebSite","@id":"https:\/\/www.editorialclaret.cat\/#website","url":"https:\/\/www.editorialclaret.cat\/","name":"Editorial Claret","description":"","publisher":{"@id":"https:\/\/www.editorialclaret.cat\/#organization"},"potentialAction":[{"@type":"SearchAction","target":{"@type":"EntryPoint","urlTemplate":"https:\/\/www.editorialclaret.cat\/?s={search_term_string}"},"query-input":{"@type":"PropertyValueSpecification","valueRequired":true,"valueName":"search_term_string"}}],"inLanguage":"es"},{"@type":"Organization","@id":"https:\/\/www.editorialclaret.cat\/#organization","name":"Editorial Claret","url":"https:\/\/www.editorialclaret.cat\/","logo":{"@type":"ImageObject","inLanguage":"es","@id":"https:\/\/www.editorialclaret.cat\/#\/schema\/logo\/image\/","url":"https:\/\/www.editorialclaret.cat\/wp-content\/uploads\/.\/logo-claret.png","contentUrl":"https:\/\/www.editorialclaret.cat\/wp-content\/uploads\/.\/logo-claret.png","width":194,"height":79,"caption":"Editorial Claret"},"image":{"@id":"https:\/\/www.editorialclaret.cat\/#\/schema\/logo\/image\/"}}]}},"_links":{"self":[{"href":"https:\/\/www.editorialclaret.cat\/es\/wp-json\/wp\/v2\/product\/66776","targetHints":{"allow":["GET"]}}],"collection":[{"href":"https:\/\/www.editorialclaret.cat\/es\/wp-json\/wp\/v2\/product"}],"about":[{"href":"https:\/\/www.editorialclaret.cat\/es\/wp-json\/wp\/v2\/types\/product"}],"wp:featuredmedia":[{"embeddable":true,"href":"https:\/\/www.editorialclaret.cat\/es\/wp-json\/wp\/v2\/media\/66777"}],"wp:attachment":[{"href":"https:\/\/www.editorialclaret.cat\/es\/wp-json\/wp\/v2\/media?parent=66776"}],"wp:term":[{"taxonomy":"product_brand","embeddable":true,"href":"https:\/\/www.editorialclaret.cat\/es\/wp-json\/wp\/v2\/product_brand?post=66776"},{"taxonomy":"product_cat","embeddable":true,"href":"https:\/\/www.editorialclaret.cat\/es\/wp-json\/wp\/v2\/product_cat?post=66776"},{"taxonomy":"product_tag","embeddable":true,"href":"https:\/\/www.editorialclaret.cat\/es\/wp-json\/wp\/v2\/product_tag?post=66776"}],"curies":[{"name":"wp","href":"https:\/\/api.w.org\/{rel}","templated":true}]}}