{"id":53652,"date":"2023-10-23T08:19:08","date_gmt":"2023-10-23T06:19:08","guid":{"rendered":"https:\/\/www.editorialclaret.cat\/producte\/ser-algu-per-algu-9788491364931\/"},"modified":"2025-07-23T10:09:54","modified_gmt":"2025-07-23T08:09:54","slug":"ser-algu-per-a-algu-9788491364931","status":"publish","type":"product","link":"https:\/\/www.editorialclaret.cat\/es\/producto\/ser-algu-per-a-algu-9788491364931\/","title":{"rendered":"SER ALG\u00da PER A ALG\u00da"},"content":{"rendered":"<p>Des de la seva arribada a la Barceloneta a finals del segle XIX, la Companyia de les Filles de la Caritat de Sant Vicen\u00e7 de Pa\u00fcl ha portat a terme m\u00faltiples obres i serveis a favor de les persones i col\u00b7lectius m\u00e9s desvalguts del barri, adaptant-se i canviant segons les circumst\u00e0ncies i necessitats de cada \u00e8poca. A partir de la d\u00e8cada de 1980, els problemes derivats del consum de drogues, la SIDA, i la salut prec\u00e0ria de les persones sense llar o amb pocs recursos econ\u00f2mics, entre altres situacions, van impulsar la Companyia a crear el  que avui es coneix com l&#8217;Obra Social Santa Llu\u00efsa de Marillac, una entitat dedicada a acollir, acompanyar i orientar persones en situaci\u00f3 d&#8217;exclusi\u00f3. Aquest llibre repassa el perfil evolutiu de l&#8217;entitat a trav\u00e9s d&#8217;alguns dels moments m\u00e9s rellevants de la seva hist\u00f2ria, combinats amb hist\u00f2ries de vida actuals. Un llibre que mostra la realitat de tantes persones que romanen, inacceptablement, en els marges d&#8217;aquesta societat.<\/p>\n","protected":false},"excerpt":{"rendered":"<p>JORDI PACHECO<\/p>\n","protected":false},"featured_media":65112,"template":"","meta":{"_acf_changed":false,"rs_blank_template":"","rs_page_bg_color":"","slide_template_v7":"","inline_featured_image":false,"_monsterinsights_skip_tracking":false,"_monsterinsights_sitenote_active":false,"_monsterinsights_sitenote_note":"","_monsterinsights_sitenote_category":0},"product_brand":[],"product_cat":[1041,1067,830],"product_tag":[],"class_list":{"0":"post-53652","1":"product","2":"type-product","3":"status-publish","4":"has-post-thumbnail","6":"product_cat-catala","7":"product_cat-vida-religiosa-espiritualidad","8":"product_cat-vida-religiosa","10":"first","11":"instock","12":"taxable","13":"shipping-taxable","14":"purchasable","15":"product-type-simple"},"acf":{"autor":"JORDI PACHECO","codart":"849136493","libros-coleccion":"","ediciones":"1","encuadernacion":"R\u00fastica","fecha_de_publicacion":"07\/11\/2023","novedad":"1","paginas":"106","subtitulo":"OBRA SOCIAL SANTA LLU\u00cfSA DE MARILLAC ","orden":"1000","portada":"1","idioma":"cat","autores-libros":[{"ID":53648,"post_author":"3","post_date":"2023-10-23 08:18:52","post_date_gmt":"2023-10-23 06:18:52","post_content":"<span class=\"fontstyle0\">Jordi Pacheco (Girona,1980) \u00e9s periodista, director de l\u2019ag\u00e8ncia Flama i de la revista Foc Nou. Des de 2007 ha col\u00b7laborat amb nombrosos mitjans escrits i audiovisuals cobrint temes relacionats amb la cultura, la religi\u00f3 i els drets humans. \u00c9s graduat en Comunicaci\u00f3 per la UOC i membre del Col.legi de Periodistes de Catalunya.<\/span>","post_title":"JORDI PACHECO","post_excerpt":"","post_status":"publish","comment_status":"closed","ping_status":"closed","post_password":"","post_name":"jordi-pacheco-759","to_ping":"","pinged":"","post_modified":"2025-10-22 07:50:44","post_modified_gmt":"2025-10-22 05:50:44","post_content_filtered":"","post_parent":0,"guid":"https:\/\/www.editorialclaret.cat\/autor\/jordi-pacheco-759\/","menu_order":0,"post_type":"autor","post_mime_type":"","comment_count":"0","filter":"raw"}],"traductores-libros":"","ilustradores-libros":"","formato":"","linkebook":"","precioebook":"0","ebookportada":false,"ficha":"849136493_1698306310.pdf","muestra":"","presentacion":"<iframe width=\"905\" height=\"509\" src=\"https:\/\/www.youtube.com\/embed\/V66x9S6TRzs\" title=\"Presentaci\u00f3 del llibre Ser alg\u00fa per a alg\u00fa\" frameborder=\"0\" allow=\"accelerometer; autoplay; clipboard-write; encrypted-media; gyroscope; picture-in-picture; web-share\" allowfullscreen><\/iframe>","booktrailer":"<iframe width=\"949\" height=\"533\" src=\"https:\/\/www.youtube.com\/embed\/IHD4-IdDPzc?si=8a69s1dhH0FXpFMM\" title=\"YouTube video player\" frameborder=\"0\" allow=\"accelerometer; autoplay; clipboard-write; encrypted-media; gyroscope; picture-in-picture; web-share\" allowfullscreen><\/iframe>","resenas":"<p>Flama, 9\/11\/2023 <\/p>\n<p><a href=\"https:\/\/www.agenciaflama.cat\/les-histories-de-vida-que-han-construit-lobra-social-santa-lluisa-de-marillac-en-un-llibre\/\" rel=\"noopener noreferrer\" target=\"_blank\">https:\/\/www.agenciaflama.cat\/les-histories-de-vida-que-han-construit-lobra-social-santa-lluisa-de-marillac-en-un-llibre\/<\/a><\/p>\n<p><\/p>\n<p>FocNou, 12\/11\/2023<\/p>\n<p><a href=\"https:\/\/www.focnou.cat\/ser-algu-per-a-algu-histories-de-vida-de-persones-vinculades-a-santa-lluisa-de-marillac\/\" rel=\"noopener noreferrer\" target=\"_blank\">https:\/\/www.focnou.cat\/ser-algu-per-a-algu-histories-de-vida-de-persones-vinculades-a-santa-lluisa-de-marillac\/<\/a><\/p>\n<p><\/p>\n<p>Catalunya Cristiana (castell\u00e0), 19\/11\/2023<\/p>\n<p><a href=\"https:\/\/fundacioclaret-my.sharepoint.com\/:b:\/g\/personal\/comunicacio_claret_cat\/ESv0NErtQxpIjjdf5AvntL8BosTmRRt45RnXc3Tgca5uGg?e=Y0Fxcz\" rel=\"noopener noreferrer\" target=\"_blank\">https:\/\/fundacioclaret-my.sharepoint.com\/:b:\/g\/personal\/comunicacio_claret_cat\/ESv0NErtQxpIjjdf5AvntL8BosTmRRt45RnXc3Tgca5uGg?e=Y0Fxcz<\/a><\/p>\n<p><\/p>\n<p><\/p>\n<p>Catalunya Cristiana (catal\u00e0), 19\/11\/2023<\/p>\n<p><a href=\"https:\/\/fundacioclaret-my.sharepoint.com\/:b:\/g\/personal\/comunicacio_claret_cat\/EXDkKTKxmBNOvIVLd40ASfABLNALMT1_rIZ6jmdsbAOwPA?e=9yuUmp\" rel=\"noopener noreferrer\" target=\"_blank\">https:\/\/fundacioclaret-my.sharepoint.com\/:b:\/g\/personal\/comunicacio_claret_cat\/EXDkKTKxmBNOvIVLd40ASfABLNALMT1_rIZ6jmdsbAOwPA?e=9yuUmp<\/a><\/p>\n<p><\/p>\n<p>Catalunya Cristiana, 15\/11\/2023<\/p>\n<p><a href=\"https:\/\/www.catalunyacristiana.cat\/ser-algu-per-a-algu\/\" rel=\"noopener noreferrer\" target=\"_blank\">https:\/\/www.catalunyacristiana.cat\/ser-algu-per-a-algu\/<\/a><\/p>\n<p><\/p>\n<p>Catalunya Religi\u00f3, 14\/11\/2023<\/p>\n<p><a href=\"https:\/\/www.catalunyareligio.cat\/ca\/filles-caritat-no-dubten-ser-valentes-reinventar\" rel=\"noopener noreferrer\" target=\"_blank\">https:\/\/www.catalunyareligio.cat\/ca\/filles-caritat-no-dubten-ser-valentes-reinventar<\/a><\/p>\n<p><\/p>\n<p>FocNou, 13\/11\/2023<\/p>\n<p><a href=\"https:\/\/www.focnou.cat\/camins-d-esperanca-l-obra-social-santa-lluisa-de-marillac-i-la-seva-petjada-d-humanitat\/\" rel=\"noopener noreferrer\" target=\"_blank\">https:\/\/www.focnou.cat\/camins-d-esperanca-l-obra-social-santa-lluisa-de-marillac-i-la-seva-petjada-d-humanitat\/<\/a><\/p>\n<p><\/p>\n<p>Catalunya Cristiana (catal\u00e0), 10\/03\/24<\/p>\n<p><a href=\"https:\/\/drive.google.com\/file\/d\/19loeT1b-D1LlBsx8lYuUFkqgl2gesBFq\/view?usp=sharing\" rel=\"noopener noreferrer\" target=\"_blank\">https:\/\/drive.google.com\/file\/d\/19loeT1b-D1LlBsx8lYuUFkqgl2gesBFq\/view?usp=sharing<\/a><\/p>\n<p><\/p>\n<p>Catalunya Cristiana (castell\u00e0), 10\/03\/24<\/p>\n<p><a href=\"https:\/\/drive.google.com\/file\/d\/1c7MF8sWUTe__LQgTP-jylooDzxBalNDz\/view?usp=sharing\" rel=\"noopener noreferrer\" target=\"_blank\">https:\/\/drive.google.com\/file\/d\/1c7MF8sWUTe__LQgTP-jylooDzxBalNDz\/view?usp=sharing<\/a><\/p>\n<p><\/p>\n<p>Catalunya Cristiana (catal\u00e0), 21\/04\/2024<\/p>\n<p><a href=\"https:\/\/drive.google.com\/file\/d\/18SLjzrxzu-w5tYaxCiwJay9QkiuyvtWd\/view?usp=sharing\" rel=\"noopener noreferrer\" target=\"_blank\">https:\/\/drive.google.com\/file\/d\/18SLjzrxzu-w5tYaxCiwJay9QkiuyvtWd\/view?usp=sharing<\/a><\/p>\n<p><\/p>\n<p>Catalunya Cristiana (catal\u00e0), 21\/04\/2024<\/p>\n<p><a href=\"https:\/\/drive.google.com\/file\/d\/1CO4lten6t3ZCJqVGtvL-GBVoFhiXjfds\/view?usp=sharing\" rel=\"noopener noreferrer\" target=\"_blank\">https:\/\/drive.google.com\/file\/d\/1CO4lten6t3ZCJqVGtvL-GBVoFhiXjfds\/view?usp=sharing <\/a><\/p>\n<p><\/p>\n<p>Catalunya Cristiana (castell\u00e0), 21\/04\/2024:<\/p>\n<p><a href=\"https:\/\/drive.google.com\/file\/d\/1__-wX6SspHYa3-I9ZUUDG6pbo2xR9ZQL\/view?usp=sharing\" rel=\"noopener noreferrer\" target=\"_blank\">https:\/\/drive.google.com\/file\/d\/1__-wX6SspHYa3-I9ZUUDG6pbo2xR9ZQL\/view?usp=sharing <\/a><\/p>\n","recomendamos":"","mas_vendido":""},"yoast_head":"<!-- This site is optimized with the Yoast SEO plugin v27.3 - https:\/\/yoast.com\/product\/yoast-seo-wordpress\/ -->\n<title>Editorial Claret<\/title>\n<meta name=\"robots\" content=\"noindex, follow, max-snippet:-1, max-image-preview:large, max-video-preview:-1\" \/>\n<meta property=\"og:locale\" content=\"es_ES\" \/>\n<meta property=\"og:type\" content=\"article\" \/>\n<meta property=\"og:title\" content=\"SER ALG\u00da PER A ALG\u00da - Editorial Claret\" \/>\n<meta property=\"og:description\" content=\"JORDI PACHECO\" \/>\n<meta property=\"og:url\" content=\"https:\/\/www.editorialclaret.cat\/producte\/ser-algu-per-a-algu-9788491364931\/\" \/>\n<meta property=\"og:site_name\" content=\"Editorial Claret\" \/>\n<meta property=\"article:modified_time\" content=\"2025-07-23T08:09:54+00:00\" \/>\n<meta property=\"og:image\" content=\"https:\/\/www.editorialclaret.cat\/wp-content\/uploads\/.\/9788491364931-200.jpg\" \/>\n\t<meta property=\"og:image:width\" content=\"250\" \/>\n\t<meta property=\"og:image:height\" content=\"389\" \/>\n\t<meta property=\"og:image:type\" content=\"image\/jpeg\" \/>\n<meta name=\"twitter:card\" content=\"summary_large_image\" \/>\n<meta name=\"twitter:label1\" content=\"Tiempo de lectura\" \/>\n\t<meta name=\"twitter:data1\" content=\"1 minuto\" \/>\n<script type=\"application\/ld+json\" class=\"yoast-schema-graph\">{\"@context\":\"https:\\\/\\\/schema.org\",\"@graph\":[{\"@type\":\"WebPage\",\"@id\":\"https:\\\/\\\/www.editorialclaret.cat\\\/producte\\\/ser-algu-per-a-algu-9788491364931\\\/\",\"url\":\"https:\\\/\\\/www.editorialclaret.cat\\\/producte\\\/ser-algu-per-a-algu-9788491364931\\\/\",\"name\":\"SER ALG\u00da PER A ALG\u00da - Editorial Claret\",\"isPartOf\":{\"@id\":\"https:\\\/\\\/www.editorialclaret.cat\\\/#website\"},\"primaryImageOfPage\":{\"@id\":\"https:\\\/\\\/www.editorialclaret.cat\\\/producte\\\/ser-algu-per-a-algu-9788491364931\\\/#primaryimage\"},\"image\":{\"@id\":\"https:\\\/\\\/www.editorialclaret.cat\\\/producte\\\/ser-algu-per-a-algu-9788491364931\\\/#primaryimage\"},\"thumbnailUrl\":\"https:\\\/\\\/www.editorialclaret.cat\\\/wp-content\\\/uploads\\\/.\\\/9788491364931-200.jpg\",\"datePublished\":\"2023-10-23T06:19:08+00:00\",\"dateModified\":\"2025-07-23T08:09:54+00:00\",\"breadcrumb\":{\"@id\":\"https:\\\/\\\/www.editorialclaret.cat\\\/producte\\\/ser-algu-per-a-algu-9788491364931\\\/#breadcrumb\"},\"inLanguage\":\"es\",\"potentialAction\":[{\"@type\":\"ReadAction\",\"target\":[\"https:\\\/\\\/www.editorialclaret.cat\\\/producte\\\/ser-algu-per-a-algu-9788491364931\\\/\"]}]},{\"@type\":\"ImageObject\",\"inLanguage\":\"es\",\"@id\":\"https:\\\/\\\/www.editorialclaret.cat\\\/producte\\\/ser-algu-per-a-algu-9788491364931\\\/#primaryimage\",\"url\":\"https:\\\/\\\/www.editorialclaret.cat\\\/wp-content\\\/uploads\\\/.\\\/9788491364931-200.jpg\",\"contentUrl\":\"https:\\\/\\\/www.editorialclaret.cat\\\/wp-content\\\/uploads\\\/.\\\/9788491364931-200.jpg\",\"width\":250,\"height\":389,\"caption\":\"9788491364931.jpg\"},{\"@type\":\"BreadcrumbList\",\"@id\":\"https:\\\/\\\/www.editorialclaret.cat\\\/producte\\\/ser-algu-per-a-algu-9788491364931\\\/#breadcrumb\",\"itemListElement\":[{\"@type\":\"ListItem\",\"position\":1,\"name\":\"Portada\",\"item\":\"https:\\\/\\\/www.editorialclaret.cat\\\/es\\\/\"},{\"@type\":\"ListItem\",\"position\":2,\"name\":\"Botiga\",\"item\":\"https:\\\/\\\/www.editorialclaret.cat\\\/?page_id=16\"},{\"@type\":\"ListItem\",\"position\":3,\"name\":\"SER ALG\u00da PER A ALG\u00da\"}]},{\"@type\":\"WebSite\",\"@id\":\"https:\\\/\\\/www.editorialclaret.cat\\\/#website\",\"url\":\"https:\\\/\\\/www.editorialclaret.cat\\\/\",\"name\":\"Editorial Claret\",\"description\":\"\",\"publisher\":{\"@id\":\"https:\\\/\\\/www.editorialclaret.cat\\\/#organization\"},\"potentialAction\":[{\"@type\":\"SearchAction\",\"target\":{\"@type\":\"EntryPoint\",\"urlTemplate\":\"https:\\\/\\\/www.editorialclaret.cat\\\/?s={search_term_string}\"},\"query-input\":{\"@type\":\"PropertyValueSpecification\",\"valueRequired\":true,\"valueName\":\"search_term_string\"}}],\"inLanguage\":\"es\"},{\"@type\":\"Organization\",\"@id\":\"https:\\\/\\\/www.editorialclaret.cat\\\/#organization\",\"name\":\"Editorial Claret\",\"url\":\"https:\\\/\\\/www.editorialclaret.cat\\\/\",\"logo\":{\"@type\":\"ImageObject\",\"inLanguage\":\"es\",\"@id\":\"https:\\\/\\\/www.editorialclaret.cat\\\/#\\\/schema\\\/logo\\\/image\\\/\",\"url\":\"https:\\\/\\\/www.editorialclaret.cat\\\/wp-content\\\/uploads\\\/.\\\/logo-claret.png\",\"contentUrl\":\"https:\\\/\\\/www.editorialclaret.cat\\\/wp-content\\\/uploads\\\/.\\\/logo-claret.png\",\"width\":194,\"height\":79,\"caption\":\"Editorial Claret\"},\"image\":{\"@id\":\"https:\\\/\\\/www.editorialclaret.cat\\\/#\\\/schema\\\/logo\\\/image\\\/\"}}]}<\/script>\n<!-- \/ Yoast SEO plugin. -->","yoast_head_json":{"title":"Editorial Claret","robots":{"index":"noindex","follow":"follow","max-snippet":"max-snippet:-1","max-image-preview":"max-image-preview:large","max-video-preview":"max-video-preview:-1"},"og_locale":"es_ES","og_type":"article","og_title":"SER ALG\u00da PER A ALG\u00da - Editorial Claret","og_description":"JORDI PACHECO","og_url":"https:\/\/www.editorialclaret.cat\/producte\/ser-algu-per-a-algu-9788491364931\/","og_site_name":"Editorial Claret","article_modified_time":"2025-07-23T08:09:54+00:00","og_image":[{"width":250,"height":389,"url":"https:\/\/www.editorialclaret.cat\/wp-content\/uploads\/.\/9788491364931-200.jpg","type":"image\/jpeg"}],"twitter_card":"summary_large_image","twitter_misc":{"Tiempo de lectura":"1 minuto"},"schema":{"@context":"https:\/\/schema.org","@graph":[{"@type":"WebPage","@id":"https:\/\/www.editorialclaret.cat\/producte\/ser-algu-per-a-algu-9788491364931\/","url":"https:\/\/www.editorialclaret.cat\/producte\/ser-algu-per-a-algu-9788491364931\/","name":"SER ALG\u00da PER A ALG\u00da - Editorial Claret","isPartOf":{"@id":"https:\/\/www.editorialclaret.cat\/#website"},"primaryImageOfPage":{"@id":"https:\/\/www.editorialclaret.cat\/producte\/ser-algu-per-a-algu-9788491364931\/#primaryimage"},"image":{"@id":"https:\/\/www.editorialclaret.cat\/producte\/ser-algu-per-a-algu-9788491364931\/#primaryimage"},"thumbnailUrl":"https:\/\/www.editorialclaret.cat\/wp-content\/uploads\/.\/9788491364931-200.jpg","datePublished":"2023-10-23T06:19:08+00:00","dateModified":"2025-07-23T08:09:54+00:00","breadcrumb":{"@id":"https:\/\/www.editorialclaret.cat\/producte\/ser-algu-per-a-algu-9788491364931\/#breadcrumb"},"inLanguage":"es","potentialAction":[{"@type":"ReadAction","target":["https:\/\/www.editorialclaret.cat\/producte\/ser-algu-per-a-algu-9788491364931\/"]}]},{"@type":"ImageObject","inLanguage":"es","@id":"https:\/\/www.editorialclaret.cat\/producte\/ser-algu-per-a-algu-9788491364931\/#primaryimage","url":"https:\/\/www.editorialclaret.cat\/wp-content\/uploads\/.\/9788491364931-200.jpg","contentUrl":"https:\/\/www.editorialclaret.cat\/wp-content\/uploads\/.\/9788491364931-200.jpg","width":250,"height":389,"caption":"9788491364931.jpg"},{"@type":"BreadcrumbList","@id":"https:\/\/www.editorialclaret.cat\/producte\/ser-algu-per-a-algu-9788491364931\/#breadcrumb","itemListElement":[{"@type":"ListItem","position":1,"name":"Portada","item":"https:\/\/www.editorialclaret.cat\/es\/"},{"@type":"ListItem","position":2,"name":"Botiga","item":"https:\/\/www.editorialclaret.cat\/?page_id=16"},{"@type":"ListItem","position":3,"name":"SER ALG\u00da PER A ALG\u00da"}]},{"@type":"WebSite","@id":"https:\/\/www.editorialclaret.cat\/#website","url":"https:\/\/www.editorialclaret.cat\/","name":"Editorial Claret","description":"","publisher":{"@id":"https:\/\/www.editorialclaret.cat\/#organization"},"potentialAction":[{"@type":"SearchAction","target":{"@type":"EntryPoint","urlTemplate":"https:\/\/www.editorialclaret.cat\/?s={search_term_string}"},"query-input":{"@type":"PropertyValueSpecification","valueRequired":true,"valueName":"search_term_string"}}],"inLanguage":"es"},{"@type":"Organization","@id":"https:\/\/www.editorialclaret.cat\/#organization","name":"Editorial Claret","url":"https:\/\/www.editorialclaret.cat\/","logo":{"@type":"ImageObject","inLanguage":"es","@id":"https:\/\/www.editorialclaret.cat\/#\/schema\/logo\/image\/","url":"https:\/\/www.editorialclaret.cat\/wp-content\/uploads\/.\/logo-claret.png","contentUrl":"https:\/\/www.editorialclaret.cat\/wp-content\/uploads\/.\/logo-claret.png","width":194,"height":79,"caption":"Editorial Claret"},"image":{"@id":"https:\/\/www.editorialclaret.cat\/#\/schema\/logo\/image\/"}}]}},"_links":{"self":[{"href":"https:\/\/www.editorialclaret.cat\/es\/wp-json\/wp\/v2\/product\/53652","targetHints":{"allow":["GET"]}}],"collection":[{"href":"https:\/\/www.editorialclaret.cat\/es\/wp-json\/wp\/v2\/product"}],"about":[{"href":"https:\/\/www.editorialclaret.cat\/es\/wp-json\/wp\/v2\/types\/product"}],"wp:featuredmedia":[{"embeddable":true,"href":"https:\/\/www.editorialclaret.cat\/es\/wp-json\/wp\/v2\/media\/65112"}],"wp:attachment":[{"href":"https:\/\/www.editorialclaret.cat\/es\/wp-json\/wp\/v2\/media?parent=53652"}],"wp:term":[{"taxonomy":"product_brand","embeddable":true,"href":"https:\/\/www.editorialclaret.cat\/es\/wp-json\/wp\/v2\/product_brand?post=53652"},{"taxonomy":"product_cat","embeddable":true,"href":"https:\/\/www.editorialclaret.cat\/es\/wp-json\/wp\/v2\/product_cat?post=53652"},{"taxonomy":"product_tag","embeddable":true,"href":"https:\/\/www.editorialclaret.cat\/es\/wp-json\/wp\/v2\/product_tag?post=53652"}],"curies":[{"name":"wp","href":"https:\/\/api.w.org\/{rel}","templated":true}]}}