{"id":52852,"date":"2023-10-10T13:45:03","date_gmt":"2023-10-10T11:45:03","guid":{"rendered":"https:\/\/www.editorialclaret.cat\/producte\/laudate-deum-9788491364924\/"},"modified":"2025-05-06T11:55:33","modified_gmt":"2025-05-06T09:55:33","slug":"laudate-deum-9788491364924","status":"publish","type":"product","link":"https:\/\/www.editorialclaret.cat\/es\/producto\/laudate-deum-9788491364924\/","title":{"rendered":"LAUDATE DEUM"},"content":{"rendered":"<p><em>Laudate Deum<\/em> \u00e9s l\u2019exhortaci\u00f3 apost\u00f2lica del papa Francesc, que es va publicar el 4 d\u2019octubre de 2023 durant la festa de sant Francesc d\u2019Ass\u00eds, patr\u00f3 de l\u2019ecologia, i que \u00e9s una continuaci\u00f3 de l\u2019enc\u00edclica <em>Laudato si\u2019<\/em>. Aquesta exhortaci\u00f3 est\u00e0 dedicada a les q\u00fcestions mediambientals i a l\u2019ecologia integral, en la qual es busca el benestar de tota la natura \u2013incl\u00f2s l\u2019\u00e9sser hum\u00e0\u2013, adaptant la manera de viure actual de l\u2019home&nbsp;en comuni\u00f3 amb tota la creaci\u00f3 de D\u00e9u. En aquesta exhortaci\u00f3, el papa qualifica la situaci\u00f3 com un \u00abproblema social global\u00bb relacionat amb la dignitat de la vida humana i estima que el canvi clim\u00e0tic \u00ab\u00e9s un dels principals desafiaments a qu\u00e8 s\u2019enfronta la comunitat mundial\u00bb.<\/p>\n","protected":false},"excerpt":{"rendered":"<p>PAPA FRANCESC<\/p>\n","protected":false},"featured_media":66671,"template":"","meta":{"_acf_changed":false,"rs_blank_template":"","rs_page_bg_color":"","slide_template_v7":"","inline_featured_image":false,"_monsterinsights_skip_tracking":false,"_monsterinsights_sitenote_active":false,"_monsterinsights_sitenote_note":"","_monsterinsights_sitenote_category":0},"product_brand":[],"product_cat":[1180,943],"product_tag":[],"class_list":{"0":"post-52852","1":"product","2":"type-product","3":"status-publish","4":"has-post-thumbnail","6":"product_cat-epistolas-catolicas","7":"product_cat-epistoles-catoliques","9":"first","10":"instock","11":"taxable","12":"shipping-taxable","13":"purchasable","14":"product-type-simple"},"acf":{"autor":"PAPA FRANCESC","codart":"849136492","libros-coleccion":"DOCUMENTS DEL MAGISTERI","ediciones":"1","encuadernacion":"R\u00fastica","fecha_de_publicacion":"17\/10\/2023","novedad":"1","paginas":"42","subtitulo":"QUE LLO\u00cfN D\u00c9U \/ EXHORTACI\u00d3 APOST\u00d2LICA ","orden":"0","portada":"1","idioma":"cat","autores-libros":[{"ID":19749,"post_author":"3","post_date":"2022-10-19 01:28:04","post_date_gmt":"2022-10-18 23:28:04","post_content":"<strong>Jorge Mario Bergoglio<\/strong>\u00a0(Buenos Aires, 17 de desembre de 1936), \u00e9s des del 13 de mar\u00e7 de 2013 el<strong>\u00a0Papa de l\u2019Esgl\u00e9sia Cat\u00f2lica<\/strong>, sent el primer pont\u00edfex americ\u00e0. Va entrar al noviciat de l\u2019orde jesu\u00efta de Santiago de Xile, on es llicenci\u00e0 en humanitats. Ordenat sacerdot l\u2019any 1969, va tenir una llarga traject\u00f2ria dins l\u2019orde religi\u00f3s, arribant a ser provincial. Abans d\u2019arribar al Vatic\u00e0 com a cardenal, va ser arquebisbe de Buenos Aires.\r\n\r\nCom a pont\u00edfex, el Papa Francesc ha redactat diverses enc\u00edcliques i exhortacions apost\u00f2liques com\u00a0<a href=\"https:\/\/www.editorialclaret.cat\/producte\/la-joia-de-levangeli-evangelii-gaudium-9788498468281\/?c\" target=\"_blank\" rel=\"noopener\"><em><strong>Evangelii Gaudium<\/strong><\/em><\/a>\u00a0(2013),\u00a0<a href=\"https:\/\/www.claret.cat\/llibre\/lalegria-de-lamor-amoris-laetitiano-9788498469974\/?c=\"><em><strong>Amoris Laetitia<\/strong>\u00a0<\/em><\/a>(2016),\u00a0<a href=\"https:\/\/www.claret.cat\/llibre\/constitucio-apostolica-vultum-dei-quaerere-sobre-la-vida-contemplativa-femenina-9788498465471\/?c=\"><em><strong>Vultum Dei quaerere<\/strong><\/em><\/a>\u00a0(2016),\u00a0<a href=\"https:\/\/www.editorialclaret.cat\/producte\/alegreuvosen-i-celebreuho-gaudete-et-exsultate-9788491360360\/?c\" target=\"_blank\" rel=\"noopener\"><em><strong>Gaudete et exultate<\/strong>\u00a0<\/em><\/a>(2018),\u00a0<a href=\"https:\/\/www.claret.cat\/llibre\/veritatis-gaudium-la-alegria-de-la-verdad-9788428554800\/?c=\"><em><strong>Veritatis gaudium<\/strong>\u00a0<\/em><\/a>(2018) o\u00a0<a href=\"https:\/\/www.claret.cat\/llibre\/praedicate-evangelium-predicad-el-evangelio-9788428567060\/?c=\"><em><strong>Praedicate Evangelium<\/strong>\u00a0<\/em><\/a>(2022).","post_title":"PAPA FRANCESC","post_excerpt":"","post_status":"publish","comment_status":"closed","ping_status":"closed","post_password":"","post_name":"papa-francesc","to_ping":"","pinged":"","post_modified":"2024-09-13 13:46:14","post_modified_gmt":"2024-09-13 11:46:14","post_content_filtered":"","post_parent":0,"guid":"http:\/\/dev.editorialclaret.cat\/autor\/papa-francesc\/","menu_order":0,"post_type":"autor","post_mime_type":"","comment_count":"0","filter":"raw"}],"booktrailer":"","linkebook":"","ficha":"","muestra":"","precioebook":"0","presentacion":"","resenas":"<p>Catalunya Religi\u00f3, 15\/10\/2023<\/p>\n<p><a href=\"https:\/\/www.catalunyareligio.cat\/ca\/claret-publica-laudate-deum-nova-exhortacio-papa\" rel=\"noopener noreferrer\" target=\"_blank\">https:\/\/www.catalunyareligio.cat\/ca\/claret-publica-laudate-deum-nova-exhortacio-papa<\/a><\/p>\n","traductores-libros":"","ilustradores-libros":"","formato":"","ebookportada":false,"recomendamos":"","mas_vendido":""},"yoast_head":"<!-- This site is optimized with the Yoast SEO plugin v27.3 - https:\/\/yoast.com\/product\/yoast-seo-wordpress\/ -->\n<title>Editorial Claret<\/title>\n<meta name=\"robots\" content=\"noindex, follow, max-snippet:-1, max-image-preview:large, max-video-preview:-1\" \/>\n<meta property=\"og:locale\" content=\"es_ES\" \/>\n<meta property=\"og:type\" content=\"article\" \/>\n<meta property=\"og:title\" content=\"LAUDATE DEUM - Editorial Claret\" \/>\n<meta property=\"og:description\" content=\"PAPA FRANCESC\" \/>\n<meta property=\"og:url\" content=\"https:\/\/www.editorialclaret.cat\/producte\/laudate-deum-9788491364924\/\" \/>\n<meta property=\"og:site_name\" content=\"Editorial Claret\" \/>\n<meta property=\"article:modified_time\" content=\"2025-05-06T09:55:33+00:00\" \/>\n<meta property=\"og:image\" content=\"https:\/\/www.editorialclaret.cat\/wp-content\/uploads\/9788491364924-3.jpg\" \/>\n\t<meta property=\"og:image:width\" content=\"1240\" \/>\n\t<meta property=\"og:image:height\" content=\"2126\" \/>\n\t<meta property=\"og:image:type\" content=\"image\/jpeg\" \/>\n<meta name=\"twitter:card\" content=\"summary_large_image\" \/>\n<meta name=\"twitter:label1\" content=\"Tiempo de lectura\" \/>\n\t<meta name=\"twitter:data1\" content=\"1 minuto\" \/>\n<script type=\"application\/ld+json\" class=\"yoast-schema-graph\">{\"@context\":\"https:\\\/\\\/schema.org\",\"@graph\":[{\"@type\":\"WebPage\",\"@id\":\"https:\\\/\\\/www.editorialclaret.cat\\\/producte\\\/laudate-deum-9788491364924\\\/\",\"url\":\"https:\\\/\\\/www.editorialclaret.cat\\\/producte\\\/laudate-deum-9788491364924\\\/\",\"name\":\"LAUDATE DEUM - Editorial Claret\",\"isPartOf\":{\"@id\":\"https:\\\/\\\/www.editorialclaret.cat\\\/#website\"},\"primaryImageOfPage\":{\"@id\":\"https:\\\/\\\/www.editorialclaret.cat\\\/producte\\\/laudate-deum-9788491364924\\\/#primaryimage\"},\"image\":{\"@id\":\"https:\\\/\\\/www.editorialclaret.cat\\\/producte\\\/laudate-deum-9788491364924\\\/#primaryimage\"},\"thumbnailUrl\":\"https:\\\/\\\/www.editorialclaret.cat\\\/wp-content\\\/uploads\\\/9788491364924-3.jpg\",\"datePublished\":\"2023-10-10T11:45:03+00:00\",\"dateModified\":\"2025-05-06T09:55:33+00:00\",\"breadcrumb\":{\"@id\":\"https:\\\/\\\/www.editorialclaret.cat\\\/producte\\\/laudate-deum-9788491364924\\\/#breadcrumb\"},\"inLanguage\":\"es\",\"potentialAction\":[{\"@type\":\"ReadAction\",\"target\":[\"https:\\\/\\\/www.editorialclaret.cat\\\/producte\\\/laudate-deum-9788491364924\\\/\"]}]},{\"@type\":\"ImageObject\",\"inLanguage\":\"es\",\"@id\":\"https:\\\/\\\/www.editorialclaret.cat\\\/producte\\\/laudate-deum-9788491364924\\\/#primaryimage\",\"url\":\"https:\\\/\\\/www.editorialclaret.cat\\\/wp-content\\\/uploads\\\/9788491364924-3.jpg\",\"contentUrl\":\"https:\\\/\\\/www.editorialclaret.cat\\\/wp-content\\\/uploads\\\/9788491364924-3.jpg\",\"width\":1240,\"height\":2126,\"caption\":\"9788491364924.jpg\"},{\"@type\":\"BreadcrumbList\",\"@id\":\"https:\\\/\\\/www.editorialclaret.cat\\\/producte\\\/laudate-deum-9788491364924\\\/#breadcrumb\",\"itemListElement\":[{\"@type\":\"ListItem\",\"position\":1,\"name\":\"Portada\",\"item\":\"https:\\\/\\\/www.editorialclaret.cat\\\/es\\\/\"},{\"@type\":\"ListItem\",\"position\":2,\"name\":\"Botiga\",\"item\":\"https:\\\/\\\/www.editorialclaret.cat\\\/?page_id=16\"},{\"@type\":\"ListItem\",\"position\":3,\"name\":\"LAUDATE DEUM\"}]},{\"@type\":\"WebSite\",\"@id\":\"https:\\\/\\\/www.editorialclaret.cat\\\/#website\",\"url\":\"https:\\\/\\\/www.editorialclaret.cat\\\/\",\"name\":\"Editorial Claret\",\"description\":\"\",\"publisher\":{\"@id\":\"https:\\\/\\\/www.editorialclaret.cat\\\/#organization\"},\"potentialAction\":[{\"@type\":\"SearchAction\",\"target\":{\"@type\":\"EntryPoint\",\"urlTemplate\":\"https:\\\/\\\/www.editorialclaret.cat\\\/?s={search_term_string}\"},\"query-input\":{\"@type\":\"PropertyValueSpecification\",\"valueRequired\":true,\"valueName\":\"search_term_string\"}}],\"inLanguage\":\"es\"},{\"@type\":\"Organization\",\"@id\":\"https:\\\/\\\/www.editorialclaret.cat\\\/#organization\",\"name\":\"Editorial Claret\",\"url\":\"https:\\\/\\\/www.editorialclaret.cat\\\/\",\"logo\":{\"@type\":\"ImageObject\",\"inLanguage\":\"es\",\"@id\":\"https:\\\/\\\/www.editorialclaret.cat\\\/#\\\/schema\\\/logo\\\/image\\\/\",\"url\":\"https:\\\/\\\/www.editorialclaret.cat\\\/wp-content\\\/uploads\\\/.\\\/logo-claret.png\",\"contentUrl\":\"https:\\\/\\\/www.editorialclaret.cat\\\/wp-content\\\/uploads\\\/.\\\/logo-claret.png\",\"width\":194,\"height\":79,\"caption\":\"Editorial Claret\"},\"image\":{\"@id\":\"https:\\\/\\\/www.editorialclaret.cat\\\/#\\\/schema\\\/logo\\\/image\\\/\"}}]}<\/script>\n<!-- \/ Yoast SEO plugin. -->","yoast_head_json":{"title":"Editorial Claret","robots":{"index":"noindex","follow":"follow","max-snippet":"max-snippet:-1","max-image-preview":"max-image-preview:large","max-video-preview":"max-video-preview:-1"},"og_locale":"es_ES","og_type":"article","og_title":"LAUDATE DEUM - Editorial Claret","og_description":"PAPA FRANCESC","og_url":"https:\/\/www.editorialclaret.cat\/producte\/laudate-deum-9788491364924\/","og_site_name":"Editorial Claret","article_modified_time":"2025-05-06T09:55:33+00:00","og_image":[{"width":1240,"height":2126,"url":"https:\/\/www.editorialclaret.cat\/wp-content\/uploads\/9788491364924-3.jpg","type":"image\/jpeg"}],"twitter_card":"summary_large_image","twitter_misc":{"Tiempo de lectura":"1 minuto"},"schema":{"@context":"https:\/\/schema.org","@graph":[{"@type":"WebPage","@id":"https:\/\/www.editorialclaret.cat\/producte\/laudate-deum-9788491364924\/","url":"https:\/\/www.editorialclaret.cat\/producte\/laudate-deum-9788491364924\/","name":"LAUDATE DEUM - Editorial Claret","isPartOf":{"@id":"https:\/\/www.editorialclaret.cat\/#website"},"primaryImageOfPage":{"@id":"https:\/\/www.editorialclaret.cat\/producte\/laudate-deum-9788491364924\/#primaryimage"},"image":{"@id":"https:\/\/www.editorialclaret.cat\/producte\/laudate-deum-9788491364924\/#primaryimage"},"thumbnailUrl":"https:\/\/www.editorialclaret.cat\/wp-content\/uploads\/9788491364924-3.jpg","datePublished":"2023-10-10T11:45:03+00:00","dateModified":"2025-05-06T09:55:33+00:00","breadcrumb":{"@id":"https:\/\/www.editorialclaret.cat\/producte\/laudate-deum-9788491364924\/#breadcrumb"},"inLanguage":"es","potentialAction":[{"@type":"ReadAction","target":["https:\/\/www.editorialclaret.cat\/producte\/laudate-deum-9788491364924\/"]}]},{"@type":"ImageObject","inLanguage":"es","@id":"https:\/\/www.editorialclaret.cat\/producte\/laudate-deum-9788491364924\/#primaryimage","url":"https:\/\/www.editorialclaret.cat\/wp-content\/uploads\/9788491364924-3.jpg","contentUrl":"https:\/\/www.editorialclaret.cat\/wp-content\/uploads\/9788491364924-3.jpg","width":1240,"height":2126,"caption":"9788491364924.jpg"},{"@type":"BreadcrumbList","@id":"https:\/\/www.editorialclaret.cat\/producte\/laudate-deum-9788491364924\/#breadcrumb","itemListElement":[{"@type":"ListItem","position":1,"name":"Portada","item":"https:\/\/www.editorialclaret.cat\/es\/"},{"@type":"ListItem","position":2,"name":"Botiga","item":"https:\/\/www.editorialclaret.cat\/?page_id=16"},{"@type":"ListItem","position":3,"name":"LAUDATE DEUM"}]},{"@type":"WebSite","@id":"https:\/\/www.editorialclaret.cat\/#website","url":"https:\/\/www.editorialclaret.cat\/","name":"Editorial Claret","description":"","publisher":{"@id":"https:\/\/www.editorialclaret.cat\/#organization"},"potentialAction":[{"@type":"SearchAction","target":{"@type":"EntryPoint","urlTemplate":"https:\/\/www.editorialclaret.cat\/?s={search_term_string}"},"query-input":{"@type":"PropertyValueSpecification","valueRequired":true,"valueName":"search_term_string"}}],"inLanguage":"es"},{"@type":"Organization","@id":"https:\/\/www.editorialclaret.cat\/#organization","name":"Editorial Claret","url":"https:\/\/www.editorialclaret.cat\/","logo":{"@type":"ImageObject","inLanguage":"es","@id":"https:\/\/www.editorialclaret.cat\/#\/schema\/logo\/image\/","url":"https:\/\/www.editorialclaret.cat\/wp-content\/uploads\/.\/logo-claret.png","contentUrl":"https:\/\/www.editorialclaret.cat\/wp-content\/uploads\/.\/logo-claret.png","width":194,"height":79,"caption":"Editorial Claret"},"image":{"@id":"https:\/\/www.editorialclaret.cat\/#\/schema\/logo\/image\/"}}]}},"_links":{"self":[{"href":"https:\/\/www.editorialclaret.cat\/es\/wp-json\/wp\/v2\/product\/52852","targetHints":{"allow":["GET"]}}],"collection":[{"href":"https:\/\/www.editorialclaret.cat\/es\/wp-json\/wp\/v2\/product"}],"about":[{"href":"https:\/\/www.editorialclaret.cat\/es\/wp-json\/wp\/v2\/types\/product"}],"wp:featuredmedia":[{"embeddable":true,"href":"https:\/\/www.editorialclaret.cat\/es\/wp-json\/wp\/v2\/media\/66671"}],"wp:attachment":[{"href":"https:\/\/www.editorialclaret.cat\/es\/wp-json\/wp\/v2\/media?parent=52852"}],"wp:term":[{"taxonomy":"product_brand","embeddable":true,"href":"https:\/\/www.editorialclaret.cat\/es\/wp-json\/wp\/v2\/product_brand?post=52852"},{"taxonomy":"product_cat","embeddable":true,"href":"https:\/\/www.editorialclaret.cat\/es\/wp-json\/wp\/v2\/product_cat?post=52852"},{"taxonomy":"product_tag","embeddable":true,"href":"https:\/\/www.editorialclaret.cat\/es\/wp-json\/wp\/v2\/product_tag?post=52852"}],"curies":[{"name":"wp","href":"https:\/\/api.w.org\/{rel}","templated":true}]}}