{"id":50253,"date":"2023-05-18T14:32:46","date_gmt":"2023-05-18T12:32:46","guid":{"rendered":"http:\/\/dev.editorialclaret.cat\/producte\/salvats-en-esperanca-spe-salvi-8498461367\/"},"modified":"2025-11-21T12:17:32","modified_gmt":"2025-11-21T11:17:32","slug":"salvats-en-esperanca-spe-salvi-8498461367","status":"publish","type":"product","link":"https:\/\/www.editorialclaret.cat\/es\/producto\/salvats-en-esperanca-spe-salvi-8498461367\/","title":{"rendered":"SALVATS EN ESPERAN\u00c7A. SPE SALVI"},"content":{"rendered":"<p>Aquesta \u00e9s la segona enc\u00edclica publicada pel sant pare Benet XVI. Una vegada m\u00e9s ens trobem amb un pensament que sorpr\u00e8n: perqu\u00e8 partint de les veritats profundes del cristianisme es dirigeix al cor de la persona, de tota persona, en di\u00e0leg amb la cultura contempor\u00e0nia i proposant un missatge clarament positiu. El seu missatge \u00e9s netament optimista, com ho podran comprovar els qui llegeixin amb deteniment l\u2019enc\u00edclica. I \u00e9s positiu perqu\u00e8 ens duu en directe al nucli del pensament cristi\u00e0, a l\u2019encontre amb el D\u00e9u viu, amb una esperan\u00e7a m\u00e9s forta que els sofriments de l\u2019esclavitud i que per aix\u00f2 transforma des de dintre la vida i el m\u00f3n. El Papa reflexiona sobre qu\u00e8 entenem per progr\u00e9s els uns i els altres. A vegades, la vertiginosa carrera cient\u00edfica i tecnol\u00f2gica fa que l\u2019atenci\u00f3 se centri potser massa en els instruments que han de protagonitzar el desenvolupament social, deixant de banda quin ha de ser el sentit \u00faltim vers on orientar aquest progr\u00e9s. Aix\u00ed, se\u2019ns planteja una pregunta decisiva: Cal posar totes les nostres esperances en el progr\u00e9s? \u00bfPodem identificar sense m\u00e9s l\u2019esperan\u00e7a amb la fe en el progr\u00e9s, pensar que el progr\u00e9s material millorar\u00e0 necess\u00e0riament el present? El sant pare considera que la millora de les condicions de vida, unes estructures socials m\u00e9s justes, els aven\u00e7os cient\u00edfics, etc. ajuden a fer la vida m\u00e9s feli\u00e7, per\u00f2 per si soles no basten. La persona humana necessita quelcom m\u00e9s en qu\u00e8 esperar, quelcom que transcendeixi el merament material: \u00ab\u00c9s evident que nom\u00e9s pot acontentar-se amb quelcom infinit, quelcom que ser\u00e0 sempre m\u00e9s del que mai podr\u00e0 aconseguir. (&#8230;) L\u2019\u00e9sser hum\u00e0 necessita un amor incondicionat.\u00bb Un amor que \u2013assegura\u2013 nom\u00e9s es troba en D\u00e9u.<\/p>\n","protected":false},"excerpt":{"rendered":"<p>BENET XVI<\/p>\n","protected":false},"featured_media":50354,"template":"","meta":{"_acf_changed":false,"rs_blank_template":"","rs_page_bg_color":"","slide_template_v7":"","inline_featured_image":false,"_monsterinsights_skip_tracking":false,"_monsterinsights_sitenote_active":false,"_monsterinsights_sitenote_note":"","_monsterinsights_sitenote_category":0},"product_brand":[],"product_cat":[1288],"product_tag":[],"class_list":{"0":"post-50253","1":"product","2":"type-product","3":"status-publish","4":"has-post-thumbnail","6":"product_cat-documents-dels-masgisteri","8":"first","9":"instock","10":"taxable","11":"shipping-taxable","12":"purchasable","13":"product-type-simple"},"acf":{"autor":"BENET XVI","codart":"849846136","libros-coleccion":"DOCUMENTS DEL MAGISTERI","ediciones":"1","encuadernacion":"R\u00fastica","fecha_de_publicacion":"21\/12\/2007","novedad":"0","paginas":"80","subtitulo":"CARTA ENCICLICA","orden":"999","portada":"0","idioma":"cat","autores-libros":[{"ID":46750,"post_author":"3","post_date":"2022-11-06 20:30:50","post_date_gmt":"2022-11-06 19:30:50","post_content":"","post_title":"BENET XVI","post_excerpt":"","post_status":"publish","comment_status":"closed","ping_status":"closed","post_password":"","post_name":"benet-xvi","to_ping":"","pinged":"","post_modified":"2022-11-06 20:30:50","post_modified_gmt":"2022-11-06 19:30:50","post_content_filtered":"","post_parent":0,"guid":"http:\/\/dev.editorialclaret.cat\/autor\/benet-xvi\/","menu_order":0,"post_type":"autor","post_mime_type":"","comment_count":"0","filter":"raw"}],"booktrailer":"","resenas":""},"yoast_head":"<!-- This site is optimized with the Yoast SEO plugin v27.3 - https:\/\/yoast.com\/product\/yoast-seo-wordpress\/ -->\n<title>Editorial Claret<\/title>\n<meta name=\"robots\" content=\"noindex, follow, max-snippet:-1, max-image-preview:large, max-video-preview:-1\" \/>\n<meta property=\"og:locale\" content=\"es_ES\" \/>\n<meta property=\"og:type\" content=\"article\" \/>\n<meta property=\"og:title\" content=\"SALVATS EN ESPERAN\u00c7A. SPE SALVI - Editorial Claret\" \/>\n<meta property=\"og:description\" content=\"BENET XVI\" \/>\n<meta property=\"og:url\" content=\"https:\/\/www.editorialclaret.cat\/producte\/salvats-en-esperanca-spe-salvi-8498461367\/\" \/>\n<meta property=\"og:site_name\" content=\"Editorial Claret\" \/>\n<meta property=\"article:modified_time\" content=\"2025-11-21T11:17:32+00:00\" \/>\n<meta property=\"og:image\" content=\"https:\/\/www.editorialclaret.cat\/wp-content\/uploads\/.\/9788498461367-1.jpg\" \/>\n\t<meta property=\"og:image:width\" content=\"350\" \/>\n\t<meta property=\"og:image:height\" content=\"600\" \/>\n\t<meta property=\"og:image:type\" content=\"image\/jpeg\" \/>\n<meta name=\"twitter:card\" content=\"summary_large_image\" \/>\n<meta name=\"twitter:label1\" content=\"Tiempo de lectura\" \/>\n\t<meta name=\"twitter:data1\" content=\"2 minutos\" \/>\n<script type=\"application\/ld+json\" class=\"yoast-schema-graph\">{\"@context\":\"https:\\\/\\\/schema.org\",\"@graph\":[{\"@type\":\"WebPage\",\"@id\":\"https:\\\/\\\/www.editorialclaret.cat\\\/producte\\\/salvats-en-esperanca-spe-salvi-8498461367\\\/\",\"url\":\"https:\\\/\\\/www.editorialclaret.cat\\\/producte\\\/salvats-en-esperanca-spe-salvi-8498461367\\\/\",\"name\":\"SALVATS EN ESPERAN\u00c7A. SPE SALVI - Editorial Claret\",\"isPartOf\":{\"@id\":\"https:\\\/\\\/www.editorialclaret.cat\\\/#website\"},\"primaryImageOfPage\":{\"@id\":\"https:\\\/\\\/www.editorialclaret.cat\\\/producte\\\/salvats-en-esperanca-spe-salvi-8498461367\\\/#primaryimage\"},\"image\":{\"@id\":\"https:\\\/\\\/www.editorialclaret.cat\\\/producte\\\/salvats-en-esperanca-spe-salvi-8498461367\\\/#primaryimage\"},\"thumbnailUrl\":\"https:\\\/\\\/www.editorialclaret.cat\\\/wp-content\\\/uploads\\\/.\\\/9788498461367-1.jpg\",\"datePublished\":\"2023-05-18T12:32:46+00:00\",\"dateModified\":\"2025-11-21T11:17:32+00:00\",\"breadcrumb\":{\"@id\":\"https:\\\/\\\/www.editorialclaret.cat\\\/producte\\\/salvats-en-esperanca-spe-salvi-8498461367\\\/#breadcrumb\"},\"inLanguage\":\"es\",\"potentialAction\":[{\"@type\":\"ReadAction\",\"target\":[\"https:\\\/\\\/www.editorialclaret.cat\\\/producte\\\/salvats-en-esperanca-spe-salvi-8498461367\\\/\"]}]},{\"@type\":\"ImageObject\",\"inLanguage\":\"es\",\"@id\":\"https:\\\/\\\/www.editorialclaret.cat\\\/producte\\\/salvats-en-esperanca-spe-salvi-8498461367\\\/#primaryimage\",\"url\":\"https:\\\/\\\/www.editorialclaret.cat\\\/wp-content\\\/uploads\\\/.\\\/9788498461367-1.jpg\",\"contentUrl\":\"https:\\\/\\\/www.editorialclaret.cat\\\/wp-content\\\/uploads\\\/.\\\/9788498461367-1.jpg\",\"width\":350,\"height\":600,\"caption\":\"9788498461367.jpg\"},{\"@type\":\"BreadcrumbList\",\"@id\":\"https:\\\/\\\/www.editorialclaret.cat\\\/producte\\\/salvats-en-esperanca-spe-salvi-8498461367\\\/#breadcrumb\",\"itemListElement\":[{\"@type\":\"ListItem\",\"position\":1,\"name\":\"Portada\",\"item\":\"https:\\\/\\\/www.editorialclaret.cat\\\/es\\\/\"},{\"@type\":\"ListItem\",\"position\":2,\"name\":\"Botiga\",\"item\":\"https:\\\/\\\/www.editorialclaret.cat\\\/?page_id=16\"},{\"@type\":\"ListItem\",\"position\":3,\"name\":\"SALVATS EN ESPERAN\u00c7A. SPE SALVI\"}]},{\"@type\":\"WebSite\",\"@id\":\"https:\\\/\\\/www.editorialclaret.cat\\\/#website\",\"url\":\"https:\\\/\\\/www.editorialclaret.cat\\\/\",\"name\":\"Editorial Claret\",\"description\":\"\",\"publisher\":{\"@id\":\"https:\\\/\\\/www.editorialclaret.cat\\\/#organization\"},\"potentialAction\":[{\"@type\":\"SearchAction\",\"target\":{\"@type\":\"EntryPoint\",\"urlTemplate\":\"https:\\\/\\\/www.editorialclaret.cat\\\/?s={search_term_string}\"},\"query-input\":{\"@type\":\"PropertyValueSpecification\",\"valueRequired\":true,\"valueName\":\"search_term_string\"}}],\"inLanguage\":\"es\"},{\"@type\":\"Organization\",\"@id\":\"https:\\\/\\\/www.editorialclaret.cat\\\/#organization\",\"name\":\"Editorial Claret\",\"url\":\"https:\\\/\\\/www.editorialclaret.cat\\\/\",\"logo\":{\"@type\":\"ImageObject\",\"inLanguage\":\"es\",\"@id\":\"https:\\\/\\\/www.editorialclaret.cat\\\/#\\\/schema\\\/logo\\\/image\\\/\",\"url\":\"https:\\\/\\\/www.editorialclaret.cat\\\/wp-content\\\/uploads\\\/.\\\/logo-claret.png\",\"contentUrl\":\"https:\\\/\\\/www.editorialclaret.cat\\\/wp-content\\\/uploads\\\/.\\\/logo-claret.png\",\"width\":194,\"height\":79,\"caption\":\"Editorial Claret\"},\"image\":{\"@id\":\"https:\\\/\\\/www.editorialclaret.cat\\\/#\\\/schema\\\/logo\\\/image\\\/\"}}]}<\/script>\n<!-- \/ Yoast SEO plugin. -->","yoast_head_json":{"title":"Editorial Claret","robots":{"index":"noindex","follow":"follow","max-snippet":"max-snippet:-1","max-image-preview":"max-image-preview:large","max-video-preview":"max-video-preview:-1"},"og_locale":"es_ES","og_type":"article","og_title":"SALVATS EN ESPERAN\u00c7A. SPE SALVI - Editorial Claret","og_description":"BENET XVI","og_url":"https:\/\/www.editorialclaret.cat\/producte\/salvats-en-esperanca-spe-salvi-8498461367\/","og_site_name":"Editorial Claret","article_modified_time":"2025-11-21T11:17:32+00:00","og_image":[{"width":350,"height":600,"url":"https:\/\/www.editorialclaret.cat\/wp-content\/uploads\/.\/9788498461367-1.jpg","type":"image\/jpeg"}],"twitter_card":"summary_large_image","twitter_misc":{"Tiempo de lectura":"2 minutos"},"schema":{"@context":"https:\/\/schema.org","@graph":[{"@type":"WebPage","@id":"https:\/\/www.editorialclaret.cat\/producte\/salvats-en-esperanca-spe-salvi-8498461367\/","url":"https:\/\/www.editorialclaret.cat\/producte\/salvats-en-esperanca-spe-salvi-8498461367\/","name":"SALVATS EN ESPERAN\u00c7A. SPE SALVI - Editorial Claret","isPartOf":{"@id":"https:\/\/www.editorialclaret.cat\/#website"},"primaryImageOfPage":{"@id":"https:\/\/www.editorialclaret.cat\/producte\/salvats-en-esperanca-spe-salvi-8498461367\/#primaryimage"},"image":{"@id":"https:\/\/www.editorialclaret.cat\/producte\/salvats-en-esperanca-spe-salvi-8498461367\/#primaryimage"},"thumbnailUrl":"https:\/\/www.editorialclaret.cat\/wp-content\/uploads\/.\/9788498461367-1.jpg","datePublished":"2023-05-18T12:32:46+00:00","dateModified":"2025-11-21T11:17:32+00:00","breadcrumb":{"@id":"https:\/\/www.editorialclaret.cat\/producte\/salvats-en-esperanca-spe-salvi-8498461367\/#breadcrumb"},"inLanguage":"es","potentialAction":[{"@type":"ReadAction","target":["https:\/\/www.editorialclaret.cat\/producte\/salvats-en-esperanca-spe-salvi-8498461367\/"]}]},{"@type":"ImageObject","inLanguage":"es","@id":"https:\/\/www.editorialclaret.cat\/producte\/salvats-en-esperanca-spe-salvi-8498461367\/#primaryimage","url":"https:\/\/www.editorialclaret.cat\/wp-content\/uploads\/.\/9788498461367-1.jpg","contentUrl":"https:\/\/www.editorialclaret.cat\/wp-content\/uploads\/.\/9788498461367-1.jpg","width":350,"height":600,"caption":"9788498461367.jpg"},{"@type":"BreadcrumbList","@id":"https:\/\/www.editorialclaret.cat\/producte\/salvats-en-esperanca-spe-salvi-8498461367\/#breadcrumb","itemListElement":[{"@type":"ListItem","position":1,"name":"Portada","item":"https:\/\/www.editorialclaret.cat\/es\/"},{"@type":"ListItem","position":2,"name":"Botiga","item":"https:\/\/www.editorialclaret.cat\/?page_id=16"},{"@type":"ListItem","position":3,"name":"SALVATS EN ESPERAN\u00c7A. SPE SALVI"}]},{"@type":"WebSite","@id":"https:\/\/www.editorialclaret.cat\/#website","url":"https:\/\/www.editorialclaret.cat\/","name":"Editorial Claret","description":"","publisher":{"@id":"https:\/\/www.editorialclaret.cat\/#organization"},"potentialAction":[{"@type":"SearchAction","target":{"@type":"EntryPoint","urlTemplate":"https:\/\/www.editorialclaret.cat\/?s={search_term_string}"},"query-input":{"@type":"PropertyValueSpecification","valueRequired":true,"valueName":"search_term_string"}}],"inLanguage":"es"},{"@type":"Organization","@id":"https:\/\/www.editorialclaret.cat\/#organization","name":"Editorial Claret","url":"https:\/\/www.editorialclaret.cat\/","logo":{"@type":"ImageObject","inLanguage":"es","@id":"https:\/\/www.editorialclaret.cat\/#\/schema\/logo\/image\/","url":"https:\/\/www.editorialclaret.cat\/wp-content\/uploads\/.\/logo-claret.png","contentUrl":"https:\/\/www.editorialclaret.cat\/wp-content\/uploads\/.\/logo-claret.png","width":194,"height":79,"caption":"Editorial Claret"},"image":{"@id":"https:\/\/www.editorialclaret.cat\/#\/schema\/logo\/image\/"}}]}},"_links":{"self":[{"href":"https:\/\/www.editorialclaret.cat\/es\/wp-json\/wp\/v2\/product\/50253","targetHints":{"allow":["GET"]}}],"collection":[{"href":"https:\/\/www.editorialclaret.cat\/es\/wp-json\/wp\/v2\/product"}],"about":[{"href":"https:\/\/www.editorialclaret.cat\/es\/wp-json\/wp\/v2\/types\/product"}],"wp:featuredmedia":[{"embeddable":true,"href":"https:\/\/www.editorialclaret.cat\/es\/wp-json\/wp\/v2\/media\/50354"}],"wp:attachment":[{"href":"https:\/\/www.editorialclaret.cat\/es\/wp-json\/wp\/v2\/media?parent=50253"}],"wp:term":[{"taxonomy":"product_brand","embeddable":true,"href":"https:\/\/www.editorialclaret.cat\/es\/wp-json\/wp\/v2\/product_brand?post=50253"},{"taxonomy":"product_cat","embeddable":true,"href":"https:\/\/www.editorialclaret.cat\/es\/wp-json\/wp\/v2\/product_cat?post=50253"},{"taxonomy":"product_tag","embeddable":true,"href":"https:\/\/www.editorialclaret.cat\/es\/wp-json\/wp\/v2\/product_tag?post=50253"}],"curies":[{"name":"wp","href":"https:\/\/api.w.org\/{rel}","templated":true}]}}