{"id":50240,"date":"2023-05-18T14:30:59","date_gmt":"2023-05-18T12:30:59","guid":{"rendered":"http:\/\/dev.editorialclaret.cat\/producte\/cartes-marcades-8482979885\/"},"modified":"2024-05-22T12:07:46","modified_gmt":"2024-05-22T10:07:46","slug":"cartes-marcades-8482979885","status":"publish","type":"product","link":"https:\/\/www.editorialclaret.cat\/es\/producto\/cartes-marcades-8482979885\/","title":{"rendered":"CARTES MARCADES"},"content":{"rendered":"<p>Cartes marcades \u00e9s el recull d\u2019una vintena llarga de \u00abcartes circulars\u00bb, escrites per Pere Casald\u00e0liga a partir de la seva viv\u00e8ncia com a bisbe de la prelatura de S\u00e3o F\u00e9lix do Araguaia, en plena regi\u00f3 de l\u2019interior de Brasil.<br \/>Adre\u00e7ades a m\u00faltiples destinataris, aquestes cartes porten a la pr\u00e0ctica la \u00abcol\u00b7legialitat episcopal\u00bb, per la qual tots els bisbes de l\u2019Esgl\u00e9sia, m\u00e9s enll\u00e0 de la seva di\u00f2cesi, s\u00f3n corresponsables de la vida de l\u2019Esgl\u00e9sia arreu del m\u00f3n. D\u2019aquesta manera mostren un clar comprom\u00eds de pastor, que tradueix en el seu llenguatge de poeta la seva l\u00facidavisi\u00f3 de la realitat des de l\u2019opci\u00f3 decidida per la causa del poble.<br \/>La s\u00e8rie comen\u00e7a amb una carta oberta adre\u00e7ada al Papa Joan Pau II el febrer de 1986. \u00c9s un moment clau en la traject\u00f2ria episcopal de Pere Casald\u00e0liga. Q\u00fcestionat per Roma perqu\u00e8 no venia fent la \u00abvisita ad limina\u00bb que havia de realitzar cada 5 anys, abans de visitar el Papa es decid\u00ed a escriure-li una llarga carta en qu\u00e8 aborda amb confian\u00e7a i coratge moltes de les seves preocupacions respecte a l\u2019Esgl\u00e9sia, tot reflexionant sobre els recels viscuts per molts altres bisbes, i que ell expressa amb discerniment i franquesa.<br \/>Segueix la cr\u00f2nica de la visita que, finalment, va fer al Papa i a la C\u00faria Romana, el Des del 1990 fins al 2005, se succeeixen les circulars anuals, que van anar creant expectativa i que eren esperades amb inter\u00e8s per un cercle creixent de persones arreu del m\u00f3n.<br \/>Cartes marcades \u00e9s una valuosa narraci\u00f3 hist\u00f2rica, i, per sobre de tot, un preci\u00f3s testimoni de l\u2019exercici responsable del ministeri episcopal per part d\u2019un bisbe que va viure amb intensitat l\u2019experi\u00e8ncia de sant Pau, que carregava sobre seu \u00abla sol\u00b7licitud per totes les Esgl\u00e9sies\u00bb.<br \/>La validesa d\u2019aquests textos \u00e9s perdurable. Registren el testimoniatge de Pere Casald\u00e0liga i continuen mostrant les grans causes que han donat vida al seu cor de bisbe i de profeta.<\/p>\n","protected":false},"excerpt":{"rendered":"<p>CASALD\u00c0LIGA, PERE<\/p>\n","protected":false},"featured_media":50318,"template":"","meta":{"_acf_changed":false,"rs_blank_template":"","rs_page_bg_color":"","slide_template_v7":"","inline_featured_image":false,"_monsterinsights_skip_tracking":false,"_monsterinsights_sitenote_active":false,"_monsterinsights_sitenote_note":"","_monsterinsights_sitenote_category":0},"product_brand":[],"product_cat":[1233,996,1254,1017,1213,976],"product_tag":[],"class_list":{"0":"post-50240","1":"product","2":"type-product","3":"status-publish","4":"has-post-thumbnail","6":"product_cat-de-las-misiones","7":"product_cat-de-les-missions","8":"product_cat-eclesiologia-teologia-espiritualidad","9":"product_cat-eclesiologia-teologia","10":"product_cat-testimonios","11":"product_cat-testimonis","13":"first","14":"instock","15":"taxable","16":"shipping-taxable","17":"purchasable","18":"product-type-simple"},"acf":{"autor":"CASALD\u00c0LIGA, PERE","codart":"848297988","libros-coleccion":"TORSIMANY","ediciones":"1","encuadernacion":"R\u00fastica","fecha_de_publicacion":"23\/02\/2007","novedad":"0","paginas":"326","subtitulo":"","orden":"0","portada":"0","idioma":"cat","autores-libros":[{"ID":46613,"post_author":"3","post_date":"2022-10-24 13:04:20","post_date_gmt":"2022-10-24 11:04:20","post_content":"","post_title":"PERE CASALD\u00c0LIGA","post_excerpt":"","post_status":"publish","comment_status":"closed","ping_status":"closed","post_password":"","post_name":"pere-casaldaliga","to_ping":"","pinged":"","post_modified":"2022-10-24 13:04:20","post_modified_gmt":"2022-10-24 11:04:20","post_content_filtered":"","post_parent":0,"guid":"http:\/\/dev.editorialclaret.cat\/autor\/pere-casaldaliga\/","menu_order":0,"post_type":"autor","post_mime_type":"","comment_count":"0","filter":"raw"}]},"yoast_head":"<!-- This site is optimized with the Yoast SEO plugin v27.3 - https:\/\/yoast.com\/product\/yoast-seo-wordpress\/ -->\n<title>Editorial Claret<\/title>\n<meta name=\"robots\" content=\"noindex, follow, max-snippet:-1, max-image-preview:large, max-video-preview:-1\" \/>\n<meta property=\"og:locale\" content=\"es_ES\" \/>\n<meta property=\"og:type\" content=\"article\" \/>\n<meta property=\"og:title\" content=\"CARTES MARCADES - Editorial Claret\" \/>\n<meta property=\"og:description\" content=\"CASALD\u00c0LIGA, PERE\" \/>\n<meta property=\"og:url\" content=\"https:\/\/www.editorialclaret.cat\/producte\/cartes-marcades-8482979885\/\" \/>\n<meta property=\"og:site_name\" content=\"Editorial Claret\" \/>\n<meta property=\"article:modified_time\" content=\"2024-05-22T10:07:46+00:00\" \/>\n<meta property=\"og:image\" content=\"https:\/\/www.editorialclaret.cat\/wp-content\/uploads\/.\/9788482979885-1.jpg\" \/>\n\t<meta property=\"og:image:width\" content=\"335\" \/>\n\t<meta property=\"og:image:height\" content=\"500\" \/>\n\t<meta property=\"og:image:type\" content=\"image\/jpeg\" \/>\n<meta name=\"twitter:card\" content=\"summary_large_image\" \/>\n<meta name=\"twitter:label1\" content=\"Tiempo de lectura\" \/>\n\t<meta name=\"twitter:data1\" content=\"2 minutos\" \/>\n<script type=\"application\/ld+json\" class=\"yoast-schema-graph\">{\"@context\":\"https:\\\/\\\/schema.org\",\"@graph\":[{\"@type\":\"WebPage\",\"@id\":\"https:\\\/\\\/www.editorialclaret.cat\\\/producte\\\/cartes-marcades-8482979885\\\/\",\"url\":\"https:\\\/\\\/www.editorialclaret.cat\\\/producte\\\/cartes-marcades-8482979885\\\/\",\"name\":\"CARTES MARCADES - Editorial Claret\",\"isPartOf\":{\"@id\":\"https:\\\/\\\/www.editorialclaret.cat\\\/#website\"},\"primaryImageOfPage\":{\"@id\":\"https:\\\/\\\/www.editorialclaret.cat\\\/producte\\\/cartes-marcades-8482979885\\\/#primaryimage\"},\"image\":{\"@id\":\"https:\\\/\\\/www.editorialclaret.cat\\\/producte\\\/cartes-marcades-8482979885\\\/#primaryimage\"},\"thumbnailUrl\":\"https:\\\/\\\/www.editorialclaret.cat\\\/wp-content\\\/uploads\\\/.\\\/9788482979885-1.jpg\",\"datePublished\":\"2023-05-18T12:30:59+00:00\",\"dateModified\":\"2024-05-22T10:07:46+00:00\",\"breadcrumb\":{\"@id\":\"https:\\\/\\\/www.editorialclaret.cat\\\/producte\\\/cartes-marcades-8482979885\\\/#breadcrumb\"},\"inLanguage\":\"es\",\"potentialAction\":[{\"@type\":\"ReadAction\",\"target\":[\"https:\\\/\\\/www.editorialclaret.cat\\\/producte\\\/cartes-marcades-8482979885\\\/\"]}]},{\"@type\":\"ImageObject\",\"inLanguage\":\"es\",\"@id\":\"https:\\\/\\\/www.editorialclaret.cat\\\/producte\\\/cartes-marcades-8482979885\\\/#primaryimage\",\"url\":\"https:\\\/\\\/www.editorialclaret.cat\\\/wp-content\\\/uploads\\\/.\\\/9788482979885-1.jpg\",\"contentUrl\":\"https:\\\/\\\/www.editorialclaret.cat\\\/wp-content\\\/uploads\\\/.\\\/9788482979885-1.jpg\",\"width\":335,\"height\":500,\"caption\":\"9788482979885.jpg\"},{\"@type\":\"BreadcrumbList\",\"@id\":\"https:\\\/\\\/www.editorialclaret.cat\\\/producte\\\/cartes-marcades-8482979885\\\/#breadcrumb\",\"itemListElement\":[{\"@type\":\"ListItem\",\"position\":1,\"name\":\"Portada\",\"item\":\"https:\\\/\\\/www.editorialclaret.cat\\\/es\\\/\"},{\"@type\":\"ListItem\",\"position\":2,\"name\":\"Botiga\",\"item\":\"https:\\\/\\\/www.editorialclaret.cat\\\/?page_id=16\"},{\"@type\":\"ListItem\",\"position\":3,\"name\":\"CARTES MARCADES\"}]},{\"@type\":\"WebSite\",\"@id\":\"https:\\\/\\\/www.editorialclaret.cat\\\/#website\",\"url\":\"https:\\\/\\\/www.editorialclaret.cat\\\/\",\"name\":\"Editorial Claret\",\"description\":\"\",\"publisher\":{\"@id\":\"https:\\\/\\\/www.editorialclaret.cat\\\/#organization\"},\"potentialAction\":[{\"@type\":\"SearchAction\",\"target\":{\"@type\":\"EntryPoint\",\"urlTemplate\":\"https:\\\/\\\/www.editorialclaret.cat\\\/?s={search_term_string}\"},\"query-input\":{\"@type\":\"PropertyValueSpecification\",\"valueRequired\":true,\"valueName\":\"search_term_string\"}}],\"inLanguage\":\"es\"},{\"@type\":\"Organization\",\"@id\":\"https:\\\/\\\/www.editorialclaret.cat\\\/#organization\",\"name\":\"Editorial Claret\",\"url\":\"https:\\\/\\\/www.editorialclaret.cat\\\/\",\"logo\":{\"@type\":\"ImageObject\",\"inLanguage\":\"es\",\"@id\":\"https:\\\/\\\/www.editorialclaret.cat\\\/#\\\/schema\\\/logo\\\/image\\\/\",\"url\":\"https:\\\/\\\/www.editorialclaret.cat\\\/wp-content\\\/uploads\\\/.\\\/logo-claret.png\",\"contentUrl\":\"https:\\\/\\\/www.editorialclaret.cat\\\/wp-content\\\/uploads\\\/.\\\/logo-claret.png\",\"width\":194,\"height\":79,\"caption\":\"Editorial Claret\"},\"image\":{\"@id\":\"https:\\\/\\\/www.editorialclaret.cat\\\/#\\\/schema\\\/logo\\\/image\\\/\"}}]}<\/script>\n<!-- \/ Yoast SEO plugin. -->","yoast_head_json":{"title":"Editorial Claret","robots":{"index":"noindex","follow":"follow","max-snippet":"max-snippet:-1","max-image-preview":"max-image-preview:large","max-video-preview":"max-video-preview:-1"},"og_locale":"es_ES","og_type":"article","og_title":"CARTES MARCADES - Editorial Claret","og_description":"CASALD\u00c0LIGA, PERE","og_url":"https:\/\/www.editorialclaret.cat\/producte\/cartes-marcades-8482979885\/","og_site_name":"Editorial Claret","article_modified_time":"2024-05-22T10:07:46+00:00","og_image":[{"width":335,"height":500,"url":"https:\/\/www.editorialclaret.cat\/wp-content\/uploads\/.\/9788482979885-1.jpg","type":"image\/jpeg"}],"twitter_card":"summary_large_image","twitter_misc":{"Tiempo de lectura":"2 minutos"},"schema":{"@context":"https:\/\/schema.org","@graph":[{"@type":"WebPage","@id":"https:\/\/www.editorialclaret.cat\/producte\/cartes-marcades-8482979885\/","url":"https:\/\/www.editorialclaret.cat\/producte\/cartes-marcades-8482979885\/","name":"CARTES MARCADES - Editorial Claret","isPartOf":{"@id":"https:\/\/www.editorialclaret.cat\/#website"},"primaryImageOfPage":{"@id":"https:\/\/www.editorialclaret.cat\/producte\/cartes-marcades-8482979885\/#primaryimage"},"image":{"@id":"https:\/\/www.editorialclaret.cat\/producte\/cartes-marcades-8482979885\/#primaryimage"},"thumbnailUrl":"https:\/\/www.editorialclaret.cat\/wp-content\/uploads\/.\/9788482979885-1.jpg","datePublished":"2023-05-18T12:30:59+00:00","dateModified":"2024-05-22T10:07:46+00:00","breadcrumb":{"@id":"https:\/\/www.editorialclaret.cat\/producte\/cartes-marcades-8482979885\/#breadcrumb"},"inLanguage":"es","potentialAction":[{"@type":"ReadAction","target":["https:\/\/www.editorialclaret.cat\/producte\/cartes-marcades-8482979885\/"]}]},{"@type":"ImageObject","inLanguage":"es","@id":"https:\/\/www.editorialclaret.cat\/producte\/cartes-marcades-8482979885\/#primaryimage","url":"https:\/\/www.editorialclaret.cat\/wp-content\/uploads\/.\/9788482979885-1.jpg","contentUrl":"https:\/\/www.editorialclaret.cat\/wp-content\/uploads\/.\/9788482979885-1.jpg","width":335,"height":500,"caption":"9788482979885.jpg"},{"@type":"BreadcrumbList","@id":"https:\/\/www.editorialclaret.cat\/producte\/cartes-marcades-8482979885\/#breadcrumb","itemListElement":[{"@type":"ListItem","position":1,"name":"Portada","item":"https:\/\/www.editorialclaret.cat\/es\/"},{"@type":"ListItem","position":2,"name":"Botiga","item":"https:\/\/www.editorialclaret.cat\/?page_id=16"},{"@type":"ListItem","position":3,"name":"CARTES MARCADES"}]},{"@type":"WebSite","@id":"https:\/\/www.editorialclaret.cat\/#website","url":"https:\/\/www.editorialclaret.cat\/","name":"Editorial Claret","description":"","publisher":{"@id":"https:\/\/www.editorialclaret.cat\/#organization"},"potentialAction":[{"@type":"SearchAction","target":{"@type":"EntryPoint","urlTemplate":"https:\/\/www.editorialclaret.cat\/?s={search_term_string}"},"query-input":{"@type":"PropertyValueSpecification","valueRequired":true,"valueName":"search_term_string"}}],"inLanguage":"es"},{"@type":"Organization","@id":"https:\/\/www.editorialclaret.cat\/#organization","name":"Editorial Claret","url":"https:\/\/www.editorialclaret.cat\/","logo":{"@type":"ImageObject","inLanguage":"es","@id":"https:\/\/www.editorialclaret.cat\/#\/schema\/logo\/image\/","url":"https:\/\/www.editorialclaret.cat\/wp-content\/uploads\/.\/logo-claret.png","contentUrl":"https:\/\/www.editorialclaret.cat\/wp-content\/uploads\/.\/logo-claret.png","width":194,"height":79,"caption":"Editorial Claret"},"image":{"@id":"https:\/\/www.editorialclaret.cat\/#\/schema\/logo\/image\/"}}]}},"_links":{"self":[{"href":"https:\/\/www.editorialclaret.cat\/es\/wp-json\/wp\/v2\/product\/50240","targetHints":{"allow":["GET"]}}],"collection":[{"href":"https:\/\/www.editorialclaret.cat\/es\/wp-json\/wp\/v2\/product"}],"about":[{"href":"https:\/\/www.editorialclaret.cat\/es\/wp-json\/wp\/v2\/types\/product"}],"wp:featuredmedia":[{"embeddable":true,"href":"https:\/\/www.editorialclaret.cat\/es\/wp-json\/wp\/v2\/media\/50318"}],"wp:attachment":[{"href":"https:\/\/www.editorialclaret.cat\/es\/wp-json\/wp\/v2\/media?parent=50240"}],"wp:term":[{"taxonomy":"product_brand","embeddable":true,"href":"https:\/\/www.editorialclaret.cat\/es\/wp-json\/wp\/v2\/product_brand?post=50240"},{"taxonomy":"product_cat","embeddable":true,"href":"https:\/\/www.editorialclaret.cat\/es\/wp-json\/wp\/v2\/product_cat?post=50240"},{"taxonomy":"product_tag","embeddable":true,"href":"https:\/\/www.editorialclaret.cat\/es\/wp-json\/wp\/v2\/product_tag?post=50240"}],"curies":[{"name":"wp","href":"https:\/\/api.w.org\/{rel}","templated":true}]}}