{"id":50149,"date":"2023-04-13T16:45:01","date_gmt":"2023-04-13T14:45:01","guid":{"rendered":"http:\/\/dev.editorialclaret.cat\/producte\/nous-estudis-de-llengua-9788491364719\/"},"modified":"2025-01-07T12:40:50","modified_gmt":"2025-01-07T11:40:50","slug":"nous-estudis-de-llengua-9788491364719","status":"publish","type":"product","link":"https:\/\/www.editorialclaret.cat\/es\/producto\/nous-estudis-de-llengua-9788491364719\/","title":{"rendered":"NOUS ESTUDIS DE LLENGUA"},"content":{"rendered":"<p>Aquesta obra \u00e9s un revisi\u00f3 i notable ampliaci\u00f3 dels Estudis de llengua, publicats en el 2016. Aquells comprenien trenta-dos cap\u00edtols; aquests, seixanta. Calia editar aquesta nova versi\u00f3, sigui pels canvis que s&#8217;han produ\u00eft des d&#8217;aleshores, sigui pels nous problemes que han sorgit, sigui pels estudis que ha continuat elaborant l&#8217;autor. Com l&#8217;obra de la qual parteix, constitueix tamb\u00e9 un curs d&#8217;aprofundiment, per\u00f2 m\u00e9s ampli, m\u00e9s madur. En poden treure molt profit els especialistes en tema ling\u00fc\u00edstic (alumnes de cursos avan\u00e7ats, professors, correctors, escriptors, tractadistes i, en general, persones interessades per la llengua). Valdria la pena que tamb\u00e9 els tinguessin en compte les inst\u00e0ncies normativitzadores del nostre idioma, que no sempre estan al cas de la bibliografia existent i fins i tot (almenys aix\u00ed apareix fins a cert punt) no aprofiten prou les observacions que els fan amb tota la bona voluntat autors externs a l&#8217;Institut d&#8217;Estudis Catalans. Pensem que a tots ens guien el mateixos objectius: obtenir una llengua genu\u00efna, entroncada amb la nostra tradici\u00f3, fonamentada filol\u00f2gicament i, \u00e9s clar, posada al dia amb criteris equilibrats entre sensibilitats diverses, entre territoris administrativament fraccionats, per\u00f2 sempre basada en la nostra hist\u00f2ria liter\u00e0ria, en fets de llengua de notable extensi\u00f3 i \u00fas, en la finalitat b\u00e0sica del llenguatge que \u00e9s entendre&#8217;s, i tot, embolcallat en el bon gust.<br \/> Els nombros\u00edssims exemples que el volum cont\u00e9 en fan, malgrat presentar, a estones, una certa subtilitat (no tothom est\u00e0 familiaritzat amb la nomenclatura d&#8217;aquesta mat\u00e8ria ni amb l&#8217;observaci\u00f3 i an\u00e0lisi dels textos), uns estudis intu\u00eftius i pr\u00e0ctics, amb la simple observaci\u00f3 d&#8217;usos m\u00e9s o menys planers o m\u00e9s o menys discutibles (o realment discutits), mitjan\u00e7ant les solucions que l&#8217;autor \u2013veter\u00e0 en la did\u00e0ctica i l&#8217;estudi de la nostra llengua, corrector de textos nombros\u00edssims (entre ells, obres de refer\u00e8ncia), escriptor i traductor, professor a nivells diversos i, per damunt de tot, actiu durant la seva llarga vida en l&#8217;impuls de tot el que fos catal\u00e0, i bon catal\u00e0, ens forneix. Podem millorar la nostra llengua? L&#8217;autor creu que s\u00ed\u2026 a condici\u00f3 que tu, amable lector i estudi\u00f3s, hi col\u00b7laboris. Si \u00e9s aix\u00ed, ser\u00e0s benem\u00e8rit de la parla que s&#8217;est\u00e9n de Salses a Guardamar i de Fraga a Ma\u00f3 (amb l&#8217;ap\u00e8ndix de l&#8217;Alguer).<\/p>\n","protected":false},"excerpt":{"rendered":"<p>RUAIX I VINYET, JOSEP<\/p>\n","protected":false},"featured_media":51981,"template":"","meta":{"_acf_changed":false,"rs_blank_template":"","rs_page_bg_color":"","slide_template_v7":"","inline_featured_image":false,"_monsterinsights_skip_tracking":false,"_monsterinsights_sitenote_active":false,"_monsterinsights_sitenote_note":"","_monsterinsights_sitenote_category":0},"product_brand":[],"product_cat":[828,1073,836,811,1065],"product_tag":[],"class_list":{"0":"post-50149","1":"product","2":"type-product","3":"status-publish","4":"has-post-thumbnail","6":"product_cat-altres-altres","7":"product_cat-diccionarios","8":"product_cat-diccionaris","9":"product_cat-els-mes-venuts","10":"product_cat-otros","12":"first","13":"instock","14":"taxable","15":"shipping-taxable","16":"purchasable","17":"product-type-simple"},"acf":{"autor":"RUAIX I VINYET, JOSEP","codart":"849136471","libros-coleccion":"","ediciones":"1","encuadernacion":"R\u00fastica","fecha_de_publicacion":"06\/06\/2023","novedad":"1","paginas":"1024","subtitulo":"","orden":"0","portada":"1","idioma":"cat","autores-libros":[],"traductores-libros":"","ilustradores-libros":"","formato":"","linkebook":"","precioebook":"0","ficha":"849136471_1688038701.pdf","muestra":"","presentacion":"","booktrailer":"","resenas":"<p>Full Dioces\u00e0, Bisbat de Vic, 18\/06\/2023<\/p>\n<p><a href=\"https:\/\/drive.google.com\/file\/d\/17jitMVCcN4RTtsD2fT2mf-VT4C3GdC0X\/view?usp=share_link\" rel=\"noopener noreferrer\" target=\"_blank\">https:\/\/drive.google.com\/file\/d\/17jitMVCcN4RTtsD2fT2mf-VT4C3GdC0X\/view?usp=share_link<\/a><\/p>\n<p><\/p>\n<p><span style=\"color: rgb(0, 0, 0);\">L&#8217;Enlla\u00e7 dels Anoiencs, <\/span>06\/07\/2023<\/p>\n<p><a href=\"https:\/\/drive.google.com\/file\/d\/1m_6BcMpDB_12igZqeG0aOBzK4fKGIgTQ\/view?usp=sharing\" rel=\"noopener noreferrer\" target=\"_blank\">https:\/\/drive.google.com\/file\/d\/1m_6BcMpDB_12igZqeG0aOBzK4fKGIgTQ\/view?usp=sharing<\/a><\/p>\n<p><\/p>\n<p><\/p>\n<p>N\u00favol, 06\/07\/2023<\/p>\n<p><a href=\"https:\/\/www.nuvol.com\/llibres\/assaig\/un-gramatic-colossal-328095\" rel=\"noopener noreferrer\" target=\"_blank\">https:\/\/www.nuvol.com\/llibres\/assaig\/un-gramatic-colossal-328095<\/a><\/p>\n<p><\/p>\n<p>Full dioces\u00e0. Busbat de Solsona, 17\/06\/2023<\/p>\n<p><a href=\"https:\/\/drive.google.com\/file\/d\/1K2SeDhNkok2TYm-5b3EYZiAeJxwpHHlf\/view?usp=sharing\" rel=\"noopener noreferrer\" target=\"_blank\">https:\/\/drive.google.com\/file\/d\/1K2SeDhNkok2TYm-5b3EYZiAeJxwpHHlf\/view?usp=sharing<\/a><\/p>\n<p><\/p>\n<p>Catalunya Cristiana (catal\u00e0), 18\/06\/2023<\/p>\n<p><a href=\"https:\/\/drive.google.com\/file\/d\/1AS11Hi9eI1hEXMdng_eQEB2JdIORwkrM\/view?usp=sharing\" rel=\"noopener noreferrer\" target=\"_blank\">https:\/\/drive.google.com\/file\/d\/1AS11Hi9eI1hEXMdng_eQEB2JdIORwkrM\/view?usp=sharing<\/a><\/p>\n<p><\/p>\n<p>Catalunya Cristiana (castell\u00e0), 18\/06\/2023<\/p>\n<p><a href=\"https:\/\/drive.google.com\/file\/d\/1jWTD6oz9tiJA-ZO-yo8XFFL0yD90a1VK\/view?usp=sharing\" rel=\"noopener noreferrer\" target=\"_blank\">https:\/\/drive.google.com\/file\/d\/1jWTD6oz9tiJA-ZO-yo8XFFL0yD90a1VK\/view?usp=sharing<\/a><\/p>\n<p><\/p>\n<p>Vilaweb, 21\/07\/2023<\/p>\n<p><a href=\"https:\/\/www.vilaweb.cat\/noticies\/josep-ruaix-ha-construit-un-altre-monument\/?pont=271f1f4f697234413c4f4bbe829289dd&amp;utm_source=intern&amp;utm_medium=Butllet%C3%AD&amp;utm_campaign=ButlletiNit\" rel=\"noopener noreferrer\" target=\"_blank\">https:\/\/www.vilaweb.cat\/noticies\/josep-ruaix-ha-construit-un-altre-monument\/?pont=271f1f4f697234413c4f4bbe829289dd&amp;utm_source=intern&amp;utm_medium=Butllet%C3%AD&amp;utm_campaign=ButlletiNit<\/a><\/p>\n<p><\/p>\n<p>Segre, 23\/07\/2023<\/p>\n<p><a href=\"https:\/\/www.segre.com\/noticies\/opinio\/a_estones\/2023\/07\/23\/nous_estudis_llengua_215502_1130.html\" rel=\"noopener noreferrer\" target=\"_blank\">https:\/\/www.segre.com\/noticies\/opinio\/a_estones\/2023\/07\/23\/nous_estudis_llengua_215502_1130.html<\/a><\/p>\n<p><\/p>\n<p>Regi\u00f3 7, 22\/07\/2023<\/p>\n<p><a href=\"https:\/\/www.regio7.cat\/opinio\/2023\/07\/22\/nous-estudis-llengua-90180794.html\" rel=\"noopener noreferrer\" target=\"_blank\">https:\/\/www.regio7.cat\/opinio\/2023\/07\/22\/nous-estudis-llengua-90180794.html<\/a><\/p>\n<p><\/p>\n<p>Diari de Girona, 23\/07\/2023<\/p>\n<p><a href=\"https:\/\/www.diaridegirona.cat\/opinio\/2023\/07\/23\/nous-estudis-llengua-90211971.html\" rel=\"noopener noreferrer\" target=\"_blank\">https:\/\/www.diaridegirona.cat\/opinio\/2023\/07\/23\/nous-estudis-llengua-90211971.html<\/a><\/p>\n<p><\/p>\n<p>El Mat\u00ed digital, 31\/08\/2023<\/p>\n<p><a href=\"https:\/\/elmati.cat\/una-obra-de-pes\/\" rel=\"noopener noreferrer\" target=\"_blank\">https:\/\/elmati.cat\/una-obra-de-pes\/<\/a><\/p>\n<p><\/p>\n<p>La Tosca, 01\/08\/2023<\/p>\n<p><a href=\"https:\/\/drive.google.com\/file\/d\/1jthD6a9fQBrK6SfPQh9IL-zT5Ea_PDd3\/view?usp=sharing\" rel=\"noopener noreferrer\" target=\"_blank\">https:\/\/drive.google.com\/file\/d\/1jthD6a9fQBrK6SfPQh9IL-zT5Ea_PDd3\/view?usp=sharing<\/a><\/p>\n<p><\/p>\n<p>Diari de Girona, 29\/08\/2023<\/p>\n<p><a href=\"https:\/\/drive.google.com\/file\/d\/1h3Rpd9kPoCGbjeFB_N-htuk2RSZLzAI2\/view?usp=sharing\" rel=\"noopener noreferrer\" target=\"_blank\">https:\/\/drive.google.com\/file\/d\/1h3Rpd9kPoCGbjeFB_N-htuk2RSZLzAI2\/view?usp=sharing<\/a><\/p>\n<p><\/p>\n<p>Q\u00fcestions de Vida Cristiana, 01\/08\/2023<\/p>\n<p><a href=\"https:\/\/drive.google.com\/file\/d\/1DQRWTQLLnNsV6JoNzdyHV45Vq17On9eP\/view?usp=sharing\" rel=\"noopener noreferrer\" target=\"_blank\">https:\/\/drive.google.com\/file\/d\/1DQRWTQLLnNsV6JoNzdyHV45Vq17On9eP\/view?usp=sharing<\/a><\/p>\n<p><\/p>\n<p>Catalunya Cristiana (catal\u00e0), 01\/10\/2023<\/p>\n<p><a href=\"https:\/\/drive.google.com\/file\/d\/1JBXmU0i3jpvZ7G4sh1fGrIUcL9ApIHoe\/view?usp=sharing\" rel=\"noopener noreferrer\" target=\"_blank\">https:\/\/drive.google.com\/file\/d\/1JBXmU0i3jpvZ7G4sh1fGrIUcL9ApIHoe\/view?usp=sharing<\/a><\/p>\n<p><\/p>\n<p>Catalunya Cristiana (castell\u00e0), 01\/10\/2023<\/p>\n<p><a href=\"https:\/\/drive.google.com\/file\/d\/1vLt11Fkxu4hgmMDexCRXv0U-6LRx_uhS\/view?usp=sharing\" rel=\"noopener noreferrer\" target=\"_blank\">https:\/\/drive.google.com\/file\/d\/1vLt11Fkxu4hgmMDexCRXv0U-6LRx_uhS\/view?usp=sharing<\/a><\/p>\n<p><\/p>\n<p>Caplletra 76, 20\/03\/24<\/p>\n<p><a href=\"https:\/\/drive.google.com\/file\/d\/1iuudFgh1aqgmvWibgADMLP4Xk124CoEv\/view?usp=sharing\" rel=\"noopener noreferrer\" target=\"_blank\">https:\/\/drive.google.com\/file\/d\/1iuudFgh1aqgmvWibgADMLP4Xk124CoEv\/view?usp=sharing<\/a><\/p>\n<p><\/p>\n<p>Vilaweb, 12\/12\/2024<\/p>\n<p><a href=\"https:\/\/www.vilaweb.cat\/noticies\/josep-ruaix-normativa-afavorir-genuinitat\/\" rel=\"noopener noreferrer\" target=\"_blank\">https:\/\/www.vilaweb.cat\/noticies\/josep-ruaix-normativa-afavorir-genuinitat\/<\/a><\/p>\n","recomendamos":"","mas_vendido":"","ebookportada":false},"yoast_head":"<!-- This site is optimized with the Yoast SEO plugin v27.3 - https:\/\/yoast.com\/product\/yoast-seo-wordpress\/ -->\n<title>Editorial Claret<\/title>\n<meta name=\"robots\" content=\"noindex, follow, max-snippet:-1, max-image-preview:large, max-video-preview:-1\" \/>\n<meta property=\"og:locale\" content=\"es_ES\" \/>\n<meta property=\"og:type\" content=\"article\" \/>\n<meta property=\"og:title\" content=\"NOUS ESTUDIS DE LLENGUA - Editorial Claret\" \/>\n<meta property=\"og:description\" content=\"RUAIX I VINYET, JOSEP\" \/>\n<meta property=\"og:url\" content=\"https:\/\/www.editorialclaret.cat\/producte\/nous-estudis-de-llengua-9788491364719\/\" \/>\n<meta property=\"og:site_name\" content=\"Editorial Claret\" \/>\n<meta property=\"article:modified_time\" content=\"2025-01-07T11:40:50+00:00\" \/>\n<meta property=\"og:image\" content=\"https:\/\/www.editorialclaret.cat\/wp-content\/uploads\/.\/9788491364719-2.jpg\" \/>\n\t<meta property=\"og:image:width\" content=\"1056\" \/>\n\t<meta property=\"og:image:height\" content=\"1536\" \/>\n\t<meta property=\"og:image:type\" content=\"image\/jpeg\" \/>\n<meta name=\"twitter:card\" content=\"summary_large_image\" \/>\n<meta name=\"twitter:label1\" content=\"Tiempo de lectura\" \/>\n\t<meta name=\"twitter:data1\" content=\"3 minutos\" \/>\n<script type=\"application\/ld+json\" class=\"yoast-schema-graph\">{\"@context\":\"https:\\\/\\\/schema.org\",\"@graph\":[{\"@type\":\"WebPage\",\"@id\":\"https:\\\/\\\/www.editorialclaret.cat\\\/producte\\\/nous-estudis-de-llengua-9788491364719\\\/\",\"url\":\"https:\\\/\\\/www.editorialclaret.cat\\\/producte\\\/nous-estudis-de-llengua-9788491364719\\\/\",\"name\":\"NOUS ESTUDIS DE LLENGUA - Editorial Claret\",\"isPartOf\":{\"@id\":\"https:\\\/\\\/www.editorialclaret.cat\\\/#website\"},\"primaryImageOfPage\":{\"@id\":\"https:\\\/\\\/www.editorialclaret.cat\\\/producte\\\/nous-estudis-de-llengua-9788491364719\\\/#primaryimage\"},\"image\":{\"@id\":\"https:\\\/\\\/www.editorialclaret.cat\\\/producte\\\/nous-estudis-de-llengua-9788491364719\\\/#primaryimage\"},\"thumbnailUrl\":\"https:\\\/\\\/www.editorialclaret.cat\\\/wp-content\\\/uploads\\\/.\\\/9788491364719-2.jpg\",\"datePublished\":\"2023-04-13T14:45:01+00:00\",\"dateModified\":\"2025-01-07T11:40:50+00:00\",\"breadcrumb\":{\"@id\":\"https:\\\/\\\/www.editorialclaret.cat\\\/producte\\\/nous-estudis-de-llengua-9788491364719\\\/#breadcrumb\"},\"inLanguage\":\"es\",\"potentialAction\":[{\"@type\":\"ReadAction\",\"target\":[\"https:\\\/\\\/www.editorialclaret.cat\\\/producte\\\/nous-estudis-de-llengua-9788491364719\\\/\"]}]},{\"@type\":\"ImageObject\",\"inLanguage\":\"es\",\"@id\":\"https:\\\/\\\/www.editorialclaret.cat\\\/producte\\\/nous-estudis-de-llengua-9788491364719\\\/#primaryimage\",\"url\":\"https:\\\/\\\/www.editorialclaret.cat\\\/wp-content\\\/uploads\\\/.\\\/9788491364719-2.jpg\",\"contentUrl\":\"https:\\\/\\\/www.editorialclaret.cat\\\/wp-content\\\/uploads\\\/.\\\/9788491364719-2.jpg\",\"width\":1056,\"height\":1536,\"caption\":\"9788491364719.jpg\"},{\"@type\":\"BreadcrumbList\",\"@id\":\"https:\\\/\\\/www.editorialclaret.cat\\\/producte\\\/nous-estudis-de-llengua-9788491364719\\\/#breadcrumb\",\"itemListElement\":[{\"@type\":\"ListItem\",\"position\":1,\"name\":\"Portada\",\"item\":\"https:\\\/\\\/www.editorialclaret.cat\\\/es\\\/\"},{\"@type\":\"ListItem\",\"position\":2,\"name\":\"Botiga\",\"item\":\"https:\\\/\\\/www.editorialclaret.cat\\\/?page_id=16\"},{\"@type\":\"ListItem\",\"position\":3,\"name\":\"NOUS ESTUDIS DE LLENGUA\"}]},{\"@type\":\"WebSite\",\"@id\":\"https:\\\/\\\/www.editorialclaret.cat\\\/#website\",\"url\":\"https:\\\/\\\/www.editorialclaret.cat\\\/\",\"name\":\"Editorial Claret\",\"description\":\"\",\"publisher\":{\"@id\":\"https:\\\/\\\/www.editorialclaret.cat\\\/#organization\"},\"potentialAction\":[{\"@type\":\"SearchAction\",\"target\":{\"@type\":\"EntryPoint\",\"urlTemplate\":\"https:\\\/\\\/www.editorialclaret.cat\\\/?s={search_term_string}\"},\"query-input\":{\"@type\":\"PropertyValueSpecification\",\"valueRequired\":true,\"valueName\":\"search_term_string\"}}],\"inLanguage\":\"es\"},{\"@type\":\"Organization\",\"@id\":\"https:\\\/\\\/www.editorialclaret.cat\\\/#organization\",\"name\":\"Editorial Claret\",\"url\":\"https:\\\/\\\/www.editorialclaret.cat\\\/\",\"logo\":{\"@type\":\"ImageObject\",\"inLanguage\":\"es\",\"@id\":\"https:\\\/\\\/www.editorialclaret.cat\\\/#\\\/schema\\\/logo\\\/image\\\/\",\"url\":\"https:\\\/\\\/www.editorialclaret.cat\\\/wp-content\\\/uploads\\\/.\\\/logo-claret.png\",\"contentUrl\":\"https:\\\/\\\/www.editorialclaret.cat\\\/wp-content\\\/uploads\\\/.\\\/logo-claret.png\",\"width\":194,\"height\":79,\"caption\":\"Editorial Claret\"},\"image\":{\"@id\":\"https:\\\/\\\/www.editorialclaret.cat\\\/#\\\/schema\\\/logo\\\/image\\\/\"}}]}<\/script>\n<!-- \/ Yoast SEO plugin. -->","yoast_head_json":{"title":"Editorial Claret","robots":{"index":"noindex","follow":"follow","max-snippet":"max-snippet:-1","max-image-preview":"max-image-preview:large","max-video-preview":"max-video-preview:-1"},"og_locale":"es_ES","og_type":"article","og_title":"NOUS ESTUDIS DE LLENGUA - Editorial Claret","og_description":"RUAIX I VINYET, JOSEP","og_url":"https:\/\/www.editorialclaret.cat\/producte\/nous-estudis-de-llengua-9788491364719\/","og_site_name":"Editorial Claret","article_modified_time":"2025-01-07T11:40:50+00:00","og_image":[{"width":1056,"height":1536,"url":"https:\/\/www.editorialclaret.cat\/wp-content\/uploads\/.\/9788491364719-2.jpg","type":"image\/jpeg"}],"twitter_card":"summary_large_image","twitter_misc":{"Tiempo de lectura":"3 minutos"},"schema":{"@context":"https:\/\/schema.org","@graph":[{"@type":"WebPage","@id":"https:\/\/www.editorialclaret.cat\/producte\/nous-estudis-de-llengua-9788491364719\/","url":"https:\/\/www.editorialclaret.cat\/producte\/nous-estudis-de-llengua-9788491364719\/","name":"NOUS ESTUDIS DE LLENGUA - Editorial Claret","isPartOf":{"@id":"https:\/\/www.editorialclaret.cat\/#website"},"primaryImageOfPage":{"@id":"https:\/\/www.editorialclaret.cat\/producte\/nous-estudis-de-llengua-9788491364719\/#primaryimage"},"image":{"@id":"https:\/\/www.editorialclaret.cat\/producte\/nous-estudis-de-llengua-9788491364719\/#primaryimage"},"thumbnailUrl":"https:\/\/www.editorialclaret.cat\/wp-content\/uploads\/.\/9788491364719-2.jpg","datePublished":"2023-04-13T14:45:01+00:00","dateModified":"2025-01-07T11:40:50+00:00","breadcrumb":{"@id":"https:\/\/www.editorialclaret.cat\/producte\/nous-estudis-de-llengua-9788491364719\/#breadcrumb"},"inLanguage":"es","potentialAction":[{"@type":"ReadAction","target":["https:\/\/www.editorialclaret.cat\/producte\/nous-estudis-de-llengua-9788491364719\/"]}]},{"@type":"ImageObject","inLanguage":"es","@id":"https:\/\/www.editorialclaret.cat\/producte\/nous-estudis-de-llengua-9788491364719\/#primaryimage","url":"https:\/\/www.editorialclaret.cat\/wp-content\/uploads\/.\/9788491364719-2.jpg","contentUrl":"https:\/\/www.editorialclaret.cat\/wp-content\/uploads\/.\/9788491364719-2.jpg","width":1056,"height":1536,"caption":"9788491364719.jpg"},{"@type":"BreadcrumbList","@id":"https:\/\/www.editorialclaret.cat\/producte\/nous-estudis-de-llengua-9788491364719\/#breadcrumb","itemListElement":[{"@type":"ListItem","position":1,"name":"Portada","item":"https:\/\/www.editorialclaret.cat\/es\/"},{"@type":"ListItem","position":2,"name":"Botiga","item":"https:\/\/www.editorialclaret.cat\/?page_id=16"},{"@type":"ListItem","position":3,"name":"NOUS ESTUDIS DE LLENGUA"}]},{"@type":"WebSite","@id":"https:\/\/www.editorialclaret.cat\/#website","url":"https:\/\/www.editorialclaret.cat\/","name":"Editorial Claret","description":"","publisher":{"@id":"https:\/\/www.editorialclaret.cat\/#organization"},"potentialAction":[{"@type":"SearchAction","target":{"@type":"EntryPoint","urlTemplate":"https:\/\/www.editorialclaret.cat\/?s={search_term_string}"},"query-input":{"@type":"PropertyValueSpecification","valueRequired":true,"valueName":"search_term_string"}}],"inLanguage":"es"},{"@type":"Organization","@id":"https:\/\/www.editorialclaret.cat\/#organization","name":"Editorial Claret","url":"https:\/\/www.editorialclaret.cat\/","logo":{"@type":"ImageObject","inLanguage":"es","@id":"https:\/\/www.editorialclaret.cat\/#\/schema\/logo\/image\/","url":"https:\/\/www.editorialclaret.cat\/wp-content\/uploads\/.\/logo-claret.png","contentUrl":"https:\/\/www.editorialclaret.cat\/wp-content\/uploads\/.\/logo-claret.png","width":194,"height":79,"caption":"Editorial Claret"},"image":{"@id":"https:\/\/www.editorialclaret.cat\/#\/schema\/logo\/image\/"}}]}},"_links":{"self":[{"href":"https:\/\/www.editorialclaret.cat\/es\/wp-json\/wp\/v2\/product\/50149","targetHints":{"allow":["GET"]}}],"collection":[{"href":"https:\/\/www.editorialclaret.cat\/es\/wp-json\/wp\/v2\/product"}],"about":[{"href":"https:\/\/www.editorialclaret.cat\/es\/wp-json\/wp\/v2\/types\/product"}],"wp:featuredmedia":[{"embeddable":true,"href":"https:\/\/www.editorialclaret.cat\/es\/wp-json\/wp\/v2\/media\/51981"}],"wp:attachment":[{"href":"https:\/\/www.editorialclaret.cat\/es\/wp-json\/wp\/v2\/media?parent=50149"}],"wp:term":[{"taxonomy":"product_brand","embeddable":true,"href":"https:\/\/www.editorialclaret.cat\/es\/wp-json\/wp\/v2\/product_brand?post=50149"},{"taxonomy":"product_cat","embeddable":true,"href":"https:\/\/www.editorialclaret.cat\/es\/wp-json\/wp\/v2\/product_cat?post=50149"},{"taxonomy":"product_tag","embeddable":true,"href":"https:\/\/www.editorialclaret.cat\/es\/wp-json\/wp\/v2\/product_tag?post=50149"}],"curies":[{"name":"wp","href":"https:\/\/api.w.org\/{rel}","templated":true}]}}