{"id":48327,"date":"2022-11-07T07:51:39","date_gmt":"2022-11-07T06:51:39","guid":{"rendered":"http:\/\/dev.editorialclaret.cat\/producte\/lesglesia-catalana-durant-el-franquisme-1939-1975-vol-3-barcelona\/"},"modified":"2024-12-09T10:51:25","modified_gmt":"2024-12-09T09:51:25","slug":"lesglesia-catalana-durant-el-franquisme-19391975-vol-3-barcelona-9788498462289","status":"publish","type":"product","link":"https:\/\/www.editorialclaret.cat\/es\/producto\/lesglesia-catalana-durant-el-franquisme-19391975-vol-3-barcelona-9788498462289\/","title":{"rendered":"L&#8217;ESGL\u00c9SIA CATALANA DURANT EL FRANQUISME, 1939-1975. VOL 3. BARCELONA"},"content":{"rendered":"<p>Des del \u00abnacionalcatolicisme\u00bb fins als aires de l\u2019aggiornamento del concili Vatic\u00e0 II, des dels capellans addictes al r\u00e8gim victori\u00f3s fins als rectors de parr\u00f2quies i a les comunitats de religiosos que obriren els seus locals per a la cultura catalana i per a les reunions clandestines dels opositors al dictador, hi ha hagut un llarg, dif\u00edcil i pen\u00f3s trajecte, que hem volgut esbrinar en aquestes cr\u00f2niques dels bisbats de Catalunya. Hem cregut que valia la pena conservar la mem\u00f2ria hist\u00f2rica dels anys de la dictadura franquista com a contribuci\u00f3 a l\u2019estudi de l\u2019evoluci\u00f3 del sentiment i de la viv\u00e8ncia religiosa de la gent del nostre pa\u00eds.<br \/>No es tracta d\u2019un relat minuci\u00f3s i exhaustiu sobre l\u2019evoluci\u00f3 de la l\u2019Esgl\u00e9sia cat\u00f2lica catalana durant el franquisme (ens manca encara perspectiva hist\u00f2rica), sin\u00f3 d\u2019una primera aproximaci\u00f3 i d\u2019una recollida de dades que pugui ajudar m\u00e9s endavant a una recopilaci\u00f3 m\u00e9s completa i definitiva.<br \/>La nostra hist\u00f2ria no pot ser entesa plenament sense con\u00e8ixer l\u2019evoluci\u00f3 del fet religi\u00f3s en la nostra societat, i, per tant, en els bisbats de Catalunya.<\/p>\n","protected":false},"excerpt":{"rendered":"<p>FIGUEROLA GARRETA, JORDI;<\/p>\n","protected":false},"featured_media":48328,"template":"","meta":{"_acf_changed":false,"rs_blank_template":"","rs_page_bg_color":"","slide_template_v7":"","inline_featured_image":false,"_monsterinsights_skip_tracking":false,"_monsterinsights_sitenote_active":false,"_monsterinsights_sitenote_note":"","_monsterinsights_sitenote_category":0},"product_brand":[],"product_cat":[1125,888,1254,1017,1137,900],"product_tag":[],"class_list":{"0":"post-48327","1":"product","2":"type-product","3":"status-publish","4":"has-post-thumbnail","6":"product_cat-contemporanea","7":"product_cat-contemporania","8":"product_cat-eclesiologia-teologia-espiritualidad","9":"product_cat-eclesiologia-teologia","10":"product_cat-valores-y-convivencia","11":"product_cat-valors-i-convivencia","13":"first","14":"instock","15":"taxable","16":"shipping-taxable","17":"purchasable","18":"product-type-simple"},"acf":{"autor":"FIGUEROLA GARRETA, JORDI;","codart":"849846228","libros-coleccion":"","ediciones":"1","encuadernacion":"R\u00fastica","fecha_de_publicacion":"20\/11\/2008","novedad":"0","paginas":"220","subtitulo":"APUNTS PER A UNA HIST\u00d2RIA","orden":"999","portada":"0","idioma":"cat","autores-libros":[{"ID":46905,"post_author":"3","post_date":"2022-11-06 20:32:00","post_date_gmt":"2022-11-06 19:32:00","post_content":"","post_title":"JORDI FIGUEROLA GARRETA","post_excerpt":"","post_status":"publish","comment_status":"closed","ping_status":"closed","post_password":"","post_name":"jordi-figuerola-garreta","to_ping":"","pinged":"","post_modified":"2022-11-06 20:32:00","post_modified_gmt":"2022-11-06 19:32:00","post_content_filtered":"","post_parent":0,"guid":"http:\/\/dev.editorialclaret.cat\/autor\/jordi-figuerola-garreta\/","menu_order":0,"post_type":"autor","post_mime_type":"","comment_count":"0","filter":"raw"},{"ID":46864,"post_author":"3","post_date":"2022-11-06 20:31:41","post_date_gmt":"2022-11-06 19:31:41","post_content":"","post_title":"ISABEL JUNCOSA GINEST\u00c0","post_excerpt":"","post_status":"publish","comment_status":"closed","ping_status":"closed","post_password":"","post_name":"isabel-juncosa-ginesta","to_ping":"","pinged":"","post_modified":"2022-11-06 20:31:41","post_modified_gmt":"2022-11-06 19:31:41","post_content_filtered":"","post_parent":0,"guid":"http:\/\/dev.editorialclaret.cat\/autor\/isabel-juncosa-ginesta\/","menu_order":0,"post_type":"autor","post_mime_type":"","comment_count":"0","filter":"raw"}]},"yoast_head":"<!-- This site is optimized with the Yoast SEO plugin v27.3 - https:\/\/yoast.com\/product\/yoast-seo-wordpress\/ -->\n<title>Editorial Claret<\/title>\n<meta name=\"robots\" content=\"noindex, follow, max-snippet:-1, max-image-preview:large, max-video-preview:-1\" \/>\n<meta property=\"og:locale\" content=\"es_ES\" \/>\n<meta property=\"og:type\" content=\"article\" \/>\n<meta property=\"og:title\" content=\"L&#039;ESGL\u00c9SIA CATALANA DURANT EL FRANQUISME, 1939-1975. VOL 3. BARCELONA - Editorial Claret\" \/>\n<meta property=\"og:description\" content=\"FIGUEROLA GARRETA, JORDI;\" \/>\n<meta property=\"og:url\" content=\"https:\/\/www.editorialclaret.cat\/producte\/lesglesia-catalana-durant-el-franquisme-19391975-vol-3-barcelona-9788498462289\/\" \/>\n<meta property=\"og:site_name\" content=\"Editorial Claret\" \/>\n<meta property=\"article:modified_time\" content=\"2024-12-09T09:51:25+00:00\" \/>\n<meta property=\"og:image\" content=\"https:\/\/www.editorialclaret.cat\/wp-content\/uploads\/.\/9788498462289.jpg\" \/>\n\t<meta property=\"og:image:width\" content=\"221\" \/>\n\t<meta property=\"og:image:height\" content=\"345\" \/>\n\t<meta property=\"og:image:type\" content=\"image\/jpeg\" \/>\n<meta name=\"twitter:card\" content=\"summary_large_image\" \/>\n<meta name=\"twitter:label1\" content=\"Tiempo de lectura\" \/>\n\t<meta name=\"twitter:data1\" content=\"1 minuto\" \/>\n<script type=\"application\/ld+json\" class=\"yoast-schema-graph\">{\"@context\":\"https:\\\/\\\/schema.org\",\"@graph\":[{\"@type\":\"WebPage\",\"@id\":\"https:\\\/\\\/www.editorialclaret.cat\\\/producte\\\/lesglesia-catalana-durant-el-franquisme-19391975-vol-3-barcelona-9788498462289\\\/\",\"url\":\"https:\\\/\\\/www.editorialclaret.cat\\\/producte\\\/lesglesia-catalana-durant-el-franquisme-19391975-vol-3-barcelona-9788498462289\\\/\",\"name\":\"L'ESGL\u00c9SIA CATALANA DURANT EL FRANQUISME, 1939-1975. VOL 3. BARCELONA - Editorial Claret\",\"isPartOf\":{\"@id\":\"https:\\\/\\\/www.editorialclaret.cat\\\/#website\"},\"primaryImageOfPage\":{\"@id\":\"https:\\\/\\\/www.editorialclaret.cat\\\/producte\\\/lesglesia-catalana-durant-el-franquisme-19391975-vol-3-barcelona-9788498462289\\\/#primaryimage\"},\"image\":{\"@id\":\"https:\\\/\\\/www.editorialclaret.cat\\\/producte\\\/lesglesia-catalana-durant-el-franquisme-19391975-vol-3-barcelona-9788498462289\\\/#primaryimage\"},\"thumbnailUrl\":\"https:\\\/\\\/www.editorialclaret.cat\\\/wp-content\\\/uploads\\\/.\\\/9788498462289.jpg\",\"datePublished\":\"2022-11-07T06:51:39+00:00\",\"dateModified\":\"2024-12-09T09:51:25+00:00\",\"breadcrumb\":{\"@id\":\"https:\\\/\\\/www.editorialclaret.cat\\\/producte\\\/lesglesia-catalana-durant-el-franquisme-19391975-vol-3-barcelona-9788498462289\\\/#breadcrumb\"},\"inLanguage\":\"es\",\"potentialAction\":[{\"@type\":\"ReadAction\",\"target\":[\"https:\\\/\\\/www.editorialclaret.cat\\\/producte\\\/lesglesia-catalana-durant-el-franquisme-19391975-vol-3-barcelona-9788498462289\\\/\"]}]},{\"@type\":\"ImageObject\",\"inLanguage\":\"es\",\"@id\":\"https:\\\/\\\/www.editorialclaret.cat\\\/producte\\\/lesglesia-catalana-durant-el-franquisme-19391975-vol-3-barcelona-9788498462289\\\/#primaryimage\",\"url\":\"https:\\\/\\\/www.editorialclaret.cat\\\/wp-content\\\/uploads\\\/.\\\/9788498462289.jpg\",\"contentUrl\":\"https:\\\/\\\/www.editorialclaret.cat\\\/wp-content\\\/uploads\\\/.\\\/9788498462289.jpg\",\"width\":221,\"height\":345,\"caption\":\"9788498462289.jpg\"},{\"@type\":\"BreadcrumbList\",\"@id\":\"https:\\\/\\\/www.editorialclaret.cat\\\/producte\\\/lesglesia-catalana-durant-el-franquisme-19391975-vol-3-barcelona-9788498462289\\\/#breadcrumb\",\"itemListElement\":[{\"@type\":\"ListItem\",\"position\":1,\"name\":\"Portada\",\"item\":\"https:\\\/\\\/www.editorialclaret.cat\\\/es\\\/\"},{\"@type\":\"ListItem\",\"position\":2,\"name\":\"Botiga\",\"item\":\"https:\\\/\\\/www.editorialclaret.cat\\\/?page_id=16\"},{\"@type\":\"ListItem\",\"position\":3,\"name\":\"L&#8217;ESGL\u00c9SIA CATALANA DURANT EL FRANQUISME, 1939-1975. VOL 3. BARCELONA\"}]},{\"@type\":\"WebSite\",\"@id\":\"https:\\\/\\\/www.editorialclaret.cat\\\/#website\",\"url\":\"https:\\\/\\\/www.editorialclaret.cat\\\/\",\"name\":\"Editorial Claret\",\"description\":\"\",\"publisher\":{\"@id\":\"https:\\\/\\\/www.editorialclaret.cat\\\/#organization\"},\"potentialAction\":[{\"@type\":\"SearchAction\",\"target\":{\"@type\":\"EntryPoint\",\"urlTemplate\":\"https:\\\/\\\/www.editorialclaret.cat\\\/?s={search_term_string}\"},\"query-input\":{\"@type\":\"PropertyValueSpecification\",\"valueRequired\":true,\"valueName\":\"search_term_string\"}}],\"inLanguage\":\"es\"},{\"@type\":\"Organization\",\"@id\":\"https:\\\/\\\/www.editorialclaret.cat\\\/#organization\",\"name\":\"Editorial Claret\",\"url\":\"https:\\\/\\\/www.editorialclaret.cat\\\/\",\"logo\":{\"@type\":\"ImageObject\",\"inLanguage\":\"es\",\"@id\":\"https:\\\/\\\/www.editorialclaret.cat\\\/#\\\/schema\\\/logo\\\/image\\\/\",\"url\":\"https:\\\/\\\/www.editorialclaret.cat\\\/wp-content\\\/uploads\\\/.\\\/logo-claret.png\",\"contentUrl\":\"https:\\\/\\\/www.editorialclaret.cat\\\/wp-content\\\/uploads\\\/.\\\/logo-claret.png\",\"width\":194,\"height\":79,\"caption\":\"Editorial Claret\"},\"image\":{\"@id\":\"https:\\\/\\\/www.editorialclaret.cat\\\/#\\\/schema\\\/logo\\\/image\\\/\"}}]}<\/script>\n<!-- \/ Yoast SEO plugin. -->","yoast_head_json":{"title":"Editorial Claret","robots":{"index":"noindex","follow":"follow","max-snippet":"max-snippet:-1","max-image-preview":"max-image-preview:large","max-video-preview":"max-video-preview:-1"},"og_locale":"es_ES","og_type":"article","og_title":"L'ESGL\u00c9SIA CATALANA DURANT EL FRANQUISME, 1939-1975. VOL 3. BARCELONA - Editorial Claret","og_description":"FIGUEROLA GARRETA, JORDI;","og_url":"https:\/\/www.editorialclaret.cat\/producte\/lesglesia-catalana-durant-el-franquisme-19391975-vol-3-barcelona-9788498462289\/","og_site_name":"Editorial Claret","article_modified_time":"2024-12-09T09:51:25+00:00","og_image":[{"width":221,"height":345,"url":"https:\/\/www.editorialclaret.cat\/wp-content\/uploads\/.\/9788498462289.jpg","type":"image\/jpeg"}],"twitter_card":"summary_large_image","twitter_misc":{"Tiempo de lectura":"1 minuto"},"schema":{"@context":"https:\/\/schema.org","@graph":[{"@type":"WebPage","@id":"https:\/\/www.editorialclaret.cat\/producte\/lesglesia-catalana-durant-el-franquisme-19391975-vol-3-barcelona-9788498462289\/","url":"https:\/\/www.editorialclaret.cat\/producte\/lesglesia-catalana-durant-el-franquisme-19391975-vol-3-barcelona-9788498462289\/","name":"L'ESGL\u00c9SIA CATALANA DURANT EL FRANQUISME, 1939-1975. VOL 3. BARCELONA - Editorial Claret","isPartOf":{"@id":"https:\/\/www.editorialclaret.cat\/#website"},"primaryImageOfPage":{"@id":"https:\/\/www.editorialclaret.cat\/producte\/lesglesia-catalana-durant-el-franquisme-19391975-vol-3-barcelona-9788498462289\/#primaryimage"},"image":{"@id":"https:\/\/www.editorialclaret.cat\/producte\/lesglesia-catalana-durant-el-franquisme-19391975-vol-3-barcelona-9788498462289\/#primaryimage"},"thumbnailUrl":"https:\/\/www.editorialclaret.cat\/wp-content\/uploads\/.\/9788498462289.jpg","datePublished":"2022-11-07T06:51:39+00:00","dateModified":"2024-12-09T09:51:25+00:00","breadcrumb":{"@id":"https:\/\/www.editorialclaret.cat\/producte\/lesglesia-catalana-durant-el-franquisme-19391975-vol-3-barcelona-9788498462289\/#breadcrumb"},"inLanguage":"es","potentialAction":[{"@type":"ReadAction","target":["https:\/\/www.editorialclaret.cat\/producte\/lesglesia-catalana-durant-el-franquisme-19391975-vol-3-barcelona-9788498462289\/"]}]},{"@type":"ImageObject","inLanguage":"es","@id":"https:\/\/www.editorialclaret.cat\/producte\/lesglesia-catalana-durant-el-franquisme-19391975-vol-3-barcelona-9788498462289\/#primaryimage","url":"https:\/\/www.editorialclaret.cat\/wp-content\/uploads\/.\/9788498462289.jpg","contentUrl":"https:\/\/www.editorialclaret.cat\/wp-content\/uploads\/.\/9788498462289.jpg","width":221,"height":345,"caption":"9788498462289.jpg"},{"@type":"BreadcrumbList","@id":"https:\/\/www.editorialclaret.cat\/producte\/lesglesia-catalana-durant-el-franquisme-19391975-vol-3-barcelona-9788498462289\/#breadcrumb","itemListElement":[{"@type":"ListItem","position":1,"name":"Portada","item":"https:\/\/www.editorialclaret.cat\/es\/"},{"@type":"ListItem","position":2,"name":"Botiga","item":"https:\/\/www.editorialclaret.cat\/?page_id=16"},{"@type":"ListItem","position":3,"name":"L&#8217;ESGL\u00c9SIA CATALANA DURANT EL FRANQUISME, 1939-1975. VOL 3. BARCELONA"}]},{"@type":"WebSite","@id":"https:\/\/www.editorialclaret.cat\/#website","url":"https:\/\/www.editorialclaret.cat\/","name":"Editorial Claret","description":"","publisher":{"@id":"https:\/\/www.editorialclaret.cat\/#organization"},"potentialAction":[{"@type":"SearchAction","target":{"@type":"EntryPoint","urlTemplate":"https:\/\/www.editorialclaret.cat\/?s={search_term_string}"},"query-input":{"@type":"PropertyValueSpecification","valueRequired":true,"valueName":"search_term_string"}}],"inLanguage":"es"},{"@type":"Organization","@id":"https:\/\/www.editorialclaret.cat\/#organization","name":"Editorial Claret","url":"https:\/\/www.editorialclaret.cat\/","logo":{"@type":"ImageObject","inLanguage":"es","@id":"https:\/\/www.editorialclaret.cat\/#\/schema\/logo\/image\/","url":"https:\/\/www.editorialclaret.cat\/wp-content\/uploads\/.\/logo-claret.png","contentUrl":"https:\/\/www.editorialclaret.cat\/wp-content\/uploads\/.\/logo-claret.png","width":194,"height":79,"caption":"Editorial Claret"},"image":{"@id":"https:\/\/www.editorialclaret.cat\/#\/schema\/logo\/image\/"}}]}},"_links":{"self":[{"href":"https:\/\/www.editorialclaret.cat\/es\/wp-json\/wp\/v2\/product\/48327","targetHints":{"allow":["GET"]}}],"collection":[{"href":"https:\/\/www.editorialclaret.cat\/es\/wp-json\/wp\/v2\/product"}],"about":[{"href":"https:\/\/www.editorialclaret.cat\/es\/wp-json\/wp\/v2\/types\/product"}],"wp:featuredmedia":[{"embeddable":true,"href":"https:\/\/www.editorialclaret.cat\/es\/wp-json\/wp\/v2\/media\/48328"}],"wp:attachment":[{"href":"https:\/\/www.editorialclaret.cat\/es\/wp-json\/wp\/v2\/media?parent=48327"}],"wp:term":[{"taxonomy":"product_brand","embeddable":true,"href":"https:\/\/www.editorialclaret.cat\/es\/wp-json\/wp\/v2\/product_brand?post=48327"},{"taxonomy":"product_cat","embeddable":true,"href":"https:\/\/www.editorialclaret.cat\/es\/wp-json\/wp\/v2\/product_cat?post=48327"},{"taxonomy":"product_tag","embeddable":true,"href":"https:\/\/www.editorialclaret.cat\/es\/wp-json\/wp\/v2\/product_tag?post=48327"}],"curies":[{"name":"wp","href":"https:\/\/api.w.org\/{rel}","templated":true}]}}