{"id":48261,"date":"2022-11-07T07:50:28","date_gmt":"2022-11-07T06:50:28","guid":{"rendered":"http:\/\/dev.editorialclaret.cat\/producte\/la-caritat-en-la-veritat\/"},"modified":"2024-12-14T11:40:56","modified_gmt":"2024-12-14T10:40:56","slug":"la-caritat-en-la-veritat-9788498463323","status":"publish","type":"product","link":"https:\/\/www.editorialclaret.cat\/es\/producto\/la-caritat-en-la-veritat-9788498463323\/","title":{"rendered":"LA CARITAT EN LA VERITAT"},"content":{"rendered":"<p>\u00abCaritas in veritate\u00bb \u2013La caritat en la veritat\u2013 \u00e9s la tercera enc\u00edclica del papa Benet XVI. Es tracta d\u2019un text de contingut social, la primera enc\u00edclica sobre la situaci\u00f3 del m\u00f3n en l\u2019\u00e8poca de la globalitzaci\u00f3.<br \/>Benet XVI parteix de l\u2019enc\u00edclica \u00abPopulorum progressio\u00bb, de Pau VI, i examina els canvis socials que han tingut lloc des de la seva publicaci\u00f3 fa quaranta anys. Reflexiona sobre situacions molt diverses arreu de m\u00f3n, sobre les condicions dels mecanismes econ\u00f2mics i sobre les fortaleses i les debilitats de les organitzacions internacionals.<br \/>Recorre les grans amenaces que avui pateix la humanitat, i n\u2019assenyala com a culpable el menyspreu de la dignitat de les persones; critica la reducci\u00f3 de l\u2019home a l\u2019aspecte econ\u00f2mic, en un nou materialisme per al qual nom\u00e9s t\u00e9 valor all\u00f2 que \u00e9s objecte de comer\u00e7. Per\u00f2 el papa vol anar m\u00e9s enll\u00e0 d\u2019una cr\u00edtica ut\u00f2pica del mercat: proposa integrar l\u2019economia i el que \u00e9s hum\u00e0; l\u2019economia \u2013diu\u2013 necessita una \u00e8tica per funcionar correctament, i no una \u00e8tica qualsevol, sino una \u00e8tica centrada en la persona.<br \/>L\u2019enc\u00edclica proporciona els principis morals per a afrontar aquests problemes socials i econ\u00f2mics: la just\u00edcia i el b\u00e9 com\u00fa han de ser els criteris orientadors de l\u2019acci\u00f3 moral de la persona.<\/p>\n","protected":false},"excerpt":{"rendered":"<p>BENET XVI<\/p>\n","protected":false},"featured_media":48262,"template":"","meta":{"_acf_changed":false,"rs_blank_template":"","rs_page_bg_color":"","slide_template_v7":"","inline_featured_image":false,"_monsterinsights_skip_tracking":false,"_monsterinsights_sitenote_active":false,"_monsterinsights_sitenote_note":"","_monsterinsights_sitenote_category":0},"product_brand":[],"product_cat":[1288],"product_tag":[],"class_list":{"0":"post-48261","1":"product","2":"type-product","3":"status-publish","4":"has-post-thumbnail","6":"product_cat-documents-dels-masgisteri","8":"first","9":"instock","10":"taxable","11":"shipping-taxable","12":"purchasable","13":"product-type-simple"},"acf":{"autor":"BENET XVI","codart":"849846332","libros-coleccion":"DOCUMENTS DEL MAGISTERI","ediciones":"1","encuadernacion":"R\u00fastica","fecha_de_publicacion":"22\/07\/2009","novedad":"0","paginas":"138","subtitulo":"CARITAS IN VERITATE. CARTA ENC\u00cdCLICA","orden":"999","portada":"0","idioma":"cat","autores-libros":[{"ID":46750,"post_author":"3","post_date":"2022-11-06 20:30:50","post_date_gmt":"2022-11-06 19:30:50","post_content":"","post_title":"BENET XVI","post_excerpt":"","post_status":"publish","comment_status":"closed","ping_status":"closed","post_password":"","post_name":"benet-xvi","to_ping":"","pinged":"","post_modified":"2022-11-06 20:30:50","post_modified_gmt":"2022-11-06 19:30:50","post_content_filtered":"","post_parent":0,"guid":"http:\/\/dev.editorialclaret.cat\/autor\/benet-xvi\/","menu_order":0,"post_type":"autor","post_mime_type":"","comment_count":"0","filter":"raw"}]},"yoast_head":"<!-- This site is optimized with the Yoast SEO plugin v27.3 - https:\/\/yoast.com\/product\/yoast-seo-wordpress\/ -->\n<title>Editorial Claret<\/title>\n<meta name=\"robots\" content=\"noindex, follow, max-snippet:-1, max-image-preview:large, max-video-preview:-1\" \/>\n<meta property=\"og:locale\" content=\"es_ES\" \/>\n<meta property=\"og:type\" content=\"article\" \/>\n<meta property=\"og:title\" content=\"LA CARITAT EN LA VERITAT - Editorial Claret\" \/>\n<meta property=\"og:description\" content=\"BENET XVI\" \/>\n<meta property=\"og:url\" content=\"https:\/\/www.editorialclaret.cat\/producte\/la-caritat-en-la-veritat-9788498463323\/\" \/>\n<meta property=\"og:site_name\" content=\"Editorial Claret\" \/>\n<meta property=\"article:modified_time\" content=\"2024-12-14T10:40:56+00:00\" \/>\n<meta property=\"og:image\" content=\"https:\/\/www.editorialclaret.cat\/wp-content\/uploads\/.\/9788498463323.png\" \/>\n\t<meta property=\"og:image:width\" content=\"201\" \/>\n\t<meta property=\"og:image:height\" content=\"345\" \/>\n\t<meta property=\"og:image:type\" content=\"image\/png\" \/>\n<meta name=\"twitter:card\" content=\"summary_large_image\" \/>\n<meta name=\"twitter:label1\" content=\"Tiempo de lectura\" \/>\n\t<meta name=\"twitter:data1\" content=\"1 minuto\" \/>\n<script type=\"application\/ld+json\" class=\"yoast-schema-graph\">{\"@context\":\"https:\\\/\\\/schema.org\",\"@graph\":[{\"@type\":\"WebPage\",\"@id\":\"https:\\\/\\\/www.editorialclaret.cat\\\/producte\\\/la-caritat-en-la-veritat-9788498463323\\\/\",\"url\":\"https:\\\/\\\/www.editorialclaret.cat\\\/producte\\\/la-caritat-en-la-veritat-9788498463323\\\/\",\"name\":\"LA CARITAT EN LA VERITAT - Editorial Claret\",\"isPartOf\":{\"@id\":\"https:\\\/\\\/www.editorialclaret.cat\\\/#website\"},\"primaryImageOfPage\":{\"@id\":\"https:\\\/\\\/www.editorialclaret.cat\\\/producte\\\/la-caritat-en-la-veritat-9788498463323\\\/#primaryimage\"},\"image\":{\"@id\":\"https:\\\/\\\/www.editorialclaret.cat\\\/producte\\\/la-caritat-en-la-veritat-9788498463323\\\/#primaryimage\"},\"thumbnailUrl\":\"https:\\\/\\\/www.editorialclaret.cat\\\/wp-content\\\/uploads\\\/.\\\/9788498463323.png\",\"datePublished\":\"2022-11-07T06:50:28+00:00\",\"dateModified\":\"2024-12-14T10:40:56+00:00\",\"breadcrumb\":{\"@id\":\"https:\\\/\\\/www.editorialclaret.cat\\\/producte\\\/la-caritat-en-la-veritat-9788498463323\\\/#breadcrumb\"},\"inLanguage\":\"es\",\"potentialAction\":[{\"@type\":\"ReadAction\",\"target\":[\"https:\\\/\\\/www.editorialclaret.cat\\\/producte\\\/la-caritat-en-la-veritat-9788498463323\\\/\"]}]},{\"@type\":\"ImageObject\",\"inLanguage\":\"es\",\"@id\":\"https:\\\/\\\/www.editorialclaret.cat\\\/producte\\\/la-caritat-en-la-veritat-9788498463323\\\/#primaryimage\",\"url\":\"https:\\\/\\\/www.editorialclaret.cat\\\/wp-content\\\/uploads\\\/.\\\/9788498463323.png\",\"contentUrl\":\"https:\\\/\\\/www.editorialclaret.cat\\\/wp-content\\\/uploads\\\/.\\\/9788498463323.png\",\"width\":201,\"height\":345,\"caption\":\"9788498463323.png\"},{\"@type\":\"BreadcrumbList\",\"@id\":\"https:\\\/\\\/www.editorialclaret.cat\\\/producte\\\/la-caritat-en-la-veritat-9788498463323\\\/#breadcrumb\",\"itemListElement\":[{\"@type\":\"ListItem\",\"position\":1,\"name\":\"Portada\",\"item\":\"https:\\\/\\\/www.editorialclaret.cat\\\/es\\\/\"},{\"@type\":\"ListItem\",\"position\":2,\"name\":\"Botiga\",\"item\":\"https:\\\/\\\/www.editorialclaret.cat\\\/?page_id=16\"},{\"@type\":\"ListItem\",\"position\":3,\"name\":\"LA CARITAT EN LA VERITAT\"}]},{\"@type\":\"WebSite\",\"@id\":\"https:\\\/\\\/www.editorialclaret.cat\\\/#website\",\"url\":\"https:\\\/\\\/www.editorialclaret.cat\\\/\",\"name\":\"Editorial Claret\",\"description\":\"\",\"publisher\":{\"@id\":\"https:\\\/\\\/www.editorialclaret.cat\\\/#organization\"},\"potentialAction\":[{\"@type\":\"SearchAction\",\"target\":{\"@type\":\"EntryPoint\",\"urlTemplate\":\"https:\\\/\\\/www.editorialclaret.cat\\\/?s={search_term_string}\"},\"query-input\":{\"@type\":\"PropertyValueSpecification\",\"valueRequired\":true,\"valueName\":\"search_term_string\"}}],\"inLanguage\":\"es\"},{\"@type\":\"Organization\",\"@id\":\"https:\\\/\\\/www.editorialclaret.cat\\\/#organization\",\"name\":\"Editorial Claret\",\"url\":\"https:\\\/\\\/www.editorialclaret.cat\\\/\",\"logo\":{\"@type\":\"ImageObject\",\"inLanguage\":\"es\",\"@id\":\"https:\\\/\\\/www.editorialclaret.cat\\\/#\\\/schema\\\/logo\\\/image\\\/\",\"url\":\"https:\\\/\\\/www.editorialclaret.cat\\\/wp-content\\\/uploads\\\/.\\\/logo-claret.png\",\"contentUrl\":\"https:\\\/\\\/www.editorialclaret.cat\\\/wp-content\\\/uploads\\\/.\\\/logo-claret.png\",\"width\":194,\"height\":79,\"caption\":\"Editorial Claret\"},\"image\":{\"@id\":\"https:\\\/\\\/www.editorialclaret.cat\\\/#\\\/schema\\\/logo\\\/image\\\/\"}}]}<\/script>\n<!-- \/ Yoast SEO plugin. -->","yoast_head_json":{"title":"Editorial Claret","robots":{"index":"noindex","follow":"follow","max-snippet":"max-snippet:-1","max-image-preview":"max-image-preview:large","max-video-preview":"max-video-preview:-1"},"og_locale":"es_ES","og_type":"article","og_title":"LA CARITAT EN LA VERITAT - Editorial Claret","og_description":"BENET XVI","og_url":"https:\/\/www.editorialclaret.cat\/producte\/la-caritat-en-la-veritat-9788498463323\/","og_site_name":"Editorial Claret","article_modified_time":"2024-12-14T10:40:56+00:00","og_image":[{"width":201,"height":345,"url":"https:\/\/www.editorialclaret.cat\/wp-content\/uploads\/.\/9788498463323.png","type":"image\/png"}],"twitter_card":"summary_large_image","twitter_misc":{"Tiempo de lectura":"1 minuto"},"schema":{"@context":"https:\/\/schema.org","@graph":[{"@type":"WebPage","@id":"https:\/\/www.editorialclaret.cat\/producte\/la-caritat-en-la-veritat-9788498463323\/","url":"https:\/\/www.editorialclaret.cat\/producte\/la-caritat-en-la-veritat-9788498463323\/","name":"LA CARITAT EN LA VERITAT - Editorial Claret","isPartOf":{"@id":"https:\/\/www.editorialclaret.cat\/#website"},"primaryImageOfPage":{"@id":"https:\/\/www.editorialclaret.cat\/producte\/la-caritat-en-la-veritat-9788498463323\/#primaryimage"},"image":{"@id":"https:\/\/www.editorialclaret.cat\/producte\/la-caritat-en-la-veritat-9788498463323\/#primaryimage"},"thumbnailUrl":"https:\/\/www.editorialclaret.cat\/wp-content\/uploads\/.\/9788498463323.png","datePublished":"2022-11-07T06:50:28+00:00","dateModified":"2024-12-14T10:40:56+00:00","breadcrumb":{"@id":"https:\/\/www.editorialclaret.cat\/producte\/la-caritat-en-la-veritat-9788498463323\/#breadcrumb"},"inLanguage":"es","potentialAction":[{"@type":"ReadAction","target":["https:\/\/www.editorialclaret.cat\/producte\/la-caritat-en-la-veritat-9788498463323\/"]}]},{"@type":"ImageObject","inLanguage":"es","@id":"https:\/\/www.editorialclaret.cat\/producte\/la-caritat-en-la-veritat-9788498463323\/#primaryimage","url":"https:\/\/www.editorialclaret.cat\/wp-content\/uploads\/.\/9788498463323.png","contentUrl":"https:\/\/www.editorialclaret.cat\/wp-content\/uploads\/.\/9788498463323.png","width":201,"height":345,"caption":"9788498463323.png"},{"@type":"BreadcrumbList","@id":"https:\/\/www.editorialclaret.cat\/producte\/la-caritat-en-la-veritat-9788498463323\/#breadcrumb","itemListElement":[{"@type":"ListItem","position":1,"name":"Portada","item":"https:\/\/www.editorialclaret.cat\/es\/"},{"@type":"ListItem","position":2,"name":"Botiga","item":"https:\/\/www.editorialclaret.cat\/?page_id=16"},{"@type":"ListItem","position":3,"name":"LA CARITAT EN LA VERITAT"}]},{"@type":"WebSite","@id":"https:\/\/www.editorialclaret.cat\/#website","url":"https:\/\/www.editorialclaret.cat\/","name":"Editorial Claret","description":"","publisher":{"@id":"https:\/\/www.editorialclaret.cat\/#organization"},"potentialAction":[{"@type":"SearchAction","target":{"@type":"EntryPoint","urlTemplate":"https:\/\/www.editorialclaret.cat\/?s={search_term_string}"},"query-input":{"@type":"PropertyValueSpecification","valueRequired":true,"valueName":"search_term_string"}}],"inLanguage":"es"},{"@type":"Organization","@id":"https:\/\/www.editorialclaret.cat\/#organization","name":"Editorial Claret","url":"https:\/\/www.editorialclaret.cat\/","logo":{"@type":"ImageObject","inLanguage":"es","@id":"https:\/\/www.editorialclaret.cat\/#\/schema\/logo\/image\/","url":"https:\/\/www.editorialclaret.cat\/wp-content\/uploads\/.\/logo-claret.png","contentUrl":"https:\/\/www.editorialclaret.cat\/wp-content\/uploads\/.\/logo-claret.png","width":194,"height":79,"caption":"Editorial Claret"},"image":{"@id":"https:\/\/www.editorialclaret.cat\/#\/schema\/logo\/image\/"}}]}},"_links":{"self":[{"href":"https:\/\/www.editorialclaret.cat\/es\/wp-json\/wp\/v2\/product\/48261","targetHints":{"allow":["GET"]}}],"collection":[{"href":"https:\/\/www.editorialclaret.cat\/es\/wp-json\/wp\/v2\/product"}],"about":[{"href":"https:\/\/www.editorialclaret.cat\/es\/wp-json\/wp\/v2\/types\/product"}],"wp:featuredmedia":[{"embeddable":true,"href":"https:\/\/www.editorialclaret.cat\/es\/wp-json\/wp\/v2\/media\/48262"}],"wp:attachment":[{"href":"https:\/\/www.editorialclaret.cat\/es\/wp-json\/wp\/v2\/media?parent=48261"}],"wp:term":[{"taxonomy":"product_brand","embeddable":true,"href":"https:\/\/www.editorialclaret.cat\/es\/wp-json\/wp\/v2\/product_brand?post=48261"},{"taxonomy":"product_cat","embeddable":true,"href":"https:\/\/www.editorialclaret.cat\/es\/wp-json\/wp\/v2\/product_cat?post=48261"},{"taxonomy":"product_tag","embeddable":true,"href":"https:\/\/www.editorialclaret.cat\/es\/wp-json\/wp\/v2\/product_tag?post=48261"}],"curies":[{"name":"wp","href":"https:\/\/api.w.org\/{rel}","templated":true}]}}