{"id":47788,"date":"2022-11-07T07:42:05","date_gmt":"2022-11-07T06:42:05","guid":{"rendered":"http:\/\/dev.editorialclaret.cat\/producte\/la-llum-de-la-fe-lumen-fidei\/"},"modified":"2026-02-10T13:20:19","modified_gmt":"2026-02-10T12:20:19","slug":"la-llum-de-la-fe-lumen-fidei-9788498467796","status":"publish","type":"product","link":"https:\/\/www.editorialclaret.cat\/es\/producto\/la-llum-de-la-fe-lumen-fidei-9788498467796\/","title":{"rendered":"LA LLUM DE LA FE. LUMEN FIDEI"},"content":{"rendered":"<p>Francesc ha marcat un r\u00e8cord, ja que els darrers pont\u00edfex van escriure la seva primera enc\u00edclica bastant temps despr\u00e9s de l&#8217;?arribada al papat. Aquesta enc\u00edclica completa la s\u00e8rie de Benet XVI sobre les virtuts teologals: Esperan\u00e7a (Spe salvi), Caritat (Deus caritas ets), i ara la Fe (Lumen fidei).Tradicionalment la primera enc\u00edclica d&#8217;?un Papa mostra les prioritats del seu pontificat. En aquest cas, Francesc ha rebut el text ja for\u00e7a avan\u00e7at de mans de Benet XVI. \u00c9s per aquest motiu que es parla d&#8217;?enc\u00edclica a quatre mans que si b\u00e9, sols portar\u00e0 la signatura del Papa Francesc, a ben segur reconeixer\u00e0 l?a inspiraci\u00f3 de Benet XVI. Francesc ja va anunciar el 13 de juny als membres del S\u00ednode dels Bisbes que \u00abara caldr\u00e0 publicar l?&#8217;enc\u00edclica a quatre mans que ja va comen\u00e7ar el Papa Benet\u00bb. I aix\u00ed ha estat.<\/p>\n","protected":false},"excerpt":{"rendered":"<p>PAPA FRANCESC<\/p>\n","protected":false},"featured_media":70262,"template":"","meta":{"_acf_changed":false,"rs_blank_template":"","rs_page_bg_color":"","slide_template_v7":"","inline_featured_image":false,"_monsterinsights_skip_tracking":false,"_monsterinsights_sitenote_active":false,"_monsterinsights_sitenote_note":"","_monsterinsights_sitenote_category":0},"product_brand":[],"product_cat":[1288],"product_tag":[],"class_list":{"0":"post-47788","1":"product","2":"type-product","3":"status-publish","4":"has-post-thumbnail","6":"product_cat-documents-dels-masgisteri","8":"first","9":"outofstock","10":"taxable","11":"shipping-taxable","12":"purchasable","13":"product-type-simple"},"acf":{"autor":"PAPA FRANCESC","codart":"849846779","libros-coleccion":"DOCUMENTS DEL MAGISTERI","ediciones":"1","encuadernacion":"R\u00fastica","fecha_de_publicacion":"05\/07\/2013","novedad":"0","paginas":"96","subtitulo":"PRIMERA CARTA ENC\u00cdCLICA DEL PAPA FRANCESC","orden":"999","portada":"0","idioma":"cat","autores-libros":[{"ID":19749,"post_author":"3","post_date":"2022-10-19 01:28:04","post_date_gmt":"2022-10-18 23:28:04","post_content":"<strong>Jorge Mario Bergoglio<\/strong>\u00a0(Buenos Aires, 17 de desembre de 1936), \u00e9s des del 13 de mar\u00e7 de 2013 el<strong>\u00a0Papa de l\u2019Esgl\u00e9sia Cat\u00f2lica<\/strong>, sent el primer pont\u00edfex americ\u00e0. Va entrar al noviciat de l\u2019orde jesu\u00efta de Santiago de Xile, on es llicenci\u00e0 en humanitats. Ordenat sacerdot l\u2019any 1969, va tenir una llarga traject\u00f2ria dins l\u2019orde religi\u00f3s, arribant a ser provincial. Abans d\u2019arribar al Vatic\u00e0 com a cardenal, va ser arquebisbe de Buenos Aires.\r\n\r\nCom a pont\u00edfex, el Papa Francesc ha redactat diverses enc\u00edcliques i exhortacions apost\u00f2liques com\u00a0<a href=\"https:\/\/www.editorialclaret.cat\/producte\/la-joia-de-levangeli-evangelii-gaudium-9788498468281\/?c\" target=\"_blank\" rel=\"noopener\"><em><strong>Evangelii Gaudium<\/strong><\/em><\/a>\u00a0(2013),\u00a0<a href=\"https:\/\/www.claret.cat\/llibre\/lalegria-de-lamor-amoris-laetitiano-9788498469974\/?c=\"><em><strong>Amoris Laetitia<\/strong>\u00a0<\/em><\/a>(2016),\u00a0<a href=\"https:\/\/www.claret.cat\/llibre\/constitucio-apostolica-vultum-dei-quaerere-sobre-la-vida-contemplativa-femenina-9788498465471\/?c=\"><em><strong>Vultum Dei quaerere<\/strong><\/em><\/a>\u00a0(2016),\u00a0<a href=\"https:\/\/www.editorialclaret.cat\/producte\/alegreuvosen-i-celebreuho-gaudete-et-exsultate-9788491360360\/?c\" target=\"_blank\" rel=\"noopener\"><em><strong>Gaudete et exultate<\/strong>\u00a0<\/em><\/a>(2018),\u00a0<a href=\"https:\/\/www.claret.cat\/llibre\/veritatis-gaudium-la-alegria-de-la-verdad-9788428554800\/?c=\"><em><strong>Veritatis gaudium<\/strong>\u00a0<\/em><\/a>(2018) o\u00a0<a href=\"https:\/\/www.claret.cat\/llibre\/praedicate-evangelium-predicad-el-evangelio-9788428567060\/?c=\"><em><strong>Praedicate Evangelium<\/strong>\u00a0<\/em><\/a>(2022).","post_title":"PAPA FRANCESC","post_excerpt":"","post_status":"publish","comment_status":"closed","ping_status":"closed","post_password":"","post_name":"papa-francesc","to_ping":"","pinged":"","post_modified":"2024-09-13 13:46:14","post_modified_gmt":"2024-09-13 11:46:14","post_content_filtered":"","post_parent":0,"guid":"http:\/\/dev.editorialclaret.cat\/autor\/papa-francesc\/","menu_order":0,"post_type":"autor","post_mime_type":"","comment_count":"0","filter":"raw"}],"booktrailer":"","resenas":""},"yoast_head":"<!-- This site is optimized with the Yoast SEO plugin v27.3 - https:\/\/yoast.com\/product\/yoast-seo-wordpress\/ -->\n<title>Editorial Claret<\/title>\n<meta name=\"robots\" content=\"noindex, follow, max-snippet:-1, max-image-preview:large, max-video-preview:-1\" \/>\n<meta property=\"og:locale\" content=\"es_ES\" \/>\n<meta property=\"og:type\" content=\"article\" \/>\n<meta property=\"og:title\" content=\"LA LLUM DE LA FE. LUMEN FIDEI - Editorial Claret\" \/>\n<meta property=\"og:description\" content=\"PAPA FRANCESC\" \/>\n<meta property=\"og:url\" content=\"https:\/\/www.editorialclaret.cat\/producte\/la-llum-de-la-fe-lumen-fidei-9788498467796\/\" \/>\n<meta property=\"og:site_name\" content=\"Editorial Claret\" \/>\n<meta property=\"article:modified_time\" content=\"2026-02-10T12:20:19+00:00\" \/>\n<meta property=\"og:image\" content=\"https:\/\/www.editorialclaret.cat\/wp-content\/uploads\/9788498467796-2.jpg\" \/>\n\t<meta property=\"og:image:width\" content=\"240\" \/>\n\t<meta property=\"og:image:height\" content=\"411\" \/>\n\t<meta property=\"og:image:type\" content=\"image\/jpeg\" \/>\n<meta name=\"twitter:card\" content=\"summary_large_image\" \/>\n<meta name=\"twitter:label1\" content=\"Tiempo de lectura\" \/>\n\t<meta name=\"twitter:data1\" content=\"1 minuto\" \/>\n<script type=\"application\/ld+json\" class=\"yoast-schema-graph\">{\"@context\":\"https:\\\/\\\/schema.org\",\"@graph\":[{\"@type\":\"WebPage\",\"@id\":\"https:\\\/\\\/www.editorialclaret.cat\\\/producte\\\/la-llum-de-la-fe-lumen-fidei-9788498467796\\\/\",\"url\":\"https:\\\/\\\/www.editorialclaret.cat\\\/producte\\\/la-llum-de-la-fe-lumen-fidei-9788498467796\\\/\",\"name\":\"LA LLUM DE LA FE. LUMEN FIDEI - Editorial Claret\",\"isPartOf\":{\"@id\":\"https:\\\/\\\/www.editorialclaret.cat\\\/#website\"},\"primaryImageOfPage\":{\"@id\":\"https:\\\/\\\/www.editorialclaret.cat\\\/producte\\\/la-llum-de-la-fe-lumen-fidei-9788498467796\\\/#primaryimage\"},\"image\":{\"@id\":\"https:\\\/\\\/www.editorialclaret.cat\\\/producte\\\/la-llum-de-la-fe-lumen-fidei-9788498467796\\\/#primaryimage\"},\"thumbnailUrl\":\"https:\\\/\\\/www.editorialclaret.cat\\\/wp-content\\\/uploads\\\/9788498467796-2.jpg\",\"datePublished\":\"2022-11-07T06:42:05+00:00\",\"dateModified\":\"2026-02-10T12:20:19+00:00\",\"breadcrumb\":{\"@id\":\"https:\\\/\\\/www.editorialclaret.cat\\\/producte\\\/la-llum-de-la-fe-lumen-fidei-9788498467796\\\/#breadcrumb\"},\"inLanguage\":\"es\",\"potentialAction\":[{\"@type\":\"ReadAction\",\"target\":[\"https:\\\/\\\/www.editorialclaret.cat\\\/producte\\\/la-llum-de-la-fe-lumen-fidei-9788498467796\\\/\"]}]},{\"@type\":\"ImageObject\",\"inLanguage\":\"es\",\"@id\":\"https:\\\/\\\/www.editorialclaret.cat\\\/producte\\\/la-llum-de-la-fe-lumen-fidei-9788498467796\\\/#primaryimage\",\"url\":\"https:\\\/\\\/www.editorialclaret.cat\\\/wp-content\\\/uploads\\\/9788498467796-2.jpg\",\"contentUrl\":\"https:\\\/\\\/www.editorialclaret.cat\\\/wp-content\\\/uploads\\\/9788498467796-2.jpg\",\"width\":240,\"height\":411,\"caption\":\"9788498467796.jpg\"},{\"@type\":\"BreadcrumbList\",\"@id\":\"https:\\\/\\\/www.editorialclaret.cat\\\/producte\\\/la-llum-de-la-fe-lumen-fidei-9788498467796\\\/#breadcrumb\",\"itemListElement\":[{\"@type\":\"ListItem\",\"position\":1,\"name\":\"Portada\",\"item\":\"https:\\\/\\\/www.editorialclaret.cat\\\/es\\\/\"},{\"@type\":\"ListItem\",\"position\":2,\"name\":\"Botiga\",\"item\":\"https:\\\/\\\/www.editorialclaret.cat\\\/?page_id=16\"},{\"@type\":\"ListItem\",\"position\":3,\"name\":\"LA LLUM DE LA FE. LUMEN FIDEI\"}]},{\"@type\":\"WebSite\",\"@id\":\"https:\\\/\\\/www.editorialclaret.cat\\\/#website\",\"url\":\"https:\\\/\\\/www.editorialclaret.cat\\\/\",\"name\":\"Editorial Claret\",\"description\":\"\",\"publisher\":{\"@id\":\"https:\\\/\\\/www.editorialclaret.cat\\\/#organization\"},\"potentialAction\":[{\"@type\":\"SearchAction\",\"target\":{\"@type\":\"EntryPoint\",\"urlTemplate\":\"https:\\\/\\\/www.editorialclaret.cat\\\/?s={search_term_string}\"},\"query-input\":{\"@type\":\"PropertyValueSpecification\",\"valueRequired\":true,\"valueName\":\"search_term_string\"}}],\"inLanguage\":\"es\"},{\"@type\":\"Organization\",\"@id\":\"https:\\\/\\\/www.editorialclaret.cat\\\/#organization\",\"name\":\"Editorial Claret\",\"url\":\"https:\\\/\\\/www.editorialclaret.cat\\\/\",\"logo\":{\"@type\":\"ImageObject\",\"inLanguage\":\"es\",\"@id\":\"https:\\\/\\\/www.editorialclaret.cat\\\/#\\\/schema\\\/logo\\\/image\\\/\",\"url\":\"https:\\\/\\\/www.editorialclaret.cat\\\/wp-content\\\/uploads\\\/.\\\/logo-claret.png\",\"contentUrl\":\"https:\\\/\\\/www.editorialclaret.cat\\\/wp-content\\\/uploads\\\/.\\\/logo-claret.png\",\"width\":194,\"height\":79,\"caption\":\"Editorial Claret\"},\"image\":{\"@id\":\"https:\\\/\\\/www.editorialclaret.cat\\\/#\\\/schema\\\/logo\\\/image\\\/\"}}]}<\/script>\n<!-- \/ Yoast SEO plugin. -->","yoast_head_json":{"title":"Editorial Claret","robots":{"index":"noindex","follow":"follow","max-snippet":"max-snippet:-1","max-image-preview":"max-image-preview:large","max-video-preview":"max-video-preview:-1"},"og_locale":"es_ES","og_type":"article","og_title":"LA LLUM DE LA FE. LUMEN FIDEI - Editorial Claret","og_description":"PAPA FRANCESC","og_url":"https:\/\/www.editorialclaret.cat\/producte\/la-llum-de-la-fe-lumen-fidei-9788498467796\/","og_site_name":"Editorial Claret","article_modified_time":"2026-02-10T12:20:19+00:00","og_image":[{"width":240,"height":411,"url":"https:\/\/www.editorialclaret.cat\/wp-content\/uploads\/9788498467796-2.jpg","type":"image\/jpeg"}],"twitter_card":"summary_large_image","twitter_misc":{"Tiempo de lectura":"1 minuto"},"schema":{"@context":"https:\/\/schema.org","@graph":[{"@type":"WebPage","@id":"https:\/\/www.editorialclaret.cat\/producte\/la-llum-de-la-fe-lumen-fidei-9788498467796\/","url":"https:\/\/www.editorialclaret.cat\/producte\/la-llum-de-la-fe-lumen-fidei-9788498467796\/","name":"LA LLUM DE LA FE. LUMEN FIDEI - Editorial Claret","isPartOf":{"@id":"https:\/\/www.editorialclaret.cat\/#website"},"primaryImageOfPage":{"@id":"https:\/\/www.editorialclaret.cat\/producte\/la-llum-de-la-fe-lumen-fidei-9788498467796\/#primaryimage"},"image":{"@id":"https:\/\/www.editorialclaret.cat\/producte\/la-llum-de-la-fe-lumen-fidei-9788498467796\/#primaryimage"},"thumbnailUrl":"https:\/\/www.editorialclaret.cat\/wp-content\/uploads\/9788498467796-2.jpg","datePublished":"2022-11-07T06:42:05+00:00","dateModified":"2026-02-10T12:20:19+00:00","breadcrumb":{"@id":"https:\/\/www.editorialclaret.cat\/producte\/la-llum-de-la-fe-lumen-fidei-9788498467796\/#breadcrumb"},"inLanguage":"es","potentialAction":[{"@type":"ReadAction","target":["https:\/\/www.editorialclaret.cat\/producte\/la-llum-de-la-fe-lumen-fidei-9788498467796\/"]}]},{"@type":"ImageObject","inLanguage":"es","@id":"https:\/\/www.editorialclaret.cat\/producte\/la-llum-de-la-fe-lumen-fidei-9788498467796\/#primaryimage","url":"https:\/\/www.editorialclaret.cat\/wp-content\/uploads\/9788498467796-2.jpg","contentUrl":"https:\/\/www.editorialclaret.cat\/wp-content\/uploads\/9788498467796-2.jpg","width":240,"height":411,"caption":"9788498467796.jpg"},{"@type":"BreadcrumbList","@id":"https:\/\/www.editorialclaret.cat\/producte\/la-llum-de-la-fe-lumen-fidei-9788498467796\/#breadcrumb","itemListElement":[{"@type":"ListItem","position":1,"name":"Portada","item":"https:\/\/www.editorialclaret.cat\/es\/"},{"@type":"ListItem","position":2,"name":"Botiga","item":"https:\/\/www.editorialclaret.cat\/?page_id=16"},{"@type":"ListItem","position":3,"name":"LA LLUM DE LA FE. LUMEN FIDEI"}]},{"@type":"WebSite","@id":"https:\/\/www.editorialclaret.cat\/#website","url":"https:\/\/www.editorialclaret.cat\/","name":"Editorial Claret","description":"","publisher":{"@id":"https:\/\/www.editorialclaret.cat\/#organization"},"potentialAction":[{"@type":"SearchAction","target":{"@type":"EntryPoint","urlTemplate":"https:\/\/www.editorialclaret.cat\/?s={search_term_string}"},"query-input":{"@type":"PropertyValueSpecification","valueRequired":true,"valueName":"search_term_string"}}],"inLanguage":"es"},{"@type":"Organization","@id":"https:\/\/www.editorialclaret.cat\/#organization","name":"Editorial Claret","url":"https:\/\/www.editorialclaret.cat\/","logo":{"@type":"ImageObject","inLanguage":"es","@id":"https:\/\/www.editorialclaret.cat\/#\/schema\/logo\/image\/","url":"https:\/\/www.editorialclaret.cat\/wp-content\/uploads\/.\/logo-claret.png","contentUrl":"https:\/\/www.editorialclaret.cat\/wp-content\/uploads\/.\/logo-claret.png","width":194,"height":79,"caption":"Editorial Claret"},"image":{"@id":"https:\/\/www.editorialclaret.cat\/#\/schema\/logo\/image\/"}}]}},"_links":{"self":[{"href":"https:\/\/www.editorialclaret.cat\/es\/wp-json\/wp\/v2\/product\/47788","targetHints":{"allow":["GET"]}}],"collection":[{"href":"https:\/\/www.editorialclaret.cat\/es\/wp-json\/wp\/v2\/product"}],"about":[{"href":"https:\/\/www.editorialclaret.cat\/es\/wp-json\/wp\/v2\/types\/product"}],"wp:featuredmedia":[{"embeddable":true,"href":"https:\/\/www.editorialclaret.cat\/es\/wp-json\/wp\/v2\/media\/70262"}],"wp:attachment":[{"href":"https:\/\/www.editorialclaret.cat\/es\/wp-json\/wp\/v2\/media?parent=47788"}],"wp:term":[{"taxonomy":"product_brand","embeddable":true,"href":"https:\/\/www.editorialclaret.cat\/es\/wp-json\/wp\/v2\/product_brand?post=47788"},{"taxonomy":"product_cat","embeddable":true,"href":"https:\/\/www.editorialclaret.cat\/es\/wp-json\/wp\/v2\/product_cat?post=47788"},{"taxonomy":"product_tag","embeddable":true,"href":"https:\/\/www.editorialclaret.cat\/es\/wp-json\/wp\/v2\/product_tag?post=47788"}],"curies":[{"name":"wp","href":"https:\/\/api.w.org\/{rel}","templated":true}]}}