{"id":47649,"date":"2022-11-07T07:39:42","date_gmt":"2022-11-07T06:39:42","guid":{"rendered":"http:\/\/dev.editorialclaret.cat\/producte\/carta-apostolica-als-consagrats-en-linici-de-lany-de-la-vida-consagrada\/"},"modified":"2024-05-22T13:38:02","modified_gmt":"2024-05-22T11:38:02","slug":"carta-apostolica-als-consagrats-en-linici-de-lany-de-la-vida-consagrada-9788498469127","status":"publish","type":"product","link":"https:\/\/www.editorialclaret.cat\/es\/producto\/carta-apostolica-als-consagrats-en-linici-de-lany-de-la-vida-consagrada-9788498469127\/","title":{"rendered":"CARTA APOST\u00d2LICA ALS CONSAGRATS EN L&#8217;INICI DE L&#8217;ANY DE LA VIDA CONSAGRADA"},"content":{"rendered":"<p>Pau VI va firmar al Vatic\u00e0 el 28 d&#8217;octubre del 1965 el decret conciliar Perfectae caritatis sobre l&#8217;adequada renovaci\u00f3 de la vida religiosa. Amb motiu de celebrar-se el 2015 els 50 anys de la promulgaci\u00f3 del decret, el papa Francesc ha convocat l&#8217;Any de la Vida Consagrada, que comen\u00e7a el 30 de novembre del 2014, inici del temps lit\u00fargic de l&#8217;Advent, i acaba el 2 de febrer del 2016, Jornada Mundial de la Vida Consagrada.<\/p>\n","protected":false},"excerpt":{"rendered":"<p>PAPA FRANCESC<\/p>\n","protected":false},"featured_media":47650,"template":"","meta":{"_acf_changed":false,"rs_blank_template":"","rs_page_bg_color":"","slide_template_v7":"","inline_featured_image":false,"_monsterinsights_skip_tracking":false,"_monsterinsights_sitenote_active":false,"_monsterinsights_sitenote_note":"","_monsterinsights_sitenote_category":0},"product_brand":[],"product_cat":[16],"product_tag":[],"class_list":{"0":"post-47649","1":"product","2":"type-product","3":"status-publish","4":"has-post-thumbnail","6":"product_cat-sense-categoria","8":"first","9":"instock","10":"taxable","11":"shipping-taxable","12":"purchasable","13":"product-type-simple"},"acf":{"autor":"PAPA FRANCESC","codart":"849846912","libros-coleccion":"","ediciones":"1","encuadernacion":"R\u00fastica","fecha_de_publicacion":"28\/01\/2015","novedad":"0","paginas":"40","subtitulo":"BISBES DE CATALUNYA - CARTA EN L'ANY DE LA VIDA CONSAGRADA","orden":"999","portada":"0","idioma":"cat","autores-libros":[{"ID":19749,"post_author":"3","post_date":"2022-10-19 01:28:04","post_date_gmt":"2022-10-18 23:28:04","post_content":"<strong>Jorge Mario Bergoglio<\/strong>\u00a0(Buenos Aires, 17 de desembre de 1936), \u00e9s des del 13 de mar\u00e7 de 2013 el<strong>\u00a0Papa de l\u2019Esgl\u00e9sia Cat\u00f2lica<\/strong>, sent el primer pont\u00edfex americ\u00e0. Va entrar al noviciat de l\u2019orde jesu\u00efta de Santiago de Xile, on es llicenci\u00e0 en humanitats. Ordenat sacerdot l\u2019any 1969, va tenir una llarga traject\u00f2ria dins l\u2019orde religi\u00f3s, arribant a ser provincial. Abans d\u2019arribar al Vatic\u00e0 com a cardenal, va ser arquebisbe de Buenos Aires.\r\n\r\nCom a pont\u00edfex, el Papa Francesc ha redactat diverses enc\u00edcliques i exhortacions apost\u00f2liques com\u00a0<a href=\"https:\/\/www.editorialclaret.cat\/producte\/la-joia-de-levangeli-evangelii-gaudium-9788498468281\/?c\" target=\"_blank\" rel=\"noopener\"><em><strong>Evangelii Gaudium<\/strong><\/em><\/a>\u00a0(2013),\u00a0<a href=\"https:\/\/www.claret.cat\/llibre\/lalegria-de-lamor-amoris-laetitiano-9788498469974\/?c=\"><em><strong>Amoris Laetitia<\/strong>\u00a0<\/em><\/a>(2016),\u00a0<a href=\"https:\/\/www.claret.cat\/llibre\/constitucio-apostolica-vultum-dei-quaerere-sobre-la-vida-contemplativa-femenina-9788498465471\/?c=\"><em><strong>Vultum Dei quaerere<\/strong><\/em><\/a>\u00a0(2016),\u00a0<a href=\"https:\/\/www.editorialclaret.cat\/producte\/alegreuvosen-i-celebreuho-gaudete-et-exsultate-9788491360360\/?c\" target=\"_blank\" rel=\"noopener\"><em><strong>Gaudete et exultate<\/strong>\u00a0<\/em><\/a>(2018),\u00a0<a href=\"https:\/\/www.claret.cat\/llibre\/veritatis-gaudium-la-alegria-de-la-verdad-9788428554800\/?c=\"><em><strong>Veritatis gaudium<\/strong>\u00a0<\/em><\/a>(2018) o\u00a0<a href=\"https:\/\/www.claret.cat\/llibre\/praedicate-evangelium-predicad-el-evangelio-9788428567060\/?c=\"><em><strong>Praedicate Evangelium<\/strong>\u00a0<\/em><\/a>(2022).","post_title":"PAPA FRANCESC","post_excerpt":"","post_status":"publish","comment_status":"closed","ping_status":"closed","post_password":"","post_name":"papa-francesc","to_ping":"","pinged":"","post_modified":"2024-09-13 13:46:14","post_modified_gmt":"2024-09-13 11:46:14","post_content_filtered":"","post_parent":0,"guid":"http:\/\/dev.editorialclaret.cat\/autor\/papa-francesc\/","menu_order":0,"post_type":"autor","post_mime_type":"","comment_count":"0","filter":"raw"}]},"yoast_head":"<!-- This site is optimized with the Yoast SEO plugin v27.3 - https:\/\/yoast.com\/product\/yoast-seo-wordpress\/ -->\n<title>Editorial Claret<\/title>\n<meta name=\"robots\" content=\"noindex, follow, max-snippet:-1, max-image-preview:large, max-video-preview:-1\" \/>\n<meta property=\"og:locale\" content=\"es_ES\" \/>\n<meta property=\"og:type\" content=\"article\" \/>\n<meta property=\"og:title\" content=\"CARTA APOST\u00d2LICA ALS CONSAGRATS EN L&#039;INICI DE L&#039;ANY DE LA VIDA CONSAGRADA - Editorial Claret\" \/>\n<meta property=\"og:description\" content=\"PAPA FRANCESC\" \/>\n<meta property=\"og:url\" content=\"https:\/\/www.editorialclaret.cat\/producte\/carta-apostolica-als-consagrats-en-linici-de-lany-de-la-vida-consagrada-9788498469127\/\" \/>\n<meta property=\"og:site_name\" content=\"Editorial Claret\" \/>\n<meta property=\"article:modified_time\" content=\"2024-05-22T11:38:02+00:00\" \/>\n<meta property=\"og:image\" content=\"https:\/\/www.editorialclaret.cat\/wp-content\/uploads\/.\/9788498469127.jpg\" \/>\n\t<meta property=\"og:image:width\" content=\"221\" \/>\n\t<meta property=\"og:image:height\" content=\"345\" \/>\n\t<meta property=\"og:image:type\" content=\"image\/jpeg\" \/>\n<meta name=\"twitter:card\" content=\"summary_large_image\" \/>\n<script type=\"application\/ld+json\" class=\"yoast-schema-graph\">{\"@context\":\"https:\\\/\\\/schema.org\",\"@graph\":[{\"@type\":\"WebPage\",\"@id\":\"https:\\\/\\\/www.editorialclaret.cat\\\/producte\\\/carta-apostolica-als-consagrats-en-linici-de-lany-de-la-vida-consagrada-9788498469127\\\/\",\"url\":\"https:\\\/\\\/www.editorialclaret.cat\\\/producte\\\/carta-apostolica-als-consagrats-en-linici-de-lany-de-la-vida-consagrada-9788498469127\\\/\",\"name\":\"CARTA APOST\u00d2LICA ALS CONSAGRATS EN L'INICI DE L'ANY DE LA VIDA CONSAGRADA - Editorial Claret\",\"isPartOf\":{\"@id\":\"https:\\\/\\\/www.editorialclaret.cat\\\/#website\"},\"primaryImageOfPage\":{\"@id\":\"https:\\\/\\\/www.editorialclaret.cat\\\/producte\\\/carta-apostolica-als-consagrats-en-linici-de-lany-de-la-vida-consagrada-9788498469127\\\/#primaryimage\"},\"image\":{\"@id\":\"https:\\\/\\\/www.editorialclaret.cat\\\/producte\\\/carta-apostolica-als-consagrats-en-linici-de-lany-de-la-vida-consagrada-9788498469127\\\/#primaryimage\"},\"thumbnailUrl\":\"https:\\\/\\\/www.editorialclaret.cat\\\/wp-content\\\/uploads\\\/.\\\/9788498469127.jpg\",\"datePublished\":\"2022-11-07T06:39:42+00:00\",\"dateModified\":\"2024-05-22T11:38:02+00:00\",\"breadcrumb\":{\"@id\":\"https:\\\/\\\/www.editorialclaret.cat\\\/producte\\\/carta-apostolica-als-consagrats-en-linici-de-lany-de-la-vida-consagrada-9788498469127\\\/#breadcrumb\"},\"inLanguage\":\"es\",\"potentialAction\":[{\"@type\":\"ReadAction\",\"target\":[\"https:\\\/\\\/www.editorialclaret.cat\\\/producte\\\/carta-apostolica-als-consagrats-en-linici-de-lany-de-la-vida-consagrada-9788498469127\\\/\"]}]},{\"@type\":\"ImageObject\",\"inLanguage\":\"es\",\"@id\":\"https:\\\/\\\/www.editorialclaret.cat\\\/producte\\\/carta-apostolica-als-consagrats-en-linici-de-lany-de-la-vida-consagrada-9788498469127\\\/#primaryimage\",\"url\":\"https:\\\/\\\/www.editorialclaret.cat\\\/wp-content\\\/uploads\\\/.\\\/9788498469127.jpg\",\"contentUrl\":\"https:\\\/\\\/www.editorialclaret.cat\\\/wp-content\\\/uploads\\\/.\\\/9788498469127.jpg\",\"width\":221,\"height\":345,\"caption\":\"9788498469127.jpg\"},{\"@type\":\"BreadcrumbList\",\"@id\":\"https:\\\/\\\/www.editorialclaret.cat\\\/producte\\\/carta-apostolica-als-consagrats-en-linici-de-lany-de-la-vida-consagrada-9788498469127\\\/#breadcrumb\",\"itemListElement\":[{\"@type\":\"ListItem\",\"position\":1,\"name\":\"Portada\",\"item\":\"https:\\\/\\\/www.editorialclaret.cat\\\/es\\\/\"},{\"@type\":\"ListItem\",\"position\":2,\"name\":\"Botiga\",\"item\":\"https:\\\/\\\/www.editorialclaret.cat\\\/?page_id=16\"},{\"@type\":\"ListItem\",\"position\":3,\"name\":\"CARTA APOST\u00d2LICA ALS CONSAGRATS EN L&#8217;INICI DE L&#8217;ANY DE LA VIDA CONSAGRADA\"}]},{\"@type\":\"WebSite\",\"@id\":\"https:\\\/\\\/www.editorialclaret.cat\\\/#website\",\"url\":\"https:\\\/\\\/www.editorialclaret.cat\\\/\",\"name\":\"Editorial Claret\",\"description\":\"\",\"publisher\":{\"@id\":\"https:\\\/\\\/www.editorialclaret.cat\\\/#organization\"},\"potentialAction\":[{\"@type\":\"SearchAction\",\"target\":{\"@type\":\"EntryPoint\",\"urlTemplate\":\"https:\\\/\\\/www.editorialclaret.cat\\\/?s={search_term_string}\"},\"query-input\":{\"@type\":\"PropertyValueSpecification\",\"valueRequired\":true,\"valueName\":\"search_term_string\"}}],\"inLanguage\":\"es\"},{\"@type\":\"Organization\",\"@id\":\"https:\\\/\\\/www.editorialclaret.cat\\\/#organization\",\"name\":\"Editorial Claret\",\"url\":\"https:\\\/\\\/www.editorialclaret.cat\\\/\",\"logo\":{\"@type\":\"ImageObject\",\"inLanguage\":\"es\",\"@id\":\"https:\\\/\\\/www.editorialclaret.cat\\\/#\\\/schema\\\/logo\\\/image\\\/\",\"url\":\"https:\\\/\\\/www.editorialclaret.cat\\\/wp-content\\\/uploads\\\/.\\\/logo-claret.png\",\"contentUrl\":\"https:\\\/\\\/www.editorialclaret.cat\\\/wp-content\\\/uploads\\\/.\\\/logo-claret.png\",\"width\":194,\"height\":79,\"caption\":\"Editorial Claret\"},\"image\":{\"@id\":\"https:\\\/\\\/www.editorialclaret.cat\\\/#\\\/schema\\\/logo\\\/image\\\/\"}}]}<\/script>\n<!-- \/ Yoast SEO plugin. -->","yoast_head_json":{"title":"Editorial Claret","robots":{"index":"noindex","follow":"follow","max-snippet":"max-snippet:-1","max-image-preview":"max-image-preview:large","max-video-preview":"max-video-preview:-1"},"og_locale":"es_ES","og_type":"article","og_title":"CARTA APOST\u00d2LICA ALS CONSAGRATS EN L'INICI DE L'ANY DE LA VIDA CONSAGRADA - Editorial Claret","og_description":"PAPA FRANCESC","og_url":"https:\/\/www.editorialclaret.cat\/producte\/carta-apostolica-als-consagrats-en-linici-de-lany-de-la-vida-consagrada-9788498469127\/","og_site_name":"Editorial Claret","article_modified_time":"2024-05-22T11:38:02+00:00","og_image":[{"width":221,"height":345,"url":"https:\/\/www.editorialclaret.cat\/wp-content\/uploads\/.\/9788498469127.jpg","type":"image\/jpeg"}],"twitter_card":"summary_large_image","schema":{"@context":"https:\/\/schema.org","@graph":[{"@type":"WebPage","@id":"https:\/\/www.editorialclaret.cat\/producte\/carta-apostolica-als-consagrats-en-linici-de-lany-de-la-vida-consagrada-9788498469127\/","url":"https:\/\/www.editorialclaret.cat\/producte\/carta-apostolica-als-consagrats-en-linici-de-lany-de-la-vida-consagrada-9788498469127\/","name":"CARTA APOST\u00d2LICA ALS CONSAGRATS EN L'INICI DE L'ANY DE LA VIDA CONSAGRADA - Editorial Claret","isPartOf":{"@id":"https:\/\/www.editorialclaret.cat\/#website"},"primaryImageOfPage":{"@id":"https:\/\/www.editorialclaret.cat\/producte\/carta-apostolica-als-consagrats-en-linici-de-lany-de-la-vida-consagrada-9788498469127\/#primaryimage"},"image":{"@id":"https:\/\/www.editorialclaret.cat\/producte\/carta-apostolica-als-consagrats-en-linici-de-lany-de-la-vida-consagrada-9788498469127\/#primaryimage"},"thumbnailUrl":"https:\/\/www.editorialclaret.cat\/wp-content\/uploads\/.\/9788498469127.jpg","datePublished":"2022-11-07T06:39:42+00:00","dateModified":"2024-05-22T11:38:02+00:00","breadcrumb":{"@id":"https:\/\/www.editorialclaret.cat\/producte\/carta-apostolica-als-consagrats-en-linici-de-lany-de-la-vida-consagrada-9788498469127\/#breadcrumb"},"inLanguage":"es","potentialAction":[{"@type":"ReadAction","target":["https:\/\/www.editorialclaret.cat\/producte\/carta-apostolica-als-consagrats-en-linici-de-lany-de-la-vida-consagrada-9788498469127\/"]}]},{"@type":"ImageObject","inLanguage":"es","@id":"https:\/\/www.editorialclaret.cat\/producte\/carta-apostolica-als-consagrats-en-linici-de-lany-de-la-vida-consagrada-9788498469127\/#primaryimage","url":"https:\/\/www.editorialclaret.cat\/wp-content\/uploads\/.\/9788498469127.jpg","contentUrl":"https:\/\/www.editorialclaret.cat\/wp-content\/uploads\/.\/9788498469127.jpg","width":221,"height":345,"caption":"9788498469127.jpg"},{"@type":"BreadcrumbList","@id":"https:\/\/www.editorialclaret.cat\/producte\/carta-apostolica-als-consagrats-en-linici-de-lany-de-la-vida-consagrada-9788498469127\/#breadcrumb","itemListElement":[{"@type":"ListItem","position":1,"name":"Portada","item":"https:\/\/www.editorialclaret.cat\/es\/"},{"@type":"ListItem","position":2,"name":"Botiga","item":"https:\/\/www.editorialclaret.cat\/?page_id=16"},{"@type":"ListItem","position":3,"name":"CARTA APOST\u00d2LICA ALS CONSAGRATS EN L&#8217;INICI DE L&#8217;ANY DE LA VIDA CONSAGRADA"}]},{"@type":"WebSite","@id":"https:\/\/www.editorialclaret.cat\/#website","url":"https:\/\/www.editorialclaret.cat\/","name":"Editorial Claret","description":"","publisher":{"@id":"https:\/\/www.editorialclaret.cat\/#organization"},"potentialAction":[{"@type":"SearchAction","target":{"@type":"EntryPoint","urlTemplate":"https:\/\/www.editorialclaret.cat\/?s={search_term_string}"},"query-input":{"@type":"PropertyValueSpecification","valueRequired":true,"valueName":"search_term_string"}}],"inLanguage":"es"},{"@type":"Organization","@id":"https:\/\/www.editorialclaret.cat\/#organization","name":"Editorial Claret","url":"https:\/\/www.editorialclaret.cat\/","logo":{"@type":"ImageObject","inLanguage":"es","@id":"https:\/\/www.editorialclaret.cat\/#\/schema\/logo\/image\/","url":"https:\/\/www.editorialclaret.cat\/wp-content\/uploads\/.\/logo-claret.png","contentUrl":"https:\/\/www.editorialclaret.cat\/wp-content\/uploads\/.\/logo-claret.png","width":194,"height":79,"caption":"Editorial Claret"},"image":{"@id":"https:\/\/www.editorialclaret.cat\/#\/schema\/logo\/image\/"}}]}},"_links":{"self":[{"href":"https:\/\/www.editorialclaret.cat\/es\/wp-json\/wp\/v2\/product\/47649","targetHints":{"allow":["GET"]}}],"collection":[{"href":"https:\/\/www.editorialclaret.cat\/es\/wp-json\/wp\/v2\/product"}],"about":[{"href":"https:\/\/www.editorialclaret.cat\/es\/wp-json\/wp\/v2\/types\/product"}],"wp:featuredmedia":[{"embeddable":true,"href":"https:\/\/www.editorialclaret.cat\/es\/wp-json\/wp\/v2\/media\/47650"}],"wp:attachment":[{"href":"https:\/\/www.editorialclaret.cat\/es\/wp-json\/wp\/v2\/media?parent=47649"}],"wp:term":[{"taxonomy":"product_brand","embeddable":true,"href":"https:\/\/www.editorialclaret.cat\/es\/wp-json\/wp\/v2\/product_brand?post=47649"},{"taxonomy":"product_cat","embeddable":true,"href":"https:\/\/www.editorialclaret.cat\/es\/wp-json\/wp\/v2\/product_cat?post=47649"},{"taxonomy":"product_tag","embeddable":true,"href":"https:\/\/www.editorialclaret.cat\/es\/wp-json\/wp\/v2\/product_tag?post=47649"}],"curies":[{"name":"wp","href":"https:\/\/api.w.org\/{rel}","templated":true}]}}