{"id":41421,"date":"2022-10-19T12:39:37","date_gmt":"2022-10-19T10:39:37","guid":{"rendered":"http:\/\/dev.editorialclaret.cat\/producte\/si-us-plau-6\/"},"modified":"2024-05-22T11:47:11","modified_gmt":"2024-05-22T09:47:11","slug":"si-us-plau-6-848297743","status":"publish","type":"product","link":"https:\/\/www.editorialclaret.cat\/es\/producto\/si-us-plau-6-848297743\/","title":{"rendered":"SI US PLAU 6"},"content":{"rendered":"<p>Des del moment en qu\u00e8 es va concebre la idea inicial d\u2019aquesta obra, els professionals de l\u2019educaci\u00f3 que han redactat el Si us plau han tingut presents els quatre fonaments essencials de l\u2019educaci\u00f3 descrits a l\u2019Informe Delors. \u201cL\u2019educaci\u00f3 amaga un tresor\u201d; l\u2019educaci\u00f3 emocional i l\u2019aprenentatge significatiu per una educaci\u00f3 en valors.<br \/>A la llum d\u2019aquestes tres refer\u00e8ncies, l\u2019obra es proposa aquests objectius:<br \/>&#8211; Educar per fer m\u00e9s f\u00e0cil la conviv\u00e8ncia.<br \/>&#8211; Aprendre comportaments socials.<br \/>&#8211; Optimitzar i positivar les relacions interpersonals.<br \/>&#8211; Aprendre a ser feli\u00e7.<br \/>&#8211; Facilitar al professorat la tasca d\u2019educar en valors.<br \/>&#8211; Afavorir el desenvolupament integral.<br \/>&#8211; Prendre consci\u00e8ncia que ens relacionem amb l\u2019entorn i la societat.<br \/>&#8211; Implicar la fam\u00edlia en l\u2019educaci\u00f3 en valors<br \/>La metodologia que caldr\u00e0 dur a terme s\u2019ha estructurat en cinc<br \/>blocs:<br \/>1. El mestre com a mediador: es descriu el paper i el posicionament que ha d\u2019adoptar el mestre per arribar als objectius proposats.<br \/>2. La reflexi\u00f3 i \u201cesperit cr\u00edtic\u201d: es proposen dos dels punts m\u00e9s interessants d\u2019aquest material.<br \/>3. La comunicaci\u00f3 i el di\u00e0leg: apartat en qu\u00e8 es parla dels punts fonamentals a l\u2019hora de dur a<br \/>la pr\u00e0ctica les activitats que es proposen.<br \/>4. La globalitzaci\u00f3: aspecte b\u00e0sic per entendre el nostre entorn, la nostra societat i el nostre m\u00f3n.<br \/>5. La creativitat: es presenta la creativitat com una f\u00f3rmula per aconseguir solucions noves a problemes vells.<br \/>Cada llibre de la col\u00b7lecci\u00f3 consta de vuit unitats. Cada unitat treballa un valor com a centre d\u2019inter\u00e8s i est\u00e0 pensada per desenvolupar-se en cinc sessions.<br \/>En cada una de les unitats i al llarg dels sis cursos de l\u2019Educaci\u00f3 Prim\u00e0ria es plantegen aquests objectius:<br \/>&#8211; Con\u00e8ixer el significat del valor i descobrir-lo en diferents \u00e0mbits<br \/>de la vida quotidiana.<br \/>&#8211; Adquirir bons h\u00e0bits de conviv\u00e8ncia.<br \/>&#8211; Identificar emocions i sentiments i compartir viv\u00e8ncies<br \/>emocionals.<\/p>\n","protected":false},"excerpt":{"rendered":"<p>GERMANS DE LES ESCOLES CR<\/p>\n","protected":false},"featured_media":50364,"template":"","meta":{"_acf_changed":false,"rs_blank_template":"","rs_page_bg_color":"","slide_template_v7":"","inline_featured_image":false,"_monsterinsights_skip_tracking":false,"_monsterinsights_sitenote_active":false,"_monsterinsights_sitenote_note":"","_monsterinsights_sitenote_category":0},"product_brand":[],"product_cat":[927,880,1164,1117,875,1112,878,1115,1137,900],"product_tag":[],"class_list":{"0":"post-41421","1":"product","2":"type-product","3":"status-publish","4":"has-post-thumbnail","6":"product_cat-educacio-en-valors-pedagogia","7":"product_cat-educacio-en-valors","8":"product_cat-educacion-en-valores-pedagogia-humanidades","9":"product_cat-educacion-en-valores","10":"product_cat-primaria","11":"product_cat-primaria-2","12":"product_cat-tutoria","13":"product_cat-tutoria-2","14":"product_cat-valores-y-convivencia","15":"product_cat-valors-i-convivencia","17":"first","18":"instock","19":"taxable","20":"shipping-taxable","21":"purchasable","22":"product-type-simple"},"acf":{"autor":"GERMANS DE LES ESCOLES CR","codart":"848297743","libros-coleccion":"SI US PLAU","ediciones":"1","encuadernacion":"R\u00fastica","fecha_de_publicacion":"01\/05\/2006","novedad":"0","paginas":"104","subtitulo":"EDUCACI\u00d3 EMOCIONAL I EN VALORS","orden":"999","portada":"0","idioma":"cat","autores-libros":[{"ID":46899,"post_author":"3","post_date":"2022-11-06 20:31:57","post_date_gmt":"2022-11-06 19:31:57","post_content":"","post_title":"JOAQUIM (cord) MORAT\u00d3","post_excerpt":"","post_status":"publish","comment_status":"closed","ping_status":"closed","post_password":"","post_name":"joaquim-cord-morato","to_ping":"","pinged":"","post_modified":"2022-11-06 20:31:57","post_modified_gmt":"2022-11-06 19:31:57","post_content_filtered":"","post_parent":0,"guid":"http:\/\/dev.editorialclaret.cat\/autor\/joaquim-cord-morato\/","menu_order":0,"post_type":"autor","post_mime_type":"","comment_count":"0","filter":"raw"},{"ID":46884,"post_author":"3","post_date":"2022-11-06 20:31:50","post_date_gmt":"2022-11-06 19:31:50","post_content":"","post_title":"JOAN CARLES (cord) V\u00c1ZQUEZ","post_excerpt":"","post_status":"publish","comment_status":"closed","ping_status":"closed","post_password":"","post_name":"joan-carles-cord-vazquez","to_ping":"","pinged":"","post_modified":"2022-11-06 20:31:50","post_modified_gmt":"2022-11-06 19:31:50","post_content_filtered":"","post_parent":0,"guid":"http:\/\/dev.editorialclaret.cat\/autor\/joan-carles-cord-vazquez\/","menu_order":0,"post_type":"autor","post_mime_type":"","comment_count":"0","filter":"raw"}]},"yoast_head":"<!-- This site is optimized with the Yoast SEO plugin v27.3 - https:\/\/yoast.com\/product\/yoast-seo-wordpress\/ -->\n<title>Editorial Claret<\/title>\n<meta name=\"robots\" content=\"noindex, follow, max-snippet:-1, max-image-preview:large, max-video-preview:-1\" \/>\n<meta property=\"og:locale\" content=\"es_ES\" \/>\n<meta property=\"og:type\" content=\"article\" \/>\n<meta property=\"og:title\" content=\"SI US PLAU 6 - Editorial Claret\" \/>\n<meta property=\"og:description\" content=\"GERMANS DE LES ESCOLES CR\" \/>\n<meta property=\"og:url\" content=\"https:\/\/www.editorialclaret.cat\/producte\/si-us-plau-6-848297743\/\" \/>\n<meta property=\"og:site_name\" content=\"Editorial Claret\" \/>\n<meta property=\"article:modified_time\" content=\"2024-05-22T09:47:11+00:00\" \/>\n<meta property=\"og:image\" content=\"https:\/\/www.editorialclaret.cat\/wp-content\/uploads\/.\/9788482977430.jpg\" \/>\n\t<meta property=\"og:image:width\" content=\"260\" \/>\n\t<meta property=\"og:image:height\" content=\"341\" \/>\n\t<meta property=\"og:image:type\" content=\"image\/jpeg\" \/>\n<meta name=\"twitter:card\" content=\"summary_large_image\" \/>\n<meta name=\"twitter:label1\" content=\"Tiempo de lectura\" \/>\n\t<meta name=\"twitter:data1\" content=\"2 minutos\" \/>\n<script type=\"application\/ld+json\" class=\"yoast-schema-graph\">{\"@context\":\"https:\\\/\\\/schema.org\",\"@graph\":[{\"@type\":\"WebPage\",\"@id\":\"https:\\\/\\\/www.editorialclaret.cat\\\/producte\\\/si-us-plau-6-848297743\\\/\",\"url\":\"https:\\\/\\\/www.editorialclaret.cat\\\/producte\\\/si-us-plau-6-848297743\\\/\",\"name\":\"SI US PLAU 6 - Editorial Claret\",\"isPartOf\":{\"@id\":\"https:\\\/\\\/www.editorialclaret.cat\\\/#website\"},\"primaryImageOfPage\":{\"@id\":\"https:\\\/\\\/www.editorialclaret.cat\\\/producte\\\/si-us-plau-6-848297743\\\/#primaryimage\"},\"image\":{\"@id\":\"https:\\\/\\\/www.editorialclaret.cat\\\/producte\\\/si-us-plau-6-848297743\\\/#primaryimage\"},\"thumbnailUrl\":\"https:\\\/\\\/www.editorialclaret.cat\\\/wp-content\\\/uploads\\\/.\\\/9788482977430.jpg\",\"datePublished\":\"2022-10-19T10:39:37+00:00\",\"dateModified\":\"2024-05-22T09:47:11+00:00\",\"breadcrumb\":{\"@id\":\"https:\\\/\\\/www.editorialclaret.cat\\\/producte\\\/si-us-plau-6-848297743\\\/#breadcrumb\"},\"inLanguage\":\"es\",\"potentialAction\":[{\"@type\":\"ReadAction\",\"target\":[\"https:\\\/\\\/www.editorialclaret.cat\\\/producte\\\/si-us-plau-6-848297743\\\/\"]}]},{\"@type\":\"ImageObject\",\"inLanguage\":\"es\",\"@id\":\"https:\\\/\\\/www.editorialclaret.cat\\\/producte\\\/si-us-plau-6-848297743\\\/#primaryimage\",\"url\":\"https:\\\/\\\/www.editorialclaret.cat\\\/wp-content\\\/uploads\\\/.\\\/9788482977430.jpg\",\"contentUrl\":\"https:\\\/\\\/www.editorialclaret.cat\\\/wp-content\\\/uploads\\\/.\\\/9788482977430.jpg\",\"width\":260,\"height\":341,\"caption\":\"9788482977430.jpg\"},{\"@type\":\"BreadcrumbList\",\"@id\":\"https:\\\/\\\/www.editorialclaret.cat\\\/producte\\\/si-us-plau-6-848297743\\\/#breadcrumb\",\"itemListElement\":[{\"@type\":\"ListItem\",\"position\":1,\"name\":\"Portada\",\"item\":\"https:\\\/\\\/www.editorialclaret.cat\\\/es\\\/\"},{\"@type\":\"ListItem\",\"position\":2,\"name\":\"Botiga\",\"item\":\"https:\\\/\\\/www.editorialclaret.cat\\\/?page_id=16\"},{\"@type\":\"ListItem\",\"position\":3,\"name\":\"SI US PLAU 6\"}]},{\"@type\":\"WebSite\",\"@id\":\"https:\\\/\\\/www.editorialclaret.cat\\\/#website\",\"url\":\"https:\\\/\\\/www.editorialclaret.cat\\\/\",\"name\":\"Editorial Claret\",\"description\":\"\",\"publisher\":{\"@id\":\"https:\\\/\\\/www.editorialclaret.cat\\\/#organization\"},\"potentialAction\":[{\"@type\":\"SearchAction\",\"target\":{\"@type\":\"EntryPoint\",\"urlTemplate\":\"https:\\\/\\\/www.editorialclaret.cat\\\/?s={search_term_string}\"},\"query-input\":{\"@type\":\"PropertyValueSpecification\",\"valueRequired\":true,\"valueName\":\"search_term_string\"}}],\"inLanguage\":\"es\"},{\"@type\":\"Organization\",\"@id\":\"https:\\\/\\\/www.editorialclaret.cat\\\/#organization\",\"name\":\"Editorial Claret\",\"url\":\"https:\\\/\\\/www.editorialclaret.cat\\\/\",\"logo\":{\"@type\":\"ImageObject\",\"inLanguage\":\"es\",\"@id\":\"https:\\\/\\\/www.editorialclaret.cat\\\/#\\\/schema\\\/logo\\\/image\\\/\",\"url\":\"https:\\\/\\\/www.editorialclaret.cat\\\/wp-content\\\/uploads\\\/.\\\/logo-claret.png\",\"contentUrl\":\"https:\\\/\\\/www.editorialclaret.cat\\\/wp-content\\\/uploads\\\/.\\\/logo-claret.png\",\"width\":194,\"height\":79,\"caption\":\"Editorial Claret\"},\"image\":{\"@id\":\"https:\\\/\\\/www.editorialclaret.cat\\\/#\\\/schema\\\/logo\\\/image\\\/\"}}]}<\/script>\n<!-- \/ Yoast SEO plugin. -->","yoast_head_json":{"title":"Editorial Claret","robots":{"index":"noindex","follow":"follow","max-snippet":"max-snippet:-1","max-image-preview":"max-image-preview:large","max-video-preview":"max-video-preview:-1"},"og_locale":"es_ES","og_type":"article","og_title":"SI US PLAU 6 - Editorial Claret","og_description":"GERMANS DE LES ESCOLES CR","og_url":"https:\/\/www.editorialclaret.cat\/producte\/si-us-plau-6-848297743\/","og_site_name":"Editorial Claret","article_modified_time":"2024-05-22T09:47:11+00:00","og_image":[{"width":260,"height":341,"url":"https:\/\/www.editorialclaret.cat\/wp-content\/uploads\/.\/9788482977430.jpg","type":"image\/jpeg"}],"twitter_card":"summary_large_image","twitter_misc":{"Tiempo de lectura":"2 minutos"},"schema":{"@context":"https:\/\/schema.org","@graph":[{"@type":"WebPage","@id":"https:\/\/www.editorialclaret.cat\/producte\/si-us-plau-6-848297743\/","url":"https:\/\/www.editorialclaret.cat\/producte\/si-us-plau-6-848297743\/","name":"SI US PLAU 6 - Editorial Claret","isPartOf":{"@id":"https:\/\/www.editorialclaret.cat\/#website"},"primaryImageOfPage":{"@id":"https:\/\/www.editorialclaret.cat\/producte\/si-us-plau-6-848297743\/#primaryimage"},"image":{"@id":"https:\/\/www.editorialclaret.cat\/producte\/si-us-plau-6-848297743\/#primaryimage"},"thumbnailUrl":"https:\/\/www.editorialclaret.cat\/wp-content\/uploads\/.\/9788482977430.jpg","datePublished":"2022-10-19T10:39:37+00:00","dateModified":"2024-05-22T09:47:11+00:00","breadcrumb":{"@id":"https:\/\/www.editorialclaret.cat\/producte\/si-us-plau-6-848297743\/#breadcrumb"},"inLanguage":"es","potentialAction":[{"@type":"ReadAction","target":["https:\/\/www.editorialclaret.cat\/producte\/si-us-plau-6-848297743\/"]}]},{"@type":"ImageObject","inLanguage":"es","@id":"https:\/\/www.editorialclaret.cat\/producte\/si-us-plau-6-848297743\/#primaryimage","url":"https:\/\/www.editorialclaret.cat\/wp-content\/uploads\/.\/9788482977430.jpg","contentUrl":"https:\/\/www.editorialclaret.cat\/wp-content\/uploads\/.\/9788482977430.jpg","width":260,"height":341,"caption":"9788482977430.jpg"},{"@type":"BreadcrumbList","@id":"https:\/\/www.editorialclaret.cat\/producte\/si-us-plau-6-848297743\/#breadcrumb","itemListElement":[{"@type":"ListItem","position":1,"name":"Portada","item":"https:\/\/www.editorialclaret.cat\/es\/"},{"@type":"ListItem","position":2,"name":"Botiga","item":"https:\/\/www.editorialclaret.cat\/?page_id=16"},{"@type":"ListItem","position":3,"name":"SI US PLAU 6"}]},{"@type":"WebSite","@id":"https:\/\/www.editorialclaret.cat\/#website","url":"https:\/\/www.editorialclaret.cat\/","name":"Editorial Claret","description":"","publisher":{"@id":"https:\/\/www.editorialclaret.cat\/#organization"},"potentialAction":[{"@type":"SearchAction","target":{"@type":"EntryPoint","urlTemplate":"https:\/\/www.editorialclaret.cat\/?s={search_term_string}"},"query-input":{"@type":"PropertyValueSpecification","valueRequired":true,"valueName":"search_term_string"}}],"inLanguage":"es"},{"@type":"Organization","@id":"https:\/\/www.editorialclaret.cat\/#organization","name":"Editorial Claret","url":"https:\/\/www.editorialclaret.cat\/","logo":{"@type":"ImageObject","inLanguage":"es","@id":"https:\/\/www.editorialclaret.cat\/#\/schema\/logo\/image\/","url":"https:\/\/www.editorialclaret.cat\/wp-content\/uploads\/.\/logo-claret.png","contentUrl":"https:\/\/www.editorialclaret.cat\/wp-content\/uploads\/.\/logo-claret.png","width":194,"height":79,"caption":"Editorial Claret"},"image":{"@id":"https:\/\/www.editorialclaret.cat\/#\/schema\/logo\/image\/"}}]}},"_links":{"self":[{"href":"https:\/\/www.editorialclaret.cat\/es\/wp-json\/wp\/v2\/product\/41421","targetHints":{"allow":["GET"]}}],"collection":[{"href":"https:\/\/www.editorialclaret.cat\/es\/wp-json\/wp\/v2\/product"}],"about":[{"href":"https:\/\/www.editorialclaret.cat\/es\/wp-json\/wp\/v2\/types\/product"}],"wp:featuredmedia":[{"embeddable":true,"href":"https:\/\/www.editorialclaret.cat\/es\/wp-json\/wp\/v2\/media\/50364"}],"wp:attachment":[{"href":"https:\/\/www.editorialclaret.cat\/es\/wp-json\/wp\/v2\/media?parent=41421"}],"wp:term":[{"taxonomy":"product_brand","embeddable":true,"href":"https:\/\/www.editorialclaret.cat\/es\/wp-json\/wp\/v2\/product_brand?post=41421"},{"taxonomy":"product_cat","embeddable":true,"href":"https:\/\/www.editorialclaret.cat\/es\/wp-json\/wp\/v2\/product_cat?post=41421"},{"taxonomy":"product_tag","embeddable":true,"href":"https:\/\/www.editorialclaret.cat\/es\/wp-json\/wp\/v2\/product_tag?post=41421"}],"curies":[{"name":"wp","href":"https:\/\/api.w.org\/{rel}","templated":true}]}}