{"id":8220,"date":"2022-07-22T10:07:47","date_gmt":"2022-07-22T08:07:47","guid":{"rendered":"http:\/\/dev.editorialclaret.cat\/?page_id=8220"},"modified":"2022-09-22T18:08:02","modified_gmt":"2022-09-22T16:08:02","slug":"autores","status":"publish","type":"page","link":"https:\/\/www.editorialclaret.cat\/es\/autores\/","title":{"rendered":"Autores"},"content":{"rendered":"<div id=\"pl-8220\"  class=\"panel-layout\" ><div id=\"pg-8220-0\"  class=\"panel-grid panel-no-style\" ><div id=\"pgc-8220-0-0\"  class=\"panel-grid-cell\" >\t<div class=\"filtro-alfabetico\">\n\t<a href=\"\/es\/autores\/\" class=\"activo\">_<\/a>\n\t<a href=\"\/es\/autores\/?l=a\" class=\"\">A<\/a>\n\t<a href=\"\/es\/autores\/?l=b\" class=\"\">B<\/a>\n\t<a href=\"\/es\/autores\/?l=c\" class=\"\">C<\/a>\n\t<a href=\"\/es\/autores\/?l=d\" class=\"\">D<\/a>\n\t<a href=\"\/es\/autores\/?l=e\" class=\"\">E<\/a>\n\t<a href=\"\/es\/autores\/?l=f\" class=\"\">F<\/a>\n\t<a href=\"\/es\/autores\/?l=g\" class=\"\">G<\/a>\n\t<a href=\"\/es\/autores\/?l=h\" class=\"\">H<\/a>\n\t<a href=\"\/es\/autores\/?l=i\" class=\"\">I<\/a>\n\t<a href=\"\/es\/autores\/?l=j\" class=\"\">J<\/a>\n\t<a href=\"\/es\/autores\/?l=k\" class=\"\">K<\/a>\n\t<a href=\"\/es\/autores\/?l=l\" class=\"\">L<\/a>\n\t<a href=\"\/es\/autores\/?l=m\" class=\"\">M<\/a>\n\t<a href=\"\/es\/autores\/?l=n\" class=\"\">N<\/a>\n\t<a href=\"\/es\/autores\/?l=o\" class=\"\">O<\/a>\n\t<a href=\"\/es\/autores\/?l=p\" class=\"\">P<\/a>\n\t<a href=\"\/es\/autores\/?l=q\" class=\"\">Q<\/a>\n\t<a href=\"\/es\/autores\/?l=r\" class=\"\">R<\/a>\n\t<a href=\"\/es\/autores\/?l=s\" class=\"\">S<\/a>\n\t<a href=\"\/es\/autores\/?l=t\" class=\"\">T<\/a>\n\t<a href=\"\/es\/autores\/?l=u\" class=\"\">U<\/a>\n\t<a href=\"\/es\/autores\/?l=v\" class=\"\">V<\/a>\n\t<a href=\"\/es\/autores\/?l=w\" class=\"\">W<\/a>\n\t<a href=\"\/es\/autores\/?l=x\" class=\"\">X<\/a>\n\t<a href=\"\/es\/autores\/?l=y\" class=\"\">Y<\/a>\n\t<a href=\"\/es\/autores\/?l=z\" class=\"\">Z<\/a>\n\t<\/div>\n\t<ul class=\"loop-autores loadmore\"><li><a href=\"\/es\/catalogo\/?a=46540\">EDITORIAL CLARET<\/a><\/li><li><a href=\"\/es\/catalogo\/?a=46534\">CLARET<\/a><\/li><li><a href=\"\/es\/catalogo\/?a=46629\">VV.AA.<\/a><\/li><li><a href=\"\/es\/catalogo\/?a=46612\">PAPA FRANCISCO<\/a><\/li><li><a href=\"\/es\/catalogo\/?a=46556\">GR\u00dcN, ANSELM<\/a><\/li><li><a href=\"\/es\/catalogo\/?a=46538\">DIVERSOS AUTORS<\/a><\/li><li><a href=\"\/es\/catalogo\/?a=46557\">I ALTRES<\/a><\/li><li><a href=\"\/es\/catalogo\/?a=46624\">SJ<\/a><\/li><li><a href=\"\/es\/catalogo\/?a=46554\">FUNDACI\u00d3 PERE TARR\u00c9S<\/a><\/li><li><a href=\"\/es\/catalogo\/?a=46544\">ELS BISBES DE CATALUNYA<\/a><\/li><li><a href=\"\/es\/catalogo\/?a=46551\">FERRER<\/a><\/li><li><a href=\"\/es\/catalogo\/?a=46514\">(EDS.)<\/a><\/li><li><a href=\"\/es\/catalogo\/?a=9945\">AHMED BENALLAL<\/a><\/li><li><a href=\"\/es\/catalogo\/?a=46623\">S\u00cdNODE DELS BISBES. XV ASSEMBLEA GENERAL ORDIN\u00c0RIA<\/a><\/li><li><a href=\"\/es\/catalogo\/?a=46535\">CLARET (BCI)<\/a><\/li><li><a href=\"\/es\/catalogo\/?a=46605\">MISIONEROS CLARETIANOS (CLARET)<\/a><\/li><li><a href=\"\/es\/catalogo\/?a=46606\">MONJOS DE MONTSERRAT (Comentaris)<\/a><\/li><li><a href=\"\/es\/catalogo\/?a=46533\">CET (CONFER\u00c8NCIA EPISCOPAL TARRACONENSE)<\/a><\/li><li><a href=\"\/es\/catalogo\/?a=46549\">EQUIP D'EDICI\u00d3 DE L'EDITORIAL CLARET<\/a><\/li><li><a href=\"\/es\/catalogo\/?a=46548\">EQUIP D\u00b4EDICI\u00d3 DE L\u00b4EDITORIAL CLARET<\/a><\/li><li><a href=\"\/es\/catalogo\/?a=46542\">EL PONTIFICI CONSELL PER A LA PROMOCI\u00d3 DE LA NOVA EVANGELITZACI\u00d3<\/a><\/li><li><a href=\"\/es\/catalogo\/?a=46559\">IL\u00b7LUSTRACIONS JUANJO FERN\u00c1NDEZ<\/a><\/li><li><a href=\"\/es\/catalogo\/?a=46553\">FUNDACI\u00d3 MIGRA STUDIUM<\/a><\/li><li><a href=\"\/es\/catalogo\/?a=51901\">EQUIP EDICI\u00d3 EDITORIAL CLARET<\/a><\/li><li><a href=\"\/es\/catalogo\/?a=46748\">BCI<\/a><\/li><li><a href=\"\/es\/catalogo\/?a=47105\">VARIS<\/a><\/li><li><a href=\"\/es\/catalogo\/?a=14200\">EDITORIAL CLARET S.L.U<\/a><\/li><li><a href=\"\/es\/catalogo\/?a=46775\">CLARETIANS COR DE MARIA<\/a><\/li><li><a href=\"\/es\/catalogo\/?a=46804\">EDITORIAL CLARET (ed)<\/a><\/li><li><a href=\"\/es\/catalogo\/?a=47004\">MISSIONERS CLARETIANS DE CATALUNYA<\/a><\/li><li><a href=\"\/es\/catalogo\/?a=46750\">BENET XVI<\/a><\/li><li><a href=\"\/es\/catalogo\/?a=46949\">JUAN PABLO II<\/a><\/li><li><a href=\"\/es\/catalogo\/?a=17749\">KAIROI<\/a><\/li><li><a href=\"\/es\/catalogo\/?a=47056\">REINA VALERA<\/a><\/li><li><a href=\"\/es\/catalogo\/?a=46783\">COR NOU (ANNA + IMMANUEL)<\/a><\/li><li><a href=\"\/es\/catalogo\/?a=21382\">TAIZE<\/a><\/li><li><a href=\"\/es\/catalogo\/?a=46897\">JOAN PAU II<\/a><\/li><li><a href=\"\/es\/catalogo\/?a=46749\">BENEDICTO XVI<\/a><\/li><li><a href=\"\/es\/catalogo\/?a=21971\">XIRAT<\/a><\/li><li><a href=\"\/es\/catalogo\/?a=20684\">ROSAMARI RAMIREZ ABELLA<\/a><\/li><li><a href=\"\/es\/catalogo\/?a=46780\">CONFERENCIA EPISCOPAL<\/a><\/li><li><a href=\"\/es\/catalogo\/?a=46951\">JUANOLO<\/a><\/li><li><a href=\"\/es\/catalogo\/?a=16691\">JOAN XXIII<\/a><\/li><li><a href=\"\/es\/catalogo\/?a=14603\">ET ALTRI<\/a><\/li><li><a href=\"\/es\/catalogo\/?a=46781\">CONFERENCIA EPISCOPAL TARRACONENSE<\/a><\/li><li><a href=\"\/es\/catalogo\/?a=46778\">COMISION EPISCOPAL DE LITURGIA<\/a><\/li><li><a href=\"\/es\/catalogo\/?a=47061\">ROGER DE TAIZE<\/a><\/li><li><a href=\"\/es\/catalogo\/?a=14889\">FORUM ORIOL<\/a><\/li><li><a href=\"\/es\/catalogo\/?a=47018\">MORATA<\/a><\/li><li><a href=\"\/es\/catalogo\/?a=9815\">[CONFERENCIA EPISCOPAL ESPA\u00d1OLA]<\/a><\/li><li><a href=\"\/es\/catalogo\/?a=46802\">DOMINGUEZ<\/a><\/li><li><a href=\"\/es\/catalogo\/?a=9818\">[DELEGACI\u00d3 DIOCESANA LIT\u00daRGIA D\u00b4URGELL]<\/a><\/li><li><a href=\"\/es\/catalogo\/?a=46811\">EQUIP DE CONSILIARIS C.V.X. BERCHMANS<\/a><\/li><li><a href=\"\/es\/catalogo\/?a=19800\">PAU VI<\/a><\/li><li><a href=\"\/es\/catalogo\/?a=9813\">[CONCILI VATIC\u00c0 II]<\/a><\/li><li><a href=\"\/es\/catalogo\/?a=46810\">EQUIP DE CONCILIARIS C.V.X. BERCHMANS<\/a><\/li><li><a href=\"\/es\/catalogo\/?a=19579\">OBISPOS DE CATALUNYA<\/a><\/li><li><a href=\"\/es\/catalogo\/?a=21612\">UN MONJO DE L\u00b4ESGLESIA D\u00b4ORIENT<\/a><\/li><li><a href=\"\/es\/catalogo\/?a=9814\">[CONFERENCIA EPISCOPAL ESPANYOLA]<\/a><\/li><li><a href=\"\/es\/catalogo\/?a=9816\">[CONFER\u00c8NCIA EPISCOPAL TARRACONENSE]<\/a><\/li><li><a href=\"\/es\/catalogo\/?a=9823\">[ESCOLA DE L\u00b4ESPLAI DE BARCELONA]<\/a><\/li><li><a href=\"\/es\/catalogo\/?a=14553\">ESCOLA DE L\u00b4ESPLAI DE BACELONA<\/a><\/li><li><a href=\"\/es\/catalogo\/?a=9820\">[EDITORIAL CLARET]<\/a><\/li><li><a href=\"\/es\/catalogo\/?a=9817\">[CONGREGACIO PER AL CLERGAT]<\/a><\/li><li><a href=\"\/es\/catalogo\/?a=46707\">[ELS BISBES DE CATALUNYA]<\/a><\/li><li><a href=\"\/es\/catalogo\/?a=20150\">PONTIF\u00cdCIA COMISSI\u00d3 B\u00cdBLICA<\/a><\/li><li><a href=\"\/es\/catalogo\/?a=47003\">MISIONEROS CLARETIANOS<\/a><\/li><li><a href=\"\/es\/catalogo\/?a=19618\">ORATORIO DE SAN FELIPE NERI DE ALBACETE<\/a><\/li><li><a href=\"\/es\/catalogo\/?a=9824\">[GRUP DE LES DOMBES]<\/a><\/li><li><a href=\"\/es\/catalogo\/?a=46708\">[FUNDACI\u00d3 CLARET]<\/a><\/li><li><a href=\"\/es\/catalogo\/?a=19617\">ORATORI DE SANT FELIP NERI D\u00b4ALBACETE<\/a><\/li><li><a href=\"\/es\/catalogo\/?a=18999\">MEMBRES DE L\u00b4AMIC<\/a><\/li><li><a href=\"\/es\/catalogo\/?a=13844\">DE MELLO, ANTHONY<\/a><\/li><li><a href=\"\/es\/catalogo\/?a=16890\">JORDI COLLET<\/a><\/li><li><a href=\"\/es\/catalogo\/?a=14905\">FRANCESC  NICOLAU I POUS<\/a><\/li><li><a href=\"\/es\/catalogo\/?a=20491\">RICART<\/a><\/li><li><a href=\"\/es\/catalogo\/?a=15897\">IGNASI<\/a><\/li><li><a href=\"\/es\/catalogo\/?a=15915\">IGNASI RICART<\/a><\/li><li><a href=\"\/es\/catalogo\/?a=19236\">MIQUEL YLLA-CATALA<\/a><\/li><li><a href=\"\/es\/catalogo\/?a=46782\">CONSELL PONTIFICI DE LA JUST\u00cdCIA I DE LA PAU<\/a><\/li><li><a href=\"\/es\/catalogo\/?a=46814\">ESCOLES DE L\u00b4ESPLAI DE CATALUNYA I LES ILLES BALEARS<\/a><\/li><li><a href=\"\/es\/catalogo\/?a=47115\">ZATTONI MARIATERESA (int)<\/a><\/li><li><a href=\"\/es\/catalogo\/?a=47098\">TESTIMONIO<\/a><\/li><li><a href=\"\/es\/catalogo\/?a=46741\">ARATRAMA<\/a><\/li><li><a href=\"\/es\/catalogo\/?a=46706\">@ABB\u00c9 PIERRE<\/a><\/li><li><a href=\"\/es\/catalogo\/?a=46777\">COFRARIA SANTA RITA DE C\u00c0SSIA<\/a><\/li><li><a href=\"\/es\/catalogo\/?a=47083\">SATURNINO  MENCHON GARCIA<\/a><\/li><li><a href=\"\/es\/catalogo\/?a=46755\">BISBES DE LES DI\u00d2CESIS CATALANES<\/a><\/li><li><a href=\"\/es\/catalogo\/?a=47053\">RATZINGER JOSEPH (BENET XVI)<\/a><\/li><li><a href=\"\/es\/catalogo\/?a=46960\">LE\u00d3N<\/a><\/li><li><a href=\"\/es\/catalogo\/?a=15801\">HILARI  RAGUER<\/a><\/li><li><a href=\"\/es\/catalogo\/?a=47102\">TORRUBIA<\/a><\/li><li><a href=\"\/es\/catalogo\/?a=47095\">SUBIRATS<\/a><\/li><li><a href=\"\/es\/catalogo\/?a=47103\">TRILLA<\/a><\/li><li><a href=\"\/es\/catalogo\/?a=46747\">BASS\u00d3 UBACH. FREDERIC<\/a><\/li><li><a href=\"\/es\/catalogo\/?a=46967\">LOS OBISPOS DE CATALU\u00d1A<\/a><\/li><li><a href=\"\/es\/catalogo\/?a=46756\">BORRELL<\/a><\/li><li><a href=\"\/es\/catalogo\/?a=47100\">TORNER<\/a><\/li><li><a href=\"\/es\/catalogo\/?a=46799\">DI\u00d2CESIS DE VIC I SOLSONA (VARIS AUTORS)<\/a><\/li><li><a href=\"\/es\/catalogo\/?a=47044\">PREGARIA.CAT<\/a><\/li><li><a href=\"\/es\/catalogo\/?a=46797\">DELEGACI\u00d3 DIOCESANA DE CATEQUESIS DE VIC<\/a><\/li><li><a href=\"\/es\/catalogo\/?a=46743\">ARECES PI\u00d1OL<\/a><\/li><li><a href=\"\/es\/catalogo\/?a=46759\">BUENO SALINAS<\/a><\/li><li><a href=\"\/es\/catalogo\/?a=46902\">JORBA<\/a><\/li><li><a href=\"\/es\/catalogo\/?a=17425\">JOSEP MARIA ROVIRA BELLOSOS<\/a><\/li><li><a href=\"\/es\/catalogo\/?a=47092\">ST. ANTHONY MARY CLARET<\/a><\/li><li><a href=\"\/es\/catalogo\/?a=47104\">UNESCO (CLARET)<\/a><\/li><li><a href=\"\/es\/catalogo\/?a=50018\">MONTSERRAT CLAVERAS<\/a><\/li><li><a href=\"\/es\/catalogo\/?a=21957\">XAVIER MORLANS<\/a><\/li><li><a href=\"\/es\/catalogo\/?a=46769\">CARTELLS<\/a><\/li><li><a href=\"\/es\/catalogo\/?a=46918\">JOSEP BENET I VILAS<\/a><\/li><li><a href=\"\/es\/catalogo\/?a=46992\">MERC\u00c8 CASAMOR Y M\u00c0XIM MU\u00d1OZ<\/a><\/li><li><a href=\"\/es\/catalogo\/?a=50009\">ASSUMPTA MONTSERRAT<\/a><\/li><li><a href=\"\/es\/catalogo\/?a=52032\">FUNDACI\u00d3 ESCOLA CRISTIANA DE CATALUNYA<\/a><\/li><li><a href=\"\/es\/catalogo\/?a=52815\">JAUME DUCH FUMAD\u00d3<\/a><\/li><li><a href=\"\/es\/catalogo\/?a=52816\">MARIA BARGALL\u00d3 CASTELL\u00d3N<\/a><\/li><li><a href=\"\/es\/catalogo\/?a=19749\">, <\/a><\/li><li><a href=\"\/es\/catalogo\/?a=53648\">JORDI PACHECO<\/a><\/li><li><a href=\"\/es\/catalogo\/?a=65216\">COL\u00b7LEGI CLARET<\/a><\/li><li><a href=\"\/es\/catalogo\/?a=21959\">, <\/a><\/li><li><a href=\"\/es\/catalogo\/?a=14952\">, <\/a><\/li><li><a href=\"\/es\/catalogo\/?a=66513\">PAPA FRANCESC<\/a><\/li><li><a href=\"\/es\/catalogo\/?a=66725\">MANUEL SOLER PALA<\/a><\/li><li><a href=\"\/es\/catalogo\/?a=66870\">CONFER\u00c8NCIA EPISCOPAL ESPANYOLA<\/a><\/li><li><a href=\"\/es\/catalogo\/?a=19750\">, <\/a><\/li><li><a href=\"\/es\/catalogo\/?a=67779\">XVI ASSEMBLEA GENERAL ORDIN\u00c0RIA DEL S\u00cdNODE DELS BISBES<\/a><\/li><li><a href=\"\/es\/catalogo\/?a=69258\">LLE\u00d3 XIV<\/a><\/li><li><a href=\"\/es\/catalogo\/?a=69618\">FUNDACI\u00d3 SANIT\u00c0RIA MOLLET<\/a><\/li><li><a href=\"\/es\/catalogo\/?a=69693\">COROMINAS ESCUD\u00c9, JORDI \/ VICENS FOLGUEIRA, JOAN ALBERT<\/a><\/li><li><a href=\"\/es\/catalogo\/?a=70414\">, <\/a><\/li><li><a href=\"\/es\/catalogo\/?a=70415\">, <\/a><\/li><li><a href=\"\/es\/catalogo\/?a=70674\">YOUCAT FOUNDATION<\/a><\/li><li><a href=\"\/es\/catalogo\/?a=71047\">, <\/a><\/li><li><a href=\"\/es\/catalogo\/?a=71048\">, <\/a><\/li><li><a href=\"\/es\/catalogo\/?a=71049\">, <\/a><\/li><li><a href=\"\/es\/catalogo\/?a=71050\">, <\/a><\/li><li><a href=\"\/es\/catalogo\/?a=71070\">, <\/a><\/li><li><a href=\"\/es\/catalogo\/?a=71034\">, <\/a><\/li><li><a href=\"\/es\/catalogo\/?a=71038\">, <\/a><\/li><li><a href=\"\/es\/catalogo\/?a=71039\">, <\/a><\/li><li><a href=\"\/es\/catalogo\/?a=71040\">, <\/a><\/li><li><a href=\"\/es\/catalogo\/?a=71041\">, <\/a><\/li><li><a href=\"\/es\/catalogo\/?a=71042\">, <\/a><\/li><li><a href=\"\/es\/catalogo\/?a=71035\">, <\/a><\/li><li><a href=\"\/es\/catalogo\/?a=14240\">[CLARET, EDITORIAL]<\/a><\/li><li><a href=\"\/es\/catalogo\/?a=46770\">[COORDINACI\u00d3 CATALANA DE COL\u00d2NIES, CASALS I CLUBS D\u00b4ESPLAI]<\/a><\/li><li><a href=\"\/es\/catalogo\/?a=20797\">[EDITORIAL CLARET, S.A.]<\/a><\/li><li><a href=\"\/es\/catalogo\/?a=18661\">ABAD ROSES, MARIA LLUISA<\/a><\/li><li><a href=\"\/es\/catalogo\/?a=46793\">ABAD\u00cdAS AUR\u00cdN, DAVID<\/a><\/li><li><a href=\"\/es\/catalogo\/?a=46986\">AGUILAR MA\u00d1AS, MARINA<\/a><\/li><li><a href=\"\/es\/catalogo\/?a=18280\">AGUSTI BARRI, M. CARME<\/a><\/li><li><a href=\"\/es\/catalogo\/?a=17845\">AHUMADA BATLLE, LAIA DE<\/a><\/li><li><a href=\"\/es\/catalogo\/?a=17302\">ALANY\u00c0, JOSEP<\/a><\/li><li><a href=\"\/es\/catalogo\/?a=19113\">ALARCIA, MIGUEL A.<\/a><\/li><li><a href=\"\/es\/catalogo\/?a=65469\">ALBAIG\u00c9S BLASI, ORIOL<\/a><\/li><li><a href=\"\/es\/catalogo\/?a=15380\">ALBERIGO, GIUSEPPE<\/a><\/li><li><a href=\"\/es\/catalogo\/?a=21937\">ALEGRE, XAVIER<\/a><\/li><li><a href=\"\/es\/catalogo\/?a=46800\">ALEIXANDRE, DOLORES<\/a><\/li><li><a href=\"\/es\/catalogo\/?a=47011\">ALGUACIL, MONTSERRAT<\/a><\/li><li><a href=\"\/es\/catalogo\/?a=47010\">ALGUACIL, MONTSERRAT [ET AL.]<\/a><\/li><li><a href=\"\/es\/catalogo\/?a=19338\">ALGUACIL NICOLAS, MONTSERRAT<\/a><\/li><li><a href=\"\/es\/catalogo\/?a=46626\">ALGUER\u00d3, TAVI<\/a><\/li><li><a href=\"\/es\/catalogo\/?a=46914\">ALIMBAU, JOSE MARIA<\/a><\/li><li><a href=\"\/es\/catalogo\/?a=46616\">ALLEPUZ, RAFAEL<\/a><\/li><li><a href=\"\/es\/catalogo\/?a=46991\">AMAT, MERC\u00c8<\/a><\/li><li><a href=\"\/es\/catalogo\/?a=47084\">AMELL COMAS, SEFA<\/a><\/li><li><a href=\"\/es\/catalogo\/?a=66350\">AMENGUAL, GABRIEL<\/a><\/li><li><a href=\"\/es\/catalogo\/?a=18260\">AMILL ROCAMORA, M.<\/a><\/li><li><a href=\"\/es\/catalogo\/?a=46630\">ANDREU I AMAT, XAVIER<\/a><\/li><li><a href=\"\/es\/catalogo\/?a=46560\">ANGELATS MORAT\u00d3, JAUME (ED.)<\/a><\/li><li><a href=\"\/es\/catalogo\/?a=16556\">ARAGON\u00e8S LLEBARIA, JOAN<\/a><\/li><li><a href=\"\/es\/catalogo\/?a=46807\">ARAN SALA, ELOI<\/a><\/li><li><a href=\"\/es\/catalogo\/?a=16714\">ARENAS I SAMPERA, JOAQUIM<\/a><\/li><li><a href=\"\/es\/catalogo\/?a=46952\">ARGEM\u00cd, JULIA<\/a><\/li><li><a href=\"\/es\/catalogo\/?a=46762\">ARMENGOL, CARLES<\/a><\/li><li><a href=\"\/es\/catalogo\/?a=47090\">ARMENGOL, sj<\/a><\/li><li><a href=\"\/es\/catalogo\/?a=46963\">ARMENGOL BERNILS, LLU\u00cdS<\/a><\/li><li><a href=\"\/es\/catalogo\/?a=46964\">ARMENGOL I BERNILS, LLU\u00cdS<\/a><\/li><li><a href=\"\/es\/catalogo\/?a=11190\">ARMENGOL SISCARES, CARLES<\/a><\/li><li><a href=\"\/es\/catalogo\/?a=47033\">ARMENGOL TORRENT, P. JOSEP<\/a><\/li><li><a href=\"\/es\/catalogo\/?a=18002\">ARNALDICH, LLUIS<\/a><\/li><li><a href=\"\/es\/catalogo\/?a=20616\">ARNAU, ROGER<\/a><\/li><li><a href=\"\/es\/catalogo\/?a=46726\">ARRIBA, \u00c0NGEL DE<\/a><\/li><li><a href=\"\/es\/catalogo\/?a=47037\">ARRIBAS I BARTOLOM\u00c9, PERE<\/a><\/li><li><a href=\"\/es\/catalogo\/?a=17283\">ARRONIZ HIDALGO, JOSE-GUILLERMO<\/a><\/li><li><a href=\"\/es\/catalogo\/?a=47069\">ARTIGAS, ROSER<\/a><\/li><li><a href=\"\/es\/catalogo\/?a=46870\">AYMAR, JAUME<\/a><\/li><li><a href=\"\/es\/catalogo\/?a=46608\">BAER, NILS<\/a><\/li><li><a href=\"\/es\/catalogo\/?a=46988\">BAGIN, MARTIRIJ (ed)<\/a><\/li><li><a href=\"\/es\/catalogo\/?a=47012\">BALAGUER TARIBO, MONTSERRAT<\/a><\/li><li><a href=\"\/es\/catalogo\/?a=46517\">BALCELLS, ALBERT<\/a><\/li><li><a href=\"\/es\/catalogo\/?a=17355\">BALLARIN, JOSEP M.<\/a><\/li><li><a href=\"\/es\/catalogo\/?a=46562\">BALLAZ, JES\u00daS<\/a><\/li><li><a href=\"\/es\/catalogo\/?a=46881\">BAPTISTA XURIGUERA, JOAN BAPTISTA<\/a><\/li><li><a href=\"\/es\/catalogo\/?a=52820\">BARACCO COLOMBO, ADELAIDE<\/a><\/li><li><a href=\"\/es\/catalogo\/?a=47001\">BARBAR\u00c0, MIQUEL<\/a><\/li><li><a href=\"\/es\/catalogo\/?a=21701\">BARCELO, VICEN\u00c7<\/a><\/li><li><a href=\"\/es\/catalogo\/?a=46598\">BARGALL\u00d3 CASTELL\u00d3N, MARIA<\/a><\/li><li><a href=\"\/es\/catalogo\/?a=47013\">BAR\u00d3, MONTSERRAT<\/a><\/li><li><a href=\"\/es\/catalogo\/?a=16563\">BAR\u00d3 CERQUEDA, JOAN<\/a><\/li><li><a href=\"\/es\/catalogo\/?a=21746\">BAROJA BENLLIURE, VICTOR<\/a><\/li><li><a href=\"\/es\/catalogo\/?a=14440\">BARTRINA COROMINAS, ENRIC<\/a><\/li><li><a href=\"\/es\/catalogo\/?a=46833\">BASSO, FREDERIC<\/a><\/li><li><a href=\"\/es\/catalogo\/?a=46834\">BASS\u00d3 UBACH, FREDERIC<\/a><\/li><li><a href=\"\/es\/catalogo\/?a=46932\">BAST\u00c9 FRAMIS, JOSEP MARIA<\/a><\/li><li><a href=\"\/es\/catalogo\/?a=46933\">BAST\u00c9 I FRAMIS, JOSEP MARIA<\/a><\/li><li><a href=\"\/es\/catalogo\/?a=47112\">BASTIDA I CANAL, XAVIER<\/a><\/li><li><a href=\"\/es\/catalogo\/?a=18893\">BATCHELOR, MARY<\/a><\/li><li><a href=\"\/es\/catalogo\/?a=15706\">BAUMAN, HAROLD<\/a><\/li><li><a href=\"\/es\/catalogo\/?a=47043\">BAY\u00c9S, PILAR\u00cdN<\/a><\/li><li><a href=\"\/es\/catalogo\/?a=46871\">BAYO I SAMSO, JAUME<\/a><\/li><li><a href=\"\/es\/catalogo\/?a=52871\">BEERS, HOLLY<\/a><\/li><li><a href=\"\/es\/catalogo\/?a=46746\">BEN\u00c0SSAR VICENS, BARTOMEU<\/a><\/li><li><a href=\"\/es\/catalogo\/?a=46545\">BENAVENT, ENRIC<\/a><\/li><li><a href=\"\/es\/catalogo\/?a=47057\">BENITO P\u00c9REZ, RICARD<\/a><\/li><li><a href=\"\/es\/catalogo\/?a=46736\">BENTU\u00c9 BENTU\u00c9, ANTONI<\/a><\/li><li><a href=\"\/es\/catalogo\/?a=20872\">BERNAL, SALVADOR<\/a><\/li><li><a href=\"\/es\/catalogo\/?a=47078\">BERSANETTI, SANDRA (il)<\/a><\/li><li><a href=\"\/es\/catalogo\/?a=47096\">BERTODANO, TERESA  DE (ed)<\/a><\/li><li><a href=\"\/es\/catalogo\/?a=46547\">BIANCHI, ENZO<\/a><\/li><li><a href=\"\/es\/catalogo\/?a=19535\">BILBENY, NORBERT-MORA<\/a><\/li><li><a href=\"\/es\/catalogo\/?a=46855\">BLANCH, IGNASI<\/a><\/li><li><a href=\"\/es\/catalogo\/?a=46854\">BLANCH, IGNASI (il)<\/a><\/li><li><a href=\"\/es\/catalogo\/?a=46767\">BLANCO BARNUSELL, CARMEN DEL<\/a><\/li><li><a href=\"\/es\/catalogo\/?a=46924\">BLANQUET, JOSEP M.<\/a><\/li><li><a href=\"\/es\/catalogo\/?a=46516\">BOADAS LLAVAT, AGUST\u00cd<\/a><\/li><li><a href=\"\/es\/catalogo\/?a=46573\">BOFARULL, JOSEP<\/a><\/li><li><a href=\"\/es\/catalogo\/?a=46574\">BOFARULL VECIANA, JOSEP<\/a><\/li><li><a href=\"\/es\/catalogo\/?a=46586\">BOFF, LEONARDO<\/a><\/li><li><a href=\"\/es\/catalogo\/?a=14912\">BOFILL SURIS, FRANCESC<\/a><\/li><li><a href=\"\/es\/catalogo\/?a=46713\">BOIXADER, AGN\u00c8S<\/a><\/li><li><a href=\"\/es\/catalogo\/?a=15904\">BOLIBAR RIBAS, IGNASI<\/a><\/li><li><a href=\"\/es\/catalogo\/?a=67920\">BONACHI BAN\u00daS, MERC\u00c8<\/a><\/li><li><a href=\"\/es\/catalogo\/?a=20297\">BONAL FALG\u00c0S, RAIMON<\/a><\/li><li><a href=\"\/es\/catalogo\/?a=46798\">BONHOEFFER, DIETRICH<\/a><\/li><li><a href=\"\/es\/catalogo\/?a=46714\">BORRELL, AGUSTI<\/a><\/li><li><a href=\"\/es\/catalogo\/?a=47067\">BOSCH, ROSER (il)<\/a><\/li><li><a href=\"\/es\/catalogo\/?a=47070\">BOSCH, ROSER<\/a><\/li><li><a href=\"\/es\/catalogo\/?a=47068\">BOSCH I MESTRES, ROSER (il)<\/a><\/li><li><a href=\"\/es\/catalogo\/?a=70603\">BOSCH MESTRES, ROSER<\/a><\/li><li><a href=\"\/es\/catalogo\/?a=46837\">BOSCH PONS, GADI<\/a><\/li><li><a href=\"\/es\/catalogo\/?a=46835\">BOSS\u00d3, FREDERIC<\/a><\/li><li><a href=\"\/es\/catalogo\/?a=16913\">BOU I SIMO, JORDI M.<\/a><\/li><li><a href=\"\/es\/catalogo\/?a=16914\">BOU SIMO, JORDI M.<\/a><\/li><li><a href=\"\/es\/catalogo\/?a=16631\">BOVET BALLUS, JOAN M. (ET ALT.)<\/a><\/li><li><a href=\"\/es\/catalogo\/?a=47054\">BROWN, RAYMOND E.<\/a><\/li><li><a href=\"\/es\/catalogo\/?a=20409\">BROWN, RAYMOND EDWARD<\/a><\/li><li><a href=\"\/es\/catalogo\/?a=47110\">BRUEGGEMANN, WALTER<\/a><\/li><li><a href=\"\/es\/catalogo\/?a=46987\">BUBER, MARTIN<\/a><\/li><li><a href=\"\/es\/catalogo\/?a=46961\">BURDIN, LEON<\/a><\/li><li><a href=\"\/es\/catalogo\/?a=46588\">BUSQUETS I GRABULOSA, LLU\u00cdS<\/a><\/li><li><a href=\"\/es\/catalogo\/?a=47064\">BUXARRAIS, ROSA (coord)<\/a><\/li><li><a href=\"\/es\/catalogo\/?a=21417\">CABESTRERO, TEOFILO<\/a><\/li><li><a href=\"\/es\/catalogo\/?a=21418\">CABESTRERO RODR\u00cdGUEZ, TE\u00d3FILO<\/a><\/li><li><a href=\"\/es\/catalogo\/?a=18394\">CABI\u00c9 MATHIEU, MAITE<\/a><\/li><li><a href=\"\/es\/catalogo\/?a=9936\">CABRE RUFATT, AGUSTIN<\/a><\/li><li><a href=\"\/es\/catalogo\/?a=66758\">CABR\u00c9 RUFATT, JOS\u00c9 AGUST\u00cdN<\/a><\/li><li><a href=\"\/es\/catalogo\/?a=14259\">CAIROL, EDUARD<\/a><\/li><li><a href=\"\/es\/catalogo\/?a=46609\">CALDUCH-BENAGES, N\u00daRIA<\/a><\/li><li><a href=\"\/es\/catalogo\/?a=46795\">CALI, DAVIDE<\/a><\/li><li><a href=\"\/es\/catalogo\/?a=46794\">CALI, DAVID<\/a><\/li><li><a href=\"\/es\/catalogo\/?a=46872\">CAMPALANS, JAUME<\/a><\/li><li><a href=\"\/es\/catalogo\/?a=46627\">CAMPOS, TERESA<\/a><\/li><li><a href=\"\/es\/catalogo\/?a=9875\">CAMPS AUDIVERT, ABEL<\/a><\/li><li><a href=\"\/es\/catalogo\/?a=46805\">CANALS CASAS, EDUARD<\/a><\/li><li><a href=\"\/es\/catalogo\/?a=14260\">CANALS I CASAS, EDUARD<\/a><\/li><li><a href=\"\/es\/catalogo\/?a=46709\">CANTONE, A.L. (il)<\/a><\/li><li><a href=\"\/es\/catalogo\/?a=46524\">CANUTO, ANT\u00d4NIO<\/a><\/li><li><a href=\"\/es\/catalogo\/?a=47109\">CAPDET MONTESINOS, V\u00cdCTORADAPT.<\/a><\/li><li><a href=\"\/es\/catalogo\/?a=46972\">CAPDEVILA, MANEL<\/a><\/li><li><a href=\"\/es\/catalogo\/?a=46593\">CARAM, LUC\u00cdA<\/a><\/li><li><a href=\"\/es\/catalogo\/?a=71121\">CARAM, SOR LUCIA OP<\/a><\/li><li><a href=\"\/es\/catalogo\/?a=46589\">CARBONELL, LLU\u00cdS<\/a><\/li><li><a href=\"\/es\/catalogo\/?a=46846\">CARBONELL, GISELA<\/a><\/li><li><a href=\"\/es\/catalogo\/?a=46813\">CARDENAL, ERNESTO<\/a><\/li><li><a href=\"\/es\/catalogo\/?a=47075\">CARD\u00daS, SALVADOR (prol)<\/a><\/li><li><a href=\"\/es\/catalogo\/?a=46885\">CARRERA I P\u00c9RA, JOAN<\/a><\/li><li><a href=\"\/es\/catalogo\/?a=16584\">CARRERES I P\u00c9RA, JOAN<\/a><\/li><li><a href=\"\/es\/catalogo\/?a=46886\">CARRERES PERA, JOAN<\/a><\/li><li><a href=\"\/es\/catalogo\/?a=21943\">CARTA\u00d1\u00c0 BENET, XAVIER<\/a><\/li><li><a href=\"\/es\/catalogo\/?a=46613\">CASALD\u00c0LIGA, PERE<\/a><\/li><li><a href=\"\/es\/catalogo\/?a=17518\">CASALS, JOSEP-RUAIX<\/a><\/li><li><a href=\"\/es\/catalogo\/?a=14589\">CASALS GRAN\u00c9, ESTER<\/a><\/li><li><a href=\"\/es\/catalogo\/?a=50015\">CASA\u00d1AS GURI, JOAN<\/a><\/li><li><a href=\"\/es\/catalogo\/?a=16245\">CASA\u00d1AS I MACAYA, JAUME<\/a><\/li><li><a href=\"\/es\/catalogo\/?a=14914\">CASANOVAS I MART\u00cd, FRANCESC<\/a><\/li><li><a href=\"\/es\/catalogo\/?a=14915\">CASANOVAS MARTI, FRANCESC<\/a><\/li><li><a href=\"\/es\/catalogo\/?a=46973\">CASANOVES CASALS, MANUEL<\/a><\/li><li><a href=\"\/es\/catalogo\/?a=16586\">CASAS, JOAN<\/a><\/li><li><a href=\"\/es\/catalogo\/?a=46887\">CASAS I GRIERA, JOAN<\/a><\/li><li><a href=\"\/es\/catalogo\/?a=46904\">CASASSAS YMBERT, JORDI<\/a><\/li><li><a href=\"\/es\/catalogo\/?a=47081\">CASTELL\u00c0 SURRIBAS, SANTIAGO J.<\/a><\/li><li><a href=\"\/es\/catalogo\/?a=46818\">CASTELL\u00d3 I FIGUEROLA, FRANCESC<\/a><\/li><li><a href=\"\/es\/catalogo\/?a=46913\">CASTILLO, JOS\u00c9 M.<\/a><\/li><li><a href=\"\/es\/catalogo\/?a=46925\">CASTRO I LLORENS, JOSEP M.<\/a><\/li><li><a href=\"\/es\/catalogo\/?a=46968\">CATTIAUX, LOUIS<\/a><\/li><li><a href=\"\/es\/catalogo\/?a=47024\">CAUM AREGAY, N\u00daRIA<\/a><\/li><li><a href=\"\/es\/catalogo\/?a=18965\">CEREZO BARREDO, MAXIMINO<\/a><\/li><li><a href=\"\/es\/catalogo\/?a=46934\">CERVERA, JOSEP MAR\u00cdA<\/a><\/li><li><a href=\"\/es\/catalogo\/?a=46931\">CERVERA, JOSEP MARIA (text)<\/a><\/li><li><a href=\"\/es\/catalogo\/?a=46711\">CHAVARRIA CURTO, ADRI\u00c0<\/a><\/li><li><a href=\"\/es\/catalogo\/?a=46539\">CHENEVIERE, DOM ETIENNE<\/a><\/li><li><a href=\"\/es\/catalogo\/?a=46719\">CIMATORIBUS, ALENSSANDRA (il)<\/a><\/li><li><a href=\"\/es\/catalogo\/?a=46720\">CIMATORIBUS, ALESSANDAR (il)<\/a><\/li><li><a href=\"\/es\/catalogo\/?a=17320\">CLARA RESPLAND\u00cdS, JOSEP<\/a><\/li><li><a href=\"\/es\/catalogo\/?a=20908\">CLARET, SAN ANTONIO MAR\u00cdA<\/a><\/li><li><a href=\"\/es\/catalogo\/?a=20990\">CLARET, SANT ANTONI MARIA<\/a><\/li><li><a href=\"\/es\/catalogo\/?a=50147\">CLAUSTRE SOL\u00c9, MA.<\/a><\/li><li><a href=\"\/es\/catalogo\/?a=46819\">CLOSA, FRANCESC<\/a><\/li><li><a href=\"\/es\/catalogo\/?a=46919\">CODINA, JOSEP<\/a><\/li><li><a href=\"\/es\/catalogo\/?a=46920\">CODINA FAR\u00c9S, JOSEP<\/a><\/li><li><a href=\"\/es\/catalogo\/?a=46921\">CODINA FARRES, JOSEP<\/a><\/li><li><a href=\"\/es\/catalogo\/?a=19959\">CODINACHS I VERDAGUER, PERE<\/a><\/li><li><a href=\"\/es\/catalogo\/?a=47038\">CODINACHS VERDAGUER, PERE<\/a><\/li><li><a href=\"\/es\/catalogo\/?a=46607\">COLL, MONTSERRAT<\/a><\/li><li><a href=\"\/es\/catalogo\/?a=46820\">COLL ALZINA, FRANCESC<\/a><\/li><li><a href=\"\/es\/catalogo\/?a=46832\">COLL ALZINA, FRANSESC<\/a><\/li><li><a href=\"\/es\/catalogo\/?a=18701\">COLL LLOP, MARIA ROSA<\/a><\/li><li><a href=\"\/es\/catalogo\/?a=19204\">COLOM DE JUNEDA, MIQUEL<\/a><\/li><li><a href=\"\/es\/catalogo\/?a=46888\">COLOMER, JOAN<\/a><\/li><li><a href=\"\/es\/catalogo\/?a=9988\">COLOMER CASADEJ\u00daS, ALBERT<\/a><\/li><li><a href=\"\/es\/catalogo\/?a=19450\">COMADIRA, NARC\u00cdS<\/a><\/li><li><a href=\"\/es\/catalogo\/?a=52814\">COMAS, CARLES<\/a><\/li><li><a href=\"\/es\/catalogo\/?a=68521\">COMAS GIRALT, CARLES<\/a><\/li><li><a href=\"\/es\/catalogo\/?a=47107\">COMES IGLESIA, VICENT<\/a><\/li><li><a href=\"\/es\/catalogo\/?a=46796\">COMPTE VERDAGUER, DAVIDI<\/a><\/li><li><a href=\"\/es\/catalogo\/?a=18320\">CONANGLA MAR\u00cdN, M. MERC\u00c8<\/a><\/li><li><a href=\"\/es\/catalogo\/?a=65396\">CONESA FERRER, FRANCESC<\/a><\/li><li><a href=\"\/es\/catalogo\/?a=68195\">CONESA FERRER, FRANCISCO<\/a><\/li><li><a href=\"\/es\/catalogo\/?a=46773\">C\u00d3NSOLA I \u00c0LVAREZ, CESC<\/a><\/li><li><a href=\"\/es\/catalogo\/?a=46830\">CONTRERAS MOLINA, FRANCISCO<\/a><\/li><li><a href=\"\/es\/catalogo\/?a=46976\">CORRAL, MARCIANO (prol)<\/a><\/li><li><a href=\"\/es\/catalogo\/?a=46595\">CORREIG, M.ISABEL<\/a><\/li><li><a href=\"\/es\/catalogo\/?a=46590\">CORTADA I PUIG, LLU\u00cdS<\/a><\/li><li><a href=\"\/es\/catalogo\/?a=18662\">CORTES, MARIA LLUISA<\/a><\/li><li><a href=\"\/es\/catalogo\/?a=18010\">CORT\u00c9S FORTEZA, LLU\u00cdS<\/a><\/li><li><a href=\"\/es\/catalogo\/?a=46965\">CORT\u00c8SS FORTEZA, LLU\u00cdS<\/a><\/li><li><a href=\"\/es\/catalogo\/?a=47046\">CORTS I BLAY, RAMON<\/a><\/li><li><a href=\"\/es\/catalogo\/?a=47065\">COSCOLLA AISA, ROSA<\/a><\/li><li><a href=\"\/es\/catalogo\/?a=46760\">COTS, c.r.<\/a><\/li><li><a href=\"\/es\/catalogo\/?a=47014\">CREUS I MARISTANY, MONTSERRAT<\/a><\/li><li><a href=\"\/es\/catalogo\/?a=47015\">CREUS MARISTANY, MONTSERRAT<\/a><\/li><li><a href=\"\/es\/catalogo\/?a=18644\">CULLER\u00c9, MARIA JES\u00daS<\/a><\/li><li><a href=\"\/es\/catalogo\/?a=46840\">CUR\u00d3S, GEMMA<\/a><\/li><li><a href=\"\/es\/catalogo\/?a=15234\">CUROS I PUJADO, GEMMA<\/a><\/li><li><a href=\"\/es\/catalogo\/?a=46526\">DALMAU, BERNAB\u00c9<\/a><\/li><li><a href=\"\/es\/catalogo\/?a=67953\">DE PAZ, MONTSE<\/a><\/li><li><a href=\"\/es\/catalogo\/?a=14407\">DE SANTIAGO, EMILIO<\/a><\/li><li><a href=\"\/es\/catalogo\/?a=46836\">DEGL\u00b4INNOCENTI, FULVIA<\/a><\/li><li><a href=\"\/es\/catalogo\/?a=51603\">DENNIS LINN, SHEILA FABRICANT LINN<\/a><\/li><li><a href=\"\/es\/catalogo\/?a=47082\">DONATI, SARA (il)<\/a><\/li><li><a href=\"\/es\/catalogo\/?a=19039\">DONEY, MERYL<\/a><\/li><li><a href=\"\/es\/catalogo\/?a=46763\">DUARTE, CARLES<\/a><\/li><li><a href=\"\/es\/catalogo\/?a=46561\">DUCH FUMAD\u00d3, JAUME<\/a><\/li><li><a href=\"\/es\/catalogo\/?a=46565\">DUE\u00d1AS FERR\u00c1NDIZ, JOAN<\/a><\/li><li><a href=\"\/es\/catalogo\/?a=46831\">DUMESNIL, FRAN\u00c7OIS<\/a><\/li><li><a href=\"\/es\/catalogo\/?a=19559\">DURAN, NURIA<\/a><\/li><li><a href=\"\/es\/catalogo\/?a=46785\">DURAN, CRISTINA<\/a><\/li><li><a href=\"\/es\/catalogo\/?a=47025\">DURAN DE GRAU, NURIA<\/a><\/li><li><a href=\"\/es\/catalogo\/?a=50012\">DURAN I NAVARRO, JAUME<\/a><\/li><li><a href=\"\/es\/catalogo\/?a=20763\">EDITORIAL CLARET, S. A U<\/a><\/li><li><a href=\"\/es\/catalogo\/?a=20789\">EDITORIAL CLARET, S.A.<\/a><\/li><li><a href=\"\/es\/catalogo\/?a=47074\">EDITORIAL CLARET ., S.L.U<\/a><\/li><li><a href=\"\/es\/catalogo\/?a=20826\">EDITORIAL CLARET., S.L.U<\/a><\/li><li><a href=\"\/es\/catalogo\/?a=47000\">ESSOMBA, MIQUEL \u00c0NGEL<\/a><\/li><li><a href=\"\/es\/catalogo\/?a=19565\">ESTEBAN GRACIA, NURIA I D\u00b4ALTRES<\/a><\/li><li><a href=\"\/es\/catalogo\/?a=46848\">FALC\u00d3N, GL\u00d3RIA (il)<\/a><\/li><li><a href=\"\/es\/catalogo\/?a=16573\">FANER, JOAN BOSCO<\/a><\/li><li><a href=\"\/es\/catalogo\/?a=46883\">FANER BAGUR, JOAN BOSCO<\/a><\/li><li><a href=\"\/es\/catalogo\/?a=17364\">FARR\u00c9S SABATER, JOSEP M.<\/a><\/li><li><a href=\"\/es\/catalogo\/?a=47009\">FAU, MONTSERRAT - MONFORT<\/a><\/li><li><a href=\"\/es\/catalogo\/?a=19244\">FEINBERG VAMOSH, MIRIAM<\/a><\/li><li><a href=\"\/es\/catalogo\/?a=20359\">FELIX MARTI, RAMON M\u00aa NOGUES<\/a><\/li><li><a href=\"\/es\/catalogo\/?a=46584\">FERN\u00c1NDEZ SOLA, JUANJO<\/a><\/li><li><a href=\"\/es\/catalogo\/?a=46856\">FERNANDEZ TERRICABRAS, IGNASI<\/a><\/li><li><a href=\"\/es\/catalogo\/?a=13750\">FERRAND-BECHMANN, DAN<\/a><\/li><li><a href=\"\/es\/catalogo\/?a=46566\">FIGUEROLA, JOAN<\/a><\/li><li><a href=\"\/es\/catalogo\/?a=46905\">FIGUEROLA GARRETA, JORDI<\/a><\/li><li><a href=\"\/es\/catalogo\/?a=47058\">FISICHELLA, RINO<\/a><\/li><li><a href=\"\/es\/catalogo\/?a=14625\">FIZZOTTI, EUGENIO<\/a><\/li><li><a href=\"\/es\/catalogo\/?a=46716\">FLORENSA, ALBERT<\/a><\/li><li><a href=\"\/es\/catalogo\/?a=46761\">FOCANT, CAMILLE<\/a><\/li><li><a href=\"\/es\/catalogo\/?a=16896\">FONT RODON, JORDI<\/a><\/li><li><a href=\"\/es\/catalogo\/?a=46727\">FORES, ANNA<\/a><\/li><li><a href=\"\/es\/catalogo\/?a=46728\">FOR\u00c9S MIRAVALLES, ANNA<\/a><\/li><li><a href=\"\/es\/catalogo\/?a=65194\">FORNS I PUJOL, JOSEPA<\/a><\/li><li><a href=\"\/es\/catalogo\/?a=46582\">FORNS PUJOL, JOSEPA<\/a><\/li><li><a href=\"\/es\/catalogo\/?a=46758\">FORTE, BRUNO<\/a><\/li><li><a href=\"\/es\/catalogo\/?a=47063\">FORTUNY PONZ, ROM\u00c0<\/a><\/li><li><a href=\"\/es\/catalogo\/?a=70771\">FRA ENRIC CASANOVAS VILA, OFM CAP<\/a><\/li><li><a href=\"\/es\/catalogo\/?a=46981\">FRADERA, MARIA<\/a><\/li><li><a href=\"\/es\/catalogo\/?a=20996\">FRANCESC D\u00b4ASS\u00cdS, SANT<\/a><\/li><li><a href=\"\/es\/catalogo\/?a=71051\">FRANCO, GLORIA LILIANA<\/a><\/li><li><a href=\"\/es\/catalogo\/?a=46812\">FROMM, ERICH<\/a><\/li><li><a href=\"\/es\/catalogo\/?a=46768\">FUENTES, CARMEN<\/a><\/li><li><a href=\"\/es\/catalogo\/?a=47091\">FUENTES I SANMART\u00cdN, S\u00d2NIA<\/a><\/li><li><a href=\"\/es\/catalogo\/?a=46567\">FUSTE, JORDI<\/a><\/li><li><a href=\"\/es\/catalogo\/?a=46889\">GABERNET, JOAN<\/a><\/li><li><a href=\"\/es\/catalogo\/?a=69940\">GABRIEL L\u00d3PEZ, PAULO<\/a><\/li><li><a href=\"\/es\/catalogo\/?a=52878\">GADAMER, HANS-GEORG<\/a><\/li><li><a href=\"\/es\/catalogo\/?a=46922\">GALLIFA, JOSEP<\/a><\/li><li><a href=\"\/es\/catalogo\/?a=46890\">GALT\u00c9S I PUJOL, JOAN<\/a><\/li><li><a href=\"\/es\/catalogo\/?a=14925\">GAMISSANS ANGLADA, FRANCESC<\/a><\/li><li><a href=\"\/es\/catalogo\/?a=68656\">GANCHO RODR\u00cdGUEZ, GREGORI<\/a><\/li><li><a href=\"\/es\/catalogo\/?a=18584\">GARAVAGLIA, MARIA ADELE<\/a><\/li><li><a href=\"\/es\/catalogo\/?a=46536\">GARC\u00cdA, DAVID<\/a><\/li><li><a href=\"\/es\/catalogo\/?a=14011\">GARCIA, DOMINGO<\/a><\/li><li><a href=\"\/es\/catalogo\/?a=46596\">GARC\u00cdA-CARPINTERO S\u00c1NCHEZ-MIGUEL, M\u00aa \u00c1NGELES<\/a><\/li><li><a href=\"\/es\/catalogo\/?a=46718\">GARC\u00cdA-DUR\u00c1N DE LARA, ALEJANDRO<\/a><\/li><li><a href=\"\/es\/catalogo\/?a=47059\">GARCIMART\u00cdN, ROC\u00cdO G.<\/a><\/li><li><a href=\"\/es\/catalogo\/?a=68251\">GARRIGA, MERITXELL<\/a><\/li><li><a href=\"\/es\/catalogo\/?a=20067\">GAUDETTE, PIERRE<\/a><\/li><li><a href=\"\/es\/catalogo\/?a=17622\">GENOVARD CLAR, JUAN JOS\u00c9<\/a><\/li><li><a href=\"\/es\/catalogo\/?a=21371\">GERMAIN, SYLVIE<\/a><\/li><li><a href=\"\/es\/catalogo\/?a=46712\">GIL, \u00c0GATA<\/a><\/li><li><a href=\"\/es\/catalogo\/?a=46923\">GIL RIBAS, JOSEP<\/a><\/li><li><a href=\"\/es\/catalogo\/?a=17411\">GIRABAL, JOSEP MARIA<\/a><\/li><li><a href=\"\/es\/catalogo\/?a=16902\">GIR\u00d3, JORDI<\/a><\/li><li><a href=\"\/es\/catalogo\/?a=16870\">GIR\u00d3 I PAR\u00cdS, JORDI (ed)<\/a><\/li><li><a href=\"\/es\/catalogo\/?a=46906\">GIR\u00d3 PAR\u00cdS, JORDI<\/a><\/li><li><a href=\"\/es\/catalogo\/?a=46863\">G\u00d3MEZ ACEBO, ISABEL<\/a><\/li><li><a href=\"\/es\/catalogo\/?a=46862\">GONZ\u00c1LEZ BALLETB\u00d3, ISAAC<\/a><\/li><li><a href=\"\/es\/catalogo\/?a=18196\">GONZALEZ CARVAJAL SANTAB\u00c1RBARA, LUIS<\/a><\/li><li><a href=\"\/es\/catalogo\/?a=51429\">GORDI, JOSEP<\/a><\/li><li><a href=\"\/es\/catalogo\/?a=14926\">GRAN\u00c9, FRANCESC<\/a><\/li><li><a href=\"\/es\/catalogo\/?a=47036\">GRAU GARCERAN, PARIS<\/a><\/li><li><a href=\"\/es\/catalogo\/?a=46734\">GR\u00dcM, ANSELM<\/a><\/li><li><a href=\"\/es\/catalogo\/?a=46735\">GR\u00dcN, ANSELM<\/a><\/li><li><a href=\"\/es\/catalogo\/?a=47097\">GUARDANS, TERESA<\/a><\/li><li><a href=\"\/es\/catalogo\/?a=52882\">GUIJARRO, SANTIAGO<\/a><\/li><li><a href=\"\/es\/catalogo\/?a=17390\">GUIX I FERRERES, JOSEP Ma<\/a><\/li><li><a href=\"\/es\/catalogo\/?a=15536\">GUTIERREZ MERINO, GUSTAVO<\/a><\/li><li><a href=\"\/es\/catalogo\/?a=50016\">HEMMERLE, KLAUS<\/a><\/li><li><a href=\"\/es\/catalogo\/?a=46571\">HERN\u00c1NDEZ MART\u00cdNEZ, JOS\u00c9 M\u00aa<\/a><\/li><li><a href=\"\/es\/catalogo\/?a=46757\">HOLLAND, BRAD (il)<\/a><\/li><li><a href=\"\/es\/catalogo\/?a=14422\">HOOGHVORST, EMMANUEL D\u00b4<\/a><\/li><li><a href=\"\/es\/catalogo\/?a=47093\">HORN, STEPHAN OTTO (ed)<\/a><\/li><li><a href=\"\/es\/catalogo\/?a=47094\">HORN, STEPHAN OTTO<\/a><\/li><li><a href=\"\/es\/catalogo\/?a=19561\">HOSTA, NURIA<\/a><\/li><li><a href=\"\/es\/catalogo\/?a=46766\">HUELVA, CARME<\/a><\/li><li><a href=\"\/es\/catalogo\/?a=16498\">HUGUET, JESUS<\/a><\/li><li><a href=\"\/es\/catalogo\/?a=46878\">HUGUET SERRANO, JESUS<\/a><\/li><li><a href=\"\/es\/catalogo\/?a=14593\">HUMET, ESTEVE<\/a><\/li><li><a href=\"\/es\/catalogo\/?a=46541\">IB\u00c1\u00d1EZ, EDUARD<\/a><\/li><li><a href=\"\/es\/catalogo\/?a=21000\">IGNASI DE LOIOLA, SANT<\/a><\/li><li><a href=\"\/es\/catalogo\/?a=46982\">JAEN, MARIA<\/a><\/li><li><a href=\"\/es\/catalogo\/?a=46621\">JANERAS, SEBASTIA<\/a><\/li><li><a href=\"\/es\/catalogo\/?a=46926\">JAUMA, JOSEP M.<\/a><\/li><li><a href=\"\/es\/catalogo\/?a=46955\">JEROMIN, KARIN<\/a><\/li><li><a href=\"\/es\/catalogo\/?a=21002\">JOAN DE LA CREU, SANT<\/a><\/li><li><a href=\"\/es\/catalogo\/?a=20073\">JOLY, PIERRE<\/a><\/li><li><a href=\"\/es\/catalogo\/?a=16006\">JOSA I TORRES, ISABEL<\/a><\/li><li><a href=\"\/es\/catalogo\/?a=50010\">JOSEPH RATZINGER, BENET XVI<\/a><\/li><li><a href=\"\/es\/catalogo\/?a=47055\">JOS\u00c9PHINE, R\u00c9GINE<\/a><\/li><li><a href=\"\/es\/catalogo\/?a=13813\">JOU, DAVID<\/a><\/li><li><a href=\"\/es\/catalogo\/?a=46537\">JOU MIRABENT, DAVID<\/a><\/li><li><a href=\"\/es\/catalogo\/?a=47031\">JULVE, OSCAR<\/a><\/li><li><a href=\"\/es\/catalogo\/?a=46864\">JUNCOSA GINEST\u00c0, ISABEL<\/a><\/li><li><a href=\"\/es\/catalogo\/?a=46786\">KAUFMANN, CRISTINA<\/a><\/li><li><a href=\"\/es\/catalogo\/?a=52870\">KESSLER, HANS<\/a><\/li><li><a href=\"\/es\/catalogo\/?a=16364\">LANDIER, JEAN<\/a><\/li><li><a href=\"\/es\/catalogo\/?a=46808\">LECLERC, ELOI<\/a><\/li><li><a href=\"\/es\/catalogo\/?a=14773\">LELOTTE, FERDINAND<\/a><\/li><li><a href=\"\/es\/catalogo\/?a=21951\">LEON-DUFOUR, XAVIER<\/a><\/li><li><a href=\"\/es\/catalogo\/?a=16869\">LLASTARRI CARBONELL, JORDI (coord)<\/a><\/li><li><a href=\"\/es\/catalogo\/?a=46865\">LLORENTE, ISABEL<\/a><\/li><li><a href=\"\/es\/catalogo\/?a=46546\">LLUCH, ENRIQUE<\/a><\/li><li><a href=\"\/es\/catalogo\/?a=46764\">LLUCH, CARLES<\/a><\/li><li><a href=\"\/es\/catalogo\/?a=46617\">LLULL, RAMON<\/a><\/li><li><a href=\"\/es\/catalogo\/?a=46907\">LONG\u00c0S, JORDI<\/a><\/li><li><a href=\"\/es\/catalogo\/?a=70604\">LONG\u00c1S BOSCH, XAVIER<\/a><\/li><li><a href=\"\/es\/catalogo\/?a=46908\">L\u00d3PEZ CAMPS, JORDI<\/a><\/li><li><a href=\"\/es\/catalogo\/?a=46996\">L\u00d3PEZ FUST\u00c9, MERCEDES<\/a><\/li><li><a href=\"\/es\/catalogo\/?a=47034\">L\u00d3PEZ JIM\u00c9NEZ, PACO<\/a><\/li><li><a href=\"\/es\/catalogo\/?a=46723\">LOUF, ANDRE<\/a><\/li><li><a href=\"\/es\/catalogo\/?a=46867\">LOZANO, J.M.<\/a><\/li><li><a href=\"\/es\/catalogo\/?a=17415\">LOZANO SOLER, JOSEP MARIA<\/a><\/li><li><a href=\"\/es\/catalogo\/?a=46722\">MADUELL, ALVAR<\/a><\/li><li><a href=\"\/es\/catalogo\/?a=46809\">MAESTRE, ENRIQUE<\/a><\/li><li><a href=\"\/es\/catalogo\/?a=16640\">MAG\u00cd FERR\u00c9, JOAN<\/a><\/li><li><a href=\"\/es\/catalogo\/?a=52134\">MAIN, JOHN<\/a><\/li><li><a href=\"\/es\/catalogo\/?a=47085\">MANDINE, SELMA (il)<\/a><\/li><li><a href=\"\/es\/catalogo\/?a=20197\">MA\u00d1OS, QUICO<\/a><\/li><li><a href=\"\/es\/catalogo\/?a=17391\">MANYER FARRE, JOSEP Ma<\/a><\/li><li><a href=\"\/es\/catalogo\/?a=46876\">MARA, JEAN CLAUDE<\/a><\/li><li><a href=\"\/es\/catalogo\/?a=46891\">MARAGALL, JOAN<\/a><\/li><li><a href=\"\/es\/catalogo\/?a=46892\">MARAGALL GORINA, JOAN<\/a><\/li><li><a href=\"\/es\/catalogo\/?a=47076\">MARB\u00c0 I OLLER, SALVADOR<\/a><\/li><li><a href=\"\/es\/catalogo\/?a=21642\">MARC, URSULA<\/a><\/li><li><a href=\"\/es\/catalogo\/?a=46841\">MARCH, GEMMA<\/a><\/li><li><a href=\"\/es\/catalogo\/?a=46903\">MARCH, JORDI (il)<\/a><\/li><li><a href=\"\/es\/catalogo\/?a=15748\">MARCHAL, HELENE<\/a><\/li><li><a href=\"\/es\/catalogo\/?a=20307\">MARCO SORGIA, RAIMONDO<\/a><\/li><li><a href=\"\/es\/catalogo\/?a=9999\">MARECHAL, ALBERT<\/a><\/li><li><a href=\"\/es\/catalogo\/?a=46790\">MARGUERAT, DANIEL<\/a><\/li><li><a href=\"\/es\/catalogo\/?a=46576\">M\u00c0RIA I SERRANO, SJ, JOSEP F.<\/a><\/li><li><a href=\"\/es\/catalogo\/?a=46577\">M\u00c0RIA SERRANO, JOSEP FRANCESC<\/a><\/li><li><a href=\"\/es\/catalogo\/?a=46715\">MARINER, AGUST\u00cd<\/a><\/li><li><a href=\"\/es\/catalogo\/?a=47045\">MARITAIN, RA\u00cfSSA<\/a><\/li><li><a href=\"\/es\/catalogo\/?a=46568\">MARJANEDAS, JORDI<\/a><\/li><li><a href=\"\/es\/catalogo\/?a=46752\">MARLIANGEAS, BERNARD<\/a><\/li><li><a href=\"\/es\/catalogo\/?a=46893\">MARQUES, JOAN<\/a><\/li><li><a href=\"\/es\/catalogo\/?a=46894\">MARQU\u00c8S I CALAFAT, JOAN<\/a><\/li><li><a href=\"\/es\/catalogo\/?a=16649\">MARQU\u00c9S I CALFAT, JOAN<\/a><\/li><li><a href=\"\/es\/catalogo\/?a=18249\">MARTIN BENDICHO, LYDIA<\/a><\/li><li><a href=\"\/es\/catalogo\/?a=46948\">MARTIN VELASCO, JUAN<\/a><\/li><li><a href=\"\/es\/catalogo\/?a=46585\">MART\u00cdNEZ, JULIO L.<\/a><\/li><li><a href=\"\/es\/catalogo\/?a=19350\">MARTINEZ, MONTSERRAT<\/a><\/li><li><a href=\"\/es\/catalogo\/?a=46953\">MART\u00cdNEZ, JUSTINO<\/a><\/li><li><a href=\"\/es\/catalogo\/?a=19351\">MART\u00cdNEZ DESCHAMPS, MONTSERRAT<\/a><\/li><li><a href=\"\/es\/catalogo\/?a=19941\">MART\u00cdNEZ MART\u00cdNEZ, PEP<\/a><\/li><li><a href=\"\/es\/catalogo\/?a=46954\">MART\u00cdNEZ P\u00c9REZ, JUSTINO<\/a><\/li><li><a href=\"\/es\/catalogo\/?a=46529\">MART\u00cdNEZ SISTACH, CARDENAL LLU\u00cdS<\/a><\/li><li><a href=\"\/es\/catalogo\/?a=46591\">MART\u00cdNEZ SISTACH, LLU\u00cdS<\/a><\/li><li><a href=\"\/es\/catalogo\/?a=18723\">MARTINEZ UGALDE, MARIA TERESA<\/a><\/li><li><a href=\"\/es\/catalogo\/?a=46765\">MARTINI, CARLO MARIA<\/a><\/li><li><a href=\"\/es\/catalogo\/?a=47048\">MAS, RAMON<\/a><\/li><li><a href=\"\/es\/catalogo\/?a=46737\">MATABOSCH, ANTONI<\/a><\/li><li><a href=\"\/es\/catalogo\/?a=46721\">MATAS I PERIC\u00c9, ALFRED<\/a><\/li><li><a href=\"\/es\/catalogo\/?a=15409\">MAYOS, GON\u00c7AL<\/a><\/li><li><a href=\"\/es\/catalogo\/?a=21952\">MELGAREJO, XAVIER<\/a><\/li><li><a href=\"\/es\/catalogo\/?a=21731\">MERLO, VICENTE<\/a><\/li><li><a href=\"\/es\/catalogo\/?a=47108\">MERLO LILLO, VICENTE<\/a><\/li><li><a href=\"\/es\/catalogo\/?a=47099\">MERTON, THOMAS<\/a><\/li><li><a href=\"\/es\/catalogo\/?a=46829\">MESTRES ORRIOLS, FRANCESCAED. LIT.<\/a><\/li><li><a href=\"\/es\/catalogo\/?a=46528\">MEUSER, BERNHARD<\/a><\/li><li><a href=\"\/es\/catalogo\/?a=71071\">M\u00cdNGUEZ FRANCO, M\u00d3NICA<\/a><\/li><li><a href=\"\/es\/catalogo\/?a=47022\">MIRACLE, NORBERT<\/a><\/li><li><a href=\"\/es\/catalogo\/?a=15912\">MIRANDA, IGNASI<\/a><\/li><li><a href=\"\/es\/catalogo\/?a=46857\">MIRANDA GIM\u00c9NEZ-RICO, IGNASI<\/a><\/li><li><a href=\"\/es\/catalogo\/?a=46895\">MIRAVITLLES SERRADELL, JOAN<\/a><\/li><li><a href=\"\/es\/catalogo\/?a=46520\">MIRET SERRA, \u00c0NGEL<\/a><\/li><li><a href=\"\/es\/catalogo\/?a=21653\">MISERACHS, VALENTI<\/a><\/li><li><a href=\"\/es\/catalogo\/?a=46900\">MOLAS, JOAQUIM<\/a><\/li><li><a href=\"\/es\/catalogo\/?a=68987\">MOLI I PLANA, CORAL<\/a><\/li><li><a href=\"\/es\/catalogo\/?a=46594\">MOLINS, M. VICT\u00d2RIA<\/a><\/li><li><a href=\"\/es\/catalogo\/?a=21772\">MOLINS, VICT\u00d2RIA<\/a><\/li><li><a href=\"\/es\/catalogo\/?a=21775\">MOLINS, VICT\u00d2RIA.M<\/a><\/li><li><a href=\"\/es\/catalogo\/?a=18734\">MOLINS GOMILA, MARIA VICTORIA<\/a><\/li><li><a href=\"\/es\/catalogo\/?a=47113\">MOLL, XAVIER<\/a><\/li><li><a href=\"\/es\/catalogo\/?a=18089\">MONFORT, LOURDES - FAU<\/a><\/li><li><a href=\"\/es\/catalogo\/?a=47029\">MONS. JOS\u00c9 RODR\u00cdGUEZ CARBALLO, OFM<\/a><\/li><li><a href=\"\/es\/catalogo\/?a=47005\">MONTIU DE NUIX, Mn. JOSEP M.<\/a><\/li><li><a href=\"\/es\/catalogo\/?a=46604\">MOORE, MICHAEL P.<\/a><\/li><li><a href=\"\/es\/catalogo\/?a=51430\">MOR, LAURA<\/a><\/li><li><a href=\"\/es\/catalogo\/?a=46838\">MORA, GASPAR<\/a><\/li><li><a href=\"\/es\/catalogo\/?a=15223\">MORA, GASPAR - SALVAT<\/a><\/li><li><a href=\"\/es\/catalogo\/?a=46839\">MORA, GASPAR: SALVAT<\/a><\/li><li><a href=\"\/es\/catalogo\/?a=47039\">MORA, PERE<\/a><\/li><li><a href=\"\/es\/catalogo\/?a=15048\">MORA MAS, FRANCISCO-JAVIER<\/a><\/li><li><a href=\"\/es\/catalogo\/?a=46915\">MORATIEL, JOS\u00c9<\/a><\/li><li><a href=\"\/es\/catalogo\/?a=46899\">MORAT\u00d3, JOAQUIM (cord)<\/a><\/li><li><a href=\"\/es\/catalogo\/?a=70478\">MORAT\u00d3 I SENDRA, OP, SOR GEMMA<\/a><\/li><li><a href=\"\/es\/catalogo\/?a=46599\">MORENO, MARI\u00c0<\/a><\/li><li><a href=\"\/es\/catalogo\/?a=46896\">MORERA PERICH, JOAN<\/a><\/li><li><a href=\"\/es\/catalogo\/?a=15913\">MORETA, IGNASI<\/a><\/li><li><a href=\"\/es\/catalogo\/?a=65475\">MORLANS I MOLINA, XAVIER<\/a><\/li><li><a href=\"\/es\/catalogo\/?a=46791\">MOULINET, DANIEL<\/a><\/li><li><a href=\"\/es\/catalogo\/?a=18960\">MU\u00d1OZ, MAXIM (ed)<\/a><\/li><li><a href=\"\/es\/catalogo\/?a=46602\">MU\u00d1OZ I DURAN, M\u00c0XIM<\/a><\/li><li><a href=\"\/es\/catalogo\/?a=46592\">MURIEL, LORENZO<\/a><\/li><li><a href=\"\/es\/catalogo\/?a=46962\">NAVARRO-SEGURA, LISETTE (COORD.)<\/a><\/li><li><a href=\"\/es\/catalogo\/?a=46901\">NEWMAN, JOHN HENRY<\/a><\/li><li><a href=\"\/es\/catalogo\/?a=46822\">NICOLAU I POUS, FRANCESC<\/a><\/li><li><a href=\"\/es\/catalogo\/?a=46823\">NICOLAU POUS, FRANCESC<\/a><\/li><li><a href=\"\/es\/catalogo\/?a=21989\">NINOMIYA, YUU<\/a><\/li><li><a href=\"\/es\/catalogo\/?a=21988\">NINOMIYA, YUU (il)<\/a><\/li><li><a href=\"\/es\/catalogo\/?a=20362\">NOGUES, RAMON MARIA<\/a><\/li><li><a href=\"\/es\/catalogo\/?a=47008\">NOVELL I GOM\u00c0, MONS. XAVIER (BISBE DE SOLSONA)<\/a><\/li><li><a href=\"\/es\/catalogo\/?a=47111\">NOVELL I GOM\u00c0, XAVIER (BISBE DE SOLSONA)<\/a><\/li><li><a href=\"\/es\/catalogo\/?a=46875\">N\u00da\u00d1EZ, JAVI<\/a><\/li><li><a href=\"\/es\/catalogo\/?a=17443\">O\u00b4CALLAGHAN MARTINEZ, JOSEP<\/a><\/li><li><a href=\"\/es\/catalogo\/?a=46851\">OBERMAYER, HEINZ<\/a><\/li><li><a href=\"\/es\/catalogo\/?a=46732\">OHLER, ANNEMARIE<\/a><\/li><li><a href=\"\/es\/catalogo\/?a=47021\">OLEA SERRANO, NICOL\u00c1S<\/a><\/li><li><a href=\"\/es\/catalogo\/?a=16040\">OLGU\u00cdN, IV\u00c1N (il)<\/a><\/li><li><a href=\"\/es\/catalogo\/?a=46742\">OLIVERES, ARCADI (prol)<\/a><\/li><li><a href=\"\/es\/catalogo\/?a=46938\">OLLE I GIBERT, JOSEP<\/a><\/li><li><a href=\"\/es\/catalogo\/?a=46801\">OLLER LLETJ\u00d3S, DOLORS<\/a><\/li><li><a href=\"\/es\/catalogo\/?a=16658\">ORDI I FERNANDEZ, JOAN<\/a><\/li><li><a href=\"\/es\/catalogo\/?a=46525\">ORT\u00cdN, AURELI<\/a><\/li><li><a href=\"\/es\/catalogo\/?a=47026\">ORT\u00cdN I MART\u00cdNEZ, N\u00daRIA<\/a><\/li><li><a href=\"\/es\/catalogo\/?a=47027\">ORT\u00cdN MART\u00cdNEZ, N\u00daRIA<\/a><\/li><li><a href=\"\/es\/catalogo\/?a=14332\">ORTIZ GARRIDO, ELIES<\/a><\/li><li><a href=\"\/es\/catalogo\/?a=46909\">OS\u00daA QUINTANA, JORDI<\/a><\/li><li><a href=\"\/es\/catalogo\/?a=46993\">OTERO, MERC\u00c9<\/a><\/li><li><a href=\"\/es\/catalogo\/?a=46578\">OT\u00d3N, JOSEP<\/a><\/li><li><a href=\"\/es\/catalogo\/?a=46939\">OTON CATALAN, JOSEP<\/a><\/li><li><a href=\"\/es\/catalogo\/?a=46776\">P JOAN SIDERA I PLANA, CMF<\/a><\/li><li><a href=\"\/es\/catalogo\/?a=46570\">PAGOLA, JOS\u00c9 ANTONIO<\/a><\/li><li><a href=\"\/es\/catalogo\/?a=46792\">PALAU, DANIEL<\/a><\/li><li><a href=\"\/es\/catalogo\/?a=46628\">PANICELLO, V\u00cdCTOR<\/a><\/li><li><a href=\"\/es\/catalogo\/?a=46569\">PAPA FRANCESC, JORGE BERGOGLIO<\/a><\/li><li><a href=\"\/es\/catalogo\/?a=47019\">PAREJA, NATI<\/a><\/li><li><a href=\"\/es\/catalogo\/?a=20111\">PAR\u00cdS PUJOL, PILAR<\/a><\/li><li><a href=\"\/es\/catalogo\/?a=20373\">PASCUAL I LLUVIA, RAMON<\/a><\/li><li><a href=\"\/es\/catalogo\/?a=15201\">PASSARELLI, GAETANO<\/a><\/li><li><a href=\"\/es\/catalogo\/?a=9959\">PATIN, ALAIN<\/a><\/li><li><a href=\"\/es\/catalogo\/?a=46625\">PAU, S\u00d2NIA<\/a><\/li><li><a href=\"\/es\/catalogo\/?a=15067\">P\u00c9CRIAUX, FRAN\u00c7OIS<\/a><\/li><li><a href=\"\/es\/catalogo\/?a=46869\">PERAIRE FERRER, JACINTO<\/a><\/li><li><a href=\"\/es\/catalogo\/?a=46868\">PERAIRE FERRER, JACINT<\/a><\/li><li><a href=\"\/es\/catalogo\/?a=46815\">PEREA SIMON, EUGENI<\/a><\/li><li><a href=\"\/es\/catalogo\/?a=46601\">PERRONI, MARINELLA<\/a><\/li><li><a href=\"\/es\/catalogo\/?a=46745\">PESARRODONA, AURELIA<\/a><\/li><li><a href=\"\/es\/catalogo\/?a=47072\">PFEFFER, R\u00dcDIGER (il)<\/a><\/li><li><a href=\"\/es\/catalogo\/?a=20886\">PI\u00c9, SALVADOR<\/a><\/li><li><a href=\"\/es\/catalogo\/?a=16924\">PIJOAN PARELLADA, JORDI<\/a><\/li><li><a href=\"\/es\/catalogo\/?a=13774\">PIZIVIN, DANIEL<\/a><\/li><li><a href=\"\/es\/catalogo\/?a=16729\">PLA GALLART, JOAQUIM<\/a><\/li><li><a href=\"\/es\/catalogo\/?a=46738\">PLADEVALL, ANTONI<\/a><\/li><li><a href=\"\/es\/catalogo\/?a=46824\">PLANAS I COMES, FRANCESC<\/a><\/li><li><a href=\"\/es\/catalogo\/?a=16926\">PLANELLA RIBERA, JORDI<\/a><\/li><li><a href=\"\/es\/catalogo\/?a=16871\">PLANELLA RIBERA, JORDI (ed)<\/a><\/li><li><a href=\"\/es\/catalogo\/?a=46779\">POCH I AVELLAN, CONCEPCIO<\/a><\/li><li><a href=\"\/es\/catalogo\/?a=46555\">POM\u00c9, GORETTI<\/a><\/li><li><a href=\"\/es\/catalogo\/?a=47088\">PORATH, SILKE<\/a><\/li><li><a href=\"\/es\/catalogo\/?a=20374\">POU I RIUS, RAMON<\/a><\/li><li><a href=\"\/es\/catalogo\/?a=14382\">POULAT, EMILE<\/a><\/li><li><a href=\"\/es\/catalogo\/?a=46550\">PRADO AYUSO, FERNANDO<\/a><\/li><li><a href=\"\/es\/catalogo\/?a=19258\">PRATS, MODEST<\/a><\/li><li><a href=\"\/es\/catalogo\/?a=14448\">PUIG I JOFRA, ENRIC<\/a><\/li><li><a href=\"\/es\/catalogo\/?a=46744\">PUIG I T\u00c0RRECH, ARMAND<\/a><\/li><li><a href=\"\/es\/catalogo\/?a=14449\">PUIG JOFRA, ENRIC<\/a><\/li><li><a href=\"\/es\/catalogo\/?a=14538\">PUIG ROVIRA, ERNEST<\/a><\/li><li><a href=\"\/es\/catalogo\/?a=46618\">PUIGDOLLERS I NOBLOM, RODOLF<\/a><\/li><li><a href=\"\/es\/catalogo\/?a=47060\">PUIGDOLLERS NOBLOM, RODOLF<\/a><\/li><li><a href=\"\/es\/catalogo\/?a=46935\">PUIGJANER I MATAS, JOSEP MARIA<\/a><\/li><li><a href=\"\/es\/catalogo\/?a=46936\">PUIGJANER MATAS, JOSEP MARIA<\/a><\/li><li><a href=\"\/es\/catalogo\/?a=46739\">PUIGVERD, ANTONI<\/a><\/li><li><a href=\"\/es\/catalogo\/?a=21532\">PUJADAS ROCA, TOMAS LUIS<\/a><\/li><li><a href=\"\/es\/catalogo\/?a=19226\">PUJOL, MIQUEL<\/a><\/li><li><a href=\"\/es\/catalogo\/?a=47006\">PUJOL BALCELLS, Mns. JAUME<\/a><\/li><li><a href=\"\/es\/catalogo\/?a=19975\">PUJOL CUSACHS, PERE<\/a><\/li><li><a href=\"\/es\/catalogo\/?a=20113\">PUJOL FURRIOLS, PILAR<\/a><\/li><li><a href=\"\/es\/catalogo\/?a=46850\">QUARZO, GUIDO<\/a><\/li><li><a href=\"\/es\/catalogo\/?a=19527\">QUESSON, N\u00d6EL<\/a><\/li><li><a href=\"\/es\/catalogo\/?a=46970\">QUINTANA, M. TERESA<\/a><\/li><li><a href=\"\/es\/catalogo\/?a=50017\">QUINTANA, M.TERESA<\/a><\/li><li><a href=\"\/es\/catalogo\/?a=18356\">QUINTANA, M\u00aa TERESA<\/a><\/li><li><a href=\"\/es\/catalogo\/?a=18357\">QUINTANA RIERA, M\u00aa TERESA<\/a><\/li><li><a href=\"\/es\/catalogo\/?a=19093\">QUOIST, MICHEL<\/a><\/li><li><a href=\"\/es\/catalogo\/?a=16272\">RADIGALES I BABI, JAUME<\/a><\/li><li><a href=\"\/es\/catalogo\/?a=19643\">RAFOLS RUBIRES, ORIOL. ASSUMPTA<\/a><\/li><li><a href=\"\/es\/catalogo\/?a=17293\">RAMBLA, JOSEP (ed)<\/a><\/li><li><a href=\"\/es\/catalogo\/?a=17379\">RAMBLA, JOSEP M.<\/a><\/li><li><a href=\"\/es\/catalogo\/?a=15358\">RAMERA, GIOVANNA<\/a><\/li><li><a href=\"\/es\/catalogo\/?a=46944\">RATZINGER, JOSEPH<\/a><\/li><li><a href=\"\/es\/catalogo\/?a=15116\">RAURELL GES, FREDERIC<\/a><\/li><li><a href=\"\/es\/catalogo\/?a=46845\">RAVASI, GIANFRANCO<\/a><\/li><li><a href=\"\/es\/catalogo\/?a=46825\">RAVENT\u00d3S I PUJOL, FRANCESC<\/a><\/li><li><a href=\"\/es\/catalogo\/?a=50225\">REINA GONZALEZ, J\u00daLIA<\/a><\/li><li><a href=\"\/es\/catalogo\/?a=16273\">REIXACH FELIPE, JAUME<\/a><\/li><li><a href=\"\/es\/catalogo\/?a=47049\">REIXACH I PUIG, RAMON<\/a><\/li><li><a href=\"\/es\/catalogo\/?a=47050\">REIXACH PUIG, RAMON<\/a><\/li><li><a href=\"\/es\/catalogo\/?a=46730\">RELATS, ANNA<\/a><\/li><li><a href=\"\/es\/catalogo\/?a=46563\">RENAU I MAN\u00c9N, S.I., JES\u00daS<\/a><\/li><li><a href=\"\/es\/catalogo\/?a=46543\">REQUENA, ELENA: (COORD.)<\/a><\/li><li><a href=\"\/es\/catalogo\/?a=46898\">REQUESENS I PIQUER, JOAN<\/a><\/li><li><a href=\"\/es\/catalogo\/?a=46997\">REYNOLDS, MICHAEL<\/a><\/li><li><a href=\"\/es\/catalogo\/?a=47066\">RIBAS GARRIGA, ROSA<\/a><\/li><li><a href=\"\/es\/catalogo\/?a=15375\">RIBERAS, GISELA<\/a><\/li><li><a href=\"\/es\/catalogo\/?a=15916\">RICART F\u00c0BREGAS, IGNASI<\/a><\/li><li><a href=\"\/es\/catalogo\/?a=46853\">RICART F\u00c0BREGAS, IGNASI (dir)<\/a><\/li><li><a href=\"\/es\/catalogo\/?a=67916\">RIERA FONTS, CARLES<\/a><\/li><li><a href=\"\/es\/catalogo\/?a=46826\">RIERA I FIGUERAS, FRANCESC<\/a><\/li><li><a href=\"\/es\/catalogo\/?a=46523\">RIGAT, ANNA<\/a><\/li><li><a href=\"\/es\/catalogo\/?a=14888\">RILOBA ALCALDE, FORTUNATO<\/a><\/li><li><a href=\"\/es\/catalogo\/?a=14936\">RIU I ROVIRA DE VILLAR, FRANCESC<\/a><\/li><li><a href=\"\/es\/catalogo\/?a=20377\">RIUS, RAMON<\/a><\/li><li><a href=\"\/es\/catalogo\/?a=46940\">RIUS CAMPS, JOSEP<\/a><\/li><li><a href=\"\/es\/catalogo\/?a=18698\">RIUS CAMPS, MARIA<\/a><\/li><li><a href=\"\/es\/catalogo\/?a=46979\">RIUS CAMPS, MARIA (il)<\/a><\/li><li><a href=\"\/es\/catalogo\/?a=46978\">RIUS CAMPS, MARIA (il<\/a><\/li><li><a href=\"\/es\/catalogo\/?a=47051\">RIUS I MOSOLL, RAMON<\/a><\/li><li><a href=\"\/es\/catalogo\/?a=18677\">ROBBEN, MARIA MAGDALENA<\/a><\/li><li><a href=\"\/es\/catalogo\/?a=46579\">ROCA I ALSINA, JOSEP<\/a><\/li><li><a href=\"\/es\/catalogo\/?a=17298\">RODA, JOSEP A.<\/a><\/li><li><a href=\"\/es\/catalogo\/?a=13992\">RODRIGUEZ HUERTOS, DOLORES<\/a><\/li><li><a href=\"\/es\/catalogo\/?a=46861\">RODR\u00cdGUEZ TORN\u00c9, INMACULADA<\/a><\/li><li><a href=\"\/es\/catalogo\/?a=46521\">RODR\u00cdGUEZ VILAGRAN, \u00c0NGEL<\/a><\/li><li><a href=\"\/es\/catalogo\/?a=46844\">ROGER DE TAIZ\u00c9, GERM\u00c0<\/a><\/li><li><a href=\"\/es\/catalogo\/?a=16414\">ROGER TILLARD, JEAN-MARIE<\/a><\/li><li><a href=\"\/es\/catalogo\/?a=46910\">ROIG\u00c9 I SOL\u00c9, JORDI<\/a><\/li><li><a href=\"\/es\/catalogo\/?a=47089\">RONCAGLIA, SILVIA<\/a><\/li><li><a href=\"\/es\/catalogo\/?a=47032\">RONCHI, P. ERMES MARIA (int)<\/a><\/li><li><a href=\"\/es\/catalogo\/?a=46842\">ROSA, GENOVEVA<\/a><\/li><li><a href=\"\/es\/catalogo\/?a=19019\">ROSSELL ALFONSO, MERC\u00c8<\/a><\/li><li><a href=\"\/es\/catalogo\/?a=68266\">ROSSELL SERRA, RAMON<\/a><\/li><li><a href=\"\/es\/catalogo\/?a=46789\">ROURE, D. - SUBIRANA<\/a><\/li><li><a href=\"\/es\/catalogo\/?a=13745\">ROURE, DAMI\u00c0 (ed)<\/a><\/li><li><a href=\"\/es\/catalogo\/?a=46771\">ROUSSEL, C\u00c9CILE I MARCELLE (il)<\/a><\/li><li><a href=\"\/es\/catalogo\/?a=46772\">ROUSSEL, C\u00c9CILE<\/a><\/li><li><a href=\"\/es\/catalogo\/?a=46619\">ROVIRA, ROSER<\/a><\/li><li><a href=\"\/es\/catalogo\/?a=46828\">ROVIRA, FRANCESC<\/a><\/li><li><a href=\"\/es\/catalogo\/?a=46937\">ROVIRA BELLOSO, JOSEP MARIA<\/a><\/li><li><a href=\"\/es\/catalogo\/?a=16118\">ROVIRA BELLOSO, J.M. - MAJO<\/a><\/li><li><a href=\"\/es\/catalogo\/?a=46929\">ROVIRA BELLOSO, JOSEP Ma (prol)<\/a><\/li><li><a href=\"\/es\/catalogo\/?a=46930\">ROVIRA BELLOSSO, JOSEP Ma<\/a><\/li><li><a href=\"\/es\/catalogo\/?a=17466\">ROVIRA TENAS, JOSEP<\/a><\/li><li><a href=\"\/es\/catalogo\/?a=70222\">ROVIRA TODA, FRANCESC M.<\/a><\/li><li><a href=\"\/es\/catalogo\/?a=46858\">ROVIR\u00d3 ALEMANY, IGNASI<\/a><\/li><li><a href=\"\/es\/catalogo\/?a=47007\">ROZMAN ARREL, M\u00d2NICA<\/a><\/li><li><a href=\"\/es\/catalogo\/?a=17467\">RUAIX I VINYET, JOSEP <\/a><\/li><li><a href=\"\/es\/catalogo\/?a=46941\">RUAIX VINYET, JOSEP<\/a><\/li><li><a href=\"\/es\/catalogo\/?a=46717\">S\u00c1EZ, ALBERT<\/a><\/li><li><a href=\"\/es\/catalogo\/?a=46916\">S\u00c1EZ URANGA, JOS\u00c9 RAM\u00d3N<\/a><\/li><li><a href=\"\/es\/catalogo\/?a=47041\">SAINT-DIZIER, PIERRE-ROLAND<\/a><\/li><li><a href=\"\/es\/catalogo\/?a=47020\">SALA, NEUS (dir)<\/a><\/li><li><a href=\"\/es\/catalogo\/?a=46977\">SALA, MARGA<\/a><\/li><li><a href=\"\/es\/catalogo\/?a=71043\">SALINAS S\u00c1NCHEZ, JUAN LUIS<\/a><\/li><li><a href=\"\/es\/catalogo\/?a=46989\">SALUSTRI, MASSIMO<\/a><\/li><li><a href=\"\/es\/catalogo\/?a=15918\">SALVAT FERRER, IGNASI<\/a><\/li><li><a href=\"\/es\/catalogo\/?a=46969\">SANAHUJA, M. ROSA<\/a><\/li><li><a href=\"\/es\/catalogo\/?a=46911\">SANCHEZ BOSCH, JORDI<\/a><\/li><li><a href=\"\/es\/catalogo\/?a=46532\">S\u00c1NCHEZ MIRANDA, CARLOS<\/a><\/li><li><a href=\"\/es\/catalogo\/?a=46816\">SANS, EVA (il)<\/a><\/li><li><a href=\"\/es\/catalogo\/?a=46912\">SANS I VALL\u00c8S, JORDI<\/a><\/li><li><a href=\"\/es\/catalogo\/?a=46994\">SANZ, MERC\u00c8<\/a><\/li><li><a href=\"\/es\/catalogo\/?a=15764\">SAUX, HENRI LE<\/a><\/li><li><a href=\"\/es\/catalogo\/?a=46847\">SBURELIN, GLENDA (il)<\/a><\/li><li><a href=\"\/es\/catalogo\/?a=46614\">SCHALLENBERG, PETER<\/a><\/li><li><a href=\"\/es\/catalogo\/?a=46806\">SCHAPER, EDZARD<\/a><\/li><li><a href=\"\/es\/catalogo\/?a=14290\">SCHILLEBEECKX, EDWARD H.<\/a><\/li><li><a href=\"\/es\/catalogo\/?a=46774\">SCH\u00d6NBORN, CHRISTOPH(prol)<\/a><\/li><li><a href=\"\/es\/catalogo\/?a=46995\">SEGARRA ROS, MERC\u00c8<\/a><\/li><li><a href=\"\/es\/catalogo\/?a=46731\">SEGURA, ANNA<\/a><\/li><li><a href=\"\/es\/catalogo\/?a=46527\">SELLAR\u00c8S, BERNAT<\/a><\/li><li><a href=\"\/es\/catalogo\/?a=20889\">SERRA, SALVADOR<\/a><\/li><li><a href=\"\/es\/catalogo\/?a=46753\">SESBO\u00dc\u00c9, BERNARD<\/a><\/li><li><a href=\"\/es\/catalogo\/?a=16276\">SIDERA I PLANA, JAUME<\/a><\/li><li><a href=\"\/es\/catalogo\/?a=46610\">SIDERA PLANA, CMF, P. JAUME<\/a><\/li><li><a href=\"\/es\/catalogo\/?a=47114\">S\u00cdNODE DELS BISBES, XIII ASSEMBLEA GENERAL EXTRAORDIN\u00c0RIA<\/a><\/li><li><a href=\"\/es\/catalogo\/?a=46877\">SKA, JEAN LOUIS<\/a><\/li><li><a href=\"\/es\/catalogo\/?a=20633\">SOL CLOT, ROM\u00c0<\/a><\/li><li><a href=\"\/es\/catalogo\/?a=21444\">SOL\u00c0, TERESA<\/a><\/li><li><a href=\"\/es\/catalogo\/?a=17470\">SOLER, JOSEP<\/a><\/li><li><a href=\"\/es\/catalogo\/?a=46999\">SOLER, MIQUEL ALBERT<\/a><\/li><li><a href=\"\/es\/catalogo\/?a=46873\">SOLER LLEONART, JAUME<\/a><\/li><li><a href=\"\/es\/catalogo\/?a=17471\">SOLER SOLER, JOSEP<\/a><\/li><li><a href=\"\/es\/catalogo\/?a=50054\">SOLIS WAHNISH, MARIA VIRGINIA<\/a><\/li><li><a href=\"\/es\/catalogo\/?a=46917\">SOLS LUCIA, JOS\u00c9<\/a><\/li><li><a href=\"\/es\/catalogo\/?a=13900\">SONET, DENIS<\/a><\/li><li><a href=\"\/es\/catalogo\/?a=46740\">SOSPEDRA I BUYE, ANTONI<\/a><\/li><li><a href=\"\/es\/catalogo\/?a=46733\">SOUZENELLE, ANNICK DE<\/a><\/li><li><a href=\"\/es\/catalogo\/?a=46957\">SPEIDEL, KURT<\/a><\/li><li><a href=\"\/es\/catalogo\/?a=47106\">STERNSCHEIN, VERONICA<\/a><\/li><li><a href=\"\/es\/catalogo\/?a=46515\">SU\u00d1ER, ADELA<\/a><\/li><li><a href=\"\/es\/catalogo\/?a=46942\">TABERNER, JOSEP<\/a><\/li><li><a href=\"\/es\/catalogo\/?a=46622\">TALTAVULL, SEBASTI\u00c0<\/a><\/li><li><a href=\"\/es\/catalogo\/?a=46998\">TANCO, MIQUEL (il)<\/a><\/li><li><a href=\"\/es\/catalogo\/?a=19978\">TARRES I CLARET, PERE<\/a><\/li><li><a href=\"\/es\/catalogo\/?a=46518\">TAVARES, ANA HELENA<\/a><\/li><li><a href=\"\/es\/catalogo\/?a=47040\">TEILHARD DE CHARDIN, PIERRE<\/a><\/li><li><a href=\"\/es\/catalogo\/?a=14713\">TEIXEIRA, FAUSTINO<\/a><\/li><li><a href=\"\/es\/catalogo\/?a=47080\">TERESA DE JES\u00daS, SANTA<\/a><\/li><li><a href=\"\/es\/catalogo\/?a=46971\">TERRADELLES, Ma ROSA (il)<\/a><\/li><li><a href=\"\/es\/catalogo\/?a=46990\">TERRATS, MATEU<\/a><\/li><li><a href=\"\/es\/catalogo\/?a=19246\">THERESE WINTER, MIRIAM<\/a><\/li><li><a href=\"\/es\/catalogo\/?a=46725\">THIERMEYER, ANDREAS - ABRAHAM (ed)<\/a><\/li><li><a href=\"\/es\/catalogo\/?a=21018\">THIO DE POL, SANTIAGO (ed)<\/a><\/li><li><a href=\"\/es\/catalogo\/?a=16370\">TILLARD, JEAN MARIE R.<\/a><\/li><li><a href=\"\/es\/catalogo\/?a=46959\">TIMMERS, LEO<\/a><\/li><li><a href=\"\/es\/catalogo\/?a=46974\">TINTOR\u00c9 I CODINA, MARC<\/a><\/li><li><a href=\"\/es\/catalogo\/?a=65176\">TOBALINA ESCART\u00cdN, ERIKA<\/a><\/li><li><a href=\"\/es\/catalogo\/?a=46572\">TOLENTINO MENDON\u00c7A, JOS\u00c9<\/a><\/li><li><a href=\"\/es\/catalogo\/?a=46587\">TORCAL, LLUC<\/a><\/li><li><a href=\"\/es\/catalogo\/?a=46943\">TORN\u00c9, JOSEP<\/a><\/li><li><a href=\"\/es\/catalogo\/?a=46519\">TORNIELLI, ANDREA<\/a><\/li><li><a href=\"\/es\/catalogo\/?a=14943\">TORRADEFLOT, FRANCESC<\/a><\/li><li><a href=\"\/es\/catalogo\/?a=20466\">TORRENTS, RICARD<\/a><\/li><li><a href=\"\/es\/catalogo\/?a=47062\">TORRES I GRAELL, ROGER<\/a><\/li><li><a href=\"\/es\/catalogo\/?a=18502\">TORT, MANUEL<\/a><\/li><li><a href=\"\/es\/catalogo\/?a=18503\">TORT I MARTI, MANUEL<\/a><\/li><li><a href=\"\/es\/catalogo\/?a=46603\">TOUS, MERC\u00c8<\/a><\/li><li><a href=\"\/es\/catalogo\/?a=46615\">TRAGAN, PIUS-RAMON<\/a><\/li><li><a href=\"\/es\/catalogo\/?a=47052\">TUNEU VILA, RAMON<\/a><\/li><li><a href=\"\/es\/catalogo\/?a=17445\">TU\u00d1\u00cd, JOSEP ORIOL<\/a><\/li><li><a href=\"\/es\/catalogo\/?a=17446\">TU\u00d1I VANCELLS, JOSEP ORIOL<\/a><\/li><li><a href=\"\/es\/catalogo\/?a=46947\">URIARTE, JUAN MAR\u00cdA<\/a><\/li><li><a href=\"\/es\/catalogo\/?a=19364\">VALLV\u00c9 VILADOMS, MONTSERRAT<\/a><\/li><li><a href=\"\/es\/catalogo\/?a=47017\">VALLVERDU, MONTSERRAT<\/a><\/li><li><a href=\"\/es\/catalogo\/?a=16388\">VANIER, JEAN<\/a><\/li><li><a href=\"\/es\/catalogo\/?a=46884\">V\u00c1ZQUEZ, JOAN CARLES (cord)<\/a><\/li><li><a href=\"\/es\/catalogo\/?a=46710\">V\u00c9LEZ, ABRAHAM<\/a><\/li><li><a href=\"\/es\/catalogo\/?a=47028\">VENDRELL VENTAYOL, N\u00daRIA<\/a><\/li><li><a href=\"\/es\/catalogo\/?a=18031\">VENTOSA OLIVERAS, LLU\u00cdS<\/a><\/li><li><a href=\"\/es\/catalogo\/?a=50022\">VENTURA ARNAN, PERE<\/a><\/li><li><a href=\"\/es\/catalogo\/?a=46866\">VERGARA, ISABEL<\/a><\/li><li><a href=\"\/es\/catalogo\/?a=16648\">VERNET, JOAN MARIA<\/a><\/li><li><a href=\"\/es\/catalogo\/?a=46927\">VIA TALTAVULL, JOSEP M.<\/a><\/li><li><a href=\"\/es\/catalogo\/?a=67866\">VICENS FOLGUEIRA, JOAN ALBERT<\/a><\/li><li><a href=\"\/es\/catalogo\/?a=18733\">VICTORIA MOLINS, MARIA<\/a><\/li><li><a href=\"\/es\/catalogo\/?a=47071\">VIDAL, ROSER<\/a><\/li><li><a href=\"\/es\/catalogo\/?a=46928\">VIDAL I AUN\u00d3S, JOSEP M.<\/a><\/li><li><a href=\"\/es\/catalogo\/?a=46787\">VIDAL MART\u00cd, CRISTINA<\/a><\/li><li><a href=\"\/es\/catalogo\/?a=47002\">VILA, MIQUEL<\/a><\/li><li><a href=\"\/es\/catalogo\/?a=46859\">VILA DESPUJOL, IGNASI<\/a><\/li><li><a href=\"\/es\/catalogo\/?a=46860\">VILA I DESPUJOL, IGNASI<\/a><\/li><li><a href=\"\/es\/catalogo\/?a=66228\">VIL\u00c0 I LANAO, ENRIC<\/a><\/li><li><a href=\"\/es\/catalogo\/?a=46879\">VILAR, JESUS<\/a><\/li><li><a href=\"\/es\/catalogo\/?a=18429\">VILAR I BASSAS, MANUEL (ed)<\/a><\/li><li><a href=\"\/es\/catalogo\/?a=16530\">VILAR MART\u00cdN, JES\u00daS<\/a><\/li><li><a href=\"\/es\/catalogo\/?a=16463\">VILAR MART\u00cdN, JES\u00daS (ed)<\/a><\/li><li><a href=\"\/es\/catalogo\/?a=46597\">VILARASSAU, MARC<\/a><\/li><li><a href=\"\/es\/catalogo\/?a=17490\">VIVES SOL\u00c9, JOSEP<\/a><\/li><li><a href=\"\/es\/catalogo\/?a=46874\">VIVES VIVES, JAUME<\/a><\/li><li><a href=\"\/es\/catalogo\/?a=46956\">VOGT, KLAUS<\/a><\/li><li><a href=\"\/es\/catalogo\/?a=15689\">VON BALTHASAR, HANS URS<\/a><\/li><li><a href=\"\/es\/catalogo\/?a=18409\">WEBER, MANFRED (ed)<\/a><\/li><li><a href=\"\/es\/catalogo\/?a=46724\">W\u00c9NIN, ANDR\u00c9<\/a><\/li><li><a href=\"\/es\/catalogo\/?a=47086\">WIEDENHOFER, SIEGFRIED (ed)<\/a><\/li><li><a href=\"\/es\/catalogo\/?a=47087\">WIEDENHOFER, SIEGFRIED (EDS.)<\/a><\/li><li><a href=\"\/es\/catalogo\/?a=21515\">WRIGHT, TOM<\/a><\/li><li><a href=\"\/es\/catalogo\/?a=47030\">XIRINACHS, ORIOL<\/a><\/li><li><a href=\"\/es\/catalogo\/?a=46564\">XURIGUERA, JOAN BAPTISTA<\/a><\/li><li><a href=\"\/es\/catalogo\/?a=46788\">ZAMORANO, CRISTINA<\/a><\/li><li><a href=\"\/es\/catalogo\/?a=46984\">ZANOTTI, MARIATERESA (int)<\/a><\/li><li><a href=\"\/es\/catalogo\/?a=46784\">ZANOTTI, COSETTA<\/a><\/li><li><a href=\"\/es\/catalogo\/?a=46950\">ZAPATERO BALLESTEROS, JUAN<\/a><\/li><li><a href=\"\/es\/catalogo\/?a=16692\">ZAPATERO I BALLESTEROS, JOAN<\/a><\/li><li><a href=\"\/es\/catalogo\/?a=46985\">ZATTONI, MARIATERESA (int)<\/a><\/li><li><a href=\"\/es\/catalogo\/?a=47042\">ZELED\u00d3N, PILAR (coord)<\/a><\/li><li><a href=\"\/es\/catalogo\/?a=46843\">ZIELER, GERHARD<\/a><\/li><\/ul><div id=\"panel-8220-0-0-0\" class=\"so-panel widget widget_sow-editor panel-first-child panel-last-child\" data-index=\"0\" ><div\n\t\t\t\n\t\t\tclass=\"so-widget-sow-editor so-widget-sow-editor-base\"\n\t\t\t\n\t\t>\n<div class=\"siteorigin-widget-tinymce textwidget\">\n\t\n<\/div>\n<\/div><\/div><\/div><\/div><\/div>","protected":false},"excerpt":{"rendered":"<p>_ A B C D E F G H I J K L M N O P Q R S T U V W X Y Z EDITORIAL CLARETCLARETVV.AA.PAPA FRANCISCOGR\u00dcN, ANSELMDIVERSOS AUTORSI ALTRESSJFUNDACI\u00d3 PERE TARR\u00c9SELS BISBES DE CATALUNYAFERRER(EDS.)AHMED BENALLALS\u00cdNODE DELS BISBES. XV ASSEMBLEA GENERAL ORDIN\u00c0RIACLARET (BCI)MISIONEROS CLARETIANOS (CLARET)MONJOS DE MONTSERRAT (Comentaris)CET (CONFER\u00c8NCIA EPISCOPAL TARRACONENSE)EQUIP D&#8217;EDICI\u00d3 [&hellip;]<\/p>\n","protected":false},"author":2,"featured_media":0,"parent":0,"menu_order":3,"comment_status":"closed","ping_status":"closed","template":"template-fullwidth.php","meta":{"_acf_changed":false,"rs_blank_template":"","rs_page_bg_color":"","slide_template_v7":"","inline_featured_image":false,"_monsterinsights_skip_tracking":false,"footnotes":""},"class_list":["post-8220","page","type-page","status-publish","hentry"],"acf":[],"yoast_head":"<!-- This site is optimized with the Yoast SEO plugin v28.3 - https:\/\/yoast.com\/product\/yoast-seo-wordpress\/ -->\n<title>Editorial Claret<\/title>\n<meta name=\"robots\" content=\"noindex, follow, max-snippet:-1, max-image-preview:large, max-video-preview:-1\" \/>\n<meta property=\"og:locale\" content=\"es_ES\" \/>\n<meta property=\"og:type\" content=\"article\" \/>\n<meta property=\"og:title\" content=\"Autores - Editorial Claret\" \/>\n<meta property=\"og:description\" content=\"_ A B C D E F G H I J K L M N O P Q R S T U V W X Y Z EDITORIAL CLARETCLARETVV.AA.PAPA FRANCISCOGR\u00dcN, ANSELMDIVERSOS AUTORSI ALTRESSJFUNDACI\u00d3 PERE TARR\u00c9SELS BISBES DE CATALUNYAFERRER(EDS.)AHMED BENALLALS\u00cdNODE DELS BISBES. XV ASSEMBLEA GENERAL ORDIN\u00c0RIACLARET (BCI)MISIONEROS CLARETIANOS (CLARET)MONJOS DE MONTSERRAT (Comentaris)CET (CONFER\u00c8NCIA EPISCOPAL TARRACONENSE)EQUIP D&#039;EDICI\u00d3 [&hellip;]\" \/>\n<meta property=\"og:url\" content=\"https:\/\/www.editorialclaret.cat\/es\/autores\/\" \/>\n<meta property=\"og:site_name\" content=\"Editorial Claret\" \/>\n<meta property=\"article:modified_time\" content=\"2022-09-22T16:08:02+00:00\" \/>\n<meta name=\"twitter:card\" content=\"summary_large_image\" \/>\n<script type=\"application\/ld+json\" class=\"yoast-schema-graph\">{\"@context\":\"https:\\\/\\\/schema.org\",\"@graph\":[{\"@type\":\"WebPage\",\"@id\":\"https:\\\/\\\/www.editorialclaret.cat\\\/es\\\/autores\\\/\",\"url\":\"https:\\\/\\\/www.editorialclaret.cat\\\/es\\\/autores\\\/\",\"name\":\"Autores - Editorial Claret\",\"isPartOf\":{\"@id\":\"https:\\\/\\\/www.editorialclaret.cat\\\/#website\"},\"datePublished\":\"2022-07-22T08:07:47+00:00\",\"dateModified\":\"2022-09-22T16:08:02+00:00\",\"breadcrumb\":{\"@id\":\"https:\\\/\\\/www.editorialclaret.cat\\\/es\\\/autores\\\/#breadcrumb\"},\"inLanguage\":\"es\",\"potentialAction\":[{\"@type\":\"ReadAction\",\"target\":[\"https:\\\/\\\/www.editorialclaret.cat\\\/es\\\/autores\\\/\"]}]},{\"@type\":\"BreadcrumbList\",\"@id\":\"https:\\\/\\\/www.editorialclaret.cat\\\/es\\\/autores\\\/#breadcrumb\",\"itemListElement\":[{\"@type\":\"ListItem\",\"position\":1,\"name\":\"Portada\",\"item\":\"https:\\\/\\\/www.editorialclaret.cat\\\/es\\\/\"},{\"@type\":\"ListItem\",\"position\":2,\"name\":\"Autores\"}]},{\"@type\":\"WebSite\",\"@id\":\"https:\\\/\\\/www.editorialclaret.cat\\\/#website\",\"url\":\"https:\\\/\\\/www.editorialclaret.cat\\\/\",\"name\":\"Editorial Claret\",\"description\":\"\",\"publisher\":{\"@id\":\"https:\\\/\\\/www.editorialclaret.cat\\\/#organization\"},\"potentialAction\":[{\"@type\":\"SearchAction\",\"target\":{\"@type\":\"EntryPoint\",\"urlTemplate\":\"https:\\\/\\\/www.editorialclaret.cat\\\/?s={search_term_string}\"},\"query-input\":{\"@type\":\"PropertyValueSpecification\",\"valueRequired\":true,\"valueName\":\"search_term_string\"}}],\"inLanguage\":\"es\"},{\"@type\":\"Organization\",\"@id\":\"https:\\\/\\\/www.editorialclaret.cat\\\/#organization\",\"name\":\"Editorial Claret\",\"url\":\"https:\\\/\\\/www.editorialclaret.cat\\\/\",\"logo\":{\"@type\":\"ImageObject\",\"inLanguage\":\"es\",\"@id\":\"https:\\\/\\\/www.editorialclaret.cat\\\/#\\\/schema\\\/logo\\\/image\\\/\",\"url\":\"https:\\\/\\\/www.editorialclaret.cat\\\/wp-content\\\/uploads\\\/.\\\/logo-claret.png\",\"contentUrl\":\"https:\\\/\\\/www.editorialclaret.cat\\\/wp-content\\\/uploads\\\/.\\\/logo-claret.png\",\"width\":194,\"height\":79,\"caption\":\"Editorial Claret\"},\"image\":{\"@id\":\"https:\\\/\\\/www.editorialclaret.cat\\\/#\\\/schema\\\/logo\\\/image\\\/\"}}]}<\/script>\n<!-- \/ Yoast SEO plugin. -->","yoast_head_json":{"title":"Editorial Claret","robots":{"index":"noindex","follow":"follow","max-snippet":"max-snippet:-1","max-image-preview":"max-image-preview:large","max-video-preview":"max-video-preview:-1"},"og_locale":"es_ES","og_type":"article","og_title":"Autores - Editorial Claret","og_description":"_ A B C D E F G H I J K L M N O P Q R S T U V W X Y Z EDITORIAL CLARETCLARETVV.AA.PAPA FRANCISCOGR\u00dcN, ANSELMDIVERSOS AUTORSI ALTRESSJFUNDACI\u00d3 PERE TARR\u00c9SELS BISBES DE CATALUNYAFERRER(EDS.)AHMED BENALLALS\u00cdNODE DELS BISBES. XV ASSEMBLEA GENERAL ORDIN\u00c0RIACLARET (BCI)MISIONEROS CLARETIANOS (CLARET)MONJOS DE MONTSERRAT (Comentaris)CET (CONFER\u00c8NCIA EPISCOPAL TARRACONENSE)EQUIP D'EDICI\u00d3 [&hellip;]","og_url":"https:\/\/www.editorialclaret.cat\/es\/autores\/","og_site_name":"Editorial Claret","article_modified_time":"2022-09-22T16:08:02+00:00","twitter_card":"summary_large_image","schema":{"@context":"https:\/\/schema.org","@graph":[{"@type":"WebPage","@id":"https:\/\/www.editorialclaret.cat\/es\/autores\/","url":"https:\/\/www.editorialclaret.cat\/es\/autores\/","name":"Autores - Editorial Claret","isPartOf":{"@id":"https:\/\/www.editorialclaret.cat\/#website"},"datePublished":"2022-07-22T08:07:47+00:00","dateModified":"2022-09-22T16:08:02+00:00","breadcrumb":{"@id":"https:\/\/www.editorialclaret.cat\/es\/autores\/#breadcrumb"},"inLanguage":"es","potentialAction":[{"@type":"ReadAction","target":["https:\/\/www.editorialclaret.cat\/es\/autores\/"]}]},{"@type":"BreadcrumbList","@id":"https:\/\/www.editorialclaret.cat\/es\/autores\/#breadcrumb","itemListElement":[{"@type":"ListItem","position":1,"name":"Portada","item":"https:\/\/www.editorialclaret.cat\/es\/"},{"@type":"ListItem","position":2,"name":"Autores"}]},{"@type":"WebSite","@id":"https:\/\/www.editorialclaret.cat\/#website","url":"https:\/\/www.editorialclaret.cat\/","name":"Editorial Claret","description":"","publisher":{"@id":"https:\/\/www.editorialclaret.cat\/#organization"},"potentialAction":[{"@type":"SearchAction","target":{"@type":"EntryPoint","urlTemplate":"https:\/\/www.editorialclaret.cat\/?s={search_term_string}"},"query-input":{"@type":"PropertyValueSpecification","valueRequired":true,"valueName":"search_term_string"}}],"inLanguage":"es"},{"@type":"Organization","@id":"https:\/\/www.editorialclaret.cat\/#organization","name":"Editorial Claret","url":"https:\/\/www.editorialclaret.cat\/","logo":{"@type":"ImageObject","inLanguage":"es","@id":"https:\/\/www.editorialclaret.cat\/#\/schema\/logo\/image\/","url":"https:\/\/www.editorialclaret.cat\/wp-content\/uploads\/.\/logo-claret.png","contentUrl":"https:\/\/www.editorialclaret.cat\/wp-content\/uploads\/.\/logo-claret.png","width":194,"height":79,"caption":"Editorial Claret"},"image":{"@id":"https:\/\/www.editorialclaret.cat\/#\/schema\/logo\/image\/"}}]}},"_links":{"self":[{"href":"https:\/\/www.editorialclaret.cat\/es\/wp-json\/wp\/v2\/pages\/8220","targetHints":{"allow":["GET"]}}],"collection":[{"href":"https:\/\/www.editorialclaret.cat\/es\/wp-json\/wp\/v2\/pages"}],"about":[{"href":"https:\/\/www.editorialclaret.cat\/es\/wp-json\/wp\/v2\/types\/page"}],"author":[{"embeddable":true,"href":"https:\/\/www.editorialclaret.cat\/es\/wp-json\/wp\/v2\/users\/2"}],"replies":[{"embeddable":true,"href":"https:\/\/www.editorialclaret.cat\/es\/wp-json\/wp\/v2\/comments?post=8220"}],"version-history":[{"count":1,"href":"https:\/\/www.editorialclaret.cat\/es\/wp-json\/wp\/v2\/pages\/8220\/revisions"}],"predecessor-version":[{"id":8221,"href":"https:\/\/www.editorialclaret.cat\/es\/wp-json\/wp\/v2\/pages\/8220\/revisions\/8221"}],"wp:attachment":[{"href":"https:\/\/www.editorialclaret.cat\/es\/wp-json\/wp\/v2\/media?parent=8220"}],"curies":[{"name":"wp","href":"https:\/\/api.w.org\/{rel}","templated":true}]}}