{"id":8095,"date":"2022-07-28T17:55:08","date_gmt":"2022-07-28T15:55:08","guid":{"rendered":"http:\/\/dev.editorialclaret.cat\/?page_id=8095"},"modified":"2023-02-06T08:00:54","modified_gmt":"2023-02-06T07:00:54","slug":"novedades","status":"publish","type":"page","link":"https:\/\/www.editorialclaret.cat\/es\/novedades\/","title":{"rendered":"Novedades"},"content":{"rendered":"<div id=\"pl-8095\"  class=\"panel-layout\" ><div id=\"pg-8095-0\"  class=\"panel-grid panel-no-style\" ><div id=\"pgc-8095-0-0\"  class=\"panel-grid-cell\" ><ul class=\"loop-productos grid4 loadmore\"><li id=\"producto71164\"><a href=\"https:\/\/www.editorialclaret.cat\/es\/producto\/la-misa-de-cada-dia-diciembre-2026-9788491366362\/?c=\"><img decoding=\"async\" src=\"https:\/\/www.editorialclaret.cat\/wp-content\/uploads\/9788491366362-2-250x220.jpg\" alt=\"LA MISA DE CADA D\u00cdA. DICIEMBRE 2026\" \/><div class=\"titulo\"><h3>LA MISA DE CADA D\u00cdA. DICIEMBRE ...<\/h3><\/div><div class=\"autor\">CLARET<\/div><p class=\"precio\"><span class=\"woocommerce-Price-amount amount\"><bdi>4,11&nbsp;<span class=\"woocommerce-Price-currencySymbol\" translate=\"no\">&euro;<\/span><\/bdi><\/span> <span class=\"tachado\"><span class=\"woocommerce-Price-amount amount\"><bdi>4,33&nbsp;<span class=\"woocommerce-Price-currencySymbol\" translate=\"no\">&euro;<\/span><\/bdi><\/span><\/span><\/p><\/a><a href=\"javascript:;\" class=\"btgenerico\" onclick=\"agregarcarro(71164,'es')\" rel=\"nofollow\"><img decoding=\"async\" src=\"\/wp-content\/uploads\/ico-bt-comprar.svg\" \/>Comprar<\/a><\/li><li id=\"producto71161\"><a href=\"https:\/\/www.editorialclaret.cat\/es\/producto\/la-misa-de-cada-dia-noviembre-2026-9788491366355\/?c=\"><img decoding=\"async\" src=\"https:\/\/www.editorialclaret.cat\/wp-content\/uploads\/9788491366355-1-250x220.jpg\" alt=\"LA MISA DE CADA D\u00cdA. NOVIEMBRE  2026\" \/><div class=\"titulo\"><h3>LA MISA DE CADA D\u00cdA. NOVIEMBRE ...<\/h3><\/div><div class=\"autor\">CLARET<\/div><p class=\"precio\"><span class=\"woocommerce-Price-amount amount\"><bdi>4,11&nbsp;<span class=\"woocommerce-Price-currencySymbol\" translate=\"no\">&euro;<\/span><\/bdi><\/span> <span class=\"tachado\"><span class=\"woocommerce-Price-amount amount\"><bdi>4,33&nbsp;<span class=\"woocommerce-Price-currencySymbol\" translate=\"no\">&euro;<\/span><\/bdi><\/span><\/span><\/p><\/a><a href=\"javascript:;\" class=\"btgenerico\" onclick=\"agregarcarro(71161,'es')\" rel=\"nofollow\"><img decoding=\"async\" src=\"\/wp-content\/uploads\/ico-bt-comprar.svg\" \/>Comprar<\/a><\/li><li id=\"producto71158\"><a href=\"https:\/\/www.editorialclaret.cat\/es\/producto\/la-misa-de-cada-dia-octubre-2026-9788491366348\/?c=\"><img decoding=\"async\" src=\"https:\/\/www.editorialclaret.cat\/wp-content\/uploads\/9788491366348-2-250x220.jpg\" alt=\"LA MISA DE CADA D\u00cdA. OCTUBRE 2026\" \/><div class=\"titulo\"><h3>LA MISA DE CADA D\u00cdA. OCTUBRE...<\/h3><\/div><div class=\"autor\">CLARET<\/div><p class=\"precio\"><span class=\"woocommerce-Price-amount amount\"><bdi>4,11&nbsp;<span class=\"woocommerce-Price-currencySymbol\" translate=\"no\">&euro;<\/span><\/bdi><\/span> <span class=\"tachado\"><span class=\"woocommerce-Price-amount amount\"><bdi>4,33&nbsp;<span class=\"woocommerce-Price-currencySymbol\" translate=\"no\">&euro;<\/span><\/bdi><\/span><\/span><\/p><\/a><a href=\"javascript:;\" class=\"btgenerico\" onclick=\"agregarcarro(71158,'es')\" rel=\"nofollow\"><img decoding=\"async\" src=\"\/wp-content\/uploads\/ico-bt-comprar.svg\" \/>Comprar<\/a><\/li><li id=\"producto71027\"><a href=\"https:\/\/www.editorialclaret.cat\/es\/producto\/senor-lo-que-tu-quieres-me-cuesta-9788491366591\/?c=\"><img decoding=\"async\" src=\"https:\/\/www.editorialclaret.cat\/wp-content\/uploads\/9788491366591-3.jpg\" alt=\"\u00a1SE\u00d1OR, LO QUE T\u00da QUIERES ME CUESTA!\" \/><div class=\"titulo\"><h3>\u00a1SE\u00d1OR, LO QUE T\u00da QUIERES ME ...<\/h3><\/div><div class=\"autor\">JUAN LUIS SALINAS S\u00c1NCHEZ<\/div><p class=\"precio\"><span class=\"woocommerce-Price-amount amount\"><bdi>17,81&nbsp;<span class=\"woocommerce-Price-currencySymbol\" translate=\"no\">&euro;<\/span><\/bdi><\/span> <span class=\"tachado\"><span class=\"woocommerce-Price-amount amount\"><bdi>18,75&nbsp;<span class=\"woocommerce-Price-currencySymbol\" translate=\"no\">&euro;<\/span><\/bdi><\/span><\/span><\/p><\/a><a href=\"javascript:;\" class=\"btgenerico\" onclick=\"agregarcarro(71027,'es')\" rel=\"nofollow\"><img decoding=\"async\" src=\"\/wp-content\/uploads\/ico-bt-comprar.svg\" \/>Comprar<\/a><\/li><li id=\"producto71044\"><a href=\"https:\/\/www.editorialclaret.cat\/es\/producto\/como-las-luciernagas-9788491366485\/?c=\"><img decoding=\"async\" src=\"https:\/\/www.editorialclaret.cat\/wp-content\/uploads\/9788491366485-4.jpg\" alt=\"COMO LAS LUCI\u00c9RNAGAS\" \/><div class=\"titulo\"><h3>COMO LAS LUCI\u00c9RNAGAS<\/h3><\/div><div class=\"autor\">GLORIA LILIANA FRANCO<\/div><p class=\"precio\"><span class=\"woocommerce-Price-amount amount\"><bdi>17,81&nbsp;<span class=\"woocommerce-Price-currencySymbol\" translate=\"no\">&euro;<\/span><\/bdi><\/span> <span class=\"tachado\"><span class=\"woocommerce-Price-amount amount\"><bdi>18,75&nbsp;<span class=\"woocommerce-Price-currencySymbol\" translate=\"no\">&euro;<\/span><\/bdi><\/span><\/span><\/p><\/a><a href=\"javascript:;\" class=\"btgenerico\" onclick=\"agregarcarro(71044,'es')\" rel=\"nofollow\"><img decoding=\"async\" src=\"\/wp-content\/uploads\/ico-bt-comprar.svg\" \/>Comprar<\/a><\/li><li id=\"producto71072\"><a href=\"https:\/\/www.editorialclaret.cat\/es\/producto\/la-palabra-en-el-camino-al-otro-9788491366577\/?c=\"><img decoding=\"async\" src=\"https:\/\/www.editorialclaret.cat\/wp-content\/uploads\/9788491366577-4.jpg\" alt=\"LA PALABRA EN EL CAMINO AL OTRO\" \/><div class=\"titulo\"><h3>LA PALABRA EN EL CAMINO AL OTRO<\/h3><\/div><div class=\"autor\">M\u00d3NICA M\u00cdNGUEZ FRANCO<\/div><p class=\"precio\"><span class=\"woocommerce-Price-amount amount\"><bdi>17,26&nbsp;<span class=\"woocommerce-Price-currencySymbol\" translate=\"no\">&euro;<\/span><\/bdi><\/span> <span class=\"tachado\"><span class=\"woocommerce-Price-amount amount\"><bdi>18,17&nbsp;<span class=\"woocommerce-Price-currencySymbol\" translate=\"no\">&euro;<\/span><\/bdi><\/span><\/span><\/p><\/a><a href=\"javascript:;\" class=\"btgenerico\" onclick=\"agregarcarro(71072,'es')\" rel=\"nofollow\"><img decoding=\"async\" src=\"\/wp-content\/uploads\/ico-bt-comprar.svg\" \/>Comprar<\/a><\/li><li id=\"producto70921\"><a href=\"https:\/\/www.editorialclaret.cat\/es\/producto\/el-papa-bisagra-leon-xiv-9788491366539\/?c=\"><img decoding=\"async\" src=\"https:\/\/www.editorialclaret.cat\/wp-content\/uploads\/9788491366539-7.jpg\" alt=\"EL PAPA BISAGRA. LE\u00d3N XIV\" \/><div class=\"titulo\"><h3>EL PAPA BISAGRA. LE\u00d3N XIV<\/h3><\/div><div class=\"autor\">SOR GEMMA  MORAT\u00d3 I SENDRA, OP<\/div><p class=\"precio\"><span class=\"woocommerce-Price-amount amount\"><bdi>17,26&nbsp;<span class=\"woocommerce-Price-currencySymbol\" translate=\"no\">&euro;<\/span><\/bdi><\/span> <span class=\"tachado\"><span class=\"woocommerce-Price-amount amount\"><bdi>18,17&nbsp;<span class=\"woocommerce-Price-currencySymbol\" translate=\"no\">&euro;<\/span><\/bdi><\/span><\/span><\/p><\/a><a href=\"javascript:;\" class=\"btgenerico\" onclick=\"agregarcarro(70921,'es')\" rel=\"nofollow\"><img decoding=\"async\" src=\"\/wp-content\/uploads\/ico-bt-comprar.svg\" \/>Comprar<\/a><\/li><li id=\"producto70915\"><a href=\"https:\/\/www.editorialclaret.cat\/es\/producto\/la-misa-de-cada-dia-agosto-2026-9788491366324\/?c=\"><img decoding=\"async\" src=\"https:\/\/www.editorialclaret.cat\/wp-content\/uploads\/9788491366324-1-250x220.jpg\" alt=\"LA MISA DE CADA D\u00cdA. AGOSTO 2026\" \/><div class=\"titulo\"><h3>LA MISA DE CADA D\u00cdA. AGOSTO 2026<\/h3><\/div><div class=\"autor\">CLARET<\/div><p class=\"precio\"><span class=\"woocommerce-Price-amount amount\"><bdi>4,11&nbsp;<span class=\"woocommerce-Price-currencySymbol\" translate=\"no\">&euro;<\/span><\/bdi><\/span> <span class=\"tachado\"><span class=\"woocommerce-Price-amount amount\"><bdi>4,33&nbsp;<span class=\"woocommerce-Price-currencySymbol\" translate=\"no\">&euro;<\/span><\/bdi><\/span><\/span><\/p><\/a><a href=\"javascript:;\" class=\"btgenerico\" onclick=\"agregarcarro(70915,'es')\" rel=\"nofollow\"><img decoding=\"async\" src=\"\/wp-content\/uploads\/ico-bt-comprar.svg\" \/>Comprar<\/a><\/li><li id=\"producto70912\"><a href=\"https:\/\/www.editorialclaret.cat\/es\/producto\/la-misa-de-cada-dia-julio-2026-9788491366317\/?c=\"><img decoding=\"async\" src=\"https:\/\/www.editorialclaret.cat\/wp-content\/uploads\/9788491366317-1-250x220.jpg\" alt=\"LA MISA DE CADA D\u00cdA. JULIO 2026\" \/><div class=\"titulo\"><h3>LA MISA DE CADA D\u00cdA. JULIO 2026<\/h3><\/div><div class=\"autor\">CLARET<\/div><p class=\"precio\"><span class=\"woocommerce-Price-amount amount\"><bdi>4,11&nbsp;<span class=\"woocommerce-Price-currencySymbol\" translate=\"no\">&euro;<\/span><\/bdi><\/span> <span class=\"tachado\"><span class=\"woocommerce-Price-amount amount\"><bdi>4,33&nbsp;<span class=\"woocommerce-Price-currencySymbol\" translate=\"no\">&euro;<\/span><\/bdi><\/span><\/span><\/p><\/a><a href=\"javascript:;\" class=\"btgenerico\" onclick=\"agregarcarro(70912,'es')\" rel=\"nofollow\"><img decoding=\"async\" src=\"\/wp-content\/uploads\/ico-bt-comprar.svg\" \/>Comprar<\/a><\/li><li id=\"producto70918\"><a href=\"https:\/\/www.editorialclaret.cat\/es\/producto\/la-misa-de-cada-dia-septiembre-2026-9788491366331\/?c=\"><img decoding=\"async\" src=\"https:\/\/www.editorialclaret.cat\/wp-content\/uploads\/9788491366331-1-250x220.jpg\" alt=\"LA MISA DE CADA D\u00cdA. SEPTIEMBRE 2026\" \/><div class=\"titulo\"><h3>LA MISA DE CADA D\u00cdA....<\/h3><\/div><div class=\"autor\">CLARET<\/div><p class=\"precio\"><span class=\"woocommerce-Price-amount amount\"><bdi>4,11&nbsp;<span class=\"woocommerce-Price-currencySymbol\" translate=\"no\">&euro;<\/span><\/bdi><\/span> <span class=\"tachado\"><span class=\"woocommerce-Price-amount amount\"><bdi>4,33&nbsp;<span class=\"woocommerce-Price-currencySymbol\" translate=\"no\">&euro;<\/span><\/bdi><\/span><\/span><\/p><\/a><a href=\"javascript:;\" class=\"btgenerico\" onclick=\"agregarcarro(70918,'es')\" rel=\"nofollow\"><img decoding=\"async\" src=\"\/wp-content\/uploads\/ico-bt-comprar.svg\" \/>Comprar<\/a><\/li><li id=\"producto70732\"><a href=\"https:\/\/www.editorialclaret.cat\/es\/producto\/leon-xiv-y-la-iglesia-despues-de-francisco-9788491366508\/?c=\"><img decoding=\"async\" src=\"https:\/\/www.editorialclaret.cat\/wp-content\/uploads\/9788491366508-13.jpg\" alt=\"LE\u00d3N XIV Y LA IGLESIA DESPU\u00c9S DE FRANCISCO\" \/><div class=\"titulo\"><h3>LE\u00d3N XIV Y LA IGLESIA DESPU\u00c9S ...<\/h3><\/div><div class=\"autor\">JORDI PACHECO<\/div><p class=\"precio\"><span class=\"woocommerce-Price-amount amount\"><bdi>17,81&nbsp;<span class=\"woocommerce-Price-currencySymbol\" translate=\"no\">&euro;<\/span><\/bdi><\/span> <span class=\"tachado\"><span class=\"woocommerce-Price-amount amount\"><bdi>18,75&nbsp;<span class=\"woocommerce-Price-currencySymbol\" translate=\"no\">&euro;<\/span><\/bdi><\/span><\/span><\/p><\/a><a href=\"javascript:;\" class=\"btgenerico\" onclick=\"agregarcarro(70732,'es')\" rel=\"nofollow\"><img decoding=\"async\" src=\"\/wp-content\/uploads\/ico-bt-comprar.svg\" \/>Comprar<\/a><\/li><li id=\"producto70488\"><a href=\"https:\/\/www.editorialclaret.cat\/es\/producto\/la-misa-de-cada-dia-abril-2026-9788491366287\/?c=\"><img decoding=\"async\" src=\"https:\/\/www.editorialclaret.cat\/wp-content\/uploads\/9788491366287-2-250x220.jpg\" alt=\"LA MISA DE CADA D\u00cdA. ABRIL 2026\" \/><div class=\"titulo\"><h3>LA MISA DE CADA D\u00cdA. ABRIL 2026<\/h3><\/div><div class=\"autor\">CLARET<\/div><p class=\"precio\"><span class=\"woocommerce-Price-amount amount\"><bdi>4,11&nbsp;<span class=\"woocommerce-Price-currencySymbol\" translate=\"no\">&euro;<\/span><\/bdi><\/span> <span class=\"tachado\"><span class=\"woocommerce-Price-amount amount\"><bdi>4,33&nbsp;<span class=\"woocommerce-Price-currencySymbol\" translate=\"no\">&euro;<\/span><\/bdi><\/span><\/span><\/p><\/a><a href=\"javascript:;\" class=\"btgenerico\" onclick=\"agregarcarro(70488,'es')\" rel=\"nofollow\"><img decoding=\"async\" src=\"\/wp-content\/uploads\/ico-bt-comprar.svg\" \/>Comprar<\/a><\/li><\/ul><div class=\"elm-wrapper\">\n  <button class=\"elm-button\" data-href=\"https:\/\/www.editorialclaret.cat\/es\/wp-json\/wp\/v2\/pages\/8095\" data-page=\"1\" data-max-pages=\"0\">\n    <div class=\"elm-loading-anim\">Cargando...<\/div>\n    <span class=\"elm-button-text\">Cargar m\u00e1s libros<\/span>\n  <\/button>\n<\/div>\n<div id=\"panel-8095-0-0-0\" class=\"so-panel widget widget_sow-editor panel-first-child panel-last-child\" data-index=\"0\" ><div\n\t\t\t\n\t\t\tclass=\"so-widget-sow-editor so-widget-sow-editor-base\"\n\t\t\t\n\t\t>\n<div class=\"siteorigin-widget-tinymce textwidget\">\n\t\n<\/div>\n<\/div><\/div><\/div><\/div><\/div>","protected":false},"excerpt":{"rendered":"<p>LA MISA DE CADA D\u00cdA. DICIEMBRE &#8230;CLARET4,11&nbsp;&euro; 4,33&nbsp;&euro;ComprarLA MISA DE CADA D\u00cdA. NOVIEMBRE &#8230;CLARET4,11&nbsp;&euro; 4,33&nbsp;&euro;ComprarLA MISA DE CADA D\u00cdA. OCTUBRE&#8230;CLARET4,11&nbsp;&euro; 4,33&nbsp;&euro;Comprar\u00a1SE\u00d1OR, LO QUE T\u00da QUIERES ME &#8230;JUAN LUIS SALINAS S\u00c1NCHEZ17,81&nbsp;&euro; 18,75&nbsp;&euro;ComprarCOMO LAS LUCI\u00c9RNAGASGLORIA LILIANA FRANCO17,81&nbsp;&euro; 18,75&nbsp;&euro;ComprarLA PALABRA EN EL CAMINO AL OTROM\u00d3NICA M\u00cdNGUEZ FRANCO17,26&nbsp;&euro; 18,17&nbsp;&euro;ComprarEL PAPA BISAGRA. LE\u00d3N XIVSOR GEMMA MORAT\u00d3 I SENDRA, OP17,26&nbsp;&euro; 18,17&nbsp;&euro;ComprarLA [&hellip;]<\/p>\n","protected":false},"author":2,"featured_media":0,"parent":0,"menu_order":5,"comment_status":"closed","ping_status":"closed","template":"template-fullwidth.php","meta":{"_acf_changed":false,"rs_blank_template":"","rs_page_bg_color":"","slide_template_v7":"","inline_featured_image":false,"_monsterinsights_skip_tracking":false,"footnotes":""},"class_list":["post-8095","page","type-page","status-publish","hentry"],"acf":[],"yoast_head":"<!-- This site is optimized with the Yoast SEO plugin v28.1 - https:\/\/yoast.com\/product\/yoast-seo-wordpress\/ -->\n<title>Editorial Claret<\/title>\n<meta name=\"robots\" content=\"noindex, follow, max-snippet:-1, max-image-preview:large, max-video-preview:-1\" \/>\n<meta property=\"og:locale\" content=\"es_ES\" \/>\n<meta property=\"og:type\" content=\"article\" \/>\n<meta property=\"og:title\" content=\"Novedades - Editorial Claret\" \/>\n<meta property=\"og:description\" content=\"LA MISA DE CADA D\u00cdA. DICIEMBRE ...CLARET4,11&nbsp;&euro; 4,33&nbsp;&euro;ComprarLA MISA DE CADA D\u00cdA. NOVIEMBRE ...CLARET4,11&nbsp;&euro; 4,33&nbsp;&euro;ComprarLA MISA DE CADA D\u00cdA. OCTUBRE...CLARET4,11&nbsp;&euro; 4,33&nbsp;&euro;Comprar\u00a1SE\u00d1OR, LO QUE T\u00da QUIERES ME ...JUAN LUIS SALINAS S\u00c1NCHEZ17,81&nbsp;&euro; 18,75&nbsp;&euro;ComprarCOMO LAS LUCI\u00c9RNAGASGLORIA LILIANA FRANCO17,81&nbsp;&euro; 18,75&nbsp;&euro;ComprarLA PALABRA EN EL CAMINO AL OTROM\u00d3NICA M\u00cdNGUEZ FRANCO17,26&nbsp;&euro; 18,17&nbsp;&euro;ComprarEL PAPA BISAGRA. LE\u00d3N XIVSOR GEMMA MORAT\u00d3 I SENDRA, OP17,26&nbsp;&euro; 18,17&nbsp;&euro;ComprarLA [&hellip;]\" \/>\n<meta property=\"og:url\" content=\"https:\/\/www.editorialclaret.cat\/es\/novedades\/\" \/>\n<meta property=\"og:site_name\" content=\"Editorial Claret\" \/>\n<meta property=\"article:modified_time\" content=\"2023-02-06T07:00:54+00:00\" \/>\n<meta name=\"twitter:card\" content=\"summary_large_image\" \/>\n<meta name=\"twitter:label1\" content=\"Tiempo de lectura\" \/>\n\t<meta name=\"twitter:data1\" content=\"1 minuto\" \/>\n<script type=\"application\/ld+json\" class=\"yoast-schema-graph\">{\"@context\":\"https:\\\/\\\/schema.org\",\"@graph\":[{\"@type\":\"WebPage\",\"@id\":\"https:\\\/\\\/www.editorialclaret.cat\\\/es\\\/novedades\\\/\",\"url\":\"https:\\\/\\\/www.editorialclaret.cat\\\/es\\\/novedades\\\/\",\"name\":\"Novedades - Editorial Claret\",\"isPartOf\":{\"@id\":\"https:\\\/\\\/www.editorialclaret.cat\\\/#website\"},\"datePublished\":\"2022-07-28T15:55:08+00:00\",\"dateModified\":\"2023-02-06T07:00:54+00:00\",\"breadcrumb\":{\"@id\":\"https:\\\/\\\/www.editorialclaret.cat\\\/es\\\/novedades\\\/#breadcrumb\"},\"inLanguage\":\"es\",\"potentialAction\":[{\"@type\":\"ReadAction\",\"target\":[\"https:\\\/\\\/www.editorialclaret.cat\\\/es\\\/novedades\\\/\"]}]},{\"@type\":\"BreadcrumbList\",\"@id\":\"https:\\\/\\\/www.editorialclaret.cat\\\/es\\\/novedades\\\/#breadcrumb\",\"itemListElement\":[{\"@type\":\"ListItem\",\"position\":1,\"name\":\"Portada\",\"item\":\"https:\\\/\\\/www.editorialclaret.cat\\\/es\\\/\"},{\"@type\":\"ListItem\",\"position\":2,\"name\":\"Novedades\"}]},{\"@type\":\"WebSite\",\"@id\":\"https:\\\/\\\/www.editorialclaret.cat\\\/#website\",\"url\":\"https:\\\/\\\/www.editorialclaret.cat\\\/\",\"name\":\"Editorial Claret\",\"description\":\"\",\"publisher\":{\"@id\":\"https:\\\/\\\/www.editorialclaret.cat\\\/#organization\"},\"potentialAction\":[{\"@type\":\"SearchAction\",\"target\":{\"@type\":\"EntryPoint\",\"urlTemplate\":\"https:\\\/\\\/www.editorialclaret.cat\\\/?s={search_term_string}\"},\"query-input\":{\"@type\":\"PropertyValueSpecification\",\"valueRequired\":true,\"valueName\":\"search_term_string\"}}],\"inLanguage\":\"es\"},{\"@type\":\"Organization\",\"@id\":\"https:\\\/\\\/www.editorialclaret.cat\\\/#organization\",\"name\":\"Editorial Claret\",\"url\":\"https:\\\/\\\/www.editorialclaret.cat\\\/\",\"logo\":{\"@type\":\"ImageObject\",\"inLanguage\":\"es\",\"@id\":\"https:\\\/\\\/www.editorialclaret.cat\\\/#\\\/schema\\\/logo\\\/image\\\/\",\"url\":\"https:\\\/\\\/www.editorialclaret.cat\\\/wp-content\\\/uploads\\\/.\\\/logo-claret.png\",\"contentUrl\":\"https:\\\/\\\/www.editorialclaret.cat\\\/wp-content\\\/uploads\\\/.\\\/logo-claret.png\",\"width\":194,\"height\":79,\"caption\":\"Editorial Claret\"},\"image\":{\"@id\":\"https:\\\/\\\/www.editorialclaret.cat\\\/#\\\/schema\\\/logo\\\/image\\\/\"}}]}<\/script>\n<!-- \/ Yoast SEO plugin. -->","yoast_head_json":{"title":"Editorial Claret","robots":{"index":"noindex","follow":"follow","max-snippet":"max-snippet:-1","max-image-preview":"max-image-preview:large","max-video-preview":"max-video-preview:-1"},"og_locale":"es_ES","og_type":"article","og_title":"Novedades - Editorial Claret","og_description":"LA MISA DE CADA D\u00cdA. DICIEMBRE ...CLARET4,11&nbsp;&euro; 4,33&nbsp;&euro;ComprarLA MISA DE CADA D\u00cdA. NOVIEMBRE ...CLARET4,11&nbsp;&euro; 4,33&nbsp;&euro;ComprarLA MISA DE CADA D\u00cdA. OCTUBRE...CLARET4,11&nbsp;&euro; 4,33&nbsp;&euro;Comprar\u00a1SE\u00d1OR, LO QUE T\u00da QUIERES ME ...JUAN LUIS SALINAS S\u00c1NCHEZ17,81&nbsp;&euro; 18,75&nbsp;&euro;ComprarCOMO LAS LUCI\u00c9RNAGASGLORIA LILIANA FRANCO17,81&nbsp;&euro; 18,75&nbsp;&euro;ComprarLA PALABRA EN EL CAMINO AL OTROM\u00d3NICA M\u00cdNGUEZ FRANCO17,26&nbsp;&euro; 18,17&nbsp;&euro;ComprarEL PAPA BISAGRA. LE\u00d3N XIVSOR GEMMA MORAT\u00d3 I SENDRA, OP17,26&nbsp;&euro; 18,17&nbsp;&euro;ComprarLA [&hellip;]","og_url":"https:\/\/www.editorialclaret.cat\/es\/novedades\/","og_site_name":"Editorial Claret","article_modified_time":"2023-02-06T07:00:54+00:00","twitter_card":"summary_large_image","twitter_misc":{"Tiempo de lectura":"1 minuto"},"schema":{"@context":"https:\/\/schema.org","@graph":[{"@type":"WebPage","@id":"https:\/\/www.editorialclaret.cat\/es\/novedades\/","url":"https:\/\/www.editorialclaret.cat\/es\/novedades\/","name":"Novedades - Editorial Claret","isPartOf":{"@id":"https:\/\/www.editorialclaret.cat\/#website"},"datePublished":"2022-07-28T15:55:08+00:00","dateModified":"2023-02-06T07:00:54+00:00","breadcrumb":{"@id":"https:\/\/www.editorialclaret.cat\/es\/novedades\/#breadcrumb"},"inLanguage":"es","potentialAction":[{"@type":"ReadAction","target":["https:\/\/www.editorialclaret.cat\/es\/novedades\/"]}]},{"@type":"BreadcrumbList","@id":"https:\/\/www.editorialclaret.cat\/es\/novedades\/#breadcrumb","itemListElement":[{"@type":"ListItem","position":1,"name":"Portada","item":"https:\/\/www.editorialclaret.cat\/es\/"},{"@type":"ListItem","position":2,"name":"Novedades"}]},{"@type":"WebSite","@id":"https:\/\/www.editorialclaret.cat\/#website","url":"https:\/\/www.editorialclaret.cat\/","name":"Editorial Claret","description":"","publisher":{"@id":"https:\/\/www.editorialclaret.cat\/#organization"},"potentialAction":[{"@type":"SearchAction","target":{"@type":"EntryPoint","urlTemplate":"https:\/\/www.editorialclaret.cat\/?s={search_term_string}"},"query-input":{"@type":"PropertyValueSpecification","valueRequired":true,"valueName":"search_term_string"}}],"inLanguage":"es"},{"@type":"Organization","@id":"https:\/\/www.editorialclaret.cat\/#organization","name":"Editorial Claret","url":"https:\/\/www.editorialclaret.cat\/","logo":{"@type":"ImageObject","inLanguage":"es","@id":"https:\/\/www.editorialclaret.cat\/#\/schema\/logo\/image\/","url":"https:\/\/www.editorialclaret.cat\/wp-content\/uploads\/.\/logo-claret.png","contentUrl":"https:\/\/www.editorialclaret.cat\/wp-content\/uploads\/.\/logo-claret.png","width":194,"height":79,"caption":"Editorial Claret"},"image":{"@id":"https:\/\/www.editorialclaret.cat\/#\/schema\/logo\/image\/"}}]}},"_links":{"self":[{"href":"https:\/\/www.editorialclaret.cat\/es\/wp-json\/wp\/v2\/pages\/8095","targetHints":{"allow":["GET"]}}],"collection":[{"href":"https:\/\/www.editorialclaret.cat\/es\/wp-json\/wp\/v2\/pages"}],"about":[{"href":"https:\/\/www.editorialclaret.cat\/es\/wp-json\/wp\/v2\/types\/page"}],"author":[{"embeddable":true,"href":"https:\/\/www.editorialclaret.cat\/es\/wp-json\/wp\/v2\/users\/2"}],"replies":[{"embeddable":true,"href":"https:\/\/www.editorialclaret.cat\/es\/wp-json\/wp\/v2\/comments?post=8095"}],"version-history":[{"count":3,"href":"https:\/\/www.editorialclaret.cat\/es\/wp-json\/wp\/v2\/pages\/8095\/revisions"}],"predecessor-version":[{"id":49959,"href":"https:\/\/www.editorialclaret.cat\/es\/wp-json\/wp\/v2\/pages\/8095\/revisions\/49959"}],"wp:attachment":[{"href":"https:\/\/www.editorialclaret.cat\/es\/wp-json\/wp\/v2\/media?parent=8095"}],"curies":[{"name":"wp","href":"https:\/\/api.w.org\/{rel}","templated":true}]}}